{"id":11414,"date":"2020-04-17T16:59:33","date_gmt":"2020-04-17T14:59:33","guid":{"rendered":"https:\/\/www.lafundacion.com\/portfolio-item\/dato-kaleko-43-eko-egoitza-berriaren-inaugurazio-ofiziala\/"},"modified":"2020-11-05T11:59:52","modified_gmt":"2020-11-05T10:59:52","slug":"dato-kaleko-43-eko-egoitza-berriaren-inaugurazio-ofiziala","status":"publish","type":"portfolio","link":"https:\/\/www.lafundacion.com\/eu\/portfolio-item\/dato-kaleko-43-eko-egoitza-berriaren-inaugurazio-ofiziala\/","title":{"rendered":"Dato kaleko 43.eko egoitza berriaren inaugurazio ofiziala"},"content":{"rendered":"\n<p>V\u00eddeo del evento   celebrado para inaugurar las nuevas oficinas de La Fundaci\u00f3n en la Calle Dato   43. Todos los servicios de la entidad en la misma ubicaci\u00f3n junto con Nordic   Klinika, el centro de diagn\u00f3stico funcional integral musculoesquel\u00e9tico,   convirti\u00e9ndose as\u00ed en el Centro m\u00e1s avanzado de Europa en Salud Laboral   Preventiva.<\/p>\n","protected":false},"excerpt":{"rendered":"<p>V\u00eddeo del evento celebrado para inaugurar las nuevas oficinas de La Fundaci\u00f3n en la Calle Dato 43. Todos los servicios de la entidad en la misma ubicaci\u00f3n junto con Nordic Klinika, el centro de diagn\u00f3stico funcional integral musculoesquel\u00e9tico, convirti\u00e9ndose as\u00ed en el Centro m\u00e1s avanzado de Europa en Salud Laboral Preventiva.<\/p>\n","protected":false},"author":1,"featured_media":5528,"comment_status":"closed","ping_status":"closed","template":"","meta":{"_acf_changed":false,"footnotes":""},"tags":[],"portfolio_entries":[69],"class_list":["post-11414","portfolio","type-portfolio","status-publish","has-post-thumbnail","hentry","portfolio_entries-ekitaldiak"],"acf":[],"yoast_head":"<!-- This site is optimized with the Yoast SEO plugin v27.5 - https:\/\/yoast.com\/product\/yoast-seo-wordpress\/ -->\r\n<title>Dato kaleko 43.eko egoitza berriaren inaugurazio ofiziala &#187; La Fundaci\u00f3n San Prudencio<\/title>\r\n<meta name=\"robots\" content=\"noindex, follow\" \/>\r\n<meta property=\"og:locale\" content=\"eu_ES\" \/>\r\n<meta property=\"og:type\" content=\"article\" \/>\r\n<meta property=\"og:title\" content=\"Dato kaleko 43.eko egoitza berriaren inaugurazio ofiziala &#187; La Fundaci\u00f3n San Prudencio\" \/>\r\n<meta property=\"og:description\" content=\"V\u00eddeo del evento celebrado para inaugurar las nuevas oficinas de La Fundaci\u00f3n en la Calle Dato 43. Todos los servicios de la entidad en la misma ubicaci\u00f3n junto con Nordic Klinika, el centro de diagn\u00f3stico funcional integral musculoesquel\u00e9tico, convirti\u00e9ndose as\u00ed en el Centro m\u00e1s avanzado de Europa en Salud Laboral Preventiva.\" \/>\r\n<meta property=\"og:url\" content=\"https:\/\/www.lafundacion.com\/eu\/portfolio-item\/dato-kaleko-43-eko-egoitza-berriaren-inaugurazio-ofiziala\/\" \/>\r\n<meta property=\"og:site_name\" content=\"La Fundaci\u00f3n San Prudencio\" \/>\r\n<meta property=\"article:modified_time\" content=\"2020-11-05T10:59:52+00:00\" \/>\r\n<meta property=\"og:image\" content=\"https:\/\/www.lafundacion.com\/wp-content\/uploads\/2020\/05\/video7.jpg\" \/>\r\n\t<meta property=\"og:image:width\" content=\"480\" \/>\r\n\t<meta property=\"og:image:height\" content=\"272\" \/>\r\n\t<meta property=\"og:image:type\" content=\"image\/jpeg\" \/>\r\n<meta name=\"twitter:card\" content=\"summary_large_image\" \/>\r\n<script type=\"application\/ld+json\" class=\"yoast-schema-graph\">{\"@context\":\"https:\\\/\\\/schema.org\",\"@graph\":[{\"@type\":\"WebPage\",\"@id\":\"https:\\\/\\\/www.lafundacion.com\\\/eu\\\/portfolio-item\\\/dato-kaleko-43-eko-egoitza-berriaren-inaugurazio-ofiziala\\\/\",\"url\":\"https:\\\/\\\/www.lafundacion.com\\\/eu\\\/portfolio-item\\\/dato-kaleko-43-eko-egoitza-berriaren-inaugurazio-ofiziala\\\/\",\"name\":\"Dato kaleko 43.eko egoitza berriaren inaugurazio ofiziala &#187; La Fundaci\u00f3n San Prudencio\",\"isPartOf\":{\"@id\":\"https:\\\/\\\/www.lafundacion.com\\\/eu\\\/#website\"},\"primaryImageOfPage\":{\"@id\":\"https:\\\/\\\/www.lafundacion.com\\\/eu\\\/portfolio-item\\\/dato-kaleko-43-eko-egoitza-berriaren-inaugurazio-ofiziala\\\/#primaryimage\"},\"image\":{\"@id\":\"https:\\\/\\\/www.lafundacion.com\\\/eu\\\/portfolio-item\\\/dato-kaleko-43-eko-egoitza-berriaren-inaugurazio-ofiziala\\\/#primaryimage\"},\"thumbnailUrl\":\"https:\\\/\\\/www.lafundacion.com\\\/wp-content\\\/uploads\\\/2020\\\/05\\\/video7.jpg\",\"datePublished\":\"2020-04-17T14:59:33+00:00\",\"dateModified\":\"2020-11-05T10:59:52+00:00\",\"breadcrumb\":{\"@id\":\"https:\\\/\\\/www.lafundacion.com\\\/eu\\\/portfolio-item\\\/dato-kaleko-43-eko-egoitza-berriaren-inaugurazio-ofiziala\\\/#breadcrumb\"},\"inLanguage\":\"eu-ES\",\"potentialAction\":[{\"@type\":\"ReadAction\",\"target\":[\"https:\\\/\\\/www.lafundacion.com\\\/eu\\\/portfolio-item\\\/dato-kaleko-43-eko-egoitza-berriaren-inaugurazio-ofiziala\\\/\"]}]},{\"@type\":\"ImageObject\",\"inLanguage\":\"eu-ES\",\"@id\":\"https:\\\/\\\/www.lafundacion.com\\\/eu\\\/portfolio-item\\\/dato-kaleko-43-eko-egoitza-berriaren-inaugurazio-ofiziala\\\/#primaryimage\",\"url\":\"https:\\\/\\\/www.lafundacion.com\\\/wp-content\\\/uploads\\\/2020\\\/05\\\/video7.jpg\",\"contentUrl\":\"https:\\\/\\\/www.lafundacion.com\\\/wp-content\\\/uploads\\\/2020\\\/05\\\/video7.jpg\",\"width\":480,\"height\":272},{\"@type\":\"BreadcrumbList\",\"@id\":\"https:\\\/\\\/www.lafundacion.com\\\/eu\\\/portfolio-item\\\/dato-kaleko-43-eko-egoitza-berriaren-inaugurazio-ofiziala\\\/#breadcrumb\",\"itemListElement\":[{\"@type\":\"ListItem\",\"position\":1,\"name\":\"Portada\",\"item\":\"https:\\\/\\\/www.lafundacion.com\\\/eu\\\/hasiera\\\/\"},{\"@type\":\"ListItem\",\"position\":2,\"name\":\"Dato kaleko 43.eko egoitza berriaren inaugurazio ofiziala\"}]},{\"@type\":\"WebSite\",\"@id\":\"https:\\\/\\\/www.lafundacion.com\\\/eu\\\/#website\",\"url\":\"https:\\\/\\\/www.lafundacion.com\\\/eu\\\/\",\"name\":\"La Fundaci\u00f3n San Prudencio\",\"description\":\"La Fundaci\u00f3n Laboral San Prudencio en Vitoria-Gasteiz\",\"publisher\":{\"@id\":\"https:\\\/\\\/www.lafundacion.com\\\/eu\\\/#organization\"},\"potentialAction\":[{\"@type\":\"SearchAction\",\"target\":{\"@type\":\"EntryPoint\",\"urlTemplate\":\"https:\\\/\\\/www.lafundacion.com\\\/eu\\\/?s={search_term_string}\"},\"query-input\":{\"@type\":\"PropertyValueSpecification\",\"valueRequired\":true,\"valueName\":\"search_term_string\"}}],\"inLanguage\":\"eu-ES\"},{\"@type\":\"Organization\",\"@id\":\"https:\\\/\\\/www.lafundacion.com\\\/eu\\\/#organization\",\"name\":\"La Fundaci\u00f3n San Prudencio\",\"url\":\"https:\\\/\\\/www.lafundacion.com\\\/eu\\\/\",\"logo\":{\"@type\":\"ImageObject\",\"inLanguage\":\"eu-ES\",\"@id\":\"https:\\\/\\\/www.lafundacion.com\\\/eu\\\/#\\\/schema\\\/logo\\\/image\\\/\",\"url\":\"https:\\\/\\\/www.lafundacion.com\\\/wp-content\\\/uploads\\\/2020\\\/03\\\/logo-la-fundacion.png\",\"contentUrl\":\"https:\\\/\\\/www.lafundacion.com\\\/wp-content\\\/uploads\\\/2020\\\/03\\\/logo-la-fundacion.png\",\"width\":323,\"height\":129,\"caption\":\"La Fundaci\u00f3n San Prudencio\"},\"image\":{\"@id\":\"https:\\\/\\\/www.lafundacion.com\\\/eu\\\/#\\\/schema\\\/logo\\\/image\\\/\"}}]}<\/script>\r\n<!-- \/ Yoast SEO plugin. -->","yoast_head_json":{"title":"Dato kaleko 43.eko egoitza berriaren inaugurazio ofiziala &#187; La Fundaci\u00f3n San Prudencio","robots":{"index":"noindex","follow":"follow"},"og_locale":"eu_ES","og_type":"article","og_title":"Dato kaleko 43.eko egoitza berriaren inaugurazio ofiziala &#187; La Fundaci\u00f3n San Prudencio","og_description":"V\u00eddeo del evento celebrado para inaugurar las nuevas oficinas de La Fundaci\u00f3n en la Calle Dato 43. Todos los servicios de la entidad en la misma ubicaci\u00f3n junto con Nordic Klinika, el centro de diagn\u00f3stico funcional integral musculoesquel\u00e9tico, convirti\u00e9ndose as\u00ed en el Centro m\u00e1s avanzado de Europa en Salud Laboral Preventiva.","og_url":"https:\/\/www.lafundacion.com\/eu\/portfolio-item\/dato-kaleko-43-eko-egoitza-berriaren-inaugurazio-ofiziala\/","og_site_name":"La Fundaci\u00f3n San Prudencio","article_modified_time":"2020-11-05T10:59:52+00:00","og_image":[{"width":480,"height":272,"url":"https:\/\/www.lafundacion.com\/wp-content\/uploads\/2020\/05\/video7.jpg","type":"image\/jpeg"}],"twitter_card":"summary_large_image","schema":{"@context":"https:\/\/schema.org","@graph":[{"@type":"WebPage","@id":"https:\/\/www.lafundacion.com\/eu\/portfolio-item\/dato-kaleko-43-eko-egoitza-berriaren-inaugurazio-ofiziala\/","url":"https:\/\/www.lafundacion.com\/eu\/portfolio-item\/dato-kaleko-43-eko-egoitza-berriaren-inaugurazio-ofiziala\/","name":"Dato kaleko 43.eko egoitza berriaren inaugurazio ofiziala &#187; La Fundaci\u00f3n San Prudencio","isPartOf":{"@id":"https:\/\/www.lafundacion.com\/eu\/#website"},"primaryImageOfPage":{"@id":"https:\/\/www.lafundacion.com\/eu\/portfolio-item\/dato-kaleko-43-eko-egoitza-berriaren-inaugurazio-ofiziala\/#primaryimage"},"image":{"@id":"https:\/\/www.lafundacion.com\/eu\/portfolio-item\/dato-kaleko-43-eko-egoitza-berriaren-inaugurazio-ofiziala\/#primaryimage"},"thumbnailUrl":"https:\/\/www.lafundacion.com\/wp-content\/uploads\/2020\/05\/video7.jpg","datePublished":"2020-04-17T14:59:33+00:00","dateModified":"2020-11-05T10:59:52+00:00","breadcrumb":{"@id":"https:\/\/www.lafundacion.com\/eu\/portfolio-item\/dato-kaleko-43-eko-egoitza-berriaren-inaugurazio-ofiziala\/#breadcrumb"},"inLanguage":"eu-ES","potentialAction":[{"@type":"ReadAction","target":["https:\/\/www.lafundacion.com\/eu\/portfolio-item\/dato-kaleko-43-eko-egoitza-berriaren-inaugurazio-ofiziala\/"]}]},{"@type":"ImageObject","inLanguage":"eu-ES","@id":"https:\/\/www.lafundacion.com\/eu\/portfolio-item\/dato-kaleko-43-eko-egoitza-berriaren-inaugurazio-ofiziala\/#primaryimage","url":"https:\/\/www.lafundacion.com\/wp-content\/uploads\/2020\/05\/video7.jpg","contentUrl":"https:\/\/www.lafundacion.com\/wp-content\/uploads\/2020\/05\/video7.jpg","width":480,"height":272},{"@type":"BreadcrumbList","@id":"https:\/\/www.lafundacion.com\/eu\/portfolio-item\/dato-kaleko-43-eko-egoitza-berriaren-inaugurazio-ofiziala\/#breadcrumb","itemListElement":[{"@type":"ListItem","position":1,"name":"Portada","item":"https:\/\/www.lafundacion.com\/eu\/hasiera\/"},{"@type":"ListItem","position":2,"name":"Dato kaleko 43.eko egoitza berriaren inaugurazio ofiziala"}]},{"@type":"WebSite","@id":"https:\/\/www.lafundacion.com\/eu\/#website","url":"https:\/\/www.lafundacion.com\/eu\/","name":"La Fundaci\u00f3n San Prudencio","description":"La Fundaci\u00f3n Laboral San Prudencio en Vitoria-Gasteiz","publisher":{"@id":"https:\/\/www.lafundacion.com\/eu\/#organization"},"potentialAction":[{"@type":"SearchAction","target":{"@type":"EntryPoint","urlTemplate":"https:\/\/www.lafundacion.com\/eu\/?s={search_term_string}"},"query-input":{"@type":"PropertyValueSpecification","valueRequired":true,"valueName":"search_term_string"}}],"inLanguage":"eu-ES"},{"@type":"Organization","@id":"https:\/\/www.lafundacion.com\/eu\/#organization","name":"La Fundaci\u00f3n San Prudencio","url":"https:\/\/www.lafundacion.com\/eu\/","logo":{"@type":"ImageObject","inLanguage":"eu-ES","@id":"https:\/\/www.lafundacion.com\/eu\/#\/schema\/logo\/image\/","url":"https:\/\/www.lafundacion.com\/wp-content\/uploads\/2020\/03\/logo-la-fundacion.png","contentUrl":"https:\/\/www.lafundacion.com\/wp-content\/uploads\/2020\/03\/logo-la-fundacion.png","width":323,"height":129,"caption":"La Fundaci\u00f3n San Prudencio"},"image":{"@id":"https:\/\/www.lafundacion.com\/eu\/#\/schema\/logo\/image\/"}}]}},"_links":{"self":[{"href":"https:\/\/www.lafundacion.com\/eu\/wp-json\/wp\/v2\/portfolio\/11414","targetHints":{"allow":["GET"]}}],"collection":[{"href":"https:\/\/www.lafundacion.com\/eu\/wp-json\/wp\/v2\/portfolio"}],"about":[{"href":"https:\/\/www.lafundacion.com\/eu\/wp-json\/wp\/v2\/types\/portfolio"}],"author":[{"embeddable":true,"href":"https:\/\/www.lafundacion.com\/eu\/wp-json\/wp\/v2\/users\/1"}],"replies":[{"embeddable":true,"href":"https:\/\/www.lafundacion.com\/eu\/wp-json\/wp\/v2\/comments?post=11414"}],"version-history":[{"count":1,"href":"https:\/\/www.lafundacion.com\/eu\/wp-json\/wp\/v2\/portfolio\/11414\/revisions"}],"predecessor-version":[{"id":11415,"href":"https:\/\/www.lafundacion.com\/eu\/wp-json\/wp\/v2\/portfolio\/11414\/revisions\/11415"}],"wp:featuredmedia":[{"embeddable":true,"href":"https:\/\/www.lafundacion.com\/eu\/wp-json\/wp\/v2\/media\/5528"}],"wp:attachment":[{"href":"https:\/\/www.lafundacion.com\/eu\/wp-json\/wp\/v2\/media?parent=11414"}],"wp:term":[{"taxonomy":"post_tag","embeddable":true,"href":"https:\/\/www.lafundacion.com\/eu\/wp-json\/wp\/v2\/tags?post=11414"},{"taxonomy":"portfolio_entries","embeddable":true,"href":"https:\/\/www.lafundacion.com\/eu\/wp-json\/wp\/v2\/portfolio_entries?post=11414"}],"curies":[{"name":"wp","href":"https:\/\/api.w.org\/{rel}","templated":true}]}}