{"id":87915,"date":"2025-03-07T12:08:03","date_gmt":"2025-03-07T11:08:03","guid":{"rendered":"https:\/\/www.lafundacion.com\/?page_id=87915"},"modified":"2026-04-24T17:50:50","modified_gmt":"2026-04-24T15:50:50","slug":"sos-emoziolan-lehen-laguntza-emozionalak","status":"publish","type":"page","link":"https:\/\/www.lafundacion.com\/eu\/enpresak\/sos-emoziolan-lehen-laguntza-emozionalak\/","title":{"rendered":"SOS EmozioLan Lehen Laguntza Emozionalak"},"content":{"rendered":"<div id='full_slider_1'  class='avia-fullwidth-slider main_color avia-shadow   avia-builder-el-0  el_before_av_textblock  avia-builder-el-first   container_wrap fullsize'  >\n<style type=\"text\/css\" data-created_by=\"avia_inline_auto\" id=\"style-css-av-lf9wxvqo-46342657e34c673a23cdc7302c7eeca9\">\n#top #wrap_all .avia-slideshow .av-slideshow-caption.av-lf9wxvqo-46342657e34c673a23cdc7302c7eeca9__0 .avia-caption-title{\ncolor:#139adb;\n}\n#top .avia-slideshow .av-slideshow-caption.av-lf9wxvqo-46342657e34c673a23cdc7302c7eeca9__0 .avia-caption-content{\ncolor:#139adb;\n}\n<\/style>\n<div  class='avia-slideshow av-lf9wxvqo-46342657e34c673a23cdc7302c7eeca9 avia-slideshow-featured av_slideshow_full avia-slide-slider av-slideshow-ui av-control-default av-slideshow-manual av-loop-once av-loop-manual-endless av-default-height-applied   avia-slideshow-1' data-slideshow-options=\"{&quot;animation&quot;:&quot;slide&quot;,&quot;autoplay&quot;:false,&quot;loop_autoplay&quot;:&quot;once&quot;,&quot;interval&quot;:5,&quot;loop_manual&quot;:&quot;manual-endless&quot;,&quot;autoplay_stopper&quot;:false,&quot;noNavigation&quot;:false,&quot;bg_slider&quot;:false,&quot;keep_padding&quot;:false,&quot;hoverpause&quot;:false,&quot;show_slide_delay&quot;:0}\"  itemprop=\"image\" itemscope=\"itemscope\" itemtype=\"https:\/\/schema.org\/ImageObject\" ><ul class='avia-slideshow-inner ' style='padding-bottom: 28.666666666667%;'><li  class='avia-slideshow-slide av-lf9wxvqo-46342657e34c673a23cdc7302c7eeca9__0  av-single-slide slide-1 slide-odd'><div data-rel='slideshow-1' class='avia-slide-wrap '   ><div class='av-slideshow-caption av-lf9wxvqo-46342657e34c673a23cdc7302c7eeca9__0 caption_fullwidth caption_right'><div class=\"container caption_container\"><div class=\"slideshow_caption\"><div class=\"slideshow_inner_caption\"><div class=\"slideshow_align_caption\"><h2 class='avia-caption-title '  itemprop=\"name\" >SOS EmozioLan<\/h2><div class='avia-caption-content av_inherit_color'  itemprop=\"description\" ><p>Lehen Laguntza Emozionalak<\/p>\n<\/div><\/div><\/div><\/div><\/div><\/div><img decoding=\"async\" fetchpriority=\"high\" class=\"wp-image-87928 avia-img-lazy-loading-not-87928\"  src=\"https:\/\/www.lafundacion.com\/wp-content\/uploads\/2025\/03\/SOS-EmozioLan-Primeros-Auxilios-Emocionales-empresa-Vitoria.jpg\" width=\"1500\" height=\"430\" title='SOS-EmozioLan-Primeros-Auxilios-Emocionales-empresa-Vitoria' alt=''  itemprop=\"thumbnailUrl\" srcset=\"https:\/\/www.lafundacion.com\/wp-content\/uploads\/2025\/03\/SOS-EmozioLan-Primeros-Auxilios-Emocionales-empresa-Vitoria.jpg 1500w, https:\/\/www.lafundacion.com\/wp-content\/uploads\/2025\/03\/SOS-EmozioLan-Primeros-Auxilios-Emocionales-empresa-Vitoria-300x86.jpg 300w, https:\/\/www.lafundacion.com\/wp-content\/uploads\/2025\/03\/SOS-EmozioLan-Primeros-Auxilios-Emocionales-empresa-Vitoria-1030x295.jpg 1030w, https:\/\/www.lafundacion.com\/wp-content\/uploads\/2025\/03\/SOS-EmozioLan-Primeros-Auxilios-Emocionales-empresa-Vitoria-768x220.jpg 768w, https:\/\/www.lafundacion.com\/wp-content\/uploads\/2025\/03\/SOS-EmozioLan-Primeros-Auxilios-Emocionales-empresa-Vitoria-705x202.jpg 705w\" sizes=\"(max-width: 1500px) 100vw, 1500px\" \/><\/div><\/li><\/ul><\/div><\/div><div id='after_full_slider_1'  class='main_color av_default_container_wrap container_wrap fullsize'  ><div class='container av-section-cont-open' ><div class='template-page content  av-content-full alpha units'><div class='post-entry post-entry-type-page post-entry-87915'><div class='entry-content-wrapper clearfix'>\n<section  class='av_textblock_section av-lf9wmgjj-30aa2f5d58d14ed460ed9e8359256186 '   itemscope=\"itemscope\" itemtype=\"https:\/\/schema.org\/CreativeWork\" ><div class='avia_textblock'  itemprop=\"text\" ><h1>SOS EmozioLan-Lehen Laguntza Emozionalak: ezinbestekoak enpresentzat<\/h1>\n<\/div><\/section>\n<div  class='flex_column av-1b72kui-d7704c930f125fecdb197464d1ecf8df av_one_half  avia-builder-el-2  el_after_av_textblock  el_before_av_one_half  first flex_column_div  column-top-margin'     ><style type=\"text\/css\" data-created_by=\"avia_inline_auto\" id=\"style-css-av-m7yiniy2-2c99f150c094c209a9b3936093bed58a\">\n.avia-image-container.av-m7yiniy2-2c99f150c094c209a9b3936093bed58a img.avia_image{\nbox-shadow:none;\n}\n.avia-image-container.av-m7yiniy2-2c99f150c094c209a9b3936093bed58a .av-image-caption-overlay-center{\ncolor:#ffffff;\n}\n<\/style>\n<div  class='avia-image-container av-m7yiniy2-2c99f150c094c209a9b3936093bed58a av-styling- avia-align-center  avia-builder-el-3  avia-builder-el-no-sibling '   itemprop=\"image\" itemscope=\"itemscope\" itemtype=\"https:\/\/schema.org\/ImageObject\" ><div class=\"avia-image-container-inner\"><div class=\"avia-image-overlay-wrap\"><img decoding=\"async\" fetchpriority=\"high\" class='wp-image-87934 avia-img-lazy-loading-not-87934 avia_image ' src=\"https:\/\/www.lafundacion.com\/wp-content\/uploads\/2025\/03\/SOS-EmozioLan-primeros-auxilios-emocionales-empresa-socorrista-emocional.png\" alt='' title='SOS-EmozioLan-primeros-auxilios-emocionales-empresa-socorrista-emocional'  height=\"706\" width=\"752\"  itemprop=\"thumbnailUrl\" srcset=\"https:\/\/www.lafundacion.com\/wp-content\/uploads\/2025\/03\/SOS-EmozioLan-primeros-auxilios-emocionales-empresa-socorrista-emocional.png 752w, https:\/\/www.lafundacion.com\/wp-content\/uploads\/2025\/03\/SOS-EmozioLan-primeros-auxilios-emocionales-empresa-socorrista-emocional-300x282.png 300w, https:\/\/www.lafundacion.com\/wp-content\/uploads\/2025\/03\/SOS-EmozioLan-primeros-auxilios-emocionales-empresa-socorrista-emocional-705x662.png 705w\" sizes=\"(max-width: 752px) 100vw, 752px\" \/><\/div><\/div><\/div><\/div>\n<div  class='flex_column av-rtj4i2-c8df5c565bf0a452dca3a9ab8f615e36 av_one_half  avia-builder-el-4  el_after_av_one_half  el_before_av_textblock  flex_column_div  column-top-margin'     ><section  class='av_textblock_section av-lf9woach-2300b5dc742a44c3ad0fe9bbf9e7d4d3 '   itemscope=\"itemscope\" itemtype=\"https:\/\/schema.org\/CreativeWork\" ><div class='avia_textblock'  itemprop=\"text\" ><h3>Erakundeko krisi emozionalei berehala, eraginkortasunez eta gizatasunez heltzea<\/h3>\n<p>Espainian, biztanleriaren % 34k osasun mentaleko arazoren bat du (Osasun Sistema Nazionalaren Urteko Txostena 2023). Arazo horiek gero eta gehiago ikusten diren arren, osasun mentalaren inguruko estigmak oztopo izaten jarraitzen du.<\/p>\n<p>Zure esku-hartzearen helburua da berehalako lasaitasun emozionala egonkortzea eta ematea, laguntza-sareekin konektatzea eta, beharrezkoa bada, arreta espezializatu mediko eta\/edo psikologikora bideratzea.<\/p>\n<p>Krisi-uneak ustekabeko egoeretan iristen dira, eta edonork jasan ditzake. Kasu horietan, pertsona seguru, ahul eta ziurgabetasunez sentitzera irits daiteke, eta horrek kalte egiten dio bere ongizate emozionalari eta fisikoari.<\/p>\n<\/div><\/section><br \/>\n<div  class='avia-button-wrap av-3tlsxka-85801dca304411014e36e31f08834559-wrap avia-button-center  avia-builder-el-6  el_after_av_textblock  avia-builder-el-last '><a href=''  class='avia-button av-3tlsxka-85801dca304411014e36e31f08834559 av-link-btn avia-icon_select-yes-left-icon avia-size-small avia-position-center avia-color-theme-color'   aria-label=\"Egin klik\"><span class='avia_button_icon avia_button_icon_left avia-svg-icon avia-font-svg_entypo-fontello' data-av_svg_icon='note' data-av_iconset='svg_entypo-fontello'><svg version=\"1.1\" xmlns=\"http:\/\/www.w3.org\/2000\/svg\" width=\"19\" height=\"32\" viewBox=\"0 0 19 32\" preserveAspectRatio=\"xMidYMid meet\" aria-labelledby='av-svg-title-1' aria-describedby='av-svg-desc-1' role=\"graphics-symbol\">\n<title id='av-svg-title-1'>Note<\/title>\n<desc id='av-svg-desc-1'>Note<\/desc>\n<path d=\"M12.192 0.96q0 1.344 1.472 3.104t2.88 3.2 1.952 3.808-1.248 4.928q-0.64 1.088-0.832 0.512-0.064-0.192 0-0.512 0.32-0.576 0.192-1.792t-0.416-2.496-1.376-2.336-2.624-1.312v17.152q0.064 1.536-1.184 3.040t-3.36 2.272q-2.368 0.896-4.576 0.256t-2.848-2.432 0.64-3.68 3.712-2.72q2.752-0.96 5.056-0.128v-20.864h2.56z\"><\/path>\n<\/svg><\/span><span class='avia_iconbox_title' >Egin klik<\/span><\/a><\/div><\/p><\/div>\n<section  class='av_textblock_section av-m7ykn5by-94417c2a4571108fb8cf8b4ad9b9e4f7 '   itemscope=\"itemscope\" itemtype=\"https:\/\/schema.org\/CreativeWork\" ><div class='avia_textblock'  itemprop=\"text\" ><p>Egoera negatiboak dira, eta enpresen produktibitateari ere eragiten diote, absentismoa, txandakatzea eta lan-istripuak areagotzen baitira.<\/p>\n<p>Errealitate horri aurre egiteko, San Prudentzio Fundazioak \u201csorosle emozionalaren\u201d rola sustatzen du, erakundeko krisi emozionalei berehala, modu eraginkorrean eta gizatiarrean aurre egiteko eta, bere esku-hartzearekin, normalizatzeko eta prebenitzeko.<\/p>\n<\/div><\/section>\n<div  class='hr av-1bvjht6-3f8c29e040f7423a3e995380fe3cb0d8 hr-default  avia-builder-el-8  el_after_av_textblock  el_before_av_section  avia-builder-el-last '><span class='hr-inner '><span class=\"hr-inner-style\"><\/span><\/span><\/div>\n<\/div><\/div><\/div><!-- close content main div --><\/div><\/div>\n<style type=\"text\/css\" data-created_by=\"avia_inline_auto\" id=\"style-css-av-lf9x22ds-b21ac9285dfc30104cf28b4d3823e21d\">\n.avia-section.av-lf9x22ds-b21ac9285dfc30104cf28b4d3823e21d{\nbackground-color:#ededed;\nbackground-image:unset;\n}\n<\/style>\n<div id='av_section_1'  class='avia-section av-lf9x22ds-b21ac9285dfc30104cf28b4d3823e21d main_color avia-section-default avia-no-border-styling  avia-builder-el-9  el_after_av_hr  el_before_av_button_big  avia-bg-style-scroll container_wrap fullsize'  ><div class='container av-section-cont-open' ><div class='template-page content  av-content-full alpha units'><div class='post-entry post-entry-type-page post-entry-87915'><div class='entry-content-wrapper clearfix'>\n<div  class='flex_column av-lpllmy-d1f50aa0e085dd55a9f838f5719990c0 av_three_fifth  avia-builder-el-10  el_before_av_two_fifth  avia-builder-el-first  first flex_column_div  '     ><section  class='av_textblock_section av-kap1nt2t-2872583bf6e21f72177e75d6b722f83e '   itemscope=\"itemscope\" itemtype=\"https:\/\/schema.org\/CreativeWork\" ><div class='avia_textblock'  itemprop=\"text\" ><h3><strong>Sorosle emozionala, erakundearen osasun emozionalerako balioa<\/strong><\/h3>\n<p><strong>Helburua:<\/strong><\/p>\n<p>Langile boluntarioei prestakuntza ematea, gainerako langileei berehalako lasaitasun bat eskaini ahal izan diezaieten, krisian dagoen pertsonak hasierako egonkortasuna berreskuratu eta bere baliabide emozionalak aktibatu ahal izan ditzan. Esku-hartze azkar horrek aldi baterako gertaera emozional baten eta arazo larriagoen garapenaren arteko aldea eragin dezake, hala nola antsietate-nahasmenduak, depresioa edo lan-inguruneko gatazka luzeak.<\/p>\n<\/div><\/section><\/div><div  class='flex_column av-18uvvwq-12b0978dab092dd7f8b50c67f70e1dd2 av_two_fifth  avia-builder-el-12  el_after_av_three_fifth  el_before_av_hr  flex_column_div  '     ><style type=\"text\/css\" data-created_by=\"avia_inline_auto\" id=\"style-css-av-m7ykkdkj-a4da6964b966539ea4999fce4b5107d2\">\n.avia-image-container.av-m7ykkdkj-a4da6964b966539ea4999fce4b5107d2 img.avia_image{\nbox-shadow:none;\n}\n.avia-image-container.av-m7ykkdkj-a4da6964b966539ea4999fce4b5107d2 .av-image-caption-overlay-center{\ncolor:#ffffff;\n}\n<\/style>\n<div  class='avia-image-container av-m7ykkdkj-a4da6964b966539ea4999fce4b5107d2 av-styling- avia-align-center  avia-builder-el-13  avia-builder-el-no-sibling '   itemprop=\"image\" itemscope=\"itemscope\" itemtype=\"https:\/\/schema.org\/ImageObject\" ><div class=\"avia-image-container-inner\"><div class=\"avia-image-overlay-wrap\"><img decoding=\"async\" fetchpriority=\"high\" class='wp-image-87937 avia-img-lazy-loading-not-87937 avia_image ' src=\"https:\/\/www.lafundacion.com\/wp-content\/uploads\/2025\/03\/SOS-EmozioLan-primeros-auxilios-emocionales-socorrista-emocional-empresa-saludable.png\" alt='' title='SOS-EmozioLan-primeros-auxilios-emocionales-socorrista-emocional-empresa-saludable'  height=\"706\" width=\"752\"  itemprop=\"thumbnailUrl\" srcset=\"https:\/\/www.lafundacion.com\/wp-content\/uploads\/2025\/03\/SOS-EmozioLan-primeros-auxilios-emocionales-socorrista-emocional-empresa-saludable.png 752w, https:\/\/www.lafundacion.com\/wp-content\/uploads\/2025\/03\/SOS-EmozioLan-primeros-auxilios-emocionales-socorrista-emocional-empresa-saludable-300x282.png 300w, https:\/\/www.lafundacion.com\/wp-content\/uploads\/2025\/03\/SOS-EmozioLan-primeros-auxilios-emocionales-socorrista-emocional-empresa-saludable-705x662.png 705w\" sizes=\"(max-width: 752px) 100vw, 752px\" \/><\/div><\/div><\/div><\/div>\n<style type=\"text\/css\" data-created_by=\"avia_inline_auto\" id=\"style-css-av-1mseoff-3a2a7007fcfca0822bb7d62a8a81deaf\">\n#top .hr.av-1mseoff-3a2a7007fcfca0822bb7d62a8a81deaf{\nmargin-top:20px;\nmargin-bottom:10px;\n}\n.hr.av-1mseoff-3a2a7007fcfca0822bb7d62a8a81deaf .hr-inner{\nwidth:100px;\nborder-color:#f2f3f5;\n}\n<\/style>\n<div  class='hr av-1mseoff-3a2a7007fcfca0822bb7d62a8a81deaf hr-custom  avia-builder-el-14  el_after_av_two_fifth  avia-builder-el-last  hr-center hr-icon-no'><span class='hr-inner inner-border-av-border-fat'><span class=\"hr-inner-style\"><\/span><\/span><\/div>\n\n<div  class='avia-button-wrap avia-button-center  avia-builder-el-15  el_after_av_section  el_before_av_image '>\n<style type=\"text\/css\" data-created_by=\"avia_inline_auto\" id=\"style-css-av-mh3cieu2-efbe772269be4e00bda29c2532fbec3b\">\n#top #wrap_all .avia-button.av-mh3cieu2-efbe772269be4e00bda29c2532fbec3b:hover{\ncolor:white;\ntransition:all 0.4s ease-in-out;\n}\n#top #wrap_all .avia-button.av-mh3cieu2-efbe772269be4e00bda29c2532fbec3b:hover .avia-svg-icon svg:first-child{\nfill:white;\nstroke:white;\n}\n<\/style>\n<a href='https:\/\/lafundacionapp.com\/' class='avia-color-theme-color avia-font-color-theme-color avia-button avia-button-fullwidth av-mh3cieu2-efbe772269be4e00bda29c2532fbec3b avia-icon_select-no avia-color-theme-color'   aria-label=\"Gure testa egin nahi duzu zure enpresa Osasun Emozionalari dagokionez zein egoeratan dagoen jakiteko?\"><span class='avia_iconbox_title' >Gure testa egin nahi duzu zure enpresa Osasun Emozionalari dagokionez zein egoeratan dagoen jakiteko?<\/span><div class='av-button-description av-button-description-below'><p>Test-a egin hemen klik eginez<\/p>\n<\/div><span class='avia_button_background avia-button avia-button-fullwidth avia-color-theme-color-highlight'><\/span><\/a><\/div>\n\n<style type=\"text\/css\" data-created_by=\"avia_inline_auto\" id=\"style-css-av-m7yktvvo-d03b2141edb7a9d8954ea5b0887f2ec0\">\n.avia-image-container.av-m7yktvvo-d03b2141edb7a9d8954ea5b0887f2ec0 img.avia_image{\nbox-shadow:none;\n}\n.avia-image-container.av-m7yktvvo-d03b2141edb7a9d8954ea5b0887f2ec0 .av-image-caption-overlay-center{\ncolor:#ffffff;\n}\n<\/style>\n<div  class='avia-image-container av-m7yktvvo-d03b2141edb7a9d8954ea5b0887f2ec0 av-styling- avia-align-center  avia-builder-el-16  el_after_av_button_big  el_before_av_hr  avia-builder-el-first '   itemprop=\"image\" itemscope=\"itemscope\" itemtype=\"https:\/\/schema.org\/ImageObject\" ><div class=\"avia-image-container-inner\"><div class=\"avia-image-overlay-wrap\"><img decoding=\"async\" fetchpriority=\"high\" class='wp-image-379996 avia-img-lazy-loading-not-379996 avia_image ' src=\"https:\/\/www.lafundacion.com\/wp-content\/uploads\/2026\/04\/frases-SOS-EmozioLan-EUS.jpg\" alt='' title='frases-SOS-EmozioLan-EUS'  height=\"430\" width=\"1500\"  itemprop=\"thumbnailUrl\" srcset=\"https:\/\/www.lafundacion.com\/wp-content\/uploads\/2026\/04\/frases-SOS-EmozioLan-EUS.jpg 1500w, https:\/\/www.lafundacion.com\/wp-content\/uploads\/2026\/04\/frases-SOS-EmozioLan-EUS-300x86.jpg 300w, https:\/\/www.lafundacion.com\/wp-content\/uploads\/2026\/04\/frases-SOS-EmozioLan-EUS-1030x295.jpg 1030w, https:\/\/www.lafundacion.com\/wp-content\/uploads\/2026\/04\/frases-SOS-EmozioLan-EUS-768x220.jpg 768w, https:\/\/www.lafundacion.com\/wp-content\/uploads\/2026\/04\/frases-SOS-EmozioLan-EUS-705x202.jpg 705w\" sizes=\"(max-width: 1500px) 100vw, 1500px\" \/><\/div><\/div><\/div>\n<div  class='hr av-1yyjki3-600997256a7aa83f68ecc2c54c577c57 hr-default  avia-builder-el-17  el_after_av_image  el_before_av_textblock '><span class='hr-inner '><span class=\"hr-inner-style\"><\/span><\/span><\/div>\n<section  class='av_textblock_section av-m1tesxhz-0ad5d3024a843ca58141f9511d453ef0 '   itemscope=\"itemscope\" itemtype=\"https:\/\/schema.org\/CreativeWork\" ><div class='avia_textblock'  itemprop=\"text\" ><h1 style=\"text-align: center;\">Zer egoeratan jardun behar du?<\/h1>\n<\/div><\/section>\n<section  class='av_textblock_section av-m7ymvxxk-d6c333f61b4be6e4e857b5e53f78ccef '   itemscope=\"itemscope\" itemtype=\"https:\/\/schema.org\/CreativeWork\" ><div class='avia_textblock'  itemprop=\"text\" ><p>Sorosleek hainbat egoera konplikaturi egin beharko diete aurre, hala nola:<\/p>\n<\/div><\/section>\n<div  class='flex_column av-337toq2-779fb794d370abb481b2181a3e498e29 av_one_fourth  avia-builder-el-20  el_after_av_textblock  el_before_av_one_fourth  first flex_column_div  column-top-margin'     ><div id='avia-messagebox-' class='avia_message_box av_notification av-m7ymxz7v-93957c2d9870a7d733fef454b1e7d8f0 avia-color-blue avia-size-normal avia-icon_select-no avia-border-  avia-builder-el-21  avia-builder-el-no-sibling ' ><div class=\"avia_message_box_content\"><p>Antsietate-erasoak<\/p>\n<\/div><\/div><\/div>\n<div  class='flex_column av-2kp4hii-2f37c089c4e5e860bb00ee8d86f912c7 av_one_fourth  avia-builder-el-22  el_after_av_one_fourth  el_before_av_one_fourth  flex_column_div  column-top-margin'     ><div id='avia-messagebox-' class='avia_message_box av_notification av-m7ymyxtj-0f1c68bc918312ba111a70ea992c87c7 avia-color-blue avia-size-normal avia-icon_select-no avia-border-  avia-builder-el-23  avia-builder-el-no-sibling ' ><div class=\"avia_message_box_content\"><p>Negar-aldi kontrolaezinak<\/p>\n<\/div><\/div><\/div>\n<div  class='flex_column av-27zcah6-5e3ada177dae2f72dce9c23023729c64 av_one_fourth  avia-builder-el-24  el_after_av_one_fourth  el_before_av_one_fourth  flex_column_div  column-top-margin'     ><div id='avia-messagebox-' class='avia_message_box av_notification av-m7ymz5id-eaa64f16a060e9f2f48bad86c42f12fd avia-color-blue avia-size-normal avia-icon_select-no avia-border-  avia-builder-el-25  avia-builder-el-no-sibling ' ><div class=\"avia_message_box_content\"><p>Shock emozionaleko egoerak<\/p>\n<\/div><\/div><\/div>\n<div  class='flex_column av-1oq5aui-519f0b94ef09ed58e124f9e6fb17c6f9 av_one_fourth  avia-builder-el-26  el_after_av_one_fourth  el_before_av_two_fifth  flex_column_div  column-top-margin'     ><div id='avia-messagebox-' class='avia_message_box av_notification av-m7ymzdfl-2d155ef7bb1081a6082dc3aa5af2631d avia-color-blue avia-size-normal avia-icon_select-no avia-border-  avia-builder-el-27  avia-builder-el-no-sibling ' ><div class=\"avia_message_box_content\"><p>Egintza arruntak<\/p>\n<\/div><\/div><\/div>\n<div  class='flex_column av-1cxpdoq-eb69fa1791d146f5245a6c74046e4d27 av_two_fifth  avia-builder-el-28  el_after_av_one_fourth  el_before_av_three_fifth  first flex_column_div  column-top-margin'     ><div id='avia-messagebox-' class='avia_message_box av_notification av-m7ymzytb-eec155fa2dcc3b9d2f1f73068cbdc66f avia-color-blue avia-size-normal avia-icon_select-no avia-border-  avia-builder-el-29  avia-builder-el-no-sibling ' ><div class=\"avia_message_box_content\"><p>Aldaketak eraso-portaeran<\/p>\n<\/div><\/div><\/div>\n<div  class='flex_column av-lw5dai-510334c1259dd5e0db679fb4b67d80f3 av_three_fifth  avia-builder-el-30  el_after_av_two_fifth  el_before_av_hr  flex_column_div  column-top-margin'     ><div id='avia-messagebox-' class='avia_message_box av_notification av-m7yn0hfp-a14ca94b7d5739cfbf84e39ab26b02e2 avia-color-blue avia-size-normal avia-icon_select-no avia-border-  avia-builder-el-31  avia-builder-el-no-sibling ' ><div class=\"avia_message_box_content\"><p>Aldaketak egoera emozionalean, larritasun, beldur, frustrazio, amorru, antsietate eta izu sentimendu biziekin <\/p>\n<\/div><\/div><\/div>\n<div  class='hr av-ow9oqy-b4469d41da05af5ae44f99cff4b37a74 hr-default  avia-builder-el-32  el_after_av_three_fifth  el_before_av_three_fifth '><span class='hr-inner '><span class=\"hr-inner-style\"><\/span><\/span><\/div>\n<div  class='flex_column av-k22956-553293e57eae61b83a4a5690d5ded689 av_three_fifth  avia-builder-el-33  el_after_av_hr  el_before_av_two_fifth  first flex_column_div  '     ><section  class='av_textblock_section av-m7ynhg9q-5f2bac7f02e7d4415d34e6e10a7dbc7a '   itemscope=\"itemscope\" itemtype=\"https:\/\/schema.org\/CreativeWork\" ><div class='avia_textblock'  itemprop=\"text\" ><h2><strong>Sorosle emozionalaren esku-hartzea laburra, praktikoa eta ez-inbaditzailea da, eta arreta premiazkoenean jartzen du:<\/strong><\/h2>\n<ul>\n<li>Egonkortu<\/li>\n<li>Gorde<\/li>\n<li>Orientatzea<\/li>\n<\/ul>\n<h3>Sinpletasuna eta eraginkortasuna<\/h3>\n<p>Une honetan jarduteko, emozio biziek \u2013 hala nola izuak, antsietateak edo frustrazioak \u2013 gainezka egitearekin mehatxatzen dutenean.<\/p>\n<h3>Egonkortasuna eta lasaitasuna<\/h3>\n<p>Sorosle emozionala pertsona egonkortzeaz arduratzen da, eta emozioen talkatik ateratzen laguntzen dio. Horrek esan nahi du sentitzen duena normalizatu behar dela, bakarrik ez dagoela jakinarazi behar zaiola eta lasaitasun handiagoko leku batera gidatu behar dela.<\/p>\n<\/div><\/section><\/div>\n<div  class='flex_column av-16z91l6-7be49e4ea428deb7bc1d615244d4da7a av_two_fifth  avia-builder-el-35  el_after_av_three_fifth  el_before_av_textblock  flex_column_div  '     ><style type=\"text\/css\" data-created_by=\"avia_inline_auto\" id=\"style-css-av-m7ynea8r-e08826b1e7a162e1231f3c11b30c5421\">\n.avia-image-container.av-m7ynea8r-e08826b1e7a162e1231f3c11b30c5421 img.avia_image{\nbox-shadow:none;\n}\n.avia-image-container.av-m7ynea8r-e08826b1e7a162e1231f3c11b30c5421 .av-image-caption-overlay-center{\ncolor:#ffffff;\n}\n<\/style>\n<div  class='avia-image-container av-m7ynea8r-e08826b1e7a162e1231f3c11b30c5421 av-styling- avia-align-center  avia-builder-el-36  avia-builder-el-no-sibling '   itemprop=\"image\" itemscope=\"itemscope\" itemtype=\"https:\/\/schema.org\/ImageObject\" ><div class=\"avia-image-container-inner\"><div class=\"avia-image-overlay-wrap\"><img decoding=\"async\" fetchpriority=\"high\" class='wp-image-87955 avia-img-lazy-loading-not-87955 avia_image ' src=\"https:\/\/www.lafundacion.com\/wp-content\/uploads\/2025\/03\/Socorrista-emocional-empresa-primeros-auxilios-emocionales-empresa-salud-laboral.jpg\" alt='' title='Socorrista-emocional-empresa-primeros-auxilios-emocionales-empresa-salud-laboral'  height=\"706\" width=\"565\"  itemprop=\"thumbnailUrl\" srcset=\"https:\/\/www.lafundacion.com\/wp-content\/uploads\/2025\/03\/Socorrista-emocional-empresa-primeros-auxilios-emocionales-empresa-salud-laboral.jpg 565w, https:\/\/www.lafundacion.com\/wp-content\/uploads\/2025\/03\/Socorrista-emocional-empresa-primeros-auxilios-emocionales-empresa-salud-laboral-240x300.jpg 240w\" sizes=\"(max-width: 565px) 100vw, 565px\" \/><\/div><\/div><\/div><\/div>\n<section  class='av_textblock_section av-m7ynjjiv-8d95f90b7167ef9762c2b0e16f1e9548 '   itemscope=\"itemscope\" itemtype=\"https:\/\/schema.org\/CreativeWork\" ><div class='avia_textblock'  itemprop=\"text\" ><h3>Laguntza-sareetara bideratzea<\/h3>\n<p>Sorosleak informazio argia eta erraza ematen du egin beharreko urratsei buruz edo egoerari aurre egiteko eskura dauden baliabideei buruz (medikuak, psikologikoak edo sozialak).<\/p>\n<h3>Konfidentzialtasuna<\/h3>\n<p>Hori guztia autonomia osoz eta, betiere, konfidentzialtasun-printzipio zorrotzen arabera eginez egiten du, eta berarengan jarritako konfiantza uneoro errespetatuko dela bermatzen du.<\/p>\n<\/div><\/section>\n<div  class='hr av-qbgyru-506bb408e51636873cd8f280bcdf4c57 hr-default  avia-builder-el-38  el_after_av_textblock  el_before_av_textblock '><span class='hr-inner '><span class=\"hr-inner-style\"><\/span><\/span><\/div>\n<section  class='av_textblock_section av-m7yo2el0-b0a09ec8402b738d05107d426a75e345 '   itemscope=\"itemscope\" itemtype=\"https:\/\/schema.org\/CreativeWork\" ><div class='avia_textblock'  itemprop=\"text\" ><h2>Nolakoa da sorosle emozionalek jasoko duten prestakuntza?<\/h2>\n<p>La Fundaci\u00f3n San Prudenciok beharrezko prestakuntza emango du egoera kritikoak identifikatzeko, lehen laguntza emozionalak aplikatzeko eta ebaluazio goiztiarra egiteko, oinarrizko esku-hartze emozionala eta laguntza psikosoziala eskaintzeko. Gainera, enpresak, ekimen honekin, bere langileentzako ongizate emozionaleko espazio bat islatzen eta sustatzen du.<\/p>\n<\/div><\/section>\n<div  class='flex_column av-1bf3xii-0c536d42f26dec3e8138358c22c526a5 av_two_fifth  avia-builder-el-40  el_after_av_textblock  el_before_av_three_fifth  first flex_column_div  column-top-margin'     ><style type=\"text\/css\" data-created_by=\"avia_inline_auto\" id=\"style-css-av-m7yo5o0x-76844b69022ff0ab20f4bf4b20cdd8c4\">\n.avia-image-container.av-m7yo5o0x-76844b69022ff0ab20f4bf4b20cdd8c4 img.avia_image{\nbox-shadow:none;\n}\n.avia-image-container.av-m7yo5o0x-76844b69022ff0ab20f4bf4b20cdd8c4 .av-image-caption-overlay-center{\ncolor:#ffffff;\n}\n<\/style>\n<div  class='avia-image-container av-m7yo5o0x-76844b69022ff0ab20f4bf4b20cdd8c4 av-styling- avia-align-center  avia-builder-el-41  avia-builder-el-no-sibling '   itemprop=\"image\" itemscope=\"itemscope\" itemtype=\"https:\/\/schema.org\/ImageObject\" ><div class=\"avia-image-container-inner\"><div class=\"avia-image-overlay-wrap\"><img decoding=\"async\" fetchpriority=\"high\" class='wp-image-87965 avia-img-lazy-loading-not-87965 avia_image ' src=\"https:\/\/www.lafundacion.com\/wp-content\/uploads\/2025\/03\/formacion-socorristas-emocionales-SOS-EmozioLan-primeros-auxilios-emocionales-empresa.jpg\" alt='' title='formacion-socorristas-emocionales-SOS-EmozioLan-primeros-auxilios-emocionales-empresa'  height=\"575\" width=\"565\"  itemprop=\"thumbnailUrl\" srcset=\"https:\/\/www.lafundacion.com\/wp-content\/uploads\/2025\/03\/formacion-socorristas-emocionales-SOS-EmozioLan-primeros-auxilios-emocionales-empresa.jpg 565w, https:\/\/www.lafundacion.com\/wp-content\/uploads\/2025\/03\/formacion-socorristas-emocionales-SOS-EmozioLan-primeros-auxilios-emocionales-empresa-295x300.jpg 295w, https:\/\/www.lafundacion.com\/wp-content\/uploads\/2025\/03\/formacion-socorristas-emocionales-SOS-EmozioLan-primeros-auxilios-emocionales-empresa-80x80.jpg 80w, https:\/\/www.lafundacion.com\/wp-content\/uploads\/2025\/03\/formacion-socorristas-emocionales-SOS-EmozioLan-primeros-auxilios-emocionales-empresa-36x36.jpg 36w\" sizes=\"(max-width: 565px) 100vw, 565px\" \/><\/div><\/div><\/div><\/div>\n<div  class='flex_column av-sm1sdm-ed212714be6f3a01acbd98524a309280 av_three_fifth  avia-builder-el-42  el_after_av_two_fifth  el_before_av_hr  flex_column_div  column-top-margin'     ><section  class='av_textblock_section av-m7yo3mpr-a4f5734787410132dba45cbb07720f3b '   itemscope=\"itemscope\" itemtype=\"https:\/\/schema.org\/CreativeWork\" ><div class='avia_textblock'  itemprop=\"text\" ><ul>\n<li><strong>2 orduko prestakuntza.<\/strong><\/li>\n<li><strong>Soroslearentzako euskarriak prestatzea.<\/strong><\/li>\n<li><strong>Laguntza-sareak identifikatzea (barneko eta kanpoko baliabideak).<\/strong><\/li>\n<li><strong>Jarduteko prozedura ezartzea eta integratzea.<\/strong><\/li>\n<li><strong>Larrialdi-simulakroak egitea.<\/strong><\/li>\n<li><strong>Gainera, \u201czalantzak argitzeko\u201d orduak jartzen dira sorosleen eskura.<\/strong><\/li>\n<li><strong>Etengabe gainbegiratzea eta birziklatzea.<\/strong><\/li>\n<\/ul>\n<\/div><\/section><\/div>\n<div  class='hr av-noibsa-86bd1367c4ed11f7312a9dade43e5477 hr-default  avia-builder-el-44  el_after_av_three_fifth  el_before_av_one_full '><span class='hr-inner '><span class=\"hr-inner-style\"><\/span><\/span><\/div>\n<div  class='flex_column av-mzs2p7-9bd7b32b3387fbce0a5f0dfa6531b221 av_one_full  avia-builder-el-45  el_after_av_hr  el_before_av_one_full  first flex_column_div  '     ><section  class='av_textblock_section av-lf9wtg40-22bb0f35599f07926c164cbc3dde893f '   itemscope=\"itemscope\" itemtype=\"https:\/\/schema.org\/CreativeWork\" ><div class='avia_textblock'  itemprop=\"text\" ><h4>Jar zaitez gurekin harremanetan SOS EmozioLan zerbitzuari buruzko informazioa jaso dezazun, zure enpresako pertsonen osasun emozionala hobetzeko<\/h4>\n\n<div class=\"wpcf7 no-js\" id=\"wpcf7-f51068-o1\" lang=\"eu-ES\" dir=\"ltr\" data-wpcf7-id=\"51068\">\n<div class=\"screen-reader-response\"><p role=\"status\" aria-live=\"polite\" aria-atomic=\"true\"><\/p> <ul><\/ul><\/div>\n<form action=\"\/eu\/wp-json\/wp\/v2\/pages\/87915#wpcf7-f51068-o1\" method=\"post\" class=\"wpcf7-form init wpcf7-acceptance-as-validation\" aria-label=\"Contact form\" novalidate=\"novalidate\" data-status=\"init\">\n<fieldset class=\"hidden-fields-container\"><input type=\"hidden\" name=\"_wpcf7\" value=\"51068\" \/><input type=\"hidden\" name=\"_wpcf7_version\" value=\"6.1.5\" \/><input type=\"hidden\" name=\"_wpcf7_locale\" value=\"eu_ES\" \/><input type=\"hidden\" name=\"_wpcf7_unit_tag\" value=\"wpcf7-f51068-o1\" \/><input type=\"hidden\" name=\"_wpcf7_container_post\" value=\"0\" \/><input type=\"hidden\" name=\"_wpcf7_posted_data_hash\" value=\"\" \/><input type=\"hidden\" name=\"_wpcf7_recaptcha_response\" value=\"\" \/>\n<\/fieldset>\n<p><label> Izen-abizenak <span class=\"asterisco\">(*)<\/span><br \/>\n<span class=\"wpcf7-form-control-wrap\" data-name=\"your-name\"><input size=\"40\" maxlength=\"400\" class=\"wpcf7-form-control wpcf7-text wpcf7-validates-as-required\" aria-required=\"true\" aria-invalid=\"false\" value=\"\" type=\"text\" name=\"your-name\" \/><\/span> <\/label>\n<\/p>\n<p><label> Enpresa <span class=\"asterisco\">(*)<\/span><br \/>\n<span class=\"wpcf7-form-control-wrap\" data-name=\"your-company\"><input size=\"40\" maxlength=\"400\" class=\"wpcf7-form-control wpcf7-text wpcf7-validates-as-required\" aria-required=\"true\" aria-invalid=\"false\" value=\"\" type=\"text\" name=\"your-company\" \/><\/span> <\/label>\n<\/p>\n<p><label> Kargua<br \/>\n<span class=\"wpcf7-form-control-wrap\" data-name=\"cargo\"><input size=\"40\" maxlength=\"400\" class=\"wpcf7-form-control wpcf7-text wpcf7-validates-as-required\" aria-required=\"true\" aria-invalid=\"false\" value=\"\" type=\"text\" name=\"cargo\" \/><\/span> <\/label>\n<\/p>\n<p><label> Sakelako telefono zenbakia<br \/>\n<span class=\"wpcf7-form-control-wrap\" data-name=\"tel-639\"><input size=\"40\" maxlength=\"400\" class=\"wpcf7-form-control wpcf7-tel wpcf7-text wpcf7-validates-as-tel\" aria-invalid=\"false\" value=\"\" type=\"tel\" name=\"tel-639\" \/><\/span> <\/label>\n<\/p>\n<p><label> Helbide elektronikoa <span class=\"asterisco\">(*)<\/span><br \/>\n<span class=\"wpcf7-form-control-wrap\" data-name=\"your-email\"><input size=\"40\" maxlength=\"400\" class=\"wpcf7-form-control wpcf7-email wpcf7-validates-as-required wpcf7-text wpcf7-validates-as-email\" aria-required=\"true\" aria-invalid=\"false\" value=\"\" type=\"email\" name=\"your-email\" \/><\/span> <\/label>\n<\/p>\n<p><label> Oharrak<br \/>\n<span class=\"wpcf7-form-control-wrap\" data-name=\"textarea-504\"><textarea cols=\"40\" rows=\"10\" maxlength=\"2000\" class=\"wpcf7-form-control wpcf7-textarea\" aria-invalid=\"false\" name=\"textarea-504\"><\/textarea><\/span> <\/label>\n<\/p>\n<p><label><span class=\"wpcf7-form-control-wrap\" data-name=\"acceptance-172\"><span class=\"wpcf7-form-control wpcf7-acceptance\"><span class=\"wpcf7-list-item\"><label><input type=\"checkbox\" name=\"acceptance-172\" value=\"1\" aria-invalid=\"false\" \/><span class=\"wpcf7-list-item-label\"><a href=\"https:\/\/www.lafundacion.com\/wp-content\/uploads\/2026\/02\/Politica-de-Privacidad-1.pdf\" target=\"_blank\">Pribatutasun politika irakurri dut eta onartzen dut <\/a><\/span><\/label><\/span><\/span><\/span><\/label>\n<\/p>\n<p><input class=\"wpcf7-form-control wpcf7-submit has-spinner\" type=\"submit\" value=\"Bidali\" \/>\n<\/p><div class=\"wpcf7-response-output\" aria-hidden=\"true\"><\/div>\n<\/form>\n<\/div>\n\n<\/div><\/section><\/div>\n<div  class='flex_column av-19zq80a-19aee4265ddd307ae9dbc64930eb4393 av_one_full  avia-builder-el-47  el_after_av_one_full  el_before_av_one_full  first flex_column_div  column-top-margin'     ><section  class='av_textblock_section av-mc3069og-388bde579f802c3a3427a84a1676e1de '   itemscope=\"itemscope\" itemtype=\"https:\/\/schema.org\/CreativeWork\" ><div class='avia_textblock'  itemprop=\"text\" ><h2 class=\"av-special-heading-tag \">Gure SOS EmozioLan zerbitzuan konfiantza izan duten bezero batzuk<\/h2>\n<\/div><\/section><\/div>\n<div  class='flex_column av-ohka3u-c015baf5fbe9cd9cbded14feca724cba av_one_full  avia-builder-el-49  el_after_av_one_full  el_before_av_one_third  first flex_column_div  column-top-margin'     ><p>\n<style type=\"text\/css\" data-created_by=\"avia_inline_auto\" id=\"style-css-av-mc30762f-08e0225e765af1e65c0d66f444da049a\">\n.avia-image-container.av-mc30762f-08e0225e765af1e65c0d66f444da049a img.avia_image{\nbox-shadow:none;\n}\n.avia-image-container.av-mc30762f-08e0225e765af1e65c0d66f444da049a .av-image-caption-overlay-center{\ncolor:#ffffff;\n}\n<\/style>\n<div  class='avia-image-container av-mc30762f-08e0225e765af1e65c0d66f444da049a av-styling- avia-align-center  avia-builder-el-50  el_before_av_image  avia-builder-el-first '   itemprop=\"image\" itemscope=\"itemscope\" itemtype=\"https:\/\/schema.org\/ImageObject\" ><div class=\"avia-image-container-inner\"><div class=\"avia-image-overlay-wrap\"><img decoding=\"async\" fetchpriority=\"high\" class='wp-image-97100 avia-img-lazy-loading-not-97100 avia_image ' src=\"https:\/\/www.lafundacion.com\/wp-content\/uploads\/2025\/06\/Clientes-La-Fundacion-San-Prudencio-servicio-SOS-EmozioLan-primeros-auxilios-emocionales-empresa-alavas.jpg\" alt='' title='Clientes-La-Fundacion-San-Prudencio-servicio-SOS-EmozioLan-primeros-auxilios-emocionales-empresa-alavas'  height=\"184\" width=\"1000\"  itemprop=\"thumbnailUrl\" srcset=\"https:\/\/www.lafundacion.com\/wp-content\/uploads\/2025\/06\/Clientes-La-Fundacion-San-Prudencio-servicio-SOS-EmozioLan-primeros-auxilios-emocionales-empresa-alavas.jpg 1000w, https:\/\/www.lafundacion.com\/wp-content\/uploads\/2025\/06\/Clientes-La-Fundacion-San-Prudencio-servicio-SOS-EmozioLan-primeros-auxilios-emocionales-empresa-alavas-300x55.jpg 300w, https:\/\/www.lafundacion.com\/wp-content\/uploads\/2025\/06\/Clientes-La-Fundacion-San-Prudencio-servicio-SOS-EmozioLan-primeros-auxilios-emocionales-empresa-alavas-768x141.jpg 768w, https:\/\/www.lafundacion.com\/wp-content\/uploads\/2025\/06\/Clientes-La-Fundacion-San-Prudencio-servicio-SOS-EmozioLan-primeros-auxilios-emocionales-empresa-alavas-705x130.jpg 705w\" sizes=\"(max-width: 1000px) 100vw, 1000px\" \/><\/div><\/div><\/div><br \/>\n\n<style type=\"text\/css\" data-created_by=\"avia_inline_auto\" id=\"style-css-av-mg4viq5w-0686a410b05c048d93cee8447699e89e\">\n.avia-image-container.av-mg4viq5w-0686a410b05c048d93cee8447699e89e img.avia_image{\nbox-shadow:none;\n}\n.avia-image-container.av-mg4viq5w-0686a410b05c048d93cee8447699e89e .av-image-caption-overlay-center{\ncolor:#ffffff;\n}\n<\/style>\n<div  class='avia-image-container av-mg4viq5w-0686a410b05c048d93cee8447699e89e av-styling- avia-align-center  avia-builder-el-51  el_after_av_image  avia-builder-el-last '   itemprop=\"image\" itemscope=\"itemscope\" itemtype=\"https:\/\/schema.org\/ImageObject\" ><div class=\"avia-image-container-inner\"><div class=\"avia-image-overlay-wrap\"><img decoding=\"async\" fetchpriority=\"high\" class='wp-image-134965 avia-img-lazy-loading-not-134965 avia_image ' src=\"https:\/\/www.lafundacion.com\/wp-content\/uploads\/2025\/09\/Clientes-La-Fundacion-San-Prudencio-servicio-SOS-EmozioLan-primeros-auxilios-emocionales-empresa-alavas-Froneri-Mutualia-DHL.jpg\" alt='' title='Clientes-La-Fundacion-San-Prudencio-servicio-SOS-EmozioLan-primeros-auxilios-emocionales-empresa-alavas-Froneri-Mutualia-DHL'  height=\"184\" width=\"1000\"  itemprop=\"thumbnailUrl\" srcset=\"https:\/\/www.lafundacion.com\/wp-content\/uploads\/2025\/09\/Clientes-La-Fundacion-San-Prudencio-servicio-SOS-EmozioLan-primeros-auxilios-emocionales-empresa-alavas-Froneri-Mutualia-DHL.jpg 1000w, https:\/\/www.lafundacion.com\/wp-content\/uploads\/2025\/09\/Clientes-La-Fundacion-San-Prudencio-servicio-SOS-EmozioLan-primeros-auxilios-emocionales-empresa-alavas-Froneri-Mutualia-DHL-300x55.jpg 300w, https:\/\/www.lafundacion.com\/wp-content\/uploads\/2025\/09\/Clientes-La-Fundacion-San-Prudencio-servicio-SOS-EmozioLan-primeros-auxilios-emocionales-empresa-alavas-Froneri-Mutualia-DHL-768x141.jpg 768w, https:\/\/www.lafundacion.com\/wp-content\/uploads\/2025\/09\/Clientes-La-Fundacion-San-Prudencio-servicio-SOS-EmozioLan-primeros-auxilios-emocionales-empresa-alavas-Froneri-Mutualia-DHL-705x130.jpg 705w\" sizes=\"(max-width: 1000px) 100vw, 1000px\" \/><\/div><\/div><\/div><\/p><\/div>\n<div  class='flex_column av-333u2yy-1aedacfc319cef36c8bd1d8391baf225 av_one_third  avia-builder-el-52  el_after_av_one_full  el_before_av_one_third  first flex_column_div  column-top-margin'     ><\/div>\n<div  class='flex_column av-3lsjre2-6d5da2e83a297faf6fb1a453e6299426 av_one_third  avia-builder-el-53  el_after_av_one_third  el_before_av_one_third  flex_column_div  column-top-margin'     ><section  class='av_textblock_section av-m8hc7jct-2a7c0834c230d16c3adebda1bb5dcf68 '   itemscope=\"itemscope\" itemtype=\"https:\/\/schema.org\/CreativeWork\" ><div class='avia_textblock'  itemprop=\"text\" ><h2 style=\"text-align: center;\">SOS EmozioLan-i buruz argitaraturiko artikulu zientifiko-teknikoa LARPSICOn<\/h2>\n<\/div><\/section><br \/>\n\n<style type=\"text\/css\" data-created_by=\"avia_inline_auto\" id=\"style-css-av-m8hcepmi-1b90bed435770259ed1b75eb14c70561\">\n.avia-image-container.av-m8hcepmi-1b90bed435770259ed1b75eb14c70561 img.avia_image{\nbox-shadow:none;\n}\n.avia-image-container.av-m8hcepmi-1b90bed435770259ed1b75eb14c70561 .av-image-caption-overlay-center{\ncolor:#ffffff;\n}\n<\/style>\n<div  class='avia-image-container av-m8hcepmi-1b90bed435770259ed1b75eb14c70561 av-styling- av-img-linked avia-align-center  avia-builder-el-55  el_after_av_textblock  el_before_av_button '   itemprop=\"image\" itemscope=\"itemscope\" itemtype=\"https:\/\/schema.org\/ImageObject\" ><div class=\"avia-image-container-inner\"><div class=\"avia-image-overlay-wrap\"><a href=\"https:\/\/www.lafundacion.com\/wp-content\/uploads\/2025\/12\/larpsico-articulo-cientifico-tecnico-SOS-EmozioLan-primeros-auxilios-emocionales.pdf\" class='avia_image '  target=\"_blank\"  rel=\"noopener noreferrer\" aria-label='LARPSICO-SOS-EmozioLan-2025'><img decoding=\"async\" fetchpriority=\"high\" class='wp-image-195552 avia-img-lazy-loading-not-195552 avia_image ' src=\"https:\/\/www.lafundacion.com\/wp-content\/uploads\/2025\/12\/LARPSICO-SOS-EmozioLan-2025.jpg\" alt='' title='LARPSICO-SOS-EmozioLan-2025'  height=\"1066\" width=\"750\"  itemprop=\"thumbnailUrl\" srcset=\"https:\/\/www.lafundacion.com\/wp-content\/uploads\/2025\/12\/LARPSICO-SOS-EmozioLan-2025.jpg 750w, https:\/\/www.lafundacion.com\/wp-content\/uploads\/2025\/12\/LARPSICO-SOS-EmozioLan-2025-211x300.jpg 211w, https:\/\/www.lafundacion.com\/wp-content\/uploads\/2025\/12\/LARPSICO-SOS-EmozioLan-2025-725x1030.jpg 725w, https:\/\/www.lafundacion.com\/wp-content\/uploads\/2025\/12\/LARPSICO-SOS-EmozioLan-2025-496x705.jpg 496w\" sizes=\"(max-width: 750px) 100vw, 750px\" \/><\/a><\/div><\/div><\/div><br \/>\n<div  class='avia-button-wrap av-mj72n2je-4d4208b538bd8bedf92cbff5b8e7d191-wrap avia-button-center  avia-builder-el-56  el_after_av_image  avia-builder-el-last '><a href='https:\/\/www.lafundacion.com\/wp-content\/uploads\/2025\/12\/larpsico-articulo-cientifico-tecnico-SOS-EmozioLan-primeros-auxilios-emocionales.pdf'  class='avia-button av-mj72n2je-4d4208b538bd8bedf92cbff5b8e7d191 av-link-btn avia-icon_select-no avia-size-large avia-position-center avia-color-theme-color'   aria-label=\"LARPSICO-ko artikulua ikusi\"><span class='avia_iconbox_title' >LARPSICO-ko artikulua ikusi<\/span><\/a><\/div><\/p><\/div>\n<div  class='flex_column av-334ddey-55e03014996c7da39f0e9e8130e47b59 av_one_third  avia-builder-el-57  el_after_av_one_third  el_before_av_one_full  flex_column_div  column-top-margin'     ><\/div>\n<div  class='flex_column av-9aw2ga-697efb4f08096e8eaa7fa739ef6c6a95 av_one_full  avia-builder-el-58  el_after_av_one_third  el_before_av_one_fourth  first flex_column_div  column-top-margin'     ><section  class='av_textblock_section av-744f4a-470c2c758667b8980432c6e8df342e16 '   itemscope=\"itemscope\" itemtype=\"https:\/\/schema.org\/CreativeWork\" ><div class='avia_textblock'  itemprop=\"text\" ><h2 style=\"text-align: center;\">Komunikabideetan argitaratutako artikuluak eta elkarrizketak<\/h2>\n<\/div><\/section><\/div>\n<div  class='flex_column av-1is3yve-182e1a1610acd3ca5e0371e98cabfc05 av_one_fourth  avia-builder-el-60  el_after_av_one_full  el_before_av_one_fourth  first flex_column_div  column-top-margin'     ><section  class='av_textblock_section av-4hxn7u-1053a8f0c0e48e2a1ae85a3acd599e21 '   itemscope=\"itemscope\" itemtype=\"https:\/\/schema.org\/CreativeWork\" ><div class='avia_textblock'  itemprop=\"text\" ><p style=\"text-align: center;\"><strong>San Viator Ikastetxearen artikulua, El Correo de Alava-n sorosle emozionalen ekimenez<\/strong><\/p>\n<\/div><\/section><br \/>\n\n<style type=\"text\/css\" data-created_by=\"avia_inline_auto\" id=\"style-css-av-q5p27e-b0b66dd7eb8299a19dc5d3bb0f206a66\">\n.avia-image-container.av-q5p27e-b0b66dd7eb8299a19dc5d3bb0f206a66 img.avia_image{\nbox-shadow:none;\n}\n.avia-image-container.av-q5p27e-b0b66dd7eb8299a19dc5d3bb0f206a66 .av-image-caption-overlay-center{\ncolor:#ffffff;\n}\n<\/style>\n<div  class='avia-image-container av-q5p27e-b0b66dd7eb8299a19dc5d3bb0f206a66 av-styling- av-img-linked avia-align-center  avia-builder-el-62  el_after_av_textblock  avia-builder-el-last '   itemprop=\"image\" itemscope=\"itemscope\" itemtype=\"https:\/\/schema.org\/ImageObject\" ><div class=\"avia-image-container-inner\"><div class=\"avia-image-overlay-wrap\"><a href=\"https:\/\/www.lafundacion.com\/wp-content\/uploads\/2026\/02\/Entrevista-San-Viator-El-Correo-15Feb.2026.pdf\" class='avia_image '  target=\"_blank\"  rel=\"noopener noreferrer\" aria-label='El-Correo-Entrevista-Esther-SOS-EmozioLan-22-12-24-1-1-230x300'><img decoding=\"async\" fetchpriority=\"high\" class='wp-image-266803 avia-img-lazy-loading-not-266803 avia_image ' src=\"https:\/\/www.lafundacion.com\/wp-content\/uploads\/2026\/02\/El-Correo-Entrevista-Esther-SOS-EmozioLan-22-12-24-1-1-230x300-1.jpg\" alt='' title='El-Correo-Entrevista-Esther-SOS-EmozioLan-22-12-24-1-1-230x300'  height=\"300\" width=\"230\"  itemprop=\"thumbnailUrl\"  \/><\/a><\/div><\/div><\/div><\/p><\/div>\n<div  class='flex_column av-av_one_fourth-0aea53b2b2b1640975a748149304d755 av_one_fourth  avia-builder-el-63  el_after_av_one_fourth  el_before_av_one_fourth  flex_column_div  column-top-margin'     ><section  class='av_textblock_section av-av_textblock-263a286a3ec605a4b845ded44ee74c94 '   itemscope=\"itemscope\" itemtype=\"https:\/\/schema.org\/CreativeWork\" ><div class='avia_textblock'  itemprop=\"text\" ><p style=\"text-align: center;\"><strong>Esther Unceta-Barrenecheari elkarrizketa El Correo de \u00c1lava egunkarian<\/strong><\/p>\n<\/div><\/section><br \/>\n\n<style type=\"text\/css\" data-created_by=\"avia_inline_auto\" id=\"style-css-av-av_image-c1b6a071510901707cac472708dbb70e\">\n.avia-image-container.av-av_image-c1b6a071510901707cac472708dbb70e img.avia_image{\nbox-shadow:none;\n}\n.avia-image-container.av-av_image-c1b6a071510901707cac472708dbb70e .av-image-caption-overlay-center{\ncolor:#ffffff;\n}\n<\/style>\n<div  class='avia-image-container av-av_image-c1b6a071510901707cac472708dbb70e av-styling- av-img-linked avia-align-center  avia-builder-el-65  el_after_av_textblock  avia-builder-el-last '   itemprop=\"image\" itemscope=\"itemscope\" itemtype=\"https:\/\/schema.org\/ImageObject\" ><div class=\"avia-image-container-inner\"><div class=\"avia-image-overlay-wrap\"><a href=\"https:\/\/www.lafundacion.com\/wp-content\/uploads\/2025\/03\/El-Correo-Entrevista-Esther-SOS-EmozioLan-22-12-24-1-1.pdf\" class='avia_image '  target=\"_blank\"  rel=\"noopener noreferrer\" aria-label='El-Correo-Entrevista-Esther-SOS-EmozioLan-22-12-24'><img decoding=\"async\" fetchpriority=\"high\" class='wp-image-88703 avia-img-lazy-loading-not-88703 avia_image ' src=\"https:\/\/www.lafundacion.com\/wp-content\/uploads\/2025\/03\/El-Correo-Entrevista-Esther-SOS-EmozioLan-22-12-24-1-1-230x300.jpg\" alt='' title='El-Correo-Entrevista-Esther-SOS-EmozioLan-22-12-24'  height=\"300\" width=\"230\"  itemprop=\"thumbnailUrl\" srcset=\"https:\/\/www.lafundacion.com\/wp-content\/uploads\/2025\/03\/El-Correo-Entrevista-Esther-SOS-EmozioLan-22-12-24-1-1-230x300.jpg 230w, https:\/\/www.lafundacion.com\/wp-content\/uploads\/2025\/03\/El-Correo-Entrevista-Esther-SOS-EmozioLan-22-12-24-1-1-541x705.jpg 541w, https:\/\/www.lafundacion.com\/wp-content\/uploads\/2025\/03\/El-Correo-Entrevista-Esther-SOS-EmozioLan-22-12-24-1-1.jpg 750w\" sizes=\"(max-width: 230px) 100vw, 230px\" \/><\/a><\/div><\/div><\/div><\/p><\/div>\n<div  class='flex_column av-225gzqi-27faed9b7f9966e06ffb0baa0979d856 av_one_fourth  avia-builder-el-66  el_after_av_one_fourth  el_before_av_one_fourth  flex_column_div  column-top-margin'     ><section  class='av_textblock_section av-5gri3u-3e49070dbc5aceee783183903ec000bd '   itemscope=\"itemscope\" itemtype=\"https:\/\/schema.org\/CreativeWork\" ><div class='avia_textblock'  itemprop=\"text\" ><p style=\"text-align: center;\"><strong>Nuria Urkiari elkarrizketa Diario de Noticias de \u00c1lava egunkarian<\/strong><\/p>\n<\/div><\/section><br \/>\n\n<style type=\"text\/css\" data-created_by=\"avia_inline_auto\" id=\"style-css-av-m8hcfe3m-eab2044e948bcae13ca601f15ea6caba\">\n.avia-image-container.av-m8hcfe3m-eab2044e948bcae13ca601f15ea6caba img.avia_image{\nbox-shadow:none;\n}\n.avia-image-container.av-m8hcfe3m-eab2044e948bcae13ca601f15ea6caba .av-image-caption-overlay-center{\ncolor:#ffffff;\n}\n<\/style>\n<div  class='avia-image-container av-m8hcfe3m-eab2044e948bcae13ca601f15ea6caba av-styling- av-img-linked avia-align-center  avia-builder-el-68  el_after_av_textblock  avia-builder-el-last '   itemprop=\"image\" itemscope=\"itemscope\" itemtype=\"https:\/\/schema.org\/ImageObject\" ><div class=\"avia-image-container-inner\"><div class=\"avia-image-overlay-wrap\"><a href=\"https:\/\/www.lafundacion.com\/wp-content\/uploads\/2025\/03\/DNA-Entrevista-Jagoba-y-Nuria-Domingo-23-Feb.25-2.pdf\" class='avia_image '  target=\"_blank\"  rel=\"noopener noreferrer\" aria-label='DNA Entrevista Jagoba y Nuria-Domingo 23 Feb.25'><img decoding=\"async\" fetchpriority=\"high\" class='wp-image-88657 avia-img-lazy-loading-not-88657 avia_image ' src=\"https:\/\/www.lafundacion.com\/wp-content\/uploads\/2025\/03\/DNA-Entrevista-Jagoba-y-Nuria-Domingo-23-Feb.25-230x300.jpg\" alt='' title='DNA Entrevista Jagoba y Nuria-Domingo 23 Feb.25'  height=\"300\" width=\"230\"  itemprop=\"thumbnailUrl\" srcset=\"https:\/\/www.lafundacion.com\/wp-content\/uploads\/2025\/03\/DNA-Entrevista-Jagoba-y-Nuria-Domingo-23-Feb.25-230x300.jpg 230w, https:\/\/www.lafundacion.com\/wp-content\/uploads\/2025\/03\/DNA-Entrevista-Jagoba-y-Nuria-Domingo-23-Feb.25-791x1030.jpg 791w, https:\/\/www.lafundacion.com\/wp-content\/uploads\/2025\/03\/DNA-Entrevista-Jagoba-y-Nuria-Domingo-23-Feb.25-768x1000.jpg 768w, https:\/\/www.lafundacion.com\/wp-content\/uploads\/2025\/03\/DNA-Entrevista-Jagoba-y-Nuria-Domingo-23-Feb.25-541x705.jpg 541w, https:\/\/www.lafundacion.com\/wp-content\/uploads\/2025\/03\/DNA-Entrevista-Jagoba-y-Nuria-Domingo-23-Feb.25.jpg 1119w\" sizes=\"(max-width: 230px) 100vw, 230px\" \/><\/a><\/div><\/div><\/div><\/p><\/div>\n<div  class='flex_column av-1deyy8a-010bd0ff68fbf624560e50b2a2904549 av_one_fourth  avia-builder-el-69  el_after_av_one_fourth  el_before_av_one_half  flex_column_div  column-top-margin'     ><section  class='av_textblock_section av-m8hc8uyk-34759e0448faef6c3d572122313616f8 '   itemscope=\"itemscope\" itemtype=\"https:\/\/schema.org\/CreativeWork\" ><div class='avia_textblock'  itemprop=\"text\" ><p style=\"text-align: center;\"><strong>SOS EmozioLan Diario de Noticias de \u00c1lavan<\/strong><\/p>\n<\/div><\/section><br \/>\n\n<style type=\"text\/css\" data-created_by=\"avia_inline_auto\" id=\"style-css-av-m8hcgol3-d74078489bfcfeccb0d731edc407a5d0\">\n.avia-image-container.av-m8hcgol3-d74078489bfcfeccb0d731edc407a5d0 img.avia_image{\nbox-shadow:none;\n}\n.avia-image-container.av-m8hcgol3-d74078489bfcfeccb0d731edc407a5d0 .av-image-caption-overlay-center{\ncolor:#ffffff;\n}\n<\/style>\n<div  class='avia-image-container av-m8hcgol3-d74078489bfcfeccb0d731edc407a5d0 av-styling- av-img-linked avia-align-center  avia-builder-el-71  el_after_av_textblock  avia-builder-el-last '   itemprop=\"image\" itemscope=\"itemscope\" itemtype=\"https:\/\/schema.org\/ImageObject\" ><div class=\"avia-image-container-inner\"><div class=\"avia-image-overlay-wrap\"><a href=\"https:\/\/www.lafundacion.com\/wp-content\/uploads\/2025\/03\/Diario-de-Noticias-de-Alava-SOS-EmozioLan-salud-emocional-empresas-25-01-25-1.pdf\" class='avia_image '  target=\"_blank\"  rel=\"noopener noreferrer\" aria-label='Diario-de-Noticias-de-Alava-SOS-EmozioLan-salud-emocional-empresas-25-01-25'><img decoding=\"async\" fetchpriority=\"high\" class='wp-image-88699 avia-img-lazy-loading-not-88699 avia_image ' src=\"https:\/\/www.lafundacion.com\/wp-content\/uploads\/2025\/03\/Diario-de-Noticias-de-Alava-SOS-EmozioLan-salud-emocional-empresas-25-01-25-2-230x300.jpg\" alt='' title='Diario-de-Noticias-de-Alava-SOS-EmozioLan-salud-emocional-empresas-25-01-25'  height=\"300\" width=\"230\"  itemprop=\"thumbnailUrl\" srcset=\"https:\/\/www.lafundacion.com\/wp-content\/uploads\/2025\/03\/Diario-de-Noticias-de-Alava-SOS-EmozioLan-salud-emocional-empresas-25-01-25-2-230x300.jpg 230w, https:\/\/www.lafundacion.com\/wp-content\/uploads\/2025\/03\/Diario-de-Noticias-de-Alava-SOS-EmozioLan-salud-emocional-empresas-25-01-25-2-541x705.jpg 541w, https:\/\/www.lafundacion.com\/wp-content\/uploads\/2025\/03\/Diario-de-Noticias-de-Alava-SOS-EmozioLan-salud-emocional-empresas-25-01-25-2.jpg 750w\" sizes=\"(max-width: 230px) 100vw, 230px\" \/><\/a><\/div><\/div><\/div><\/p><\/div>\n<div class='flex_column_table av-2jmcoa-bcdfaf1b1e21305a51778d3b84930612 sc-av_one_half av-equal-height-column-flextable'><div  class='flex_column av-2jmcoa-bcdfaf1b1e21305a51778d3b84930612 av_one_half  avia-builder-el-72  el_after_av_one_fourth  el_before_av_one_half  first flex_column_table_cell av-equal-height-column av-align-top  column-top-margin'     ><section  class='av_textblock_section av-m96vx3h8-a7e1bbf0119dd4fdca12b0de5970bf5d '   itemscope=\"itemscope\" itemtype=\"https:\/\/schema.org\/CreativeWork\" ><div class='avia_textblock'  itemprop=\"text\" ><p style=\"text-align: center;\"><strong>Leire Alfonso San Viator Ikastetxeko sorosle emozionalari elkarrizketa SOS EmozioLani buruz Euskadi Irratian (euskaraz)<\/strong><\/p>\n<\/div><\/section><br \/>\n\n<style type=\"text\/css\" data-created_by=\"avia_inline_auto\" id=\"style-css-av-m96vxr0s-359fa3f94e7278f679afa5eabc70f95b\">\n.avia-image-container.av-m96vxr0s-359fa3f94e7278f679afa5eabc70f95b img.avia_image{\nbox-shadow:none;\n}\n.avia-image-container.av-m96vxr0s-359fa3f94e7278f679afa5eabc70f95b .av-image-caption-overlay-center{\ncolor:#ffffff;\n}\n<\/style>\n<div  class='avia-image-container av-m96vxr0s-359fa3f94e7278f679afa5eabc70f95b av-styling- av-img-linked avia-align-center  avia-builder-el-74  el_after_av_textblock  avia-builder-el-last '   itemprop=\"image\" itemscope=\"itemscope\" itemtype=\"https:\/\/schema.org\/ImageObject\" ><div class=\"avia-image-container-inner\"><div class=\"avia-image-overlay-wrap\"><a href=\"https:\/\/www.lafundacion.com\/wp-content\/uploads\/2025\/07\/Euskadi-Irratia-COMPRIMIDO-Faktoria2-Entrevista-socorrista-San-Viator-04-abril-2025.mp3\" class='avia_image '  target=\"_blank\"  rel=\"noopener noreferrer\" aria-label='Sorosle-emozionala-Euskadi-Irratia-SOS-EmozioLan-La-Fundacion'><img decoding=\"async\" fetchpriority=\"high\" class='wp-image-90191 avia-img-lazy-loading-not-90191 avia_image ' src=\"https:\/\/www.lafundacion.com\/wp-content\/uploads\/2025\/04\/Sorosle-emozionala-Euskadi-Irratia-SOS-EmozioLan-La-Fundacion.jpg\" alt='' title='Sorosle-emozionala-Euskadi-Irratia-SOS-EmozioLan-La-Fundacion'  height=\"1456\" width=\"2524\"  itemprop=\"thumbnailUrl\" srcset=\"https:\/\/www.lafundacion.com\/wp-content\/uploads\/2025\/04\/Sorosle-emozionala-Euskadi-Irratia-SOS-EmozioLan-La-Fundacion.jpg 2524w, https:\/\/www.lafundacion.com\/wp-content\/uploads\/2025\/04\/Sorosle-emozionala-Euskadi-Irratia-SOS-EmozioLan-La-Fundacion-300x173.jpg 300w, https:\/\/www.lafundacion.com\/wp-content\/uploads\/2025\/04\/Sorosle-emozionala-Euskadi-Irratia-SOS-EmozioLan-La-Fundacion-1030x594.jpg 1030w, https:\/\/www.lafundacion.com\/wp-content\/uploads\/2025\/04\/Sorosle-emozionala-Euskadi-Irratia-SOS-EmozioLan-La-Fundacion-768x443.jpg 768w, https:\/\/www.lafundacion.com\/wp-content\/uploads\/2025\/04\/Sorosle-emozionala-Euskadi-Irratia-SOS-EmozioLan-La-Fundacion-1536x886.jpg 1536w, https:\/\/www.lafundacion.com\/wp-content\/uploads\/2025\/04\/Sorosle-emozionala-Euskadi-Irratia-SOS-EmozioLan-La-Fundacion-2048x1181.jpg 2048w, https:\/\/www.lafundacion.com\/wp-content\/uploads\/2025\/04\/Sorosle-emozionala-Euskadi-Irratia-SOS-EmozioLan-La-Fundacion-1500x865.jpg 1500w, https:\/\/www.lafundacion.com\/wp-content\/uploads\/2025\/04\/Sorosle-emozionala-Euskadi-Irratia-SOS-EmozioLan-La-Fundacion-705x407.jpg 705w\" sizes=\"(max-width: 2524px) 100vw, 2524px\" \/><\/a><\/div><\/div><\/div><\/p><\/div>\n<div class='av-flex-placeholder'><\/div><div  class='flex_column av-u2i2ru-2500f375152ecefc89f0786f0110f858 av_one_half  avia-builder-el-75  el_after_av_one_half  el_before_av_hr  flex_column_table_cell av-equal-height-column av-align-top  column-top-margin'     ><section  class='av_textblock_section av-mdmte4i0-3aabceb9a886b35bbac6cba95339d0ed '   itemscope=\"itemscope\" itemtype=\"https:\/\/schema.org\/CreativeWork\" ><div class='avia_textblock'  itemprop=\"text\" ><p style=\"text-align: center;\"><strong>Mentelem-en Nuria Urkiari elkarrizketa egin zioten SOS EmozioLan zerbitzuari buruz\u00a0<\/strong><\/p>\n<\/div><\/section><br \/>\n\n<style type=\"text\/css\" data-created_by=\"avia_inline_auto\" id=\"style-css-av-mdmtg7uy-3c1c6ff4f1c3912ec145b0a1135b33c9\">\n.avia-image-container.av-mdmtg7uy-3c1c6ff4f1c3912ec145b0a1135b33c9 img.avia_image{\nbox-shadow:none;\n}\n.avia-image-container.av-mdmtg7uy-3c1c6ff4f1c3912ec145b0a1135b33c9 .av-image-caption-overlay-center{\ncolor:#ffffff;\n}\n<\/style>\n<div  class='avia-image-container av-mdmtg7uy-3c1c6ff4f1c3912ec145b0a1135b33c9 av-styling- av-img-linked avia-align-center  avia-builder-el-77  el_after_av_textblock  avia-builder-el-last '   itemprop=\"image\" itemscope=\"itemscope\" itemtype=\"https:\/\/schema.org\/ImageObject\" ><div class=\"avia-image-container-inner\"><div class=\"avia-image-overlay-wrap\"><a href=\"https:\/\/youtu.be\/qDtB0-IT9YM?si=Srps8meh8Gr_aTsW\" class='avia_image '  target=\"_blank\"  rel=\"noopener noreferrer\" aria-label='Entrevista Nuria Mentelem'><img decoding=\"async\" fetchpriority=\"high\" class='wp-image-101714 avia-img-lazy-loading-not-101714 avia_image ' src=\"https:\/\/www.lafundacion.com\/wp-content\/uploads\/2025\/07\/Entrevista-Nuria-Mentelem.jpg\" alt='' title='Entrevista Nuria Mentelem'  height=\"408\" width=\"769\"  itemprop=\"thumbnailUrl\" srcset=\"https:\/\/www.lafundacion.com\/wp-content\/uploads\/2025\/07\/Entrevista-Nuria-Mentelem.jpg 769w, https:\/\/www.lafundacion.com\/wp-content\/uploads\/2025\/07\/Entrevista-Nuria-Mentelem-300x159.jpg 300w, https:\/\/www.lafundacion.com\/wp-content\/uploads\/2025\/07\/Entrevista-Nuria-Mentelem-705x374.jpg 705w\" sizes=\"(max-width: 769px) 100vw, 769px\" \/><\/a><\/div><\/div><\/div><\/p><\/div><\/div><!--close column table wrapper. Autoclose: 1 -->\n<div  class='hr av-qo17my-824cae44fd8ca1355aa140b5e5fb1d61 hr-default  avia-builder-el-78  el_after_av_one_half  el_before_av_heading '><span class='hr-inner '><span class=\"hr-inner-style\"><\/span><\/span><\/div>\n\n<style type=\"text\/css\" data-created_by=\"avia_inline_auto\" id=\"style-css-av-2ljx71-dcfe44fb4b999b2d6c5fb16da5de00a2\">\n#top .av-special-heading.av-2ljx71-dcfe44fb4b999b2d6c5fb16da5de00a2{\npadding-bottom:40px;\n}\nbody .av-special-heading.av-2ljx71-dcfe44fb4b999b2d6c5fb16da5de00a2 .av-special-heading-tag .heading-char{\nfont-size:25px;\n}\n.av-special-heading.av-2ljx71-dcfe44fb4b999b2d6c5fb16da5de00a2 .av-subheading{\nfont-size:15px;\n}\n<\/style>\n<div  class='av-special-heading av-2ljx71-dcfe44fb4b999b2d6c5fb16da5de00a2 av-special-heading-h3 blockquote modern-quote  avia-builder-el-79  el_after_av_hr  el_before_av_one_fourth '><h3 class='av-special-heading-tag '  itemprop=\"headline\"  >Erlazionatutako informazioa<\/h3><div class=\"special-heading-border\"><div class=\"special-heading-inner-border\"><\/div><\/div><\/div>\n\n<style type=\"text\/css\" data-created_by=\"avia_inline_auto\" id=\"style-css-av-4v2dc7-9-503f09ccb68000e26fb48bbe25706092\">\n.flex_column.av-4v2dc7-9-503f09ccb68000e26fb48bbe25706092{\nborder-radius:0px 0px 0px 0px;\npadding:0px 0px 0px 0px;\n}\n<\/style>\n<div  class='flex_column av-4v2dc7-9-503f09ccb68000e26fb48bbe25706092 av_one_fourth  avia-builder-el-80  el_after_av_heading  el_before_av_one_fourth  first flex_column_div av-zero-column-padding  '     ><p>\n<style type=\"text\/css\" data-created_by=\"avia_inline_auto\" id=\"style-css-av-2xw0k7-8-733ab01fe17a96f794a139243854cc60\">\n.avia-image-container.av-2xw0k7-8-733ab01fe17a96f794a139243854cc60 img.avia_image{\nbox-shadow:none;\n}\n.avia-image-container.av-2xw0k7-8-733ab01fe17a96f794a139243854cc60 .av-image-caption-overlay-center{\ncolor:#ffffff;\n}\n<\/style>\n<div  class='avia-image-container av-2xw0k7-8-733ab01fe17a96f794a139243854cc60 av-styling- av-img-linked avia-align-center  avia-builder-el-81  el_before_av_heading  avia-builder-el-first '   itemprop=\"image\" itemscope=\"itemscope\" itemtype=\"https:\/\/schema.org\/ImageObject\" ><div class=\"avia-image-container-inner\"><div class=\"avia-image-overlay-wrap\"><a href=\"https:\/\/www.lafundacion.com\/eu\/enpresak\/psicolan-zerbitzua\/\" class='avia_image '  aria-label='PsicoLan-programa-Tu-Salud-salud-emocional-salud-laboral-la-fundacion'><img decoding=\"async\" fetchpriority=\"high\" class='wp-image-47485 avia-img-lazy-loading-not-47485 avia_image ' src=\"https:\/\/www.lafundacion.com\/wp-content\/uploads\/2022\/11\/PsicoLan-programa-Tu-Salud-salud-emocional-salud-laboral-la-fundacion-300x200.jpg\" alt='' title='PsicoLan-programa-Tu-Salud-salud-emocional-salud-laboral-la-fundacion'  height=\"200\" width=\"300\"  itemprop=\"thumbnailUrl\" srcset=\"https:\/\/www.lafundacion.com\/wp-content\/uploads\/2022\/11\/PsicoLan-programa-Tu-Salud-salud-emocional-salud-laboral-la-fundacion-300x200.jpg 300w, https:\/\/www.lafundacion.com\/wp-content\/uploads\/2022\/11\/PsicoLan-programa-Tu-Salud-salud-emocional-salud-laboral-la-fundacion-768x512.jpg 768w, https:\/\/www.lafundacion.com\/wp-content\/uploads\/2022\/11\/PsicoLan-programa-Tu-Salud-salud-emocional-salud-laboral-la-fundacion-705x470.jpg 705w, https:\/\/www.lafundacion.com\/wp-content\/uploads\/2022\/11\/PsicoLan-programa-Tu-Salud-salud-emocional-salud-laboral-la-fundacion.jpg 800w\" sizes=\"(max-width: 300px) 100vw, 300px\" \/><\/a><\/div><\/div><\/div><br \/>\n\n<style type=\"text\/css\" data-created_by=\"avia_inline_auto\" id=\"style-css-av-2aeor1-12bd0aa72f3efd1e3ef28d5e84a36a1e\">\n#top .av-special-heading.av-2aeor1-12bd0aa72f3efd1e3ef28d5e84a36a1e{\npadding-bottom:10px;\n}\nbody .av-special-heading.av-2aeor1-12bd0aa72f3efd1e3ef28d5e84a36a1e .av-special-heading-tag .heading-char{\nfont-size:25px;\n}\n.av-special-heading.av-2aeor1-12bd0aa72f3efd1e3ef28d5e84a36a1e .av-subheading{\nfont-size:15px;\n}\n<\/style>\n<div  class='av-special-heading av-2aeor1-12bd0aa72f3efd1e3ef28d5e84a36a1e av-special-heading-h4 blockquote modern-quote  avia-builder-el-82  el_after_av_image  avia-builder-el-last  av-linked-heading'><h4 class='av-special-heading-tag '  itemprop=\"headline\"  ><a class=\"av-heading-link\" href=\"https:\/\/www.lafundacion.com\/psicolan\/\" >PsicoLan<\/a><\/h4><div class=\"special-heading-border\"><div class=\"special-heading-inner-border\"><\/div><\/div><\/div><\/p><\/div>\n\n<style type=\"text\/css\" data-created_by=\"avia_inline_auto\" id=\"style-css-av-11761nu-3c18767ceb2396f25381f827224b6cca\">\n.flex_column.av-11761nu-3c18767ceb2396f25381f827224b6cca{\nborder-radius:0px 0px 0px 0px;\npadding:0px 0px 0px 0px;\n}\n<\/style>\n<div  class='flex_column av-11761nu-3c18767ceb2396f25381f827224b6cca av_one_fourth  avia-builder-el-83  el_after_av_one_fourth  el_before_av_one_fourth  flex_column_div av-zero-column-padding  '     ><p>\n<style type=\"text\/css\" data-created_by=\"avia_inline_auto\" id=\"style-css-av-m7yiv9fz-387646e35deda9f6170a41e8c08b0e51\">\n.avia-image-container.av-m7yiv9fz-387646e35deda9f6170a41e8c08b0e51 img.avia_image{\nbox-shadow:none;\n}\n.avia-image-container.av-m7yiv9fz-387646e35deda9f6170a41e8c08b0e51 .av-image-caption-overlay-center{\ncolor:#ffffff;\n}\n<\/style>\n<div  class='avia-image-container av-m7yiv9fz-387646e35deda9f6170a41e8c08b0e51 av-styling- av-img-linked avia-align-center  avia-builder-el-84  el_before_av_heading  avia-builder-el-first '   itemprop=\"image\" itemscope=\"itemscope\" itemtype=\"https:\/\/schema.org\/ImageObject\" ><div class=\"avia-image-container-inner\"><div class=\"avia-image-overlay-wrap\"><a href=\"https:\/\/www.lafundacion.com\/eu\/enpresak\/absentismoa-murrizteko-irtenbideak\/\" class='avia_image '  aria-label='Nordic-Klinika-reducir-dolor-de-espalda-en-Vitoria'><img decoding=\"async\" fetchpriority=\"high\" class='wp-image-4049 avia-img-lazy-loading-not-4049 avia_image ' src=\"https:\/\/www.lafundacion.com\/wp-content\/uploads\/2020\/05\/Nordic-Klinika-reducir-dolor-de-espalda-en-Vitoria-300x200.jpg\" alt='Nordic Klinika el nuevo servicio de La Fundaci\u00f3n San Prudencio para el dolor de espalda' title='Nordic-Klinika-reducir-dolor-de-espalda-en-Vitoria'  height=\"200\" width=\"300\"  itemprop=\"thumbnailUrl\" srcset=\"https:\/\/www.lafundacion.com\/wp-content\/uploads\/2020\/05\/Nordic-Klinika-reducir-dolor-de-espalda-en-Vitoria-300x200.jpg 300w, https:\/\/www.lafundacion.com\/wp-content\/uploads\/2020\/05\/Nordic-Klinika-reducir-dolor-de-espalda-en-Vitoria-1030x687.jpg 1030w, https:\/\/www.lafundacion.com\/wp-content\/uploads\/2020\/05\/Nordic-Klinika-reducir-dolor-de-espalda-en-Vitoria-768x512.jpg 768w, https:\/\/www.lafundacion.com\/wp-content\/uploads\/2020\/05\/Nordic-Klinika-reducir-dolor-de-espalda-en-Vitoria-705x470.jpg 705w, https:\/\/www.lafundacion.com\/wp-content\/uploads\/2020\/05\/Nordic-Klinika-reducir-dolor-de-espalda-en-Vitoria.jpg 1200w\" sizes=\"(max-width: 300px) 100vw, 300px\" \/><\/a><\/div><\/div><\/div><br \/>\n\n<style type=\"text\/css\" data-created_by=\"avia_inline_auto\" id=\"style-css-av-n3m0ga-9c55d0e44cd69e451352598ed87c6eca\">\n#top .av-special-heading.av-n3m0ga-9c55d0e44cd69e451352598ed87c6eca{\npadding-bottom:10px;\n}\nbody .av-special-heading.av-n3m0ga-9c55d0e44cd69e451352598ed87c6eca .av-special-heading-tag .heading-char{\nfont-size:25px;\n}\n.av-special-heading.av-n3m0ga-9c55d0e44cd69e451352598ed87c6eca .av-subheading{\nfont-size:15px;\n}\n<\/style>\n<div  class='av-special-heading av-n3m0ga-9c55d0e44cd69e451352598ed87c6eca av-special-heading-h4 blockquote modern-quote  avia-builder-el-85  el_after_av_image  avia-builder-el-last  av-linked-heading'><h4 class='av-special-heading-tag '  itemprop=\"headline\"  ><a class=\"av-heading-link\" href=\"https:\/\/www.lafundacion.com\/empresas\/soluciones-absentismo-laboral\/\" >Nordic Klinika<\/a><\/h4><div class=\"special-heading-border\"><div class=\"special-heading-inner-border\"><\/div><\/div><\/div><\/p><\/div>\n\n<style type=\"text\/css\" data-created_by=\"avia_inline_auto\" id=\"style-css-av-4v2dc7-eec0ac1a782910ec842970222aa248bb\">\n.flex_column.av-4v2dc7-eec0ac1a782910ec842970222aa248bb{\nborder-radius:0px 0px 0px 0px;\npadding:0px 0px 0px 0px;\n}\n<\/style>\n<div  class='flex_column av-4v2dc7-eec0ac1a782910ec842970222aa248bb av_one_fourth  avia-builder-el-86  el_after_av_one_fourth  el_before_av_one_fourth  flex_column_div av-zero-column-padding  '     ><p>\n<style type=\"text\/css\" data-created_by=\"avia_inline_auto\" id=\"style-css-av-2xw0k7-291689eaa4e27c5b7b459ada52814cfc\">\n.avia-image-container.av-2xw0k7-291689eaa4e27c5b7b459ada52814cfc img.avia_image{\nbox-shadow:none;\n}\n.avia-image-container.av-2xw0k7-291689eaa4e27c5b7b459ada52814cfc .av-image-caption-overlay-center{\ncolor:#ffffff;\n}\n<\/style>\n<div  class='avia-image-container av-2xw0k7-291689eaa4e27c5b7b459ada52814cfc av-styling- av-img-linked avia-align-center  avia-builder-el-87  el_before_av_heading  avia-builder-el-first '   itemprop=\"image\" itemscope=\"itemscope\" itemtype=\"https:\/\/schema.org\/ImageObject\" ><div class=\"avia-image-container-inner\"><div class=\"avia-image-overlay-wrap\"><a href=\"https:\/\/www.lafundacion.com\/eu\/enpresak\/\" class='avia_image '  aria-label='servicios-a-empresas-de-La-Fundacion-San-Prudencio'><img decoding=\"async\" fetchpriority=\"high\" class='wp-image-6555 avia-img-lazy-loading-not-6555 avia_image ' src=\"https:\/\/www.lafundacion.com\/wp-content\/uploads\/2020\/05\/servicios-a-empresas-de-La-Fundacion-San-Prudencio.jpg\" alt='servicios RSE para empresas de \u00c1lava de La Fundaci\u00f3n San Prudencio' title='servicios-a-empresas-de-La-Fundacion-San-Prudencio'  height=\"533\" width=\"800\"  itemprop=\"thumbnailUrl\" srcset=\"https:\/\/www.lafundacion.com\/wp-content\/uploads\/2020\/05\/servicios-a-empresas-de-La-Fundacion-San-Prudencio.jpg 800w, https:\/\/www.lafundacion.com\/wp-content\/uploads\/2020\/05\/servicios-a-empresas-de-La-Fundacion-San-Prudencio-300x200.jpg 300w, https:\/\/www.lafundacion.com\/wp-content\/uploads\/2020\/05\/servicios-a-empresas-de-La-Fundacion-San-Prudencio-768x512.jpg 768w, https:\/\/www.lafundacion.com\/wp-content\/uploads\/2020\/05\/servicios-a-empresas-de-La-Fundacion-San-Prudencio-705x470.jpg 705w\" sizes=\"(max-width: 800px) 100vw, 800px\" \/><\/a><\/div><\/div><\/div><br \/>\n\n<style type=\"text\/css\" data-created_by=\"avia_inline_auto\" id=\"style-css-av-kaz016ep-d496590e475e56e74b76b6b6d7b53ac9\">\n#top .av-special-heading.av-kaz016ep-d496590e475e56e74b76b6b6d7b53ac9{\npadding-bottom:10px;\n}\nbody .av-special-heading.av-kaz016ep-d496590e475e56e74b76b6b6d7b53ac9 .av-special-heading-tag .heading-char{\nfont-size:25px;\n}\n.av-special-heading.av-kaz016ep-d496590e475e56e74b76b6b6d7b53ac9 .av-subheading{\nfont-size:15px;\n}\n<\/style>\n<div  class='av-special-heading av-kaz016ep-d496590e475e56e74b76b6b6d7b53ac9 av-special-heading-h4 blockquote modern-quote  avia-builder-el-88  el_after_av_image  avia-builder-el-last  av-linked-heading'><h4 class='av-special-heading-tag '  itemprop=\"headline\"  ><a class=\"av-heading-link\" href=\"https:\/\/www.lafundacion.com\/empresas\/\" >Enpresentzako zerbitzuak<\/a><\/h4><div class=\"special-heading-border\"><div class=\"special-heading-inner-border\"><\/div><\/div><\/div><\/p><\/div>\n\n<style type=\"text\/css\" data-created_by=\"avia_inline_auto\" id=\"style-css-av-4v2dc7-7-4d4634dff13eda51b26e1766953a5f36\">\n.flex_column.av-4v2dc7-7-4d4634dff13eda51b26e1766953a5f36{\nborder-radius:0px 0px 0px 0px;\npadding:0px 0px 0px 0px;\n}\n<\/style>\n<div  class='flex_column av-4v2dc7-7-4d4634dff13eda51b26e1766953a5f36 av_one_fourth  avia-builder-el-89  el_after_av_one_fourth  el_before_av_one_third  flex_column_div av-zero-column-padding  '     ><p>\n<style type=\"text\/css\" data-created_by=\"avia_inline_auto\" id=\"style-css-av-2xw0k7-6-b261b924bd21149a2953ffb30584e59d\">\n.avia-image-container.av-2xw0k7-6-b261b924bd21149a2953ffb30584e59d img.avia_image{\nbox-shadow:none;\n}\n.avia-image-container.av-2xw0k7-6-b261b924bd21149a2953ffb30584e59d .av-image-caption-overlay-center{\ncolor:#ffffff;\n}\n<\/style>\n<div  class='avia-image-container av-2xw0k7-6-b261b924bd21149a2953ffb30584e59d av-styling- av-img-linked avia-align-center  avia-builder-el-90  el_before_av_heading  avia-builder-el-first '   itemprop=\"image\" itemscope=\"itemscope\" itemtype=\"https:\/\/schema.org\/ImageObject\" ><div class=\"avia-image-container-inner\"><div class=\"avia-image-overlay-wrap\"><a href=\"https:\/\/www.lafundacion.com\/eu\/nor-gara\/\" class='avia_image '  aria-label='equipo-la-fundacion-2'><img decoding=\"async\" fetchpriority=\"high\" class='wp-image-7054 avia-img-lazy-loading-not-7054 avia_image ' src=\"https:\/\/www.lafundacion.com\/wp-content\/uploads\/2020\/06\/equipo-la-fundacion-2.jpg\" alt='Equipo de La Fundaci\u00f3n San Prudencio' title='equipo-la-fundacion-2'  height=\"533\" width=\"800\"  itemprop=\"thumbnailUrl\" srcset=\"https:\/\/www.lafundacion.com\/wp-content\/uploads\/2020\/06\/equipo-la-fundacion-2.jpg 800w, https:\/\/www.lafundacion.com\/wp-content\/uploads\/2020\/06\/equipo-la-fundacion-2-300x200.jpg 300w, https:\/\/www.lafundacion.com\/wp-content\/uploads\/2020\/06\/equipo-la-fundacion-2-768x512.jpg 768w, https:\/\/www.lafundacion.com\/wp-content\/uploads\/2020\/06\/equipo-la-fundacion-2-705x470.jpg 705w\" sizes=\"(max-width: 800px) 100vw, 800px\" \/><\/a><\/div><\/div><\/div><br \/>\n\n<style type=\"text\/css\" data-created_by=\"avia_inline_auto\" id=\"style-css-av-kaz14k1v-1e67efe91175d4a601dfa61e30c7f2ff\">\n#top .av-special-heading.av-kaz14k1v-1e67efe91175d4a601dfa61e30c7f2ff{\npadding-bottom:10px;\n}\nbody .av-special-heading.av-kaz14k1v-1e67efe91175d4a601dfa61e30c7f2ff .av-special-heading-tag .heading-char{\nfont-size:25px;\n}\n.av-special-heading.av-kaz14k1v-1e67efe91175d4a601dfa61e30c7f2ff .av-subheading{\nfont-size:15px;\n}\n<\/style>\n<div  class='av-special-heading av-kaz14k1v-1e67efe91175d4a601dfa61e30c7f2ff av-special-heading-h4 blockquote modern-quote  avia-builder-el-91  el_after_av_image  avia-builder-el-last  av-linked-heading'><h4 class='av-special-heading-tag '  itemprop=\"headline\"  ><a class=\"av-heading-link\" href=\"https:\/\/www.lafundacion.com\/quienes-somos\/\" >Nor gara?<\/a><\/h4><div class=\"special-heading-border\"><div class=\"special-heading-inner-border\"><\/div><\/div><\/div><\/p><\/div>\n<div  class='flex_column av-qap3oq-4140d9ad990d78f866507f52c831c8b3 av_one_third  avia-builder-el-92  el_after_av_one_fourth  avia-builder-el-last  first flex_column_div  column-top-margin'     ><\/div>\n","protected":false},"excerpt":{"rendered":"","protected":false},"author":2,"featured_media":87924,"parent":12203,"menu_order":0,"comment_status":"closed","ping_status":"closed","template":"","meta":{"_acf_changed":false,"footnotes":""},"class_list":["post-87915","page","type-page","status-publish","has-post-thumbnail","hentry"],"acf":[],"yoast_head":"<!-- This site is optimized with the Yoast SEO plugin v27.4 - https:\/\/yoast.com\/product\/yoast-seo-wordpress\/ -->\r\n<title>SOS EmozioLan Lehen Laguntza Emozionalak &#187; La Fundaci\u00f3n San Prudencio<\/title>\r\n<meta name=\"description\" content=\"La Fundaci\u00f3n San Prudencioko PsicoLan zerbitzua, La Fundaci\u00f3n San Prudenciok martxan jarritako zerbitzua da, enpresek beren langileen osasun psikoemozionala hobetu dezaten, arazoei erantzuna emanez, lan-jatorria edo jatorri pertsonala izan dezaten.\" \/>\r\n<meta name=\"robots\" content=\"index, follow, max-snippet:-1, max-image-preview:large, max-video-preview:-1\" \/>\r\n<link rel=\"canonical\" href=\"https:\/\/www.lafundacion.com\/eu\/enpresak\/sos-emoziolan-lehen-laguntza-emozionalak\/\" \/>\r\n<meta property=\"og:locale\" content=\"eu_ES\" \/>\r\n<meta property=\"og:type\" content=\"article\" \/>\r\n<meta property=\"og:title\" content=\"SOS EmozioLan Lehen Laguntza Emozionalak &#187; La Fundaci\u00f3n San Prudencio\" \/>\r\n<meta property=\"og:description\" content=\"La Fundaci\u00f3n San Prudencioko PsicoLan zerbitzua, La Fundaci\u00f3n San Prudenciok martxan jarritako zerbitzua da, enpresek beren langileen osasun psikoemozionala hobetu dezaten, arazoei erantzuna emanez, lan-jatorria edo jatorri pertsonala izan dezaten.\" \/>\r\n<meta property=\"og:url\" content=\"https:\/\/www.lafundacion.com\/eu\/enpresak\/sos-emoziolan-lehen-laguntza-emozionalak\/\" \/>\r\n<meta property=\"og:site_name\" content=\"La Fundaci\u00f3n San Prudencio\" \/>\r\n<meta property=\"article:modified_time\" content=\"2026-04-24T15:50:50+00:00\" \/>\r\n<meta property=\"og:image\" content=\"https:\/\/www.lafundacion.com\/wp-content\/uploads\/2025\/03\/SOS-EmozioLan-Primeros-Auxilios-Emocionales-empresa-La-Fundacion-San-Prudencio-mejorar-salud-emocional-laboral.png\" \/>\r\n\t<meta property=\"og:image:width\" content=\"650\" \/>\r\n\t<meta property=\"og:image:height\" content=\"434\" \/>\r\n\t<meta property=\"og:image:type\" content=\"image\/png\" \/>\r\n<meta name=\"twitter:card\" content=\"summary_large_image\" \/>\r\n<meta name=\"twitter:label1\" content=\"Est. reading time\" \/>\n\t<meta name=\"twitter:data1\" content=\"7 minutes\" \/>\r\n<script type=\"application\/ld+json\" class=\"yoast-schema-graph\">{\"@context\":\"https:\\\/\\\/schema.org\",\"@graph\":[{\"@type\":\"WebPage\",\"@id\":\"https:\\\/\\\/www.lafundacion.com\\\/eu\\\/enpresak\\\/sos-emoziolan-lehen-laguntza-emozionalak\\\/\",\"url\":\"https:\\\/\\\/www.lafundacion.com\\\/eu\\\/enpresak\\\/sos-emoziolan-lehen-laguntza-emozionalak\\\/\",\"name\":\"SOS EmozioLan Lehen Laguntza Emozionalak &#187; La Fundaci\u00f3n San Prudencio\",\"isPartOf\":{\"@id\":\"https:\\\/\\\/www.lafundacion.com\\\/#website\"},\"primaryImageOfPage\":{\"@id\":\"https:\\\/\\\/www.lafundacion.com\\\/eu\\\/enpresak\\\/sos-emoziolan-lehen-laguntza-emozionalak\\\/#primaryimage\"},\"image\":{\"@id\":\"https:\\\/\\\/www.lafundacion.com\\\/eu\\\/enpresak\\\/sos-emoziolan-lehen-laguntza-emozionalak\\\/#primaryimage\"},\"thumbnailUrl\":\"https:\\\/\\\/www.lafundacion.com\\\/wp-content\\\/uploads\\\/2025\\\/03\\\/SOS-EmozioLan-Primeros-Auxilios-Emocionales-empresa-La-Fundacion-San-Prudencio-mejorar-salud-emocional-laboral.png\",\"datePublished\":\"2025-03-07T11:08:03+00:00\",\"dateModified\":\"2026-04-24T15:50:50+00:00\",\"description\":\"La Fundaci\u00f3n San Prudencioko PsicoLan zerbitzua, La Fundaci\u00f3n San Prudenciok martxan jarritako zerbitzua da, enpresek beren langileen osasun psikoemozionala hobetu dezaten, arazoei erantzuna emanez, lan-jatorria edo jatorri pertsonala izan dezaten.\",\"breadcrumb\":{\"@id\":\"https:\\\/\\\/www.lafundacion.com\\\/eu\\\/enpresak\\\/sos-emoziolan-lehen-laguntza-emozionalak\\\/#breadcrumb\"},\"inLanguage\":\"eu-ES\",\"potentialAction\":[{\"@type\":\"ReadAction\",\"target\":[\"https:\\\/\\\/www.lafundacion.com\\\/eu\\\/enpresak\\\/sos-emoziolan-lehen-laguntza-emozionalak\\\/\"]}]},{\"@type\":\"ImageObject\",\"inLanguage\":\"eu-ES\",\"@id\":\"https:\\\/\\\/www.lafundacion.com\\\/eu\\\/enpresak\\\/sos-emoziolan-lehen-laguntza-emozionalak\\\/#primaryimage\",\"url\":\"https:\\\/\\\/www.lafundacion.com\\\/wp-content\\\/uploads\\\/2025\\\/03\\\/SOS-EmozioLan-Primeros-Auxilios-Emocionales-empresa-La-Fundacion-San-Prudencio-mejorar-salud-emocional-laboral.png\",\"contentUrl\":\"https:\\\/\\\/www.lafundacion.com\\\/wp-content\\\/uploads\\\/2025\\\/03\\\/SOS-EmozioLan-Primeros-Auxilios-Emocionales-empresa-La-Fundacion-San-Prudencio-mejorar-salud-emocional-laboral.png\",\"width\":650,\"height\":434},{\"@type\":\"BreadcrumbList\",\"@id\":\"https:\\\/\\\/www.lafundacion.com\\\/eu\\\/enpresak\\\/sos-emoziolan-lehen-laguntza-emozionalak\\\/#breadcrumb\",\"itemListElement\":[{\"@type\":\"ListItem\",\"position\":1,\"name\":\"Portada\",\"item\":\"https:\\\/\\\/www.lafundacion.com\\\/eu\\\/hasiera\\\/\"},{\"@type\":\"ListItem\",\"position\":2,\"name\":\"Enpresak\",\"item\":\"https:\\\/\\\/www.lafundacion.com\\\/empresas\\\/\"},{\"@type\":\"ListItem\",\"position\":3,\"name\":\"SOS EmozioLan Lehen Laguntza Emozionalak\"}]},{\"@type\":\"WebSite\",\"@id\":\"https:\\\/\\\/www.lafundacion.com\\\/#website\",\"url\":\"https:\\\/\\\/www.lafundacion.com\\\/\",\"name\":\"La Fundaci\u00f3n San Prudencio\",\"description\":\"La Fundaci\u00f3n Laboral San Prudencio en Vitoria-Gasteiz\",\"publisher\":{\"@id\":\"https:\\\/\\\/www.lafundacion.com\\\/#organization\"},\"potentialAction\":[{\"@type\":\"SearchAction\",\"target\":{\"@type\":\"EntryPoint\",\"urlTemplate\":\"https:\\\/\\\/www.lafundacion.com\\\/?s={search_term_string}\"},\"query-input\":{\"@type\":\"PropertyValueSpecification\",\"valueRequired\":true,\"valueName\":\"search_term_string\"}}],\"inLanguage\":\"eu-ES\"},{\"@type\":\"Organization\",\"@id\":\"https:\\\/\\\/www.lafundacion.com\\\/#organization\",\"name\":\"La Fundaci\u00f3n San Prudencio\",\"url\":\"https:\\\/\\\/www.lafundacion.com\\\/\",\"logo\":{\"@type\":\"ImageObject\",\"inLanguage\":\"eu-ES\",\"@id\":\"https:\\\/\\\/www.lafundacion.com\\\/#\\\/schema\\\/logo\\\/image\\\/\",\"url\":\"https:\\\/\\\/www.lafundacion.com\\\/wp-content\\\/uploads\\\/2020\\\/03\\\/logo-la-fundacion.png\",\"contentUrl\":\"https:\\\/\\\/www.lafundacion.com\\\/wp-content\\\/uploads\\\/2020\\\/03\\\/logo-la-fundacion.png\",\"width\":323,\"height\":129,\"caption\":\"La Fundaci\u00f3n San Prudencio\"},\"image\":{\"@id\":\"https:\\\/\\\/www.lafundacion.com\\\/#\\\/schema\\\/logo\\\/image\\\/\"}}]}<\/script>\r\n<!-- \/ Yoast SEO plugin. -->","yoast_head_json":{"title":"SOS EmozioLan Lehen Laguntza Emozionalak &#187; La Fundaci\u00f3n San Prudencio","description":"La Fundaci\u00f3n San Prudencioko PsicoLan zerbitzua, La Fundaci\u00f3n San Prudenciok martxan jarritako zerbitzua da, enpresek beren langileen osasun psikoemozionala hobetu dezaten, arazoei erantzuna emanez, lan-jatorria edo jatorri pertsonala izan dezaten.","robots":{"index":"index","follow":"follow","max-snippet":"max-snippet:-1","max-image-preview":"max-image-preview:large","max-video-preview":"max-video-preview:-1"},"canonical":"https:\/\/www.lafundacion.com\/eu\/enpresak\/sos-emoziolan-lehen-laguntza-emozionalak\/","og_locale":"eu_ES","og_type":"article","og_title":"SOS EmozioLan Lehen Laguntza Emozionalak &#187; La Fundaci\u00f3n San Prudencio","og_description":"La Fundaci\u00f3n San Prudencioko PsicoLan zerbitzua, La Fundaci\u00f3n San Prudenciok martxan jarritako zerbitzua da, enpresek beren langileen osasun psikoemozionala hobetu dezaten, arazoei erantzuna emanez, lan-jatorria edo jatorri pertsonala izan dezaten.","og_url":"https:\/\/www.lafundacion.com\/eu\/enpresak\/sos-emoziolan-lehen-laguntza-emozionalak\/","og_site_name":"La Fundaci\u00f3n San Prudencio","article_modified_time":"2026-04-24T15:50:50+00:00","og_image":[{"width":650,"height":434,"url":"https:\/\/www.lafundacion.com\/wp-content\/uploads\/2025\/03\/SOS-EmozioLan-Primeros-Auxilios-Emocionales-empresa-La-Fundacion-San-Prudencio-mejorar-salud-emocional-laboral.png","type":"image\/png"}],"twitter_card":"summary_large_image","twitter_misc":{"Est. reading time":"7 minutes"},"schema":{"@context":"https:\/\/schema.org","@graph":[{"@type":"WebPage","@id":"https:\/\/www.lafundacion.com\/eu\/enpresak\/sos-emoziolan-lehen-laguntza-emozionalak\/","url":"https:\/\/www.lafundacion.com\/eu\/enpresak\/sos-emoziolan-lehen-laguntza-emozionalak\/","name":"SOS EmozioLan Lehen Laguntza Emozionalak &#187; La Fundaci\u00f3n San Prudencio","isPartOf":{"@id":"https:\/\/www.lafundacion.com\/#website"},"primaryImageOfPage":{"@id":"https:\/\/www.lafundacion.com\/eu\/enpresak\/sos-emoziolan-lehen-laguntza-emozionalak\/#primaryimage"},"image":{"@id":"https:\/\/www.lafundacion.com\/eu\/enpresak\/sos-emoziolan-lehen-laguntza-emozionalak\/#primaryimage"},"thumbnailUrl":"https:\/\/www.lafundacion.com\/wp-content\/uploads\/2025\/03\/SOS-EmozioLan-Primeros-Auxilios-Emocionales-empresa-La-Fundacion-San-Prudencio-mejorar-salud-emocional-laboral.png","datePublished":"2025-03-07T11:08:03+00:00","dateModified":"2026-04-24T15:50:50+00:00","description":"La Fundaci\u00f3n San Prudencioko PsicoLan zerbitzua, La Fundaci\u00f3n San Prudenciok martxan jarritako zerbitzua da, enpresek beren langileen osasun psikoemozionala hobetu dezaten, arazoei erantzuna emanez, lan-jatorria edo jatorri pertsonala izan dezaten.","breadcrumb":{"@id":"https:\/\/www.lafundacion.com\/eu\/enpresak\/sos-emoziolan-lehen-laguntza-emozionalak\/#breadcrumb"},"inLanguage":"eu-ES","potentialAction":[{"@type":"ReadAction","target":["https:\/\/www.lafundacion.com\/eu\/enpresak\/sos-emoziolan-lehen-laguntza-emozionalak\/"]}]},{"@type":"ImageObject","inLanguage":"eu-ES","@id":"https:\/\/www.lafundacion.com\/eu\/enpresak\/sos-emoziolan-lehen-laguntza-emozionalak\/#primaryimage","url":"https:\/\/www.lafundacion.com\/wp-content\/uploads\/2025\/03\/SOS-EmozioLan-Primeros-Auxilios-Emocionales-empresa-La-Fundacion-San-Prudencio-mejorar-salud-emocional-laboral.png","contentUrl":"https:\/\/www.lafundacion.com\/wp-content\/uploads\/2025\/03\/SOS-EmozioLan-Primeros-Auxilios-Emocionales-empresa-La-Fundacion-San-Prudencio-mejorar-salud-emocional-laboral.png","width":650,"height":434},{"@type":"BreadcrumbList","@id":"https:\/\/www.lafundacion.com\/eu\/enpresak\/sos-emoziolan-lehen-laguntza-emozionalak\/#breadcrumb","itemListElement":[{"@type":"ListItem","position":1,"name":"Portada","item":"https:\/\/www.lafundacion.com\/eu\/hasiera\/"},{"@type":"ListItem","position":2,"name":"Enpresak","item":"https:\/\/www.lafundacion.com\/empresas\/"},{"@type":"ListItem","position":3,"name":"SOS EmozioLan Lehen Laguntza Emozionalak"}]},{"@type":"WebSite","@id":"https:\/\/www.lafundacion.com\/#website","url":"https:\/\/www.lafundacion.com\/","name":"La Fundaci\u00f3n San Prudencio","description":"La Fundaci\u00f3n Laboral San Prudencio en Vitoria-Gasteiz","publisher":{"@id":"https:\/\/www.lafundacion.com\/#organization"},"potentialAction":[{"@type":"SearchAction","target":{"@type":"EntryPoint","urlTemplate":"https:\/\/www.lafundacion.com\/?s={search_term_string}"},"query-input":{"@type":"PropertyValueSpecification","valueRequired":true,"valueName":"search_term_string"}}],"inLanguage":"eu-ES"},{"@type":"Organization","@id":"https:\/\/www.lafundacion.com\/#organization","name":"La Fundaci\u00f3n San Prudencio","url":"https:\/\/www.lafundacion.com\/","logo":{"@type":"ImageObject","inLanguage":"eu-ES","@id":"https:\/\/www.lafundacion.com\/#\/schema\/logo\/image\/","url":"https:\/\/www.lafundacion.com\/wp-content\/uploads\/2020\/03\/logo-la-fundacion.png","contentUrl":"https:\/\/www.lafundacion.com\/wp-content\/uploads\/2020\/03\/logo-la-fundacion.png","width":323,"height":129,"caption":"La Fundaci\u00f3n San Prudencio"},"image":{"@id":"https:\/\/www.lafundacion.com\/#\/schema\/logo\/image\/"}}]}},"_links":{"self":[{"href":"https:\/\/www.lafundacion.com\/eu\/wp-json\/wp\/v2\/pages\/87915","targetHints":{"allow":["GET"]}}],"collection":[{"href":"https:\/\/www.lafundacion.com\/eu\/wp-json\/wp\/v2\/pages"}],"about":[{"href":"https:\/\/www.lafundacion.com\/eu\/wp-json\/wp\/v2\/types\/page"}],"author":[{"embeddable":true,"href":"https:\/\/www.lafundacion.com\/eu\/wp-json\/wp\/v2\/users\/2"}],"replies":[{"embeddable":true,"href":"https:\/\/www.lafundacion.com\/eu\/wp-json\/wp\/v2\/comments?post=87915"}],"version-history":[{"count":32,"href":"https:\/\/www.lafundacion.com\/eu\/wp-json\/wp\/v2\/pages\/87915\/revisions"}],"predecessor-version":[{"id":379998,"href":"https:\/\/www.lafundacion.com\/eu\/wp-json\/wp\/v2\/pages\/87915\/revisions\/379998"}],"up":[{"embeddable":true,"href":"https:\/\/www.lafundacion.com\/eu\/wp-json\/wp\/v2\/pages\/12203"}],"wp:featuredmedia":[{"embeddable":true,"href":"https:\/\/www.lafundacion.com\/eu\/wp-json\/wp\/v2\/media\/87924"}],"wp:attachment":[{"href":"https:\/\/www.lafundacion.com\/eu\/wp-json\/wp\/v2\/media?parent=87915"}],"curies":[{"name":"wp","href":"https:\/\/api.w.org\/{rel}","templated":true}]}}