{"id":51399,"date":"2023-03-14T16:14:00","date_gmt":"2023-03-14T15:14:00","guid":{"rendered":"https:\/\/www.lafundacion.com\/?page_id=51399"},"modified":"2025-12-15T12:51:14","modified_gmt":"2025-12-15T11:51:14","slug":"programa-tu-salud-zure-osasuna","status":"publish","type":"page","link":"https:\/\/www.lafundacion.com\/eu\/programa-tu-salud-zure-osasuna\/","title":{"rendered":"Programa &#8220;Tu Salud-Zure Osasuna&#8221; pertsonen lan osasuna hobetzeko"},"content":{"rendered":"\n<style type=\"text\/css\" data-created_by=\"avia_inline_auto\" id=\"style-css-av-lauxe0z3-8c27a79d1d6ab49d5f4bdc6a4c672a79\">\n.avia-image-container.av-lauxe0z3-8c27a79d1d6ab49d5f4bdc6a4c672a79 img.avia_image{\nbox-shadow:none;\n}\n.avia-image-container.av-lauxe0z3-8c27a79d1d6ab49d5f4bdc6a4c672a79 .av-image-caption-overlay-center{\ncolor:#ffffff;\n}\n<\/style>\n<div  class='avia-image-container av-lauxe0z3-8c27a79d1d6ab49d5f4bdc6a4c672a79 av-styling- avia-align-center  avia-builder-el-0  el_before_av_slideshow_full  avia-builder-el-no-sibling '   itemprop=\"image\" itemscope=\"itemscope\" itemtype=\"https:\/\/schema.org\/ImageObject\" ><div class=\"avia-image-container-inner\"><div class=\"avia-image-overlay-wrap\"><img decoding=\"async\" fetchpriority=\"high\" class='wp-image-23550 avia-img-lazy-loading-not-23550 avia_image ' src=\"https:\/\/www.lafundacion.com\/wp-content\/uploads\/2021\/10\/Logo-LaF-horizontal-con-claim-sin-fondo-300x169.png\" alt='' title='Logo LaF horizontal con claim sin fondo'  height=\"169\" width=\"300\"  itemprop=\"thumbnailUrl\" srcset=\"https:\/\/www.lafundacion.com\/wp-content\/uploads\/2021\/10\/Logo-LaF-horizontal-con-claim-sin-fondo-300x169.png 300w, https:\/\/www.lafundacion.com\/wp-content\/uploads\/2021\/10\/Logo-LaF-horizontal-con-claim-sin-fondo-1030x580.png 1030w, https:\/\/www.lafundacion.com\/wp-content\/uploads\/2021\/10\/Logo-LaF-horizontal-con-claim-sin-fondo-768x432.png 768w, https:\/\/www.lafundacion.com\/wp-content\/uploads\/2021\/10\/Logo-LaF-horizontal-con-claim-sin-fondo-1536x864.png 1536w, https:\/\/www.lafundacion.com\/wp-content\/uploads\/2021\/10\/Logo-LaF-horizontal-con-claim-sin-fondo-2048x1153.png 2048w, https:\/\/www.lafundacion.com\/wp-content\/uploads\/2021\/10\/Logo-LaF-horizontal-con-claim-sin-fondo-1500x844.png 1500w, https:\/\/www.lafundacion.com\/wp-content\/uploads\/2021\/10\/Logo-LaF-horizontal-con-claim-sin-fondo-705x397.png 705w\" sizes=\"(max-width: 300px) 100vw, 300px\" \/><\/div><\/div><\/div>\n<\/div><\/div><\/div><!-- close content main div --><\/div><\/div><div id='full_slider_1'  class='avia-fullwidth-slider main_color avia-shadow   avia-builder-el-1  el_after_av_image  el_before_av_textblock   slider-not-first container_wrap fullsize'  ><div  class='avia-slideshow av-larzxwrb-37aad2b91203cfe3df93ca9680004c99 avia-slideshow-featured av_slideshow_full avia-slide-slider av-slideshow-ui av-control-default av-slideshow-manual av-loop-once av-loop-manual-endless av-default-height-applied   avia-slideshow-1' data-slideshow-options=\"{&quot;animation&quot;:&quot;slide&quot;,&quot;autoplay&quot;:false,&quot;loop_autoplay&quot;:&quot;once&quot;,&quot;interval&quot;:5,&quot;loop_manual&quot;:&quot;manual-endless&quot;,&quot;autoplay_stopper&quot;:false,&quot;noNavigation&quot;:false,&quot;bg_slider&quot;:false,&quot;keep_padding&quot;:false,&quot;hoverpause&quot;:false,&quot;show_slide_delay&quot;:0}\"  itemprop=\"image\" itemscope=\"itemscope\" itemtype=\"https:\/\/schema.org\/ImageObject\" ><ul class='avia-slideshow-inner ' style='padding-bottom: 28.666666666667%;'><li  class='avia-slideshow-slide av-larzxwrb-37aad2b91203cfe3df93ca9680004c99__0  slide-1 slide-odd'><div data-rel='slideshow-1' class='avia-slide-wrap '   ><div class='av-slideshow-caption av-larzxwrb-37aad2b91203cfe3df93ca9680004c99__0 caption_fullwidth caption_left caption_left_framed caption_framed'><div class=\"container caption_container\"><div class=\"slideshow_caption\"><div class=\"slideshow_inner_caption\"><div class=\"slideshow_align_caption\"><div class='avia-caption-content '  itemprop=\"description\" ><p>Programa &#8220;Tu Salud-Zure Osasuna&#8221;<\/p>\n<\/div><\/div><\/div><\/div><\/div><\/div><img decoding=\"async\" fetchpriority=\"high\" class=\"wp-image-47471 avia-img-lazy-loading-not-47471\"  src=\"https:\/\/www.lafundacion.com\/wp-content\/uploads\/2022\/11\/Banner-principal-Tu-Salud-Zure-Osasuna-salud-laboral-La-Fundacion-1500x430.jpg\" width=\"1500\" height=\"430\" title='Banner-principal-Tu-Salud-Zure-Osasuna-salud-laboral-La-Fundacion' alt=''  itemprop=\"thumbnailUrl\" srcset=\"https:\/\/www.lafundacion.com\/wp-content\/uploads\/2022\/11\/Banner-principal-Tu-Salud-Zure-Osasuna-salud-laboral-La-Fundacion.jpg 1500w, https:\/\/www.lafundacion.com\/wp-content\/uploads\/2022\/11\/Banner-principal-Tu-Salud-Zure-Osasuna-salud-laboral-La-Fundacion-300x86.jpg 300w, https:\/\/www.lafundacion.com\/wp-content\/uploads\/2022\/11\/Banner-principal-Tu-Salud-Zure-Osasuna-salud-laboral-La-Fundacion-1030x295.jpg 1030w, https:\/\/www.lafundacion.com\/wp-content\/uploads\/2022\/11\/Banner-principal-Tu-Salud-Zure-Osasuna-salud-laboral-La-Fundacion-768x220.jpg 768w, https:\/\/www.lafundacion.com\/wp-content\/uploads\/2022\/11\/Banner-principal-Tu-Salud-Zure-Osasuna-salud-laboral-La-Fundacion-705x202.jpg 705w, https:\/\/www.lafundacion.com\/wp-content\/uploads\/2022\/11\/Banner-principal-Tu-Salud-Zure-Osasuna-salud-laboral-La-Fundacion-350x100.jpg 350w\" sizes=\"(max-width: 1500px) 100vw, 1500px\" \/><\/div><\/li><li  class='avia-slideshow-slide av-larzxwrb-37aad2b91203cfe3df93ca9680004c99__1  slide-2 slide-even'><div data-rel='slideshow-1' class='avia-slide-wrap '   ><div class='av-slideshow-caption av-larzxwrb-37aad2b91203cfe3df93ca9680004c99__1 caption_fullwidth caption_left caption_left_framed caption_framed'><div class=\"container caption_container\"><div class=\"slideshow_caption\"><div class=\"slideshow_inner_caption\"><div class=\"slideshow_align_caption\"><div class='avia-caption-content '  itemprop=\"description\" ><p>Programa &#8220;Tu Salud-Zure Osasuna&#8221;<\/p>\n<\/div><\/div><\/div><\/div><\/div><\/div><img decoding=\"async\" fetchpriority=\"high\" class=\"wp-image-47492 avia-img-lazy-loading-not-47492\"  src=\"https:\/\/www.lafundacion.com\/wp-content\/uploads\/2022\/11\/Banner-principal-PsicoLan-salud-emocional-salud-laboral-vitoria-1500x430.jpg\" width=\"1500\" height=\"430\" title='Banner-principal-PsicoLan-salud-emocional-salud-laboral-vitoria' alt=''  itemprop=\"thumbnailUrl\" srcset=\"https:\/\/www.lafundacion.com\/wp-content\/uploads\/2022\/11\/Banner-principal-PsicoLan-salud-emocional-salud-laboral-vitoria.jpg 1500w, https:\/\/www.lafundacion.com\/wp-content\/uploads\/2022\/11\/Banner-principal-PsicoLan-salud-emocional-salud-laboral-vitoria-300x86.jpg 300w, https:\/\/www.lafundacion.com\/wp-content\/uploads\/2022\/11\/Banner-principal-PsicoLan-salud-emocional-salud-laboral-vitoria-1030x295.jpg 1030w, https:\/\/www.lafundacion.com\/wp-content\/uploads\/2022\/11\/Banner-principal-PsicoLan-salud-emocional-salud-laboral-vitoria-768x220.jpg 768w, https:\/\/www.lafundacion.com\/wp-content\/uploads\/2022\/11\/Banner-principal-PsicoLan-salud-emocional-salud-laboral-vitoria-705x202.jpg 705w, https:\/\/www.lafundacion.com\/wp-content\/uploads\/2022\/11\/Banner-principal-PsicoLan-salud-emocional-salud-laboral-vitoria-350x100.jpg 350w\" sizes=\"(max-width: 1500px) 100vw, 1500px\" \/><\/div><\/li><li  class='avia-slideshow-slide av-larzxwrb-37aad2b91203cfe3df93ca9680004c99__2  slide-3 slide-odd'><div data-rel='slideshow-1' class='avia-slide-wrap '   ><div class='av-slideshow-caption av-larzxwrb-37aad2b91203cfe3df93ca9680004c99__2 caption_fullwidth caption_left caption_left_framed caption_framed'><div class=\"container caption_container\"><div class=\"slideshow_caption\"><div class=\"slideshow_inner_caption\"><div class=\"slideshow_align_caption\"><div class='avia-caption-content '  itemprop=\"description\" ><p>Programa &#8220;Tu Salud-Zure Osasuna&#8221;<\/p>\n<\/div><\/div><\/div><\/div><\/div><\/div><img decoding=\"async\" fetchpriority=\"high\" class=\"wp-image-47473 avia-img-lazy-loading-not-47473\"  src=\"https:\/\/www.lafundacion.com\/wp-content\/uploads\/2022\/11\/Banner-principal-Tu-Salud-Zure-Osasuna-salud-laboral-La-Fundacion-Nordic-klinika-1500x430.jpg\" width=\"1500\" height=\"430\" title='Banner-principal-Tu-Salud-Zure-Osasuna-salud-laboral-La-Fundacion-Nordic-klinika' alt=''  itemprop=\"thumbnailUrl\" srcset=\"https:\/\/www.lafundacion.com\/wp-content\/uploads\/2022\/11\/Banner-principal-Tu-Salud-Zure-Osasuna-salud-laboral-La-Fundacion-Nordic-klinika.jpg 1500w, https:\/\/www.lafundacion.com\/wp-content\/uploads\/2022\/11\/Banner-principal-Tu-Salud-Zure-Osasuna-salud-laboral-La-Fundacion-Nordic-klinika-300x86.jpg 300w, https:\/\/www.lafundacion.com\/wp-content\/uploads\/2022\/11\/Banner-principal-Tu-Salud-Zure-Osasuna-salud-laboral-La-Fundacion-Nordic-klinika-1030x295.jpg 1030w, https:\/\/www.lafundacion.com\/wp-content\/uploads\/2022\/11\/Banner-principal-Tu-Salud-Zure-Osasuna-salud-laboral-La-Fundacion-Nordic-klinika-768x220.jpg 768w, https:\/\/www.lafundacion.com\/wp-content\/uploads\/2022\/11\/Banner-principal-Tu-Salud-Zure-Osasuna-salud-laboral-La-Fundacion-Nordic-klinika-705x202.jpg 705w, https:\/\/www.lafundacion.com\/wp-content\/uploads\/2022\/11\/Banner-principal-Tu-Salud-Zure-Osasuna-salud-laboral-La-Fundacion-Nordic-klinika-350x100.jpg 350w\" sizes=\"(max-width: 1500px) 100vw, 1500px\" \/><\/div><\/li><\/ul><div class='avia-slideshow-arrows avia-slideshow-controls' ><a href='#prev' class='prev-slide  avia-svg-icon avia-font-svg_entypo-fontello' data-av_svg_icon='left-open-big' data-av_iconset='svg_entypo-fontello' tabindex='-1' title=\"Previous\"><svg version=\"1.1\" xmlns=\"http:\/\/www.w3.org\/2000\/svg\" width=\"15\" height=\"32\" viewBox=\"0 0 15 32\" preserveAspectRatio=\"xMidYMid meet\" aria-labelledby='av-svg-title-1' aria-describedby='av-svg-desc-1' role=\"graphics-symbol\" aria-hidden=\"true\">\n<title id='av-svg-title-1'>Previous<\/title>\n<desc id='av-svg-desc-1'>Previous<\/desc>\n<path d=\"M14.464 27.84q0.832 0.832 0 1.536-0.832 0.832-1.536 0l-12.544-12.608q-0.768-0.768 0-1.6l12.544-12.608q0.704-0.832 1.536 0 0.832 0.704 0 1.536l-11.456 11.904z\"><\/path>\n<\/svg><span class='avia_hidden_link_text'>Previous<\/span><\/a><a href='#next' class='next-slide  avia-svg-icon avia-font-svg_entypo-fontello' data-av_svg_icon='right-open-big' data-av_iconset='svg_entypo-fontello' tabindex='-1' title=\"Next\"><svg version=\"1.1\" xmlns=\"http:\/\/www.w3.org\/2000\/svg\" width=\"15\" height=\"32\" viewBox=\"0 0 15 32\" preserveAspectRatio=\"xMidYMid meet\" aria-labelledby='av-svg-title-2' aria-describedby='av-svg-desc-2' role=\"graphics-symbol\" aria-hidden=\"true\">\n<title id='av-svg-title-2'>Next<\/title>\n<desc id='av-svg-desc-2'>Next<\/desc>\n<path d=\"M0.416 27.84l11.456-11.84-11.456-11.904q-0.832-0.832 0-1.536 0.832-0.832 1.536 0l12.544 12.608q0.768 0.832 0 1.6l-12.544 12.608q-0.704 0.832-1.536 0-0.832-0.704 0-1.536z\"><\/path>\n<\/svg><span class='avia_hidden_link_text'>Next<\/span><\/a><\/div><div class='avia-slideshow-dots avia-slideshow-controls'><a href='#1' class='goto-slide active' >1<\/a><a href='#2' class='goto-slide ' >2<\/a><a href='#3' class='goto-slide ' >3<\/a><\/div><\/div><\/div><div id='after_full_slider_1'  class='main_color av_default_container_wrap container_wrap fullsize'  ><div class='container av-section-cont-open' ><div class='template-page content  av-content-full alpha units'><div class='post-entry post-entry-type-page post-entry-51399'><div class='entry-content-wrapper clearfix'>\n<section  class='av_textblock_section av-las82jg8-40b45dd70eb3c09006f9f10440af0e85 '   itemscope=\"itemscope\" itemtype=\"https:\/\/schema.org\/CreativeWork\" ><div class='avia_textblock'  itemprop=\"text\" ><p>Langileen osasuna hobetzen du, bizkarreko, gerrialdeko, sorbaldetako, aldaketako, belaunetako eta\/edo osasun emozionaleko arazoak (estresa, antsietatea, insomnioa, depresioa, bizi-krisiak, dolua, etab.) dituzten pertsonentzat prebentzio- eta errehabilitazio-programa honen bidez.<\/p>\n<p>Programa horrek abangoardian jartzen ditu Araba eta bere enpresak, Europan aitzindaria den laneko osasuna eta ongizatea ulertzeko modu berri batean. Ekintza praktikoko proposamen bat da, arazo muskulueskeletikoekin eta langileen osasun emozionalarekin zerikusia duten arazoei aurre egiten diena, horiek baitira absentismoaren bi arrazoi nagusiak.<\/p>\n<p>&#8220;Tu Salud-Zure Osasuna&#8221; programa aitzindaria eta esklusiboa da La Fundaci\u00f3n San Prudencioren enpresentzat. Lan osasunaren sustapenean erreferente izan nahi dugu, eta pertsonen alderdi fisikoa eta psikoemozionala aztertzen ditugu.<\/p>\n<p><strong>Orain arte &#8220;Tu Salud-Zure Osasuna&#8221; programarekin bat egin dute:<\/strong><\/p>\n<\/div><\/section>\n<div  class='flex_column av-18j4s31-721e625d07123225347a2dfd275ec66d av_one_half  avia-builder-el-3  el_after_av_textblock  el_before_av_one_half  first flex_column_div  column-top-margin'     ><div  class=\"avia-animated-number av-las83sh5-4b8b22c260e48252f7861cc0540b64ba av-force-default-color avia_animate_when_visible  avia-builder-el-4  avia-builder-el-no-sibling  \" data-timer=\"3000\"><strong class=\"heading avia-animated-number-title\"><span class=\"avia-single-number __av-single-number\" data-number_format=\"\" data-number=\"150\" data-start_from=\"0\">150<\/span><\/strong><div class=\"avia-animated-number-content\"><p>enpresak<\/p>\n<\/div><\/div><\/div>\n<div  class='flex_column av-28a8z1-e88724ac1e1afa9c32767ac6380fd974 av_one_half  avia-builder-el-5  el_after_av_one_half  el_before_av_hr  flex_column_div  column-top-margin'     ><div  class=\"avia-animated-number av-las8423p-9157947b9a31d84b0e1c0b436ea7a055 av-force-default-color avia_animate_when_visible  avia-builder-el-6  avia-builder-el-no-sibling  \" data-timer=\"3000\"><strong class=\"heading avia-animated-number-title\"><span class=\"avia-single-number __av-single-number\" data-number_format=\"\" data-number=\"1\" data-start_from=\"0\">1<\/span><span class=\"avia-no-number\">.<\/span><span class=\"avia-single-number __av-single-number\" data-number_format=\"\" data-number=\"000\" data-start_from=\"0\">000<\/span><\/strong><div class=\"avia-animated-number-content\"><p>pertsonak<\/p>\n<\/div><\/div><\/div>\n<div  class='hr av-k2c3ql-eeabdb391f7807891a643cf226a65b3e hr-default  avia-builder-el-7  el_after_av_one_half  el_before_av_textblock '><span class='hr-inner '><span class=\"hr-inner-style\"><\/span><\/span><\/div>\n<section  class='av_textblock_section av-lar23el3-94a56b765dee2ab19c96a2486cd988ef '   itemscope=\"itemscope\" itemtype=\"https:\/\/schema.org\/CreativeWork\" ><div class='avia_textblock'  itemprop=\"text\" ><p><strong>Kopuru horrek programaren arrakasta islatzen du, funtsezkoa baita La Fundaci\u00f3n San Prudenciorentzat; izan ere, Arabako langileen osasun integrala eta lan-osasuna zaintzen eta enpresen lehiakortasuna hobetzen erreferente izatea da gure helburua.<\/strong><\/p>\n<\/div><\/section>\n<div  class='hr av-kwis3x-25146275ca8f84013a1479efd076061c hr-default  avia-builder-el-9  el_after_av_textblock  el_before_av_textblock '><span class='hr-inner '><span class=\"hr-inner-style\"><\/span><\/span><\/div>\n<section  class='av_textblock_section av-latcw3fk-f2eb1bfbfe65c9f8c81c9c3213bf3f12 '   itemscope=\"itemscope\" itemtype=\"https:\/\/schema.org\/CreativeWork\" ><div class='avia_textblock'  itemprop=\"text\" ><h1>Nordic Klinika<\/h1>\n<\/div><\/section>\n<section  class='av_textblock_section av-latom4gf-4ca41917c073a4625fbf39e69d67dd3e '   itemscope=\"itemscope\" itemtype=\"https:\/\/schema.org\/CreativeWork\" ><div class='avia_textblock'  itemprop=\"text\" ><div class=\"column mcb-column mcb-item-jx5p3jzs8 one-second tablet-one-second mobile-one column_column\">\n<div class=\"mcb-column-inner mcb-item-column-inner\">\n<div class=\"column_attr mfn-inline-editor clearfix\">\n<h4>Zer da Nodic Klinika?<\/h4>\n<p>Dato 43ko gure bulegoetan dagoen klinika bat da. Bertan, muskulu eta eskeletoko nahasmenduen prebentzioa eta tratamendua eskaintzen dugu (TME).<\/p>\n<p>Gure fisioterapeuta taldeak gidatutako prozedura baten bidez, langileak bizkarreko edo beste artikulazio batzuetako mina murriztuko du, hala nola zerbikaletakoa, sorbaldetakoa edo gerrialdekoa, baita aldaka eta hanketakoa ere.<\/p>\n<p>Tratamenduak hasierako diagnostiko bat, amaierako beste bat eta 16 saio ditu.<\/p>\n<p>Paziente bakoitzaren tratamendu muskulueskeletikoa amaitzean, emaitzak saio bakoitzean datuak erregistratzen dituen EEE softwareari esker neur daitezke.<\/p>\n<\/div>\n<ul>\n<li>Kasuen % 85,6an, tratatutako pazientearen mina murriztu da.<\/li>\n<li>Espainian muskulu eta eskeletoaren diagnostiko integraleko lehen zentroa da, eta Europan lan-esparruari aplikatutako zentroa.<\/li>\n<li>Metodo nordiko esklusiboa eta aitzindaria<\/li>\n<li>Teknologia eta metodoa David Health dagoeneko presente dago Renault, IVECO eta antzeko enpresetan.<\/li>\n<\/ul>\n<\/div>\n<\/div>\n<\/div><\/section>\n<div  class='flex_column av-79xln1-b6eb5b58209c76d6dd7521e98003a469 av_one_half  avia-builder-el-12  el_after_av_textblock  el_before_av_one_half  first flex_column_div  column-top-margin'     ><p>\n<style type=\"text\/css\" data-created_by=\"avia_inline_auto\" id=\"style-css-av-latcwgbr-10ffe4d16525040bbcbcf41e32bfbc3f\">\n.avia-image-container.av-latcwgbr-10ffe4d16525040bbcbcf41e32bfbc3f img.avia_image{\nbox-shadow:none;\n}\n.avia-image-container.av-latcwgbr-10ffe4d16525040bbcbcf41e32bfbc3f .av-image-caption-overlay-center{\ncolor:#ffffff;\n}\n<\/style>\n<div  class='avia-image-container av-latcwgbr-10ffe4d16525040bbcbcf41e32bfbc3f av-styling- avia-align-center  avia-builder-el-13  el_before_av_image  avia-builder-el-first '   itemprop=\"image\" itemscope=\"itemscope\" itemtype=\"https:\/\/schema.org\/ImageObject\" ><div class=\"avia-image-container-inner\"><div class=\"avia-image-overlay-wrap\"><img decoding=\"async\" fetchpriority=\"high\" class='wp-image-47483 avia-img-lazy-loading-not-47483 avia_image ' src=\"https:\/\/www.lafundacion.com\/wp-content\/uploads\/2022\/11\/Nordic-Klinika-Tu-Salud-Zure-Osasuna-dolores-espalda-clinica-salud-laboral-vitoria.jpg\" alt='' title='Nordic-Klinika-Tu-Salud-Zure-Osasuna-dolores-espalda-clinica-salud-laboral-vitoria'  height=\"608\" width=\"750\"  itemprop=\"thumbnailUrl\" srcset=\"https:\/\/www.lafundacion.com\/wp-content\/uploads\/2022\/11\/Nordic-Klinika-Tu-Salud-Zure-Osasuna-dolores-espalda-clinica-salud-laboral-vitoria.jpg 750w, https:\/\/www.lafundacion.com\/wp-content\/uploads\/2022\/11\/Nordic-Klinika-Tu-Salud-Zure-Osasuna-dolores-espalda-clinica-salud-laboral-vitoria-300x243.jpg 300w, https:\/\/www.lafundacion.com\/wp-content\/uploads\/2022\/11\/Nordic-Klinika-Tu-Salud-Zure-Osasuna-dolores-espalda-clinica-salud-laboral-vitoria-495x400.jpg 495w, https:\/\/www.lafundacion.com\/wp-content\/uploads\/2022\/11\/Nordic-Klinika-Tu-Salud-Zure-Osasuna-dolores-espalda-clinica-salud-laboral-vitoria-705x572.jpg 705w\" sizes=\"(max-width: 750px) 100vw, 750px\" \/><\/div><\/div><\/div><br \/>\n\n<style type=\"text\/css\" data-created_by=\"avia_inline_auto\" id=\"style-css-av-latcwrb4-f623cbb64240c3c205f78ed4b2f5c470\">\n.avia-image-container.av-latcwrb4-f623cbb64240c3c205f78ed4b2f5c470 img.avia_image{\nbox-shadow:none;\n}\n.avia-image-container.av-latcwrb4-f623cbb64240c3c205f78ed4b2f5c470 .av-image-caption-overlay-center{\ncolor:#ffffff;\n}\n<\/style>\n<div  class='avia-image-container av-latcwrb4-f623cbb64240c3c205f78ed4b2f5c470 av-styling- avia-align-center  avia-builder-el-14  el_after_av_image  el_before_av_image '   itemprop=\"image\" itemscope=\"itemscope\" itemtype=\"https:\/\/schema.org\/ImageObject\" ><div class=\"avia-image-container-inner\"><div class=\"avia-image-overlay-wrap\"><img decoding=\"async\" fetchpriority=\"high\" class='wp-image-47481 avia-img-lazy-loading-not-47481 avia_image ' src=\"https:\/\/www.lafundacion.com\/wp-content\/uploads\/2022\/11\/Javier-Berasategui-Testimonio-Nordic-klinika-programa-tu-salud-la-fundacion-salud-laboral.jpg\" alt='' title='Javier-Berasategui-Testimonio-Nordic-klinika-programa-tu-salud-la-fundacion-salud-laboral'  height=\"499\" width=\"750\"  itemprop=\"thumbnailUrl\" srcset=\"https:\/\/www.lafundacion.com\/wp-content\/uploads\/2022\/11\/Javier-Berasategui-Testimonio-Nordic-klinika-programa-tu-salud-la-fundacion-salud-laboral.jpg 750w, https:\/\/www.lafundacion.com\/wp-content\/uploads\/2022\/11\/Javier-Berasategui-Testimonio-Nordic-klinika-programa-tu-salud-la-fundacion-salud-laboral-300x200.jpg 300w, https:\/\/www.lafundacion.com\/wp-content\/uploads\/2022\/11\/Javier-Berasategui-Testimonio-Nordic-klinika-programa-tu-salud-la-fundacion-salud-laboral-705x469.jpg 705w\" sizes=\"(max-width: 750px) 100vw, 750px\" \/><\/div><\/div><\/div><br \/>\n\n<style type=\"text\/css\" data-created_by=\"avia_inline_auto\" id=\"style-css-av-latog9a7-c6f0108f59e366f291a5720b311a7595\">\n.avia-image-container.av-latog9a7-c6f0108f59e366f291a5720b311a7595 img.avia_image{\nbox-shadow:none;\n}\n.avia-image-container.av-latog9a7-c6f0108f59e366f291a5720b311a7595 .av-image-caption-overlay-center{\ncolor:#ffffff;\n}\n<\/style>\n<div  class='avia-image-container av-latog9a7-c6f0108f59e366f291a5720b311a7595 av-styling- avia-align-center  avia-builder-el-15  el_after_av_image  avia-builder-el-last '   itemprop=\"image\" itemscope=\"itemscope\" itemtype=\"https:\/\/schema.org\/ImageObject\" ><div class=\"avia-image-container-inner\"><div class=\"avia-image-overlay-wrap\"><img decoding=\"async\" fetchpriority=\"high\" class='wp-image-7853 avia-img-lazy-loading-not-7853 avia_image ' src=\"https:\/\/www.lafundacion.com\/wp-content\/uploads\/2020\/06\/Nordic-095.jpg\" alt='' title='Nordic-095'  height=\"533\" width=\"800\"  itemprop=\"thumbnailUrl\" srcset=\"https:\/\/www.lafundacion.com\/wp-content\/uploads\/2020\/06\/Nordic-095.jpg 800w, https:\/\/www.lafundacion.com\/wp-content\/uploads\/2020\/06\/Nordic-095-300x200.jpg 300w, https:\/\/www.lafundacion.com\/wp-content\/uploads\/2020\/06\/Nordic-095-768x512.jpg 768w, https:\/\/www.lafundacion.com\/wp-content\/uploads\/2020\/06\/Nordic-095-705x470.jpg 705w\" sizes=\"(max-width: 800px) 100vw, 800px\" \/><\/div><\/div><\/div><\/p><\/div>\n<div  class='flex_column av-1lzvwtp-2124a0ba43af439e9d5ed2341d730624 av_one_half  avia-builder-el-16  el_after_av_one_half  el_before_av_section  avia-builder-el-last  flex_column_div  column-top-margin'     ><section  class='av_textblock_section av-lasf1wsg-edf8d9e7c37ec38c1194bba4cc55bbfa '   itemscope=\"itemscope\" itemtype=\"https:\/\/schema.org\/CreativeWork\" ><div class='avia_textblock'  itemprop=\"text\" ><p><strong>2.000 erantzun baino gehiago biltzen ditugun langileen artean La Fundacionek egindako inkesta baten arabera, inkestatutako pertsonen % 52,8k arazo muskulueskeletikoak ditu (bizkarreko mina, zerbikalak, sorbaldak, aldakak, belaunak, etab.) beren lanagatik.<\/strong><\/p>\n<p><strong>Nordic Klinikan aplikatutako metodo nordiko honekin, tratamendua egiten duen pertsonak hau lortzen du:<\/strong><\/p>\n<ul>\n<li>Bizkarreko eta gainerako gorputz-adarretako giharrak berreskuratu: aldakak, belaunak, zerbikalak&#8230;<\/li>\n<li>Mugikortasuna, indarra eta erresistentzia modu seguru eta eraginkorrean hobetzea, bere ezaugarrietara egokitzen baita.<\/li>\n<li>Segurtasun eta kontrol handia, lan egitea nahi ez den muskulu-taldeak isolatzeko aukera ematen baitu.<\/li>\n<li>Pantaila batean denbora errealean egindako ariketak bistaratzea eta feedback bat jasotzea, ariketa bakoitzean lortutako emaitzekin.<\/li>\n<li>Hobekuntzen kontrol milimetrikoa izatea. Tratamendua %100 pertsonalizatua da eta emaitzak EEE softwarearen bidez erregistratzen dira.<\/li>\n<\/ul>\n<p><strong>Nordic Klinikarekin, enpresak hau lortzen du:<\/strong><\/p>\n<ul>\n<li>Absentismoa % 70eraino murriztea<\/li>\n<li>Langileen artean zahartze aktiboa lortzea<\/li>\n<li>Langileen egoera fisikoa hobetzea.<\/li>\n<li>Saihestu TMEen kronifikazioa (arazo muskulueskeletikoak).<\/li>\n<li>Lan-errendimendua eta produktibitatea handitzea.<\/li>\n<li>Kanpoko irudia eta plantilaren eta enpresaren arteko lotura hobetzea, langileen osasunaz arduratzen baitira.<\/li>\n<\/ul>\n<\/div><\/section><\/div>\n<\/div><\/div><\/div><!-- close content main div --><\/div><\/div>\n<style type=\"text\/css\" data-created_by=\"avia_inline_auto\" id=\"style-css-av-lauuosmw-bd829a87f8afd3d5cb2b43e404bbff60\">\n.avia-section.av-lauuosmw-bd829a87f8afd3d5cb2b43e404bbff60{\nbackground-color:#f2f2f2;\nbackground-image:unset;\n}\n<\/style>\n<div id='av_section_1'  class='avia-section av-lauuosmw-bd829a87f8afd3d5cb2b43e404bbff60 main_color avia-section-default avia-no-border-styling  avia-builder-el-18  el_after_av_one_half  el_before_av_section  avia-bg-style-scroll container_wrap fullsize'  ><div class='container av-section-cont-open' ><div class='template-page content  av-content-full alpha units'><div class='post-entry post-entry-type-page post-entry-51399'><div class='entry-content-wrapper clearfix'>\n<div  class='flex_column av-39f6nmk-6f8d38801e91f71f44cfbd228b0e9722 av_one_half  avia-builder-el-19  el_before_av_one_half  avia-builder-el-first  first flex_column_div  '     ><section  class='av_textblock_section av-las8b9rw-964785265dfd21c6f53e10f62bac14ea '   itemscope=\"itemscope\" itemtype=\"https:\/\/schema.org\/CreativeWork\" ><div class='avia_textblock'  itemprop=\"text\" ><h1>PsicoLan<\/h1>\n<\/div><\/section><br \/>\n<section  class='av_textblock_section av-oa1cod-66cc0120f5ecc1adeb3d8fb45c15dce8 '   itemscope=\"itemscope\" itemtype=\"https:\/\/schema.org\/CreativeWork\" ><div class='avia_textblock'  itemprop=\"text\" ><p><strong>Laneko estresa bost depresio-kasutatik baten atzean dago.<\/strong><\/p>\n<p>Laneko presio handiak, emozioen kudeaketa txarrak, gainezka sentitzeak edo laguntza garaiz ez eskatzeak laneko baja ekar dezake. La Fundaci\u00f3n San Prudencion bertatik bertara ezagutzen dugu arazo hori, Prebentzio Zerbitzu Mankomunatuak duela 24 urte baino gehiagotik Arabako enpresekin lanean emandako datuei esker, eta langileen osasuna hobetzeko dugun konpromisotik abiatuta.<\/p>\n<p><strong>Osasun emozionaleko nahasmenduak ezintasunagatiko bigarren baja-iturria dira<\/strong> (aldi baterakoa eta iraunkorra), eta, beraz, absentismo-iturria, muskulu-eskeletoko nahasmenduen ondoren.<\/p>\n<p><strong>Zer da PsicoLan?<\/strong><\/p>\n<p>Lanean zein arlo pertsonalean sortzen diren baina lanari eragiten dioten osasun emozionaleko arazoei erantzuten dien zerbitzua da: estresa, antsietatea, loezina, depresioa, bizi-krisiak, dolua, etab.<\/p>\n<p>Pertsonen osasun emozionalaren galerari aurrea hartzea ahalbidetzen duen ekintza-proposamena da, honako hauen bidez:<\/p>\n<ul>\n<li>Arazo psikoemozionalak goiz detektatzea.<\/li>\n<li>Psikologian kualifikazio handia duen profesional talde batek berehala esku hartzea, lan-osasunean oinarritutako berezko lan-metodoarekin.<\/li>\n<li>Errekuperazio-denbora laburtzeko tratamenduak aplikatzea.<\/li>\n<li>Baja baten ondoren lanpostura itzultzen laguntzea.<\/li>\n<li>Jarraipen intentsiboa, berriz gaixotzea saihesteko.<\/li>\n<li>Erabateko konfidentzialtasuna bermatzea PsicoLan zerbitzuan hasten diren pertsonei.<\/li>\n<\/ul>\n<\/div><\/section><\/p><\/div><div  class='flex_column av-36mqtvg-4cc8ef681f69ab422497f5d857cb6c3f av_one_half  avia-builder-el-22  el_after_av_one_half  avia-builder-el-last  flex_column_div  '     ><p>\n<style type=\"text\/css\" data-created_by=\"avia_inline_auto\" id=\"style-css-av-jh9cv0-096aff469c99e51c9ebdd454fbf91ba1\">\n.avia-image-container.av-jh9cv0-096aff469c99e51c9ebdd454fbf91ba1 img.avia_image{\nbox-shadow:none;\n}\n.avia-image-container.av-jh9cv0-096aff469c99e51c9ebdd454fbf91ba1 .av-image-caption-overlay-center{\ncolor:#ffffff;\n}\n<\/style>\n<div  class='avia-image-container av-jh9cv0-096aff469c99e51c9ebdd454fbf91ba1 av-styling- avia-align-center  avia-builder-el-23  el_before_av_image  avia-builder-el-first '   itemprop=\"image\" itemscope=\"itemscope\" itemtype=\"https:\/\/schema.org\/ImageObject\" ><div class=\"avia-image-container-inner\"><div class=\"avia-image-overlay-wrap\"><img decoding=\"async\" fetchpriority=\"high\" class='wp-image-47487 avia-img-lazy-loading-not-47487 avia_image ' src=\"https:\/\/www.lafundacion.com\/wp-content\/uploads\/2022\/11\/PsicoLan-programa-Tu-Salud-salud-emocional-salud-laboral-vitoria.jpg\" alt='salud emocional en el trabajo salud laboral empresas saludables' title='PsicoLan-programa-Tu-Salud-salud-emocional-salud-laboral-vitoria'  height=\"534\" width=\"800\"  itemprop=\"thumbnailUrl\" srcset=\"https:\/\/www.lafundacion.com\/wp-content\/uploads\/2022\/11\/PsicoLan-programa-Tu-Salud-salud-emocional-salud-laboral-vitoria.jpg 800w, https:\/\/www.lafundacion.com\/wp-content\/uploads\/2022\/11\/PsicoLan-programa-Tu-Salud-salud-emocional-salud-laboral-vitoria-300x200.jpg 300w, https:\/\/www.lafundacion.com\/wp-content\/uploads\/2022\/11\/PsicoLan-programa-Tu-Salud-salud-emocional-salud-laboral-vitoria-768x513.jpg 768w, https:\/\/www.lafundacion.com\/wp-content\/uploads\/2022\/11\/PsicoLan-programa-Tu-Salud-salud-emocional-salud-laboral-vitoria-705x471.jpg 705w\" sizes=\"(max-width: 800px) 100vw, 800px\" \/><\/div><\/div><\/div><br \/>\n\n<style type=\"text\/css\" data-created_by=\"avia_inline_auto\" id=\"style-css-av-laseynof-eb44e3d90550cb68a8691b3874de95d9\">\n.avia-image-container.av-laseynof-eb44e3d90550cb68a8691b3874de95d9 img.avia_image{\nbox-shadow:none;\n}\n.avia-image-container.av-laseynof-eb44e3d90550cb68a8691b3874de95d9 .av-image-caption-overlay-center{\ncolor:#ffffff;\n}\n<\/style>\n<div  class='avia-image-container av-laseynof-eb44e3d90550cb68a8691b3874de95d9 av-styling- avia-align-center  avia-builder-el-24  el_after_av_image  el_before_av_image '   itemprop=\"image\" itemscope=\"itemscope\" itemtype=\"https:\/\/schema.org\/ImageObject\" ><div class=\"avia-image-container-inner\"><div class=\"avia-image-overlay-wrap\"><img decoding=\"async\" fetchpriority=\"high\" class='wp-image-47489 avia-img-lazy-loading-not-47489 avia_image ' src=\"https:\/\/www.lafundacion.com\/wp-content\/uploads\/2022\/11\/PsicoLan-Tu-Salud-Zure-osasuna-salud-emocional-salud-laboral-la-fundacion.jpg\" alt='salud emocional para trabajadores' title='PsicoLan-Tu-Salud-Zure-osasuna-salud-emocional-salud-laboral-la-fundacion'  height=\"533\" width=\"800\"  itemprop=\"thumbnailUrl\" srcset=\"https:\/\/www.lafundacion.com\/wp-content\/uploads\/2022\/11\/PsicoLan-Tu-Salud-Zure-osasuna-salud-emocional-salud-laboral-la-fundacion.jpg 800w, https:\/\/www.lafundacion.com\/wp-content\/uploads\/2022\/11\/PsicoLan-Tu-Salud-Zure-osasuna-salud-emocional-salud-laboral-la-fundacion-300x200.jpg 300w, https:\/\/www.lafundacion.com\/wp-content\/uploads\/2022\/11\/PsicoLan-Tu-Salud-Zure-osasuna-salud-emocional-salud-laboral-la-fundacion-768x512.jpg 768w, https:\/\/www.lafundacion.com\/wp-content\/uploads\/2022\/11\/PsicoLan-Tu-Salud-Zure-osasuna-salud-emocional-salud-laboral-la-fundacion-705x470.jpg 705w\" sizes=\"(max-width: 800px) 100vw, 800px\" \/><\/div><\/div><\/div><br \/>\n\n<style type=\"text\/css\" data-created_by=\"avia_inline_auto\" id=\"style-css-av-lauuo5an-803b70490f1d4fe24963f7e0b84ef7c1\">\n.avia-image-container.av-lauuo5an-803b70490f1d4fe24963f7e0b84ef7c1 img.avia_image{\nbox-shadow:none;\n}\n.avia-image-container.av-lauuo5an-803b70490f1d4fe24963f7e0b84ef7c1 .av-image-caption-overlay-center{\ncolor:#ffffff;\n}\n<\/style>\n<div  class='avia-image-container av-lauuo5an-803b70490f1d4fe24963f7e0b84ef7c1 av-styling- avia-align-center  avia-builder-el-25  el_after_av_image  avia-builder-el-last '   itemprop=\"image\" itemscope=\"itemscope\" itemtype=\"https:\/\/schema.org\/ImageObject\" ><div class=\"avia-image-container-inner\"><div class=\"avia-image-overlay-wrap\"><img decoding=\"async\" fetchpriority=\"high\" class='wp-image-47485 avia-img-lazy-loading-not-47485 avia_image ' src=\"https:\/\/www.lafundacion.com\/wp-content\/uploads\/2022\/11\/PsicoLan-programa-Tu-Salud-salud-emocional-salud-laboral-la-fundacion.jpg\" alt='' title='PsicoLan-programa-Tu-Salud-salud-emocional-salud-laboral-la-fundacion'  height=\"533\" width=\"800\"  itemprop=\"thumbnailUrl\" srcset=\"https:\/\/www.lafundacion.com\/wp-content\/uploads\/2022\/11\/PsicoLan-programa-Tu-Salud-salud-emocional-salud-laboral-la-fundacion.jpg 800w, https:\/\/www.lafundacion.com\/wp-content\/uploads\/2022\/11\/PsicoLan-programa-Tu-Salud-salud-emocional-salud-laboral-la-fundacion-300x200.jpg 300w, https:\/\/www.lafundacion.com\/wp-content\/uploads\/2022\/11\/PsicoLan-programa-Tu-Salud-salud-emocional-salud-laboral-la-fundacion-768x512.jpg 768w, https:\/\/www.lafundacion.com\/wp-content\/uploads\/2022\/11\/PsicoLan-programa-Tu-Salud-salud-emocional-salud-laboral-la-fundacion-705x470.jpg 705w\" sizes=\"(max-width: 800px) 100vw, 800px\" \/><\/div><\/div><\/div><\/p><\/div>\n\n<\/div><\/div><\/div><!-- close content main div --><\/div><\/div>\n<style type=\"text\/css\" data-created_by=\"avia_inline_auto\" id=\"style-css-av-latohcnf-24abc9e01e6176e9f2943e6c1f313b5d\">\n.avia-section.av-latohcnf-24abc9e01e6176e9f2943e6c1f313b5d{\nbackground-color:#ffffff;\nbackground-image:unset;\n}\n<\/style>\n<div id='av_section_2'  class='avia-section av-latohcnf-24abc9e01e6176e9f2943e6c1f313b5d main_color avia-section-default avia-no-border-styling  avia-builder-el-26  el_after_av_section  el_before_av_one_full  avia-bg-style-scroll container_wrap fullsize'  ><div class='container av-section-cont-open' ><div class='template-page content  av-content-full alpha units'><div class='post-entry post-entry-type-page post-entry-51399'><div class='entry-content-wrapper clearfix'>\n<div  class='flex_column av-1ct7rfx-37f4fdb0681c17b9f578c3624622be3a av_one_full  avia-builder-el-27  el_before_av_two_fifth  avia-builder-el-first  first flex_column_div  '     ><section  class='av_textblock_section av-late6h9e-7711059e7da72e6ff97e5c844bcc76c3 '   itemscope=\"itemscope\" itemtype=\"https:\/\/schema.org\/CreativeWork\" ><div class='avia_textblock'  itemprop=\"text\" ><h4>Jar zaitez gurekin harremanetan &#8220;Zure Osasuna-Zure Osasuna&#8221; programari buruzko informazioa jaso dezazun, zure enpresako pertsonen osasuna hobetzeko<\/h4>\n<\/div><\/section><br \/>\n<section  class='av_textblock_section av-latd2bn8-2da74887d7c3ed46d12af95e16846261 '   itemscope=\"itemscope\" itemtype=\"https:\/\/schema.org\/CreativeWork\" ><div class='avia_textblock'  itemprop=\"text\" >\n<div class=\"wpcf7 no-js\" id=\"wpcf7-f47549-o1\" lang=\"eu-ES\" dir=\"ltr\" data-wpcf7-id=\"47549\">\n<div class=\"screen-reader-response\"><p role=\"status\" aria-live=\"polite\" aria-atomic=\"true\"><\/p> <ul><\/ul><\/div>\n<form action=\"\/eu\/wp-json\/wp\/v2\/pages\/51399#wpcf7-f47549-o1\" method=\"post\" class=\"wpcf7-form init wpcf7-acceptance-as-validation\" aria-label=\"Contact form\" novalidate=\"novalidate\" data-status=\"init\">\n<fieldset class=\"hidden-fields-container\"><input type=\"hidden\" name=\"_wpcf7\" value=\"47549\" \/><input type=\"hidden\" name=\"_wpcf7_version\" value=\"6.1.5\" \/><input type=\"hidden\" name=\"_wpcf7_locale\" value=\"eu_ES\" \/><input type=\"hidden\" name=\"_wpcf7_unit_tag\" value=\"wpcf7-f47549-o1\" \/><input type=\"hidden\" name=\"_wpcf7_container_post\" value=\"0\" \/><input type=\"hidden\" name=\"_wpcf7_posted_data_hash\" value=\"\" \/><input type=\"hidden\" name=\"_wpcf7_recaptcha_response\" value=\"\" \/>\n<\/fieldset>\n<p><label> Izena <span class=\"asterisco\">(*)<\/span><br \/>\n<span class=\"wpcf7-form-control-wrap\" data-name=\"your-name\"><input size=\"40\" maxlength=\"400\" class=\"wpcf7-form-control wpcf7-text wpcf7-validates-as-required\" aria-required=\"true\" aria-invalid=\"false\" value=\"\" type=\"text\" name=\"your-name\" \/><\/span> <\/label>\n<\/p>\n<p><label> Abizena <span class=\"asterisco\">(*)<\/span><br \/>\n<span class=\"wpcf7-form-control-wrap\" data-name=\"your-surname\"><input size=\"40\" maxlength=\"400\" class=\"wpcf7-form-control wpcf7-text wpcf7-validates-as-required\" aria-required=\"true\" aria-invalid=\"false\" value=\"\" type=\"text\" name=\"your-surname\" \/><\/span> <\/label>\n<\/p>\n<p><label> Helbide elektronikoa <span class=\"asterisco\">(*)<\/span><br \/>\n<span class=\"wpcf7-form-control-wrap\" data-name=\"your-email\"><input size=\"40\" maxlength=\"400\" class=\"wpcf7-form-control wpcf7-email wpcf7-validates-as-required wpcf7-text wpcf7-validates-as-email\" aria-required=\"true\" aria-invalid=\"false\" value=\"\" type=\"email\" name=\"your-email\" \/><\/span> <\/label>\n<\/p>\n<p><label>Telefono zenbakia<span class=\"asterisco\">(*)<\/span><br \/>\n<span class=\"wpcf7-form-control-wrap\" data-name=\"Telf\"><input size=\"40\" maxlength=\"400\" class=\"wpcf7-form-control wpcf7-tel wpcf7-validates-as-required wpcf7-text wpcf7-validates-as-tel\" aria-required=\"true\" aria-invalid=\"false\" value=\"\" type=\"tel\" name=\"Telf\" \/><\/span><\/label>\n<\/p>\n<p><label> Enpresa<br \/>\n<span class=\"wpcf7-form-control-wrap\" data-name=\"company\"><input size=\"40\" maxlength=\"400\" class=\"wpcf7-form-control wpcf7-text\" aria-invalid=\"false\" value=\"\" type=\"text\" name=\"company\" \/><\/span> <\/label>\n<\/p>\n<p><label> Kargua<br \/>\n<span class=\"wpcf7-form-control-wrap\" data-name=\"cargo\"><input size=\"40\" maxlength=\"400\" class=\"wpcf7-form-control wpcf7-text\" aria-invalid=\"false\" value=\"\" type=\"text\" name=\"cargo\" \/><\/span> <\/label>\n<\/p>\n<p><label> Oharrak<br \/>\n<span class=\"wpcf7-form-control-wrap\" data-name=\"your-message\"><textarea cols=\"40\" rows=\"10\" maxlength=\"2000\" class=\"wpcf7-form-control wpcf7-textarea\" aria-invalid=\"false\" name=\"your-message\"><\/textarea><\/span> <\/label>\n<\/p>\n<p><label><span class=\"wpcf7-form-control-wrap\" data-name=\"acceptance-172\"><span class=\"wpcf7-form-control wpcf7-acceptance\"><span class=\"wpcf7-list-item\"><label><input type=\"checkbox\" name=\"acceptance-172\" value=\"1\" aria-invalid=\"false\" \/><span class=\"wpcf7-list-item-label\"><a href=\"#politica\" class=\"open-popup-link\">Pribatutasun politika irakurri dut eta onartzen dut<\/a><\/span><\/label><\/span><\/span><\/span><\/label>\n<\/p>\n<p><input class=\"wpcf7-form-control wpcf7-submit has-spinner\" type=\"submit\" value=\"Bidali\" \/>\n<\/p>\n<div id=\"politica\" class=\"politica white-popup mfp-hide\">\n\t<p><strong>PRIBATUTASUN POLITIKA<\/strong><br \/>\n<strong>Arduraduna:<\/strong> FUNDACI\u00d3N LABORAL SAN PRUDENCIO.<br \/>\n<strong>Xedea:<\/strong> Enpresaren Gizarte Erantzukizuna kudeatzeko eta aplikatzeko zerbitzuak ematea, enpresei eta langileei zerbitzuak eta laguntza emanez, besteak beste honako arlo hauetan: gizarte-prestazioak, gizarte- eta laguntza-zerbitzuak, gizarte- eta lan-zerbitzuak, hezkuntza eta kultura, sentsibilizazioa eta kontzientziazioa, gizarte-berrikuntza eta une bakoitzean eskaintzen direnak. Horri dagokionez, jakinarazten dizugu jarraian adierazten diren La Fundaci\u00f3nen edo taldeko enpresen sektore espezifiko eta jarduera sektore zehatzen informazio edo publizitatea jaso ahal izango duzula: eskaintzen dituzten zerbitzu eta prestazioei buruzko guztiak, bai eta une bakoitzean egokitzat jotzen direnak ere, norberaren bizi kalitatea eta lanekoa hobetzeko helburuarekin.\n\t<\/p>\n\t<p><strong>Legitimazioa:<\/strong> Parte zaren erlazio juridikoaren exekuzioa.\n\t<\/p>\n\t<p><strong>Hartzaileak:<\/strong> Fundaci\u00f3n taldeko enpresak eta legez horren beharra duten erakunde ofizialak.\n\t<\/p>\n\t<p><strong>Eskubideak:<\/strong> Informazio gehigarrian adierazitako datuak eta beste eskubide batzuk eskuratzeko, zuzentzeko eta ezabatzeko eskubidea duzu email bat dpo@lafundacion.com helbidera bidaliz.\n\t<\/p>\n\t<p><strong>Informazio gehigarria: <\/strong><a href=\"https:\/\/www.lafundacion.com\/eu\/pribatutasun-politika\/\" target=\"_blank\">Lege Oharra eta Pribatutasun politika<\/a>\n\t<\/p>\n<\/div><div class=\"wpcf7-response-output\" aria-hidden=\"true\"><\/div>\n<\/form>\n<\/div>\n\n<\/div><\/section><\/p><\/div><div  class='flex_column av-mlffal-9dc031a63b79aa7f202726397d71bb3a av_two_fifth  avia-builder-el-30  el_after_av_one_full  avia-builder-el-last  first flex_column_div  column-top-margin'     ><style type=\"text\/css\" data-created_by=\"avia_inline_auto\" id=\"style-css-av-latoffiy-27c95ca56b4ff06de19d2457e51a21bf\">\n.avia-image-container.av-latoffiy-27c95ca56b4ff06de19d2457e51a21bf img.avia_image{\nbox-shadow:none;\n}\n.avia-image-container.av-latoffiy-27c95ca56b4ff06de19d2457e51a21bf .av-image-caption-overlay-center{\ncolor:#ffffff;\n}\n<\/style>\n<div  class='avia-image-container av-latoffiy-27c95ca56b4ff06de19d2457e51a21bf av-styling- avia-align-center  avia-builder-el-31  avia-builder-el-no-sibling '   itemprop=\"image\" itemscope=\"itemscope\" itemtype=\"https:\/\/schema.org\/ImageObject\" ><div class=\"avia-image-container-inner\"><div class=\"avia-image-overlay-wrap\"><img decoding=\"async\" fetchpriority=\"high\" class='wp-image-4049 avia-img-lazy-loading-not-4049 avia_image ' src=\"https:\/\/www.lafundacion.com\/wp-content\/uploads\/2020\/05\/Nordic-Klinika-reducir-dolor-de-espalda-en-Vitoria.jpg\" alt='Nordic Klinika el nuevo servicio de La Fundaci\u00f3n San Prudencio para el dolor de espalda' title='Nordic-Klinika-reducir-dolor-de-espalda-en-Vitoria'  height=\"800\" width=\"1200\"  itemprop=\"thumbnailUrl\" srcset=\"https:\/\/www.lafundacion.com\/wp-content\/uploads\/2020\/05\/Nordic-Klinika-reducir-dolor-de-espalda-en-Vitoria.jpg 1200w, https:\/\/www.lafundacion.com\/wp-content\/uploads\/2020\/05\/Nordic-Klinika-reducir-dolor-de-espalda-en-Vitoria-300x200.jpg 300w, https:\/\/www.lafundacion.com\/wp-content\/uploads\/2020\/05\/Nordic-Klinika-reducir-dolor-de-espalda-en-Vitoria-1030x687.jpg 1030w, https:\/\/www.lafundacion.com\/wp-content\/uploads\/2020\/05\/Nordic-Klinika-reducir-dolor-de-espalda-en-Vitoria-768x512.jpg 768w, https:\/\/www.lafundacion.com\/wp-content\/uploads\/2020\/05\/Nordic-Klinika-reducir-dolor-de-espalda-en-Vitoria-705x470.jpg 705w\" sizes=\"(max-width: 1200px) 100vw, 1200px\" \/><\/div><\/div><\/div><\/div>\n<\/div><\/div><\/div><!-- close content main div --><\/div><\/div><div id='after_section_2'  class='main_color av_default_container_wrap container_wrap fullsize'  ><div class='container av-section-cont-open' ><div class='template-page content  av-content-full alpha units'><div class='post-entry post-entry-type-page post-entry-51399'><div class='entry-content-wrapper clearfix'>\n<div  class='flex_column av-1d1ujpp-b9cb170ce8db3fb71995094e3535d7e6 av_one_full  avia-builder-el-32  el_after_av_section  avia-builder-el-no-sibling  first flex_column_div  '     ><div  class='avia-testimonial-wrapper av-lauucdet-ed290b3337371651dd34c0351b35fa13 avia-slider-testimonials avia-slider-2-testimonials avia_animate_when_almost_visible av-slideshow-ui av-control-default av-no-slider-navigation av-slider-hover-pause av-slideshow-autoplay av-loop-endless av-loop-manual-endless' data-slideshow-options=\"{&quot;animation&quot;:&quot;fade&quot;,&quot;autoplay&quot;:true,&quot;loop_autoplay&quot;:&quot;endless&quot;,&quot;interval&quot;:5,&quot;loop_manual&quot;:&quot;manual-endless&quot;,&quot;autoplay_stopper&quot;:false,&quot;noNavigation&quot;:false,&quot;bg_slider&quot;:false,&quot;keep_padding&quot;:&quot;&quot;,&quot;hoverpause&quot;:true,&quot;show_slide_delay&quot;:0}\">\n<section class=\"avia-testimonial-row\"><div class='avia-testimonial av-lauubhqk-120c01bd110ec97aac37362eb3116669 avia-testimonial-row-1 avia-first-testimonial flex_column no_margin av_one_half'><div class='avia-testimonial_inner'  itemscope=\"itemscope\" itemtype=\"https:\/\/schema.org\/CreativeWork\" ><div class='avia-testimonial-content '><div class='avia-testimonial-markup-entry-content'  itemprop=\"text\" ><p data-wp-editing=\"1\"><img loading=\"lazy\" decoding=\"async\" class=\"alignnone size-medium wp-image-47602 alignleft\" src=\"https:\/\/www.lafundacion.com\/wp-content\/uploads\/2022\/11\/Javier-Berasategui-Testimonio-Nordic-Klinika-Programa-Tu-Salud-Zure-Osasuna-Salud-Laboral-Vitoria-300x300.jpg\" alt=\"Testimonio programa Tu Salud-Zure Osasuna de Salud Laboral Vitoria LA Fundaci\u00f3n\" width=\"300\" height=\"300\" srcset=\"https:\/\/www.lafundacion.com\/wp-content\/uploads\/2022\/11\/Javier-Berasategui-Testimonio-Nordic-Klinika-Programa-Tu-Salud-Zure-Osasuna-Salud-Laboral-Vitoria-300x300.jpg 300w, https:\/\/www.lafundacion.com\/wp-content\/uploads\/2022\/11\/Javier-Berasategui-Testimonio-Nordic-Klinika-Programa-Tu-Salud-Zure-Osasuna-Salud-Laboral-Vitoria-80x80.jpg 80w, https:\/\/www.lafundacion.com\/wp-content\/uploads\/2022\/11\/Javier-Berasategui-Testimonio-Nordic-Klinika-Programa-Tu-Salud-Zure-Osasuna-Salud-Laboral-Vitoria-36x36.jpg 36w, https:\/\/www.lafundacion.com\/wp-content\/uploads\/2022\/11\/Javier-Berasategui-Testimonio-Nordic-Klinika-Programa-Tu-Salud-Zure-Osasuna-Salud-Laboral-Vitoria-180x180.jpg 180w, https:\/\/www.lafundacion.com\/wp-content\/uploads\/2022\/11\/Javier-Berasategui-Testimonio-Nordic-Klinika-Programa-Tu-Salud-Zure-Osasuna-Salud-Laboral-Vitoria.jpg 379w\" sizes=\"auto, (max-width: 300px) 100vw, 300px\" \/>&#8220;Nordic-era etorri nintzen, bere garaian aurkezpena ikusi nuelako eta langileentzako onurak gustatu zitzaizkidalako. Nik maila pertsonalean probatu nahi nuen, baina baita enpresako langileentzat interesgarria izan daitekeen ikusteko ere. Hobetu egin dut, ikusten dudalako ordenagailuarekin hainbeste orduz lan egin ondoren zerbikalak ukituta neuzkala eta orain zerbikalak indartzen ari direla. Gehien nabarmenduko nukeena tratamenduaren espezifikotasuna da; makinak gorputzaren oso eremu zehatzetarako pentsatuta daude, eta dena oso pertsonalizatua da, bai tratamendua, bai txertatutako teknologia. Eremu eta muskulu zehatzak isolatu egiten dira.&#8221;<\/p>\n<\/div><\/div><div class=\"avia-testimonial-meta\"><div class=\"avia-testimonial-arrow-wrap\"><div class=\"avia-arrow\"><\/div><\/div><div class='avia-testimonial-meta-mini'  itemprop=\"author\" itemscope=\"itemscope\" itemtype=\"https:\/\/schema.org\/Person\" ><strong  class='avia-testimonial-name'  itemprop=\"name\" >Javier Berasategui<\/strong><span  class='avia-testimonial-subtitle '  itemprop=\"jobTitle\" >Naipes Heraclio Fournier, S.A.<\/span><\/div><\/div><\/div><\/div>\n<div class='avia-testimonial av-25wijx-70a240cdb37451567b7b672a44373d68 avia-testimonial-row-1 flex_column no_margin av_one_half'><div class='avia-testimonial_inner'  itemscope=\"itemscope\" itemtype=\"https:\/\/schema.org\/CreativeWork\" ><div class='avia-testimonial-content '><div class='avia-testimonial-markup-entry-content'  itemprop=\"text\" ><p><img loading=\"lazy\" decoding=\"async\" class=\"alignnone size-medium wp-image-47607 alignleft\" src=\"https:\/\/www.lafundacion.com\/wp-content\/uploads\/2022\/11\/Asun-Rodriguez-Testimonio-Nordic-Klinika-Programa-Tu-Salud-Zure-Osasuna-Salud-Laboral-Vitoria-300x300.jpg\" alt=\"testimonio Nordic Klinika programa Tu Salud-Zure Osasuna salud laboral vitoria\" width=\"300\" height=\"300\" srcset=\"https:\/\/www.lafundacion.com\/wp-content\/uploads\/2022\/11\/Asun-Rodriguez-Testimonio-Nordic-Klinika-Programa-Tu-Salud-Zure-Osasuna-Salud-Laboral-Vitoria-300x300.jpg 300w, https:\/\/www.lafundacion.com\/wp-content\/uploads\/2022\/11\/Asun-Rodriguez-Testimonio-Nordic-Klinika-Programa-Tu-Salud-Zure-Osasuna-Salud-Laboral-Vitoria-80x80.jpg 80w, https:\/\/www.lafundacion.com\/wp-content\/uploads\/2022\/11\/Asun-Rodriguez-Testimonio-Nordic-Klinika-Programa-Tu-Salud-Zure-Osasuna-Salud-Laboral-Vitoria-36x36.jpg 36w, https:\/\/www.lafundacion.com\/wp-content\/uploads\/2022\/11\/Asun-Rodriguez-Testimonio-Nordic-Klinika-Programa-Tu-Salud-Zure-Osasuna-Salud-Laboral-Vitoria-180x180.jpg 180w, https:\/\/www.lafundacion.com\/wp-content\/uploads\/2022\/11\/Asun-Rodriguez-Testimonio-Nordic-Klinika-Programa-Tu-Salud-Zure-Osasuna-Salud-Laboral-Vitoria.jpg 379w\" sizes=\"auto, (max-width: 300px) 100vw, 300px\" \/>&#8220;Enpresako prebentzioan Nordic Klinikari buruz hitz egin zidatelako etorri nintzen, eta klinikaren berri izan nuelako, baina batez ere, urteak baitaramatzat bizkarreko arazoekin. Fisioterapeutak eta masajeak probatzen aritu nintzen, baina mina ez zitzaidan kentzen, eta zerbait berria probatu nahi nuen. Batez ere hobetu egin dut, min guztia ia erabat ezabatu delako. Gainera, inguruan mugikortasuna eta indarra berreskuratu ditut&#8221;<\/p>\n<\/div><\/div><div class=\"avia-testimonial-meta\"><div class=\"avia-testimonial-arrow-wrap\"><div class=\"avia-arrow\"><\/div><\/div><div class='avia-testimonial-meta-mini'  itemprop=\"author\" itemscope=\"itemscope\" itemtype=\"https:\/\/schema.org\/Person\" ><strong  class='avia-testimonial-name'  itemprop=\"name\" >Asun Rodr\u00edguez<\/strong><span  class='avia-testimonial-subtitle '  itemprop=\"jobTitle\" >Transformados Combisa, S.L.<\/span><\/div><\/div><\/div><\/div>\n<div class='avia-testimonial av-25wijx-2-477358deb4a5a039ceb9ec4e3af2ae54 avia-testimonial-row-1 flex_column no_margin av_one_half'><div class='avia-testimonial_inner'  itemscope=\"itemscope\" itemtype=\"https:\/\/schema.org\/CreativeWork\" ><div class='avia-testimonial-content '><div class='avia-testimonial-markup-entry-content'  itemprop=\"text\" ><p><img loading=\"lazy\" decoding=\"async\" class=\"alignnone size-medium wp-image-47610 alignleft\" src=\"https:\/\/www.lafundacion.com\/wp-content\/uploads\/2022\/11\/Jesus-Angel-Perez-testimonio-Nordic-Klinika-300x300.jpg\" alt=\"\" width=\"300\" height=\"300\" srcset=\"https:\/\/www.lafundacion.com\/wp-content\/uploads\/2022\/11\/Jesus-Angel-Perez-testimonio-Nordic-Klinika-300x300.jpg 300w, https:\/\/www.lafundacion.com\/wp-content\/uploads\/2022\/11\/Jesus-Angel-Perez-testimonio-Nordic-Klinika-80x80.jpg 80w, https:\/\/www.lafundacion.com\/wp-content\/uploads\/2022\/11\/Jesus-Angel-Perez-testimonio-Nordic-Klinika-36x36.jpg 36w, https:\/\/www.lafundacion.com\/wp-content\/uploads\/2022\/11\/Jesus-Angel-Perez-testimonio-Nordic-Klinika-180x180.jpg 180w, https:\/\/www.lafundacion.com\/wp-content\/uploads\/2022\/11\/Jesus-Angel-Perez-testimonio-Nordic-Klinika.jpg 400w\" sizes=\"auto, (max-width: 300px) 100vw, 300px\" \/>&#8220;Bi hilabete ziren eskuineko sorbaldan uzkurdura bat izan zuela. Fisioterapeutaz fisioterapeutan ibili nintzen eta ez zidan ezer konpontzen, izugarrizko minak nituen. Orain mina kendu egin zait. Lesioren bat edo nire antzeko zerbait duela esaten didanari esaten diot: Nordic Klinikari deitzen ari zarete hau zoragarria dela, benetan!&#8221;<\/p>\n<\/div><\/div><div class=\"avia-testimonial-meta\"><div class=\"avia-testimonial-arrow-wrap\"><div class=\"avia-arrow\"><\/div><\/div><div class='avia-testimonial-meta-mini'  itemprop=\"author\" itemscope=\"itemscope\" itemtype=\"https:\/\/schema.org\/Person\" ><strong  class='avia-testimonial-name'  itemprop=\"name\" >Jes\u00fas \u00c1ngel P\u00e9rez<\/strong><span  class='avia-testimonial-subtitle '  itemprop=\"jobTitle\" >Caype<\/span><\/div><\/div><\/div><\/div>\n<\/section><div class='avia-slideshow-arrows avia-slideshow-controls' ><a href='#prev' class='prev-slide  avia-svg-icon avia-font-svg_entypo-fontello' data-av_svg_icon='left-open-big' data-av_iconset='svg_entypo-fontello' tabindex='-1' title=\"Previous\"><svg version=\"1.1\" xmlns=\"http:\/\/www.w3.org\/2000\/svg\" width=\"15\" height=\"32\" viewBox=\"0 0 15 32\" preserveAspectRatio=\"xMidYMid meet\" aria-labelledby='av-svg-title-3' aria-describedby='av-svg-desc-3' role=\"graphics-symbol\" aria-hidden=\"true\">\n<title id='av-svg-title-3'>Previous<\/title>\n<desc id='av-svg-desc-3'>Previous<\/desc>\n<path d=\"M14.464 27.84q0.832 0.832 0 1.536-0.832 0.832-1.536 0l-12.544-12.608q-0.768-0.768 0-1.6l12.544-12.608q0.704-0.832 1.536 0 0.832 0.704 0 1.536l-11.456 11.904z\"><\/path>\n<\/svg><span class='avia_hidden_link_text'>Previous<\/span><\/a><a href='#next' class='next-slide  avia-svg-icon avia-font-svg_entypo-fontello' data-av_svg_icon='right-open-big' data-av_iconset='svg_entypo-fontello' tabindex='-1' title=\"Next\"><svg version=\"1.1\" xmlns=\"http:\/\/www.w3.org\/2000\/svg\" width=\"15\" height=\"32\" viewBox=\"0 0 15 32\" preserveAspectRatio=\"xMidYMid meet\" aria-labelledby='av-svg-title-4' aria-describedby='av-svg-desc-4' role=\"graphics-symbol\" aria-hidden=\"true\">\n<title id='av-svg-title-4'>Next<\/title>\n<desc id='av-svg-desc-4'>Next<\/desc>\n<path d=\"M0.416 27.84l11.456-11.84-11.456-11.904q-0.832-0.832 0-1.536 0.832-0.832 1.536 0l12.544 12.608q0.768 0.832 0 1.6l-12.544 12.608q-0.704 0.832-1.536 0-0.832-0.704 0-1.536z\"><\/path>\n<\/svg><span class='avia_hidden_link_text'>Next<\/span><\/a><\/div><\/div><\/div>\n","protected":false},"excerpt":{"rendered":"","protected":false},"author":2,"featured_media":47481,"parent":0,"menu_order":0,"comment_status":"closed","ping_status":"closed","template":"","meta":{"_acf_changed":false,"footnotes":""},"class_list":["post-51399","page","type-page","status-publish","has-post-thumbnail","hentry"],"acf":[],"yoast_head":"<!-- This site is optimized with the Yoast SEO plugin v27.4 - https:\/\/yoast.com\/product\/yoast-seo-wordpress\/ -->\r\n<title>Programa &quot;Tu Salud-Zure Osasuna&quot; pertsonen lan osasuna hobetzeko &#187; La Fundaci\u00f3n San Prudencio<\/title>\r\n<meta name=\"description\" content=\"La Fundacioneko &quot;Tu Salud-Zure Osasuna&quot; programa Nordic Klinika eta Psicolanekin pertsonen lan-osasuna hobetzeko\" \/>\r\n<meta name=\"robots\" content=\"index, follow, max-snippet:-1, max-image-preview:large, max-video-preview:-1\" \/>\r\n<link rel=\"canonical\" href=\"https:\/\/www.lafundacion.com\/psicolan\/\" \/>\r\n<meta property=\"og:locale\" content=\"eu_ES\" \/>\r\n<meta property=\"og:type\" content=\"article\" \/>\r\n<meta property=\"og:title\" content=\"Programa Tu Salud-Zure Osasuna La Fundaci\u00f3n San Prudencio\" \/>\r\n<meta property=\"og:description\" content=\"Langileen osasun emoziolana eta muskuloesketikoa hobetzeko zerbitzua\" \/>\r\n<meta property=\"og:url\" content=\"https:\/\/www.lafundacion.com\/psicolan\/\" \/>\r\n<meta property=\"og:site_name\" content=\"La Fundaci\u00f3n San Prudencio\" \/>\r\n<meta property=\"article:modified_time\" content=\"2025-12-15T11:51:14+00:00\" \/>\r\n<meta property=\"og:image\" content=\"https:\/\/www.lafundacion.com\/wp-content\/uploads\/2022\/11\/Nordic-Klinika-Tu-Salud-Zure-Osasuna-dolores-espalda-clinica-salud-laboral-vitoria-750x430.jpg\" \/>\r\n<meta name=\"twitter:card\" content=\"summary_large_image\" \/>\r\n<meta name=\"twitter:title\" content=\"Programa Tu Salud-Zure Osasuna La Fundaci\u00f3n San Prudencio\" \/>\r\n<meta name=\"twitter:description\" content=\"Langileen osasun emoziolana eta muskuloesketikoa hobetzeko zerbitzua\" \/>\r\n<meta name=\"twitter:image\" content=\"https:\/\/www.lafundacion.com\/wp-content\/uploads\/2022\/11\/Nordic-Klinika-Tu-Salud-Zure-Osasuna-dolores-espalda-clinica-salud-laboral-vitoria-750x430.jpg\" \/>\r\n<meta name=\"twitter:label1\" content=\"Est. reading time\" \/>\n\t<meta name=\"twitter:data1\" content=\"8 minutes\" \/>\r\n<script type=\"application\/ld+json\" class=\"yoast-schema-graph\">{\"@context\":\"https:\\\/\\\/schema.org\",\"@graph\":[{\"@type\":\"WebPage\",\"@id\":\"https:\\\/\\\/www.lafundacion.com\\\/psicolan\\\/\",\"url\":\"https:\\\/\\\/www.lafundacion.com\\\/psicolan\\\/\",\"name\":\"Programa \\\"Tu Salud-Zure Osasuna\\\" pertsonen lan osasuna hobetzeko &#187; La Fundaci\u00f3n San Prudencio\",\"isPartOf\":{\"@id\":\"https:\\\/\\\/www.lafundacion.com\\\/#website\"},\"primaryImageOfPage\":{\"@id\":\"https:\\\/\\\/www.lafundacion.com\\\/psicolan\\\/#primaryimage\"},\"image\":{\"@id\":\"https:\\\/\\\/www.lafundacion.com\\\/psicolan\\\/#primaryimage\"},\"thumbnailUrl\":\"https:\\\/\\\/www.lafundacion.com\\\/wp-content\\\/uploads\\\/2022\\\/11\\\/Javier-Berasategui-Testimonio-Nordic-klinika-programa-tu-salud-la-fundacion-salud-laboral.jpg\",\"datePublished\":\"2023-03-14T15:14:00+00:00\",\"dateModified\":\"2025-12-15T11:51:14+00:00\",\"description\":\"La Fundacioneko \\\"Tu Salud-Zure Osasuna\\\" programa Nordic Klinika eta Psicolanekin pertsonen lan-osasuna hobetzeko\",\"breadcrumb\":{\"@id\":\"https:\\\/\\\/www.lafundacion.com\\\/psicolan\\\/#breadcrumb\"},\"inLanguage\":\"eu-ES\",\"potentialAction\":[{\"@type\":\"ReadAction\",\"target\":[\"https:\\\/\\\/www.lafundacion.com\\\/psicolan\\\/\"]}]},{\"@type\":\"ImageObject\",\"inLanguage\":\"eu-ES\",\"@id\":\"https:\\\/\\\/www.lafundacion.com\\\/psicolan\\\/#primaryimage\",\"url\":\"https:\\\/\\\/www.lafundacion.com\\\/wp-content\\\/uploads\\\/2022\\\/11\\\/Javier-Berasategui-Testimonio-Nordic-klinika-programa-tu-salud-la-fundacion-salud-laboral.jpg\",\"contentUrl\":\"https:\\\/\\\/www.lafundacion.com\\\/wp-content\\\/uploads\\\/2022\\\/11\\\/Javier-Berasategui-Testimonio-Nordic-klinika-programa-tu-salud-la-fundacion-salud-laboral.jpg\",\"width\":750,\"height\":499},{\"@type\":\"BreadcrumbList\",\"@id\":\"https:\\\/\\\/www.lafundacion.com\\\/psicolan\\\/#breadcrumb\",\"itemListElement\":[{\"@type\":\"ListItem\",\"position\":1,\"name\":\"Portada\",\"item\":\"https:\\\/\\\/www.lafundacion.com\\\/eu\\\/hasiera\\\/\"},{\"@type\":\"ListItem\",\"position\":2,\"name\":\"Programa \u00abTu Salud-Zure Osasuna\u00bb pertsonen lan osasuna hobetzeko\"}]},{\"@type\":\"WebSite\",\"@id\":\"https:\\\/\\\/www.lafundacion.com\\\/#website\",\"url\":\"https:\\\/\\\/www.lafundacion.com\\\/\",\"name\":\"La Fundaci\u00f3n San Prudencio\",\"description\":\"La Fundaci\u00f3n Laboral San Prudencio en Vitoria-Gasteiz\",\"publisher\":{\"@id\":\"https:\\\/\\\/www.lafundacion.com\\\/#organization\"},\"potentialAction\":[{\"@type\":\"SearchAction\",\"target\":{\"@type\":\"EntryPoint\",\"urlTemplate\":\"https:\\\/\\\/www.lafundacion.com\\\/?s={search_term_string}\"},\"query-input\":{\"@type\":\"PropertyValueSpecification\",\"valueRequired\":true,\"valueName\":\"search_term_string\"}}],\"inLanguage\":\"eu-ES\"},{\"@type\":\"Organization\",\"@id\":\"https:\\\/\\\/www.lafundacion.com\\\/#organization\",\"name\":\"La Fundaci\u00f3n San Prudencio\",\"url\":\"https:\\\/\\\/www.lafundacion.com\\\/\",\"logo\":{\"@type\":\"ImageObject\",\"inLanguage\":\"eu-ES\",\"@id\":\"https:\\\/\\\/www.lafundacion.com\\\/#\\\/schema\\\/logo\\\/image\\\/\",\"url\":\"https:\\\/\\\/www.lafundacion.com\\\/wp-content\\\/uploads\\\/2020\\\/03\\\/logo-la-fundacion.png\",\"contentUrl\":\"https:\\\/\\\/www.lafundacion.com\\\/wp-content\\\/uploads\\\/2020\\\/03\\\/logo-la-fundacion.png\",\"width\":323,\"height\":129,\"caption\":\"La Fundaci\u00f3n San Prudencio\"},\"image\":{\"@id\":\"https:\\\/\\\/www.lafundacion.com\\\/#\\\/schema\\\/logo\\\/image\\\/\"}}]}<\/script>\r\n<!-- \/ Yoast SEO plugin. -->","yoast_head_json":{"title":"Programa \"Tu Salud-Zure Osasuna\" pertsonen lan osasuna hobetzeko &#187; La Fundaci\u00f3n San Prudencio","description":"La Fundacioneko \"Tu Salud-Zure Osasuna\" programa Nordic Klinika eta Psicolanekin pertsonen lan-osasuna hobetzeko","robots":{"index":"index","follow":"follow","max-snippet":"max-snippet:-1","max-image-preview":"max-image-preview:large","max-video-preview":"max-video-preview:-1"},"canonical":"https:\/\/www.lafundacion.com\/psicolan\/","og_locale":"eu_ES","og_type":"article","og_title":"Programa Tu Salud-Zure Osasuna La Fundaci\u00f3n San Prudencio","og_description":"Langileen osasun emoziolana eta muskuloesketikoa hobetzeko zerbitzua","og_url":"https:\/\/www.lafundacion.com\/psicolan\/","og_site_name":"La Fundaci\u00f3n San Prudencio","article_modified_time":"2025-12-15T11:51:14+00:00","og_image":[{"url":"https:\/\/www.lafundacion.com\/wp-content\/uploads\/2022\/11\/Nordic-Klinika-Tu-Salud-Zure-Osasuna-dolores-espalda-clinica-salud-laboral-vitoria-750x430.jpg","type":"","width":"","height":""}],"twitter_card":"summary_large_image","twitter_title":"Programa Tu Salud-Zure Osasuna La Fundaci\u00f3n San Prudencio","twitter_description":"Langileen osasun emoziolana eta muskuloesketikoa hobetzeko zerbitzua","twitter_image":"https:\/\/www.lafundacion.com\/wp-content\/uploads\/2022\/11\/Nordic-Klinika-Tu-Salud-Zure-Osasuna-dolores-espalda-clinica-salud-laboral-vitoria-750x430.jpg","twitter_misc":{"Est. reading time":"8 minutes"},"schema":{"@context":"https:\/\/schema.org","@graph":[{"@type":"WebPage","@id":"https:\/\/www.lafundacion.com\/psicolan\/","url":"https:\/\/www.lafundacion.com\/psicolan\/","name":"Programa \"Tu Salud-Zure Osasuna\" pertsonen lan osasuna hobetzeko &#187; La Fundaci\u00f3n San Prudencio","isPartOf":{"@id":"https:\/\/www.lafundacion.com\/#website"},"primaryImageOfPage":{"@id":"https:\/\/www.lafundacion.com\/psicolan\/#primaryimage"},"image":{"@id":"https:\/\/www.lafundacion.com\/psicolan\/#primaryimage"},"thumbnailUrl":"https:\/\/www.lafundacion.com\/wp-content\/uploads\/2022\/11\/Javier-Berasategui-Testimonio-Nordic-klinika-programa-tu-salud-la-fundacion-salud-laboral.jpg","datePublished":"2023-03-14T15:14:00+00:00","dateModified":"2025-12-15T11:51:14+00:00","description":"La Fundacioneko \"Tu Salud-Zure Osasuna\" programa Nordic Klinika eta Psicolanekin pertsonen lan-osasuna hobetzeko","breadcrumb":{"@id":"https:\/\/www.lafundacion.com\/psicolan\/#breadcrumb"},"inLanguage":"eu-ES","potentialAction":[{"@type":"ReadAction","target":["https:\/\/www.lafundacion.com\/psicolan\/"]}]},{"@type":"ImageObject","inLanguage":"eu-ES","@id":"https:\/\/www.lafundacion.com\/psicolan\/#primaryimage","url":"https:\/\/www.lafundacion.com\/wp-content\/uploads\/2022\/11\/Javier-Berasategui-Testimonio-Nordic-klinika-programa-tu-salud-la-fundacion-salud-laboral.jpg","contentUrl":"https:\/\/www.lafundacion.com\/wp-content\/uploads\/2022\/11\/Javier-Berasategui-Testimonio-Nordic-klinika-programa-tu-salud-la-fundacion-salud-laboral.jpg","width":750,"height":499},{"@type":"BreadcrumbList","@id":"https:\/\/www.lafundacion.com\/psicolan\/#breadcrumb","itemListElement":[{"@type":"ListItem","position":1,"name":"Portada","item":"https:\/\/www.lafundacion.com\/eu\/hasiera\/"},{"@type":"ListItem","position":2,"name":"Programa \u00abTu Salud-Zure Osasuna\u00bb pertsonen lan osasuna hobetzeko"}]},{"@type":"WebSite","@id":"https:\/\/www.lafundacion.com\/#website","url":"https:\/\/www.lafundacion.com\/","name":"La Fundaci\u00f3n San Prudencio","description":"La Fundaci\u00f3n Laboral San Prudencio en Vitoria-Gasteiz","publisher":{"@id":"https:\/\/www.lafundacion.com\/#organization"},"potentialAction":[{"@type":"SearchAction","target":{"@type":"EntryPoint","urlTemplate":"https:\/\/www.lafundacion.com\/?s={search_term_string}"},"query-input":{"@type":"PropertyValueSpecification","valueRequired":true,"valueName":"search_term_string"}}],"inLanguage":"eu-ES"},{"@type":"Organization","@id":"https:\/\/www.lafundacion.com\/#organization","name":"La Fundaci\u00f3n San Prudencio","url":"https:\/\/www.lafundacion.com\/","logo":{"@type":"ImageObject","inLanguage":"eu-ES","@id":"https:\/\/www.lafundacion.com\/#\/schema\/logo\/image\/","url":"https:\/\/www.lafundacion.com\/wp-content\/uploads\/2020\/03\/logo-la-fundacion.png","contentUrl":"https:\/\/www.lafundacion.com\/wp-content\/uploads\/2020\/03\/logo-la-fundacion.png","width":323,"height":129,"caption":"La Fundaci\u00f3n San Prudencio"},"image":{"@id":"https:\/\/www.lafundacion.com\/#\/schema\/logo\/image\/"}}]}},"_links":{"self":[{"href":"https:\/\/www.lafundacion.com\/eu\/wp-json\/wp\/v2\/pages\/51399","targetHints":{"allow":["GET"]}}],"collection":[{"href":"https:\/\/www.lafundacion.com\/eu\/wp-json\/wp\/v2\/pages"}],"about":[{"href":"https:\/\/www.lafundacion.com\/eu\/wp-json\/wp\/v2\/types\/page"}],"author":[{"embeddable":true,"href":"https:\/\/www.lafundacion.com\/eu\/wp-json\/wp\/v2\/users\/2"}],"replies":[{"embeddable":true,"href":"https:\/\/www.lafundacion.com\/eu\/wp-json\/wp\/v2\/comments?post=51399"}],"version-history":[{"count":6,"href":"https:\/\/www.lafundacion.com\/eu\/wp-json\/wp\/v2\/pages\/51399\/revisions"}],"predecessor-version":[{"id":195578,"href":"https:\/\/www.lafundacion.com\/eu\/wp-json\/wp\/v2\/pages\/51399\/revisions\/195578"}],"wp:featuredmedia":[{"embeddable":true,"href":"https:\/\/www.lafundacion.com\/eu\/wp-json\/wp\/v2\/media\/47481"}],"wp:attachment":[{"href":"https:\/\/www.lafundacion.com\/eu\/wp-json\/wp\/v2\/media?parent=51399"}],"curies":[{"name":"wp","href":"https:\/\/api.w.org\/{rel}","templated":true}]}}