{"id":338568,"date":"2026-04-07T12:20:50","date_gmt":"2026-04-07T10:20:50","guid":{"rendered":"https:\/\/www.lafundacion.com\/?page_id=338568"},"modified":"2026-04-27T17:59:03","modified_gmt":"2026-04-27T15:59:03","slug":"psikohezkuntza-osasun-emozionalari-buruzko-prestakuntza-emateko-zerbitzua","status":"publish","type":"page","link":"https:\/\/www.lafundacion.com\/eu\/pertsonak\/psikohezkuntza-osasun-emozionalari-buruzko-prestakuntza-emateko-zerbitzua\/","title":{"rendered":"Psikohezkuntza osasun emozionalari buruzko prestakuntza emateko zerbitzua"},"content":{"rendered":"<div id='full_slider_1'  class='avia-fullwidth-slider main_color avia-shadow   avia-builder-el-0  el_before_av_textblock  avia-builder-el-first   container_wrap fullsize'  >\n<style type=\"text\/css\" data-created_by=\"avia_inline_auto\" id=\"style-css-av-lf9wxvqo-46342657e34c673a23cdc7302c7eeca9\">\n#top #wrap_all .avia-slideshow .av-slideshow-caption.av-lf9wxvqo-46342657e34c673a23cdc7302c7eeca9__0 .avia-caption-title{\ncolor:#ffffff;\n}\n#top .avia-slideshow .av-slideshow-caption.av-lf9wxvqo-46342657e34c673a23cdc7302c7eeca9__0 .avia-caption-content{\ncolor:#139adb;\n}\n<\/style>\n<div  class='avia-slideshow av-lf9wxvqo-46342657e34c673a23cdc7302c7eeca9 avia-slideshow-featured av_slideshow_full avia-slide-slider av-slideshow-ui av-control-default av-slideshow-manual av-loop-once av-loop-manual-endless av-default-height-applied   avia-slideshow-1' data-slideshow-options=\"{&quot;animation&quot;:&quot;slide&quot;,&quot;autoplay&quot;:false,&quot;loop_autoplay&quot;:&quot;once&quot;,&quot;interval&quot;:5,&quot;loop_manual&quot;:&quot;manual-endless&quot;,&quot;autoplay_stopper&quot;:false,&quot;noNavigation&quot;:false,&quot;bg_slider&quot;:false,&quot;keep_padding&quot;:false,&quot;hoverpause&quot;:false,&quot;show_slide_delay&quot;:0}\"  itemprop=\"image\" itemscope=\"itemscope\" itemtype=\"https:\/\/schema.org\/ImageObject\" ><ul class='avia-slideshow-inner ' style='padding-bottom: 28.666666666667%;'><li  class='avia-slideshow-slide av-lf9wxvqo-46342657e34c673a23cdc7302c7eeca9__0  av-single-slide slide-1 slide-odd'><div data-rel='slideshow-1' class='avia-slide-wrap '   ><div class='av-slideshow-caption av-lf9wxvqo-46342657e34c673a23cdc7302c7eeca9__0 caption_fullwidth caption_bottom caption_bottom_framed caption_framed'><div class=\"container caption_container\"><div class=\"slideshow_caption\"><div class=\"slideshow_inner_caption\"><div class=\"slideshow_align_caption\"><h2 class='avia-caption-title '  itemprop=\"name\" >Psikohezkuntza, osasun emozionaleko hezkuntza<\/h2><\/div><\/div><\/div><\/div><\/div><img decoding=\"async\" fetchpriority=\"high\" class=\"wp-image-349928 avia-img-lazy-loading-not-349928\"  src=\"https:\/\/www.lafundacion.com\/wp-content\/uploads\/2026\/04\/Banner-psicoeducacion-educacion-problemas-salud-emocional-trabajadores-servicio-empresas-La-Fundacion.jpg\" width=\"1500\" height=\"430\" title='Banner-psicoeducacion-educacion-problemas-salud-emocional-trabajadores-servicio-empresas-La-Fundacion' alt=''  itemprop=\"thumbnailUrl\" srcset=\"https:\/\/www.lafundacion.com\/wp-content\/uploads\/2026\/04\/Banner-psicoeducacion-educacion-problemas-salud-emocional-trabajadores-servicio-empresas-La-Fundacion.jpg 1500w, https:\/\/www.lafundacion.com\/wp-content\/uploads\/2026\/04\/Banner-psicoeducacion-educacion-problemas-salud-emocional-trabajadores-servicio-empresas-La-Fundacion-300x86.jpg 300w, https:\/\/www.lafundacion.com\/wp-content\/uploads\/2026\/04\/Banner-psicoeducacion-educacion-problemas-salud-emocional-trabajadores-servicio-empresas-La-Fundacion-1030x295.jpg 1030w, https:\/\/www.lafundacion.com\/wp-content\/uploads\/2026\/04\/Banner-psicoeducacion-educacion-problemas-salud-emocional-trabajadores-servicio-empresas-La-Fundacion-768x220.jpg 768w, https:\/\/www.lafundacion.com\/wp-content\/uploads\/2026\/04\/Banner-psicoeducacion-educacion-problemas-salud-emocional-trabajadores-servicio-empresas-La-Fundacion-705x202.jpg 705w\" sizes=\"(max-width: 1500px) 100vw, 1500px\" \/><\/div><\/li><\/ul><\/div><\/div><div id='after_full_slider_1'  class='main_color av_default_container_wrap container_wrap fullsize'  ><div class='container av-section-cont-open' ><div class='template-page content  av-content-full alpha units'><div class='post-entry post-entry-type-page post-entry-338568'><div class='entry-content-wrapper clearfix'>\n<section  class='av_textblock_section av-lf9wmgjj-5ea10b2d785343b2dbe8ac5787f85d92 '   itemscope=\"itemscope\" itemtype=\"https:\/\/schema.org\/CreativeWork\" ><div class='avia_textblock'  itemprop=\"text\" ><h1>Psikohezkuntza &#8211; estresaren eta emozioen kudeaketari buruzko prestakuntza presentziala langileentzat<\/h1>\n<\/div><\/section>\n<div  class='flex_column av-1b72kui-d7704c930f125fecdb197464d1ecf8df av_two_fifth  avia-builder-el-2  el_after_av_textblock  el_before_av_three_fifth  first flex_column_div  column-top-margin'     ><style type=\"text\/css\" data-created_by=\"avia_inline_auto\" id=\"style-css-av-m7yiniy2-06082535b158d1b8f66a7cd087273fc9\">\n.avia-image-container.av-m7yiniy2-06082535b158d1b8f66a7cd087273fc9 img.avia_image{\nbox-shadow:none;\n}\n.avia-image-container.av-m7yiniy2-06082535b158d1b8f66a7cd087273fc9 .av-image-caption-overlay-center{\ncolor:#ffffff;\n}\n<\/style>\n<div  class='avia-image-container av-m7yiniy2-06082535b158d1b8f66a7cd087273fc9 av-styling- avia-align-center  avia-builder-el-3  avia-builder-el-no-sibling '   itemprop=\"image\" itemscope=\"itemscope\" itemtype=\"https:\/\/schema.org\/ImageObject\" ><div class=\"avia-image-container-inner\"><div class=\"avia-image-overlay-wrap\"><img decoding=\"async\" fetchpriority=\"high\" class='wp-image-374266 avia-img-lazy-loading-not-374266 avia_image ' src=\"https:\/\/www.lafundacion.com\/wp-content\/uploads\/2026\/04\/Imagen-Psicoeducacion-EUS.jpeg\" alt='' title='Imagen-Psicoeducaci\u00f3n-EUS'  height=\"254\" width=\"345\"  itemprop=\"thumbnailUrl\" srcset=\"https:\/\/www.lafundacion.com\/wp-content\/uploads\/2026\/04\/Imagen-Psicoeducacion-EUS.jpeg 345w, https:\/\/www.lafundacion.com\/wp-content\/uploads\/2026\/04\/Imagen-Psicoeducacion-EUS-300x221.jpeg 300w\" sizes=\"(max-width: 345px) 100vw, 345px\" \/><\/div><\/div><\/div><\/div>\n<div  class='flex_column av-rtj4i2-c8df5c565bf0a452dca3a9ab8f615e36 av_three_fifth  avia-builder-el-4  el_after_av_two_fifth  el_before_av_hr  flex_column_div  column-top-margin'     ><section  class='av_textblock_section av-lf9woach-41da127dace299ac4087f83f4d678d07 '   itemscope=\"itemscope\" itemtype=\"https:\/\/schema.org\/CreativeWork\" ><div class='avia_textblock'  itemprop=\"text\" ><h3>Zer da Psikohezkuntza?<\/h3>\n<p>Psikohezkuntza alderdi psikologikoak ulertzeko eta kudeatzeko ezagutzak eta tresnak ematen dituen prestakuntza-prozesu bat da. Enpresa-esparruan, taldeen ongizate emozionala hobetzen du eta lan-produktibitatea areagotzen du.<\/p>\n<\/div><\/section><br \/>\n<section  class='av_textblock_section av-m7ykn5by-bb445fc5c2c5555875f00b8b01ed8ce5 '   itemscope=\"itemscope\" itemtype=\"https:\/\/schema.org\/CreativeWork\" ><div class='avia_textblock'  itemprop=\"text\" ><h3>Ezagunak egiten zaizkizu egoera hauek zure enpresan?<\/h3>\n<ul>\n<li>Lan-estresak min egiten dio zure taldeari.<\/li>\n<li>Lan-giroa okerragotzen ari dela eta horrek enpresako funtsezko proiektuak moteltzen dituela sentitzen duzu.<\/li>\n<li>Absentismoa eta langileria-txandaketa handitzen ari dira.<\/li>\n<li>Zure plantillak bere osasun emozionala kudeatzeko tresnak behar ditu.<\/li>\n<\/ul>\n<\/div><\/section><\/p><\/div><div  class='hr av-1bvjht6-3f8c29e040f7423a3e995380fe3cb0d8 hr-default  avia-builder-el-7  el_after_av_three_fifth  el_before_av_textblock '><span class='hr-inner '><span class=\"hr-inner-style\"><\/span><\/span><\/div><\/p>\n<section  class='av_textblock_section av-mo8f76bm-10845bc5823c89f7a184738954664bee '   itemscope=\"itemscope\" itemtype=\"https:\/\/schema.org\/CreativeWork\" ><div class='avia_textblock'  itemprop=\"text\" ><h3>Zergatik da garrantzitsua zure enpresak psikohezkuntza izatea<\/h3>\n<ul>\n<li>Estresa eta emozioak kudeatzen ikastea funtsezkoa da osasun mentala zaintzeko eta antsietatea, depresioa edo nahasmendu psikosomatikoak bezalako arazo emozionalak prebenitzeko.<\/li>\n<li>Lan-ingurunean, etengabeko eskakizunek baliabide pertsonalak gainditu ditzakete, eta tentsio fisiko eta psikologikoa sortu. Hori behar bezala kudeatzen ez bada, ongizateari, errendimenduari eta pertsonen arteko harremanei eragiten die.<\/li>\n<li>Ebidentzia zientifikoak frogatu du erregulazio emozionalaren estrategietako psikoheziketak erresilientzia handiagoa garatzen, hautemandako estresa eta sintoma emozionalak gutxitzen, bizi-kalitatea hobetzen eta nahasmendu emozionalak garatzeko arriskua murrizten laguntzen duela.<\/li>\n<\/ul>\n<\/div><\/section>\n<div  class='flex_column av-5tnor19-494fd520bc08762c7555794017f2319f av_three_fifth  avia-builder-el-9  el_after_av_textblock  el_before_av_two_fifth  first flex_column_div  column-top-margin'     ><section  class='av_textblock_section av-mlkshvrd-14a15a762c3ca751c73335294d14c16e '   itemscope=\"itemscope\" itemtype=\"https:\/\/schema.org\/CreativeWork\" ><div class='avia_textblock'  itemprop=\"text\" ><h3>Osasun emozionaleko arazo horien irtenbidea<\/h3>\n<p>Gure Psikoheziketa-zerbitzuak prestakuntza espezializatua eta praktikoa eskaintzen du zure langileek beren osasun emozionala hobetu dezaten.<\/p>\n<p>Izaera teoriako-praktikoko aurrez aurreko prestakuntza da, PsicAP eredu transdiagnostikoan oinarritua.<\/p>\n<p>Erakustaldi laburrak ariketak aplikatuekin eta taldeko lanarekin konbinatzen dira ikaskuntza esperientziala eta ohitura berrien finkapena sustatzeko.<\/p>\n<p>Ez dira hitzaldi motivazionalak. Osasun psikologiako profesional batek emandako tailer praktikoak dira.<\/p>\n<h4>Estresa eta emozioak kudeatzeko Psikoheziketa-prestakuntza<\/h4>\n<p><strong>Atal teorikoa<\/strong><\/p>\n<ul>\n<li>Estresaren eta emozioen izaera eta funtzioa<\/li>\n<li>Sintoma emozionalak: ikaskuntza eta prozesu komunak<\/li>\n<li>Distortsio kognitiboak eta emozioekiko harremana<\/li>\n<\/ul>\n<p><strong>Atal praktikoa<\/strong><\/p>\n<ul>\n<li>Erregulazio emozionaleko teknikak<\/li>\n<li>Hiperaktibazioa fisiologikoaren kudeaketa<\/li>\n<li>Estrategia eraginkorrak saiheste eta desaktibazioa konduktualaren aurrean<\/li>\n<li>Ebidentzia handiena duten teknika kognitibo-konduktualak<\/li>\n<li>Norberaren zainketa-gidalerroak<\/li>\n<\/ul>\n<p><strong>Entrenamendua<\/strong><\/p>\n<ul>\n<li>Psikoheziketa-arloko plataforma online esklusibo baterako sarbidea, ohitura berriak garatu arte ikasitakoa praktikatu ahal izateko tresna praktikoekin.<\/li>\n<\/ul>\n<\/div><\/section><\/div>\n<div  class='flex_column av-19twsil-a1b4eaa10799adf04c053c2751fecf5a av_two_fifth  avia-builder-el-11  el_after_av_three_fifth  el_before_av_one_half  flex_column_div  column-top-margin'     ><p>\n<style type=\"text\/css\" data-created_by=\"avia_inline_auto\" id=\"style-css-av-54u140t-53e56c6272680367113ac1f191cc1ed5\">\n.avia-image-container.av-54u140t-53e56c6272680367113ac1f191cc1ed5 img.avia_image{\nbox-shadow:none;\n}\n.avia-image-container.av-54u140t-53e56c6272680367113ac1f191cc1ed5 .av-image-caption-overlay-center{\ncolor:#ffffff;\n}\n<\/style>\n<div  class='avia-image-container av-54u140t-53e56c6272680367113ac1f191cc1ed5 av-styling- avia-align-center  avia-builder-el-12  el_before_av_image  avia-builder-el-first '   itemprop=\"image\" itemscope=\"itemscope\" itemtype=\"https:\/\/schema.org\/ImageObject\" ><div class=\"avia-image-container-inner\"><div class=\"avia-image-overlay-wrap\"><img decoding=\"async\" fetchpriority=\"high\" class='wp-image-47485 avia-img-lazy-loading-not-47485 avia_image ' src=\"https:\/\/www.lafundacion.com\/wp-content\/uploads\/2022\/11\/PsicoLan-programa-Tu-Salud-salud-emocional-salud-laboral-la-fundacion.jpg\" alt='' title='PsicoLan-programa-Tu-Salud-salud-emocional-salud-laboral-la-fundacion'  height=\"533\" width=\"800\"  itemprop=\"thumbnailUrl\" srcset=\"https:\/\/www.lafundacion.com\/wp-content\/uploads\/2022\/11\/PsicoLan-programa-Tu-Salud-salud-emocional-salud-laboral-la-fundacion.jpg 800w, https:\/\/www.lafundacion.com\/wp-content\/uploads\/2022\/11\/PsicoLan-programa-Tu-Salud-salud-emocional-salud-laboral-la-fundacion-300x200.jpg 300w, https:\/\/www.lafundacion.com\/wp-content\/uploads\/2022\/11\/PsicoLan-programa-Tu-Salud-salud-emocional-salud-laboral-la-fundacion-768x512.jpg 768w, https:\/\/www.lafundacion.com\/wp-content\/uploads\/2022\/11\/PsicoLan-programa-Tu-Salud-salud-emocional-salud-laboral-la-fundacion-705x470.jpg 705w\" sizes=\"(max-width: 800px) 100vw, 800px\" \/><\/div><\/div><\/div><br \/>\n\n<style type=\"text\/css\" data-created_by=\"avia_inline_auto\" id=\"style-css-av-mlffregz-9e46553b19801922658aa8310dfaf31f\">\n.avia-image-container.av-mlffregz-9e46553b19801922658aa8310dfaf31f img.avia_image{\nbox-shadow:none;\n}\n.avia-image-container.av-mlffregz-9e46553b19801922658aa8310dfaf31f .av-image-caption-overlay-center{\ncolor:#ffffff;\n}\n<\/style>\n<div  class='avia-image-container av-mlffregz-9e46553b19801922658aa8310dfaf31f av-styling- avia-align-center  avia-builder-el-13  el_after_av_image  avia-builder-el-last '   itemprop=\"image\" itemscope=\"itemscope\" itemtype=\"https:\/\/schema.org\/ImageObject\" ><div class=\"avia-image-container-inner\"><div class=\"avia-image-overlay-wrap\"><img decoding=\"async\" fetchpriority=\"high\" class='wp-image-66458 avia-img-lazy-loading-not-66458 avia_image ' src=\"https:\/\/www.lafundacion.com\/wp-content\/uploads\/2024\/02\/Terapia-breve-PsicoLan-salud-emocional-mental-trabajadores.jpg\" alt='salud men' title='Terapia-breve-PsicoLan-salud-emocional-mental-trabajadores'  height=\"586\" width=\"581\"  itemprop=\"thumbnailUrl\" srcset=\"https:\/\/www.lafundacion.com\/wp-content\/uploads\/2024\/02\/Terapia-breve-PsicoLan-salud-emocional-mental-trabajadores.jpg 581w, https:\/\/www.lafundacion.com\/wp-content\/uploads\/2024\/02\/Terapia-breve-PsicoLan-salud-emocional-mental-trabajadores-297x300.jpg 297w, https:\/\/www.lafundacion.com\/wp-content\/uploads\/2024\/02\/Terapia-breve-PsicoLan-salud-emocional-mental-trabajadores-80x80.jpg 80w, https:\/\/www.lafundacion.com\/wp-content\/uploads\/2024\/02\/Terapia-breve-PsicoLan-salud-emocional-mental-trabajadores-36x36.jpg 36w\" sizes=\"(max-width: 581px) 100vw, 581px\" \/><\/div><\/div><\/div><\/p><\/div>\n<div  class='flex_column av-cbzm7ew-f16ededeb265e13faf47b3fb01b22445 av_one_half  avia-builder-el-14  el_after_av_two_fifth  el_before_av_one_half  first flex_column_div  '     ><p>\n<style type=\"text\/css\" data-created_by=\"avia_inline_auto\" id=\"style-css-av-mo8fqaze-305a7fe1da29376f16cb14d1d97d3006\">\n.avia-image-container.av-mo8fqaze-305a7fe1da29376f16cb14d1d97d3006 img.avia_image{\nbox-shadow:none;\n}\n.avia-image-container.av-mo8fqaze-305a7fe1da29376f16cb14d1d97d3006 .av-image-caption-overlay-center{\ncolor:#ffffff;\n}\n<\/style>\n<div  class='avia-image-container av-mo8fqaze-305a7fe1da29376f16cb14d1d97d3006 av-styling- avia-align-center  avia-builder-el-15  el_before_av_image  avia-builder-el-first '   itemprop=\"image\" itemscope=\"itemscope\" itemtype=\"https:\/\/schema.org\/ImageObject\" ><div class=\"avia-image-container-inner\"><div class=\"avia-image-overlay-wrap\"><img decoding=\"async\" fetchpriority=\"high\" class='wp-image-338652 avia-img-lazy-loading-not-338652 avia_image ' src=\"https:\/\/www.lafundacion.com\/wp-content\/uploads\/2026\/04\/Psicoeducacion-formacion-a-trabajadores-gestion-estres.jpg\" alt='' title='Psicoeducacion-formacion-a-trabajadores-gestion-estres'  height=\"629\" width=\"828\"  itemprop=\"thumbnailUrl\" srcset=\"https:\/\/www.lafundacion.com\/wp-content\/uploads\/2026\/04\/Psicoeducacion-formacion-a-trabajadores-gestion-estres.jpg 828w, https:\/\/www.lafundacion.com\/wp-content\/uploads\/2026\/04\/Psicoeducacion-formacion-a-trabajadores-gestion-estres-300x228.jpg 300w, https:\/\/www.lafundacion.com\/wp-content\/uploads\/2026\/04\/Psicoeducacion-formacion-a-trabajadores-gestion-estres-768x583.jpg 768w, https:\/\/www.lafundacion.com\/wp-content\/uploads\/2026\/04\/Psicoeducacion-formacion-a-trabajadores-gestion-estres-705x536.jpg 705w\" sizes=\"(max-width: 828px) 100vw, 828px\" \/><\/div><\/div><\/div><br \/>\n\n<style type=\"text\/css\" data-created_by=\"avia_inline_auto\" id=\"style-css-av-mo8fqqff-b70bf8ed44e918586a2e4b51b29fbff2\">\n.avia-image-container.av-mo8fqqff-b70bf8ed44e918586a2e4b51b29fbff2 img.avia_image{\nbox-shadow:none;\n}\n.avia-image-container.av-mo8fqqff-b70bf8ed44e918586a2e4b51b29fbff2 .av-image-caption-overlay-center{\ncolor:#ffffff;\n}\n<\/style>\n<div  class='avia-image-container av-mo8fqqff-b70bf8ed44e918586a2e4b51b29fbff2 av-styling- avia-align-center  avia-builder-el-16  el_after_av_image  avia-builder-el-last '   itemprop=\"image\" itemscope=\"itemscope\" itemtype=\"https:\/\/schema.org\/ImageObject\" ><div class=\"avia-image-container-inner\"><div class=\"avia-image-overlay-wrap\"><img decoding=\"async\" fetchpriority=\"high\" class='wp-image-349946 avia-img-lazy-loading-not-349946 avia_image ' src=\"https:\/\/www.lafundacion.com\/wp-content\/uploads\/2026\/04\/Formacion-psicoeducacion-educacion-problemas-salud-emocional-trabajadores-servicio-empresas-de-Alava-La-Fundacion.jpg\" alt='formaci\u00f3n psicoeducaci\u00f3n para empresas en \u00c1lava para mejorar Salud Emocional' title='Formacion-psicoeducacion-educacion-problemas-salud-emocional-trabajadores-servicio-empresas-de-Alava-La-Fundacion'  height=\"422\" width=\"750\"  itemprop=\"thumbnailUrl\" srcset=\"https:\/\/www.lafundacion.com\/wp-content\/uploads\/2026\/04\/Formacion-psicoeducacion-educacion-problemas-salud-emocional-trabajadores-servicio-empresas-de-Alava-La-Fundacion.jpg 750w, https:\/\/www.lafundacion.com\/wp-content\/uploads\/2026\/04\/Formacion-psicoeducacion-educacion-problemas-salud-emocional-trabajadores-servicio-empresas-de-Alava-La-Fundacion-300x169.jpg 300w, https:\/\/www.lafundacion.com\/wp-content\/uploads\/2026\/04\/Formacion-psicoeducacion-educacion-problemas-salud-emocional-trabajadores-servicio-empresas-de-Alava-La-Fundacion-705x397.jpg 705w\" sizes=\"(max-width: 750px) 100vw, 750px\" \/><\/div><\/div><\/div><\/p><\/div>\n<div  class='flex_column av-8ropcaw-a4f73d3efd8014a8667c7cbf2e3da112 av_one_half  avia-builder-el-17  el_after_av_one_half  el_before_av_section  avia-builder-el-last  flex_column_div  '     ><section  class='av_textblock_section av-mo8gjkc4-b13217216af2ced035f7333cb0057c07 '   itemscope=\"itemscope\" itemtype=\"https:\/\/schema.org\/CreativeWork\" ><div class='avia_textblock'  itemprop=\"text\" ><h3>Psikohezkuntza-ren onura zehatzak zure enpresarentzat<\/h3>\n<p><strong>Zure Emaitzen Kontuan Eragiten duten Emaitzak<\/strong><\/p>\n<div class=\"benefit-card\">\n<p><strong>Zure enpresarentzat:<\/strong><\/p>\n<ul>\n<li>Arrazoi emozionalen ondoriozko lan-absentismoaren murrizketa<\/li>\n<li>Arrisku psikosozialak prebentzioan laguntzea<\/li>\n<li>Txandaketa txikiagoa<\/li>\n<li>Lan-giroa eta taldeen arteko lankidetza hobetzea, eta ondorioz, langileen asebetetzea handitzea<\/li>\n<li>Ebidentzia zientifikoan oinarritutako prestakuntza<\/li>\n<\/ul>\n<\/div>\n<div class=\"benefit-card\">\n<p><strong>Zure langile-entzat:<\/strong><\/p>\n<ul>\n<li>Lehen egunetik erabil daitezkeen tresna praktiko eta aplikagarriak<\/li>\n<li>Egoera zailak kudeatzeko konfiantza handiagoa<\/li>\n<li>Enpresak beren ongizate emozionalean inbertitzen duela sentitzea eta ondorioz, enpresakiko inplikazio eta asebetetze handiagoa<\/li>\n<li>Bizitza pertsonalaren eta profesionalaren arteko oreka hobea<\/li>\n<\/ul>\n<\/div>\n<\/div><\/section><\/div>\n<\/div><\/div><\/div><!-- close content main div --><\/div><\/div>\n<style type=\"text\/css\" data-created_by=\"avia_inline_auto\" id=\"style-css-av-lf9x22ds-b21ac9285dfc30104cf28b4d3823e21d\">\n.avia-section.av-lf9x22ds-b21ac9285dfc30104cf28b4d3823e21d{\nbackground-color:#ededed;\nbackground-image:unset;\n}\n<\/style>\n<div id='av_section_1'  class='avia-section av-lf9x22ds-b21ac9285dfc30104cf28b4d3823e21d main_color avia-section-default avia-no-border-styling  avia-builder-el-19  el_after_av_one_half  el_before_av_hr  avia-bg-style-scroll container_wrap fullsize'  ><div class='container av-section-cont-open' ><div class='template-page content  av-content-full alpha units'><div class='post-entry post-entry-type-page post-entry-338568'><div class='entry-content-wrapper clearfix'>\n<div  class='flex_column av-18uvvwq-a9123145d8212049e26d7268d6887aff av_one_half  avia-builder-el-20  el_before_av_one_half  avia-builder-el-first  first flex_column_div  '     ><section  class='av_textblock_section av-kap1nt2t-7b7be4951a7425bbd4352f1bb73fe573 '   itemscope=\"itemscope\" itemtype=\"https:\/\/schema.org\/CreativeWork\" ><div class='avia_textblock'  itemprop=\"text\" ><h3>Psikohezkuntza-zerbitzua nola funtzionatzen duen<\/h3>\n<p><strong>Prozesu Sinplea, Iraunkorra den Eragina<\/strong><\/p>\n<div class=\"steps\">\n<div class=\"step\">\n<div class=\"step-num\"><strong>1. Hasierako diagnostikoa:<\/strong>\u00a0Zure enpresaren eta taldearen behar espezifikoak ulertzen ditugu<\/div>\n<\/div>\n<div class=\"step\">\n<div class=\"step-num\"><strong>2. Programa pertsonalizatua:<\/strong>\u00a0Zure sektoreari, zure enpresaren eta plantillaren errealitateari egokitutako moduluak diseinatzen ditugu<\/div>\n<\/div>\n<div class=\"step\">\n<div class=\"step-num\"><strong>3. Prestakuntza praktikoa:<\/strong>\u00a0Tailer interaktiboak aurrez aurreko formatuan<\/div>\n<\/div>\n<div class=\"step\">\n<div class=\"step-num\"><strong>4. Etengabeko laguntza:<\/strong>\u00a0Zure taldeak baliabideak eta laguntza du psikoheziketa-saioez harago, eta plataforma online baterako sarbidea du tresna horiek lortzeko<\/div>\n<\/div>\n<\/div>\n<\/div><\/section><\/div><div  class='flex_column av-8c664v1-e5c2302d50927aadce4764944a82ab7b av_one_half  avia-builder-el-22  el_after_av_one_half  el_before_av_hr  flex_column_div  '     ><style type=\"text\/css\" data-created_by=\"avia_inline_auto\" id=\"style-css-av-m7ykkdkj-6638fab6bca0ea47ba2f515dac741486\">\n.avia-image-container.av-m7ykkdkj-6638fab6bca0ea47ba2f515dac741486 img.avia_image{\nbox-shadow:none;\n}\n.avia-image-container.av-m7ykkdkj-6638fab6bca0ea47ba2f515dac741486 .av-image-caption-overlay-center{\ncolor:#ffffff;\n}\n<\/style>\n<div  class='avia-image-container av-m7ykkdkj-6638fab6bca0ea47ba2f515dac741486 av-styling- avia-align-center  avia-builder-el-23  avia-builder-el-no-sibling '   itemprop=\"image\" itemscope=\"itemscope\" itemtype=\"https:\/\/schema.org\/ImageObject\" ><div class=\"avia-image-container-inner\"><div class=\"avia-image-overlay-wrap\"><img decoding=\"async\" fetchpriority=\"high\" class='wp-image-349938 avia-img-lazy-loading-not-349938 avia_image ' src=\"https:\/\/www.lafundacion.com\/wp-content\/uploads\/2026\/04\/Formacion-gestion-estres-psicoeducacion-empresas-Alava-La-Fundacion-San-Prudencio-1.jpg\" alt='formaci\u00f3n psicoeducaci\u00f3n servicio a empresas Salud Laboral emocional' title='Formacion-gestion-estres-psicoeducacion-empresas-Alava-La-Fundacion-San-Prudencio'  height=\"427\" width=\"788\"  itemprop=\"thumbnailUrl\" srcset=\"https:\/\/www.lafundacion.com\/wp-content\/uploads\/2026\/04\/Formacion-gestion-estres-psicoeducacion-empresas-Alava-La-Fundacion-San-Prudencio-1.jpg 788w, https:\/\/www.lafundacion.com\/wp-content\/uploads\/2026\/04\/Formacion-gestion-estres-psicoeducacion-empresas-Alava-La-Fundacion-San-Prudencio-1-300x163.jpg 300w, https:\/\/www.lafundacion.com\/wp-content\/uploads\/2026\/04\/Formacion-gestion-estres-psicoeducacion-empresas-Alava-La-Fundacion-San-Prudencio-1-768x416.jpg 768w, https:\/\/www.lafundacion.com\/wp-content\/uploads\/2026\/04\/Formacion-gestion-estres-psicoeducacion-empresas-Alava-La-Fundacion-San-Prudencio-1-705x382.jpg 705w\" sizes=\"(max-width: 788px) 100vw, 788px\" \/><\/div><\/div><\/div><\/div>\n<style type=\"text\/css\" data-created_by=\"avia_inline_auto\" id=\"style-css-av-1mseoff-3a2a7007fcfca0822bb7d62a8a81deaf\">\n#top .hr.av-1mseoff-3a2a7007fcfca0822bb7d62a8a81deaf{\nmargin-top:20px;\nmargin-bottom:10px;\n}\n.hr.av-1mseoff-3a2a7007fcfca0822bb7d62a8a81deaf .hr-inner{\nwidth:100px;\nborder-color:#f2f3f5;\n}\n<\/style>\n<div  class='hr av-1mseoff-3a2a7007fcfca0822bb7d62a8a81deaf hr-custom  avia-builder-el-24  el_after_av_one_half  avia-builder-el-last  hr-center hr-icon-no'><span class='hr-inner inner-border-av-border-fat'><span class=\"hr-inner-style\"><\/span><\/span><\/div>\n<\/div><\/div><\/div><!-- close content main div --><\/div><\/div><div id='after_section_1'  class='main_color av_default_container_wrap container_wrap fullsize'  ><div class='container av-section-cont-open' ><div class='template-page content  av-content-full alpha units'><div class='post-entry post-entry-type-page post-entry-338568'><div class='entry-content-wrapper clearfix'>\n<div  class='hr av-5fin4t9-7f432d5cdcff5d22b234b5b0b5761bbb hr-default  avia-builder-el-25  el_after_av_section  el_before_av_textblock  avia-builder-el-first '><span class='hr-inner '><span class=\"hr-inner-style\"><\/span><\/span><\/div>\n<section  class='av_textblock_section av-mlff89ft-00d77733d4292722ca8cdd22fd5bca3a '   itemscope=\"itemscope\" itemtype=\"https:\/\/schema.org\/CreativeWork\" ><div class='avia_textblock'  itemprop=\"text\" ><h3 class=\"font-claude-response-body break-words whitespace-normal leading-[1.7]\">Inbertitu benetan axola duen horretan: zure jendea<\/h3>\n<p>Doako kontsulta bat prestatu eta psikohezkuntzak zure enpresa nola eralda dezakeen jakin.<\/p>\n<\/div><\/section>\n<section  class='av_textblock_section av-mo8hdfb1-c06f7cd7a9affeb931b06570272c004e '   itemscope=\"itemscope\" itemtype=\"https:\/\/schema.org\/CreativeWork\" ><div class='avia_textblock'  itemprop=\"text\" ><h3 class=\"font-claude-response-body break-words whitespace-normal leading-&#091;1.7&#093;\">\n<div class=\"wpcf7 no-js\" id=\"wpcf7-f349726-o1\" lang=\"eu-ES\" dir=\"ltr\" data-wpcf7-id=\"349726\">\n<div class=\"screen-reader-response\"><p role=\"status\" aria-live=\"polite\" aria-atomic=\"true\"><\/p> <ul><\/ul><\/div>\n<form action=\"\/eu\/wp-json\/wp\/v2\/pages\/338568#wpcf7-f349726-o1\" method=\"post\" class=\"wpcf7-form init wpcf7-acceptance-as-validation\" aria-label=\"Contact form\" novalidate=\"novalidate\" data-status=\"init\">\n<fieldset class=\"hidden-fields-container\"><input type=\"hidden\" name=\"_wpcf7\" value=\"349726\" \/><input type=\"hidden\" name=\"_wpcf7_version\" value=\"6.1.5\" \/><input type=\"hidden\" name=\"_wpcf7_locale\" value=\"eu_ES\" \/><input type=\"hidden\" name=\"_wpcf7_unit_tag\" value=\"wpcf7-f349726-o1\" \/><input type=\"hidden\" name=\"_wpcf7_container_post\" value=\"0\" \/><input type=\"hidden\" name=\"_wpcf7_posted_data_hash\" value=\"\" \/><input type=\"hidden\" name=\"_wpcf7_recaptcha_response\" value=\"\" \/>\n<\/fieldset>\n<p><label> Izen-abizenak <span class=\"asterisco\">(*)<\/span><br \/>\n<span class=\"wpcf7-form-control-wrap\" data-name=\"your-name\"><input size=\"40\" maxlength=\"400\" class=\"wpcf7-form-control wpcf7-text wpcf7-validates-as-required\" aria-required=\"true\" aria-invalid=\"false\" value=\"\" type=\"text\" name=\"your-name\" \/><\/span> <\/label>\n<\/p>\n<p><label> Enpresa <span class=\"asterisco\">(*)<\/span><br \/>\n<span class=\"wpcf7-form-control-wrap\" data-name=\"your-company\"><input size=\"40\" maxlength=\"400\" class=\"wpcf7-form-control wpcf7-text wpcf7-validates-as-required\" aria-required=\"true\" aria-invalid=\"false\" value=\"\" type=\"text\" name=\"your-company\" \/><\/span> <\/label>\n<\/p>\n<p><label> Kargua<br \/>\n<span class=\"wpcf7-form-control-wrap\" data-name=\"cargo\"><input size=\"40\" maxlength=\"400\" class=\"wpcf7-form-control wpcf7-text wpcf7-validates-as-required\" aria-required=\"true\" aria-invalid=\"false\" value=\"\" type=\"text\" name=\"cargo\" \/><\/span> <\/label>\n<\/p>\n<p><label> Sakelako telefono zenbakia<br \/>\n<span class=\"wpcf7-form-control-wrap\" data-name=\"tel-639\"><input size=\"40\" maxlength=\"400\" class=\"wpcf7-form-control wpcf7-tel wpcf7-text wpcf7-validates-as-tel\" aria-invalid=\"false\" value=\"\" type=\"tel\" name=\"tel-639\" \/><\/span> <\/label>\n<\/p>\n<p><label> Helbide elektronikoa <span class=\"asterisco\">(*)<\/span><br \/>\n<span class=\"wpcf7-form-control-wrap\" data-name=\"your-email\"><input size=\"40\" maxlength=\"400\" class=\"wpcf7-form-control wpcf7-email wpcf7-validates-as-required wpcf7-text wpcf7-validates-as-email\" aria-required=\"true\" aria-invalid=\"false\" value=\"\" type=\"email\" name=\"your-email\" \/><\/span> <\/label>\n<\/p>\n<p><label> Oharrak<br \/>\n<span class=\"wpcf7-form-control-wrap\" data-name=\"textarea-504\"><textarea cols=\"40\" rows=\"10\" maxlength=\"2000\" class=\"wpcf7-form-control wpcf7-textarea\" aria-invalid=\"false\" name=\"textarea-504\"><\/textarea><\/span> <\/label>\n<\/p>\n<p><label><span class=\"wpcf7-form-control-wrap\" data-name=\"acceptance-172\"><span class=\"wpcf7-form-control wpcf7-acceptance\"><span class=\"wpcf7-list-item\"><label><input type=\"checkbox\" name=\"acceptance-172\" value=\"1\" aria-invalid=\"false\" \/><span class=\"wpcf7-list-item-label\"><a href=\"https:\/\/www.lafundacion.com\/wp-content\/uploads\/2026\/02\/Politica-de-Privacidad-1.pdf\" target=\"_blank\">Pribatutasun politika irakurri dut eta onartzen dut <\/a><\/span><\/label><\/span><\/span><\/span><\/label>\n<\/p>\n<p><input class=\"wpcf7-form-control wpcf7-submit has-spinner\" type=\"submit\" value=\"Bidali\" \/>\n<\/p><div class=\"wpcf7-response-output\" aria-hidden=\"true\"><\/div>\n<\/form>\n<\/div>\n<\/h3>\n<\/div><\/section>\n<div  class='hr av-64u5rz1-7961c51a474586760b684eb075f3c284 hr-default  avia-builder-el-28  el_after_av_textblock  el_before_av_textblock '><span class='hr-inner '><span class=\"hr-inner-style\"><\/span><\/span><\/div>\n<section  class='av_textblock_section av-mo8hixnj-7856931ae8e48e7c2718f13f999f8eed '   itemscope=\"itemscope\" itemtype=\"https:\/\/schema.org\/CreativeWork\" ><div class='avia_textblock'  itemprop=\"text\" ><p class=\"font-claude-response-body break-words whitespace-normal leading-[1.7]\"><strong>Erlazionatutako informazioa<\/strong><\/p>\n<\/div><\/section>\n\n<style type=\"text\/css\" data-created_by=\"avia_inline_auto\" id=\"style-css-av-4v2dc7-9-503f09ccb68000e26fb48bbe25706092\">\n.flex_column.av-4v2dc7-9-503f09ccb68000e26fb48bbe25706092{\nborder-radius:0px 0px 0px 0px;\npadding:0px 0px 0px 0px;\n}\n<\/style>\n<div  class='flex_column av-4v2dc7-9-503f09ccb68000e26fb48bbe25706092 av_one_fourth  avia-builder-el-30  el_after_av_textblock  el_before_av_one_fourth  first flex_column_div av-zero-column-padding  column-top-margin'     ><p>\n<style type=\"text\/css\" data-created_by=\"avia_inline_auto\" id=\"style-css-av-2xw0k7-8-98ac280babb6694789ead8a4af33c38f\">\n.avia-image-container.av-2xw0k7-8-98ac280babb6694789ead8a4af33c38f img.avia_image{\nbox-shadow:none;\n}\n.avia-image-container.av-2xw0k7-8-98ac280babb6694789ead8a4af33c38f .av-image-caption-overlay-center{\ncolor:#ffffff;\n}\n<\/style>\n<div  class='avia-image-container av-2xw0k7-8-98ac280babb6694789ead8a4af33c38f av-styling- av-img-linked avia-align-center  avia-builder-el-31  el_before_av_heading  avia-builder-el-first '   itemprop=\"image\" itemscope=\"itemscope\" itemtype=\"https:\/\/schema.org\/ImageObject\" ><div class=\"avia-image-container-inner\"><div class=\"avia-image-overlay-wrap\"><a href=\"https:\/\/www.lafundacion.com\/eu\/programa-tu-salud-zure-osasuna\/\" class='avia_image '  aria-label='PsicoLan-programa-Tu-Salud-salud-emocional-salud-laboral-la-fundacion'><img decoding=\"async\" fetchpriority=\"high\" class='wp-image-47485 avia-img-lazy-loading-not-47485 avia_image ' src=\"https:\/\/www.lafundacion.com\/wp-content\/uploads\/2022\/11\/PsicoLan-programa-Tu-Salud-salud-emocional-salud-laboral-la-fundacion-300x200.jpg\" alt='' title='PsicoLan-programa-Tu-Salud-salud-emocional-salud-laboral-la-fundacion'  height=\"200\" width=\"300\"  itemprop=\"thumbnailUrl\" srcset=\"https:\/\/www.lafundacion.com\/wp-content\/uploads\/2022\/11\/PsicoLan-programa-Tu-Salud-salud-emocional-salud-laboral-la-fundacion-300x200.jpg 300w, https:\/\/www.lafundacion.com\/wp-content\/uploads\/2022\/11\/PsicoLan-programa-Tu-Salud-salud-emocional-salud-laboral-la-fundacion-768x512.jpg 768w, https:\/\/www.lafundacion.com\/wp-content\/uploads\/2022\/11\/PsicoLan-programa-Tu-Salud-salud-emocional-salud-laboral-la-fundacion-705x470.jpg 705w, https:\/\/www.lafundacion.com\/wp-content\/uploads\/2022\/11\/PsicoLan-programa-Tu-Salud-salud-emocional-salud-laboral-la-fundacion.jpg 800w\" sizes=\"(max-width: 300px) 100vw, 300px\" \/><\/a><\/div><\/div><\/div><br \/>\n\n<style type=\"text\/css\" data-created_by=\"avia_inline_auto\" id=\"style-css-av-2aeor1-12bd0aa72f3efd1e3ef28d5e84a36a1e\">\n#top .av-special-heading.av-2aeor1-12bd0aa72f3efd1e3ef28d5e84a36a1e{\npadding-bottom:10px;\n}\nbody .av-special-heading.av-2aeor1-12bd0aa72f3efd1e3ef28d5e84a36a1e .av-special-heading-tag .heading-char{\nfont-size:25px;\n}\n.av-special-heading.av-2aeor1-12bd0aa72f3efd1e3ef28d5e84a36a1e .av-subheading{\nfont-size:15px;\n}\n<\/style>\n<div  class='av-special-heading av-2aeor1-12bd0aa72f3efd1e3ef28d5e84a36a1e av-special-heading-h4 blockquote modern-quote  avia-builder-el-32  el_after_av_image  avia-builder-el-last  av-linked-heading'><h4 class='av-special-heading-tag '  itemprop=\"headline\"  ><a class=\"av-heading-link\" href=\"https:\/\/www.lafundacion.com\/psicolan\/\" >PsicoLan<\/a><\/h4><div class=\"special-heading-border\"><div class=\"special-heading-inner-border\"><\/div><\/div><\/div><\/p><\/div>\n\n<style type=\"text\/css\" data-created_by=\"avia_inline_auto\" id=\"style-css-av-11761nu-3c18767ceb2396f25381f827224b6cca\">\n.flex_column.av-11761nu-3c18767ceb2396f25381f827224b6cca{\nborder-radius:0px 0px 0px 0px;\npadding:0px 0px 0px 0px;\n}\n<\/style>\n<div  class='flex_column av-11761nu-3c18767ceb2396f25381f827224b6cca av_one_fourth  avia-builder-el-33  el_after_av_one_fourth  el_before_av_one_fourth  flex_column_div av-zero-column-padding  column-top-margin'     ><p>\n<style type=\"text\/css\" data-created_by=\"avia_inline_auto\" id=\"style-css-av-m7yiv9fz-387646e35deda9f6170a41e8c08b0e51\">\n.avia-image-container.av-m7yiv9fz-387646e35deda9f6170a41e8c08b0e51 img.avia_image{\nbox-shadow:none;\n}\n.avia-image-container.av-m7yiv9fz-387646e35deda9f6170a41e8c08b0e51 .av-image-caption-overlay-center{\ncolor:#ffffff;\n}\n<\/style>\n<div  class='avia-image-container av-m7yiv9fz-387646e35deda9f6170a41e8c08b0e51 av-styling- av-img-linked avia-align-center  avia-builder-el-34  el_before_av_heading  avia-builder-el-first '   itemprop=\"image\" itemscope=\"itemscope\" itemtype=\"https:\/\/schema.org\/ImageObject\" ><div class=\"avia-image-container-inner\"><div class=\"avia-image-overlay-wrap\"><a href=\"https:\/\/www.lafundacion.com\/eu\/enpresak\/absentismoa-murrizteko-irtenbideak\/\" class='avia_image '  aria-label='Nordic-Klinika-reducir-dolor-de-espalda-en-Vitoria'><img decoding=\"async\" fetchpriority=\"high\" class='wp-image-4049 avia-img-lazy-loading-not-4049 avia_image ' src=\"https:\/\/www.lafundacion.com\/wp-content\/uploads\/2020\/05\/Nordic-Klinika-reducir-dolor-de-espalda-en-Vitoria-300x200.jpg\" alt='Nordic Klinika el nuevo servicio de La Fundaci\u00f3n San Prudencio para el dolor de espalda' title='Nordic-Klinika-reducir-dolor-de-espalda-en-Vitoria'  height=\"200\" width=\"300\"  itemprop=\"thumbnailUrl\" srcset=\"https:\/\/www.lafundacion.com\/wp-content\/uploads\/2020\/05\/Nordic-Klinika-reducir-dolor-de-espalda-en-Vitoria-300x200.jpg 300w, https:\/\/www.lafundacion.com\/wp-content\/uploads\/2020\/05\/Nordic-Klinika-reducir-dolor-de-espalda-en-Vitoria-1030x687.jpg 1030w, https:\/\/www.lafundacion.com\/wp-content\/uploads\/2020\/05\/Nordic-Klinika-reducir-dolor-de-espalda-en-Vitoria-768x512.jpg 768w, https:\/\/www.lafundacion.com\/wp-content\/uploads\/2020\/05\/Nordic-Klinika-reducir-dolor-de-espalda-en-Vitoria-705x470.jpg 705w, https:\/\/www.lafundacion.com\/wp-content\/uploads\/2020\/05\/Nordic-Klinika-reducir-dolor-de-espalda-en-Vitoria.jpg 1200w\" sizes=\"(max-width: 300px) 100vw, 300px\" \/><\/a><\/div><\/div><\/div><br \/>\n\n<style type=\"text\/css\" data-created_by=\"avia_inline_auto\" id=\"style-css-av-n3m0ga-9c55d0e44cd69e451352598ed87c6eca\">\n#top .av-special-heading.av-n3m0ga-9c55d0e44cd69e451352598ed87c6eca{\npadding-bottom:10px;\n}\nbody .av-special-heading.av-n3m0ga-9c55d0e44cd69e451352598ed87c6eca .av-special-heading-tag .heading-char{\nfont-size:25px;\n}\n.av-special-heading.av-n3m0ga-9c55d0e44cd69e451352598ed87c6eca .av-subheading{\nfont-size:15px;\n}\n<\/style>\n<div  class='av-special-heading av-n3m0ga-9c55d0e44cd69e451352598ed87c6eca av-special-heading-h4 blockquote modern-quote  avia-builder-el-35  el_after_av_image  avia-builder-el-last  av-linked-heading'><h4 class='av-special-heading-tag '  itemprop=\"headline\"  ><a class=\"av-heading-link\" href=\"https:\/\/www.lafundacion.com\/empresas\/soluciones-absentismo-laboral\/\" >Nordic Klinika<\/a><\/h4><div class=\"special-heading-border\"><div class=\"special-heading-inner-border\"><\/div><\/div><\/div><\/p><\/div>\n\n<style type=\"text\/css\" data-created_by=\"avia_inline_auto\" id=\"style-css-av-4v2dc7-eec0ac1a782910ec842970222aa248bb\">\n.flex_column.av-4v2dc7-eec0ac1a782910ec842970222aa248bb{\nborder-radius:0px 0px 0px 0px;\npadding:0px 0px 0px 0px;\n}\n<\/style>\n<div  class='flex_column av-4v2dc7-eec0ac1a782910ec842970222aa248bb av_one_fourth  avia-builder-el-36  el_after_av_one_fourth  el_before_av_one_fourth  flex_column_div av-zero-column-padding  column-top-margin'     ><p>\n<style type=\"text\/css\" data-created_by=\"avia_inline_auto\" id=\"style-css-av-2xw0k7-262be6913b951853c9727cb34d58797a\">\n.avia-image-container.av-2xw0k7-262be6913b951853c9727cb34d58797a img.avia_image{\nbox-shadow:none;\n}\n.avia-image-container.av-2xw0k7-262be6913b951853c9727cb34d58797a .av-image-caption-overlay-center{\ncolor:#ffffff;\n}\n<\/style>\n<div  class='avia-image-container av-2xw0k7-262be6913b951853c9727cb34d58797a av-styling- av-img-linked avia-align-center  avia-builder-el-37  el_before_av_heading  avia-builder-el-first '   itemprop=\"image\" itemscope=\"itemscope\" itemtype=\"https:\/\/schema.org\/ImageObject\" ><div class=\"avia-image-container-inner\"><div class=\"avia-image-overlay-wrap\"><a href=\"https:\/\/www.lafundacion.com\/eu\/enpresak\/\" class='avia_image '  aria-label='Gestion-emocional-psicologia-servicio-empresas-salud-mental-empresas-SOS-EmozioLan'><img decoding=\"async\" fetchpriority=\"high\" class='wp-image-139436 avia-img-lazy-loading-not-139436 avia_image ' src=\"https:\/\/www.lafundacion.com\/wp-content\/uploads\/2025\/09\/Gestion-emocional-psicologia-servicio-empresas-salud-mental-empresas-SOS-EmozioLan.jpg\" alt='' title='Gestion-emocional-psicologia-servicio-empresas-salud-mental-empresas-SOS-EmozioLan'  height=\"469\" width=\"750\"  itemprop=\"thumbnailUrl\" srcset=\"https:\/\/www.lafundacion.com\/wp-content\/uploads\/2025\/09\/Gestion-emocional-psicologia-servicio-empresas-salud-mental-empresas-SOS-EmozioLan.jpg 750w, https:\/\/www.lafundacion.com\/wp-content\/uploads\/2025\/09\/Gestion-emocional-psicologia-servicio-empresas-salud-mental-empresas-SOS-EmozioLan-300x188.jpg 300w, https:\/\/www.lafundacion.com\/wp-content\/uploads\/2025\/09\/Gestion-emocional-psicologia-servicio-empresas-salud-mental-empresas-SOS-EmozioLan-705x441.jpg 705w\" sizes=\"(max-width: 750px) 100vw, 750px\" \/><\/a><\/div><\/div><\/div><br \/>\n\n<style type=\"text\/css\" data-created_by=\"avia_inline_auto\" id=\"style-css-av-kaz016ep-62739ebf86328ed176227d72a8cb5ef0\">\n#top .av-special-heading.av-kaz016ep-62739ebf86328ed176227d72a8cb5ef0{\npadding-bottom:10px;\n}\nbody .av-special-heading.av-kaz016ep-62739ebf86328ed176227d72a8cb5ef0 .av-special-heading-tag .heading-char{\nfont-size:25px;\n}\n.av-special-heading.av-kaz016ep-62739ebf86328ed176227d72a8cb5ef0 .av-subheading{\nfont-size:15px;\n}\n<\/style>\n<div  class='av-special-heading av-kaz016ep-62739ebf86328ed176227d72a8cb5ef0 av-special-heading-h4 blockquote modern-quote  avia-builder-el-38  el_after_av_image  avia-builder-el-last  av-linked-heading'><h4 class='av-special-heading-tag '  itemprop=\"headline\"  ><a class=\"av-heading-link\" href=\"https:\/\/www.lafundacion.com\/empresas\/sos-emoziolan-primeros-auxilios-emocionales-empresas\/\" >Loaren nahasmenduak tratatzeko Morfeo zerbitzua<\/a><\/h4><div class=\"special-heading-border\"><div class=\"special-heading-inner-border\"><\/div><\/div><\/div><\/p><\/div>\n\n<style type=\"text\/css\" data-created_by=\"avia_inline_auto\" id=\"style-css-av-4v2dc7-7-4d4634dff13eda51b26e1766953a5f36\">\n.flex_column.av-4v2dc7-7-4d4634dff13eda51b26e1766953a5f36{\nborder-radius:0px 0px 0px 0px;\npadding:0px 0px 0px 0px;\n}\n<\/style>\n<div  class='flex_column av-4v2dc7-7-4d4634dff13eda51b26e1766953a5f36 av_one_fourth  avia-builder-el-39  el_after_av_one_fourth  avia-builder-el-last  flex_column_div av-zero-column-padding  column-top-margin'     ><p>\n<style type=\"text\/css\" data-created_by=\"avia_inline_auto\" id=\"style-css-av-2xw0k7-6-b261b924bd21149a2953ffb30584e59d\">\n.avia-image-container.av-2xw0k7-6-b261b924bd21149a2953ffb30584e59d img.avia_image{\nbox-shadow:none;\n}\n.avia-image-container.av-2xw0k7-6-b261b924bd21149a2953ffb30584e59d .av-image-caption-overlay-center{\ncolor:#ffffff;\n}\n<\/style>\n<div  class='avia-image-container av-2xw0k7-6-b261b924bd21149a2953ffb30584e59d av-styling- av-img-linked avia-align-center  avia-builder-el-40  el_before_av_heading  avia-builder-el-first '   itemprop=\"image\" itemscope=\"itemscope\" itemtype=\"https:\/\/schema.org\/ImageObject\" ><div class=\"avia-image-container-inner\"><div class=\"avia-image-overlay-wrap\"><a href=\"https:\/\/www.lafundacion.com\/eu\/nor-gara\/\" class='avia_image '  aria-label='equipo-la-fundacion-2'><img decoding=\"async\" fetchpriority=\"high\" class='wp-image-7054 avia-img-lazy-loading-not-7054 avia_image ' src=\"https:\/\/www.lafundacion.com\/wp-content\/uploads\/2020\/06\/equipo-la-fundacion-2.jpg\" alt='Equipo de La Fundaci\u00f3n San Prudencio' title='equipo-la-fundacion-2'  height=\"533\" width=\"800\"  itemprop=\"thumbnailUrl\" srcset=\"https:\/\/www.lafundacion.com\/wp-content\/uploads\/2020\/06\/equipo-la-fundacion-2.jpg 800w, https:\/\/www.lafundacion.com\/wp-content\/uploads\/2020\/06\/equipo-la-fundacion-2-300x200.jpg 300w, https:\/\/www.lafundacion.com\/wp-content\/uploads\/2020\/06\/equipo-la-fundacion-2-768x512.jpg 768w, https:\/\/www.lafundacion.com\/wp-content\/uploads\/2020\/06\/equipo-la-fundacion-2-705x470.jpg 705w\" sizes=\"(max-width: 800px) 100vw, 800px\" \/><\/a><\/div><\/div><\/div><br \/>\n\n<style type=\"text\/css\" data-created_by=\"avia_inline_auto\" id=\"style-css-av-kaz14k1v-1e67efe91175d4a601dfa61e30c7f2ff\">\n#top .av-special-heading.av-kaz14k1v-1e67efe91175d4a601dfa61e30c7f2ff{\npadding-bottom:10px;\n}\nbody .av-special-heading.av-kaz14k1v-1e67efe91175d4a601dfa61e30c7f2ff .av-special-heading-tag .heading-char{\nfont-size:25px;\n}\n.av-special-heading.av-kaz14k1v-1e67efe91175d4a601dfa61e30c7f2ff .av-subheading{\nfont-size:15px;\n}\n<\/style>\n<div  class='av-special-heading av-kaz14k1v-1e67efe91175d4a601dfa61e30c7f2ff av-special-heading-h4 blockquote modern-quote  avia-builder-el-41  el_after_av_image  avia-builder-el-last  av-linked-heading'><h4 class='av-special-heading-tag '  itemprop=\"headline\"  ><a class=\"av-heading-link\" href=\"https:\/\/www.lafundacion.com\/quienes-somos\/\" >Nor gara?<\/a><\/h4><div class=\"special-heading-border\"><div class=\"special-heading-inner-border\"><\/div><\/div><\/div><\/p><\/div>\n","protected":false},"excerpt":{"rendered":"","protected":false},"author":2,"featured_media":374266,"parent":12195,"menu_order":0,"comment_status":"closed","ping_status":"closed","template":"","meta":{"_acf_changed":false,"footnotes":""},"class_list":["post-338568","page","type-page","status-publish","has-post-thumbnail","hentry"],"acf":[],"yoast_head":"<!-- This site is optimized with the Yoast SEO plugin v27.5 - https:\/\/yoast.com\/product\/yoast-seo-wordpress\/ -->\r\n<title>Psikohezkuntza osasun emozionalari buruzko prestakuntza emateko zerbitzua &#187; La Fundaci\u00f3n San Prudencio<\/title>\r\n<meta name=\"description\" content=\"Psikohezkuntza - estresaren eta emozioen kudeaketari buruzko prestakuntza presentziala langileentzat\" \/>\r\n<meta name=\"robots\" content=\"index, follow, max-snippet:-1, max-image-preview:large, max-video-preview:-1\" \/>\r\n<link rel=\"canonical\" href=\"https:\/\/www.lafundacion.com\/eu\/pertsonak\/psikohezkuntza-osasun-emozionalari-buruzko-prestakuntza-emateko-zerbitzua\/\" \/>\r\n<meta property=\"og:locale\" content=\"eu_ES\" \/>\r\n<meta property=\"og:type\" content=\"article\" \/>\r\n<meta property=\"og:title\" content=\"Psikohezkuntza osasun emozionalari buruzko prestakuntza emateko zerbitzua &#187; La Fundaci\u00f3n San Prudencio\" \/>\r\n<meta property=\"og:description\" content=\"Psikohezkuntza - estresaren eta emozioen kudeaketari buruzko prestakuntza presentziala langileentzat\" \/>\r\n<meta property=\"og:url\" content=\"https:\/\/www.lafundacion.com\/eu\/pertsonak\/psikohezkuntza-osasun-emozionalari-buruzko-prestakuntza-emateko-zerbitzua\/\" \/>\r\n<meta property=\"og:site_name\" content=\"La Fundaci\u00f3n San Prudencio\" \/>\r\n<meta property=\"article:modified_time\" content=\"2026-04-27T15:59:03+00:00\" \/>\r\n<meta property=\"og:image\" content=\"https:\/\/www.lafundacion.com\/wp-content\/uploads\/2026\/04\/Imagen-Psicoeducacion-EUS.jpeg\" \/>\r\n\t<meta property=\"og:image:width\" content=\"345\" \/>\r\n\t<meta property=\"og:image:height\" content=\"254\" \/>\r\n\t<meta property=\"og:image:type\" content=\"image\/jpeg\" \/>\r\n<meta name=\"twitter:card\" content=\"summary_large_image\" \/>\r\n<meta name=\"twitter:label1\" content=\"Est. reading time\" \/>\n\t<meta name=\"twitter:data1\" content=\"5 minutes\" \/>\r\n<script type=\"application\/ld+json\" class=\"yoast-schema-graph\">{\"@context\":\"https:\\\/\\\/schema.org\",\"@graph\":[{\"@type\":\"WebPage\",\"@id\":\"https:\\\/\\\/www.lafundacion.com\\\/eu\\\/pertsonak\\\/psikohezkuntza-osasun-emozionalari-buruzko-prestakuntza-emateko-zerbitzua\\\/\",\"url\":\"https:\\\/\\\/www.lafundacion.com\\\/eu\\\/pertsonak\\\/psikohezkuntza-osasun-emozionalari-buruzko-prestakuntza-emateko-zerbitzua\\\/\",\"name\":\"Psikohezkuntza osasun emozionalari buruzko prestakuntza emateko zerbitzua &#187; La Fundaci\u00f3n San Prudencio\",\"isPartOf\":{\"@id\":\"https:\\\/\\\/www.lafundacion.com\\\/#website\"},\"primaryImageOfPage\":{\"@id\":\"https:\\\/\\\/www.lafundacion.com\\\/eu\\\/pertsonak\\\/psikohezkuntza-osasun-emozionalari-buruzko-prestakuntza-emateko-zerbitzua\\\/#primaryimage\"},\"image\":{\"@id\":\"https:\\\/\\\/www.lafundacion.com\\\/eu\\\/pertsonak\\\/psikohezkuntza-osasun-emozionalari-buruzko-prestakuntza-emateko-zerbitzua\\\/#primaryimage\"},\"thumbnailUrl\":\"https:\\\/\\\/www.lafundacion.com\\\/wp-content\\\/uploads\\\/2026\\\/04\\\/Imagen-Psicoeducacion-EUS.jpeg\",\"datePublished\":\"2026-04-07T10:20:50+00:00\",\"dateModified\":\"2026-04-27T15:59:03+00:00\",\"description\":\"Psikohezkuntza - estresaren eta emozioen kudeaketari buruzko prestakuntza presentziala langileentzat\",\"breadcrumb\":{\"@id\":\"https:\\\/\\\/www.lafundacion.com\\\/eu\\\/pertsonak\\\/psikohezkuntza-osasun-emozionalari-buruzko-prestakuntza-emateko-zerbitzua\\\/#breadcrumb\"},\"inLanguage\":\"eu-ES\",\"potentialAction\":[{\"@type\":\"ReadAction\",\"target\":[\"https:\\\/\\\/www.lafundacion.com\\\/eu\\\/pertsonak\\\/psikohezkuntza-osasun-emozionalari-buruzko-prestakuntza-emateko-zerbitzua\\\/\"]}]},{\"@type\":\"ImageObject\",\"inLanguage\":\"eu-ES\",\"@id\":\"https:\\\/\\\/www.lafundacion.com\\\/eu\\\/pertsonak\\\/psikohezkuntza-osasun-emozionalari-buruzko-prestakuntza-emateko-zerbitzua\\\/#primaryimage\",\"url\":\"https:\\\/\\\/www.lafundacion.com\\\/wp-content\\\/uploads\\\/2026\\\/04\\\/Imagen-Psicoeducacion-EUS.jpeg\",\"contentUrl\":\"https:\\\/\\\/www.lafundacion.com\\\/wp-content\\\/uploads\\\/2026\\\/04\\\/Imagen-Psicoeducacion-EUS.jpeg\",\"width\":345,\"height\":254},{\"@type\":\"BreadcrumbList\",\"@id\":\"https:\\\/\\\/www.lafundacion.com\\\/eu\\\/pertsonak\\\/psikohezkuntza-osasun-emozionalari-buruzko-prestakuntza-emateko-zerbitzua\\\/#breadcrumb\",\"itemListElement\":[{\"@type\":\"ListItem\",\"position\":1,\"name\":\"Portada\",\"item\":\"https:\\\/\\\/www.lafundacion.com\\\/eu\\\/hasiera\\\/\"},{\"@type\":\"ListItem\",\"position\":2,\"name\":\"La Fundaci\u00f3n San Prudencioko titularrentzako zerbitzuak eta onurak\",\"item\":\"https:\\\/\\\/www.lafundacion.com\\\/eu\\\/pertsonak\\\/\"},{\"@type\":\"ListItem\",\"position\":3,\"name\":\"Psikohezkuntza osasun emozionalari buruzko prestakuntza emateko zerbitzua\"}]},{\"@type\":\"WebSite\",\"@id\":\"https:\\\/\\\/www.lafundacion.com\\\/#website\",\"url\":\"https:\\\/\\\/www.lafundacion.com\\\/\",\"name\":\"La Fundaci\u00f3n San Prudencio\",\"description\":\"La Fundaci\u00f3n Laboral San Prudencio en Vitoria-Gasteiz\",\"publisher\":{\"@id\":\"https:\\\/\\\/www.lafundacion.com\\\/#organization\"},\"potentialAction\":[{\"@type\":\"SearchAction\",\"target\":{\"@type\":\"EntryPoint\",\"urlTemplate\":\"https:\\\/\\\/www.lafundacion.com\\\/?s={search_term_string}\"},\"query-input\":{\"@type\":\"PropertyValueSpecification\",\"valueRequired\":true,\"valueName\":\"search_term_string\"}}],\"inLanguage\":\"eu-ES\"},{\"@type\":\"Organization\",\"@id\":\"https:\\\/\\\/www.lafundacion.com\\\/#organization\",\"name\":\"La Fundaci\u00f3n San Prudencio\",\"url\":\"https:\\\/\\\/www.lafundacion.com\\\/\",\"logo\":{\"@type\":\"ImageObject\",\"inLanguage\":\"eu-ES\",\"@id\":\"https:\\\/\\\/www.lafundacion.com\\\/#\\\/schema\\\/logo\\\/image\\\/\",\"url\":\"https:\\\/\\\/www.lafundacion.com\\\/wp-content\\\/uploads\\\/2020\\\/03\\\/logo-la-fundacion.png\",\"contentUrl\":\"https:\\\/\\\/www.lafundacion.com\\\/wp-content\\\/uploads\\\/2020\\\/03\\\/logo-la-fundacion.png\",\"width\":323,\"height\":129,\"caption\":\"La Fundaci\u00f3n San Prudencio\"},\"image\":{\"@id\":\"https:\\\/\\\/www.lafundacion.com\\\/#\\\/schema\\\/logo\\\/image\\\/\"}}]}<\/script>\r\n<!-- \/ Yoast SEO plugin. -->","yoast_head_json":{"title":"Psikohezkuntza osasun emozionalari buruzko prestakuntza emateko zerbitzua &#187; La Fundaci\u00f3n San Prudencio","description":"Psikohezkuntza - estresaren eta emozioen kudeaketari buruzko prestakuntza presentziala langileentzat","robots":{"index":"index","follow":"follow","max-snippet":"max-snippet:-1","max-image-preview":"max-image-preview:large","max-video-preview":"max-video-preview:-1"},"canonical":"https:\/\/www.lafundacion.com\/eu\/pertsonak\/psikohezkuntza-osasun-emozionalari-buruzko-prestakuntza-emateko-zerbitzua\/","og_locale":"eu_ES","og_type":"article","og_title":"Psikohezkuntza osasun emozionalari buruzko prestakuntza emateko zerbitzua &#187; La Fundaci\u00f3n San Prudencio","og_description":"Psikohezkuntza - estresaren eta emozioen kudeaketari buruzko prestakuntza presentziala langileentzat","og_url":"https:\/\/www.lafundacion.com\/eu\/pertsonak\/psikohezkuntza-osasun-emozionalari-buruzko-prestakuntza-emateko-zerbitzua\/","og_site_name":"La Fundaci\u00f3n San Prudencio","article_modified_time":"2026-04-27T15:59:03+00:00","og_image":[{"width":345,"height":254,"url":"https:\/\/www.lafundacion.com\/wp-content\/uploads\/2026\/04\/Imagen-Psicoeducacion-EUS.jpeg","type":"image\/jpeg"}],"twitter_card":"summary_large_image","twitter_misc":{"Est. reading time":"5 minutes"},"schema":{"@context":"https:\/\/schema.org","@graph":[{"@type":"WebPage","@id":"https:\/\/www.lafundacion.com\/eu\/pertsonak\/psikohezkuntza-osasun-emozionalari-buruzko-prestakuntza-emateko-zerbitzua\/","url":"https:\/\/www.lafundacion.com\/eu\/pertsonak\/psikohezkuntza-osasun-emozionalari-buruzko-prestakuntza-emateko-zerbitzua\/","name":"Psikohezkuntza osasun emozionalari buruzko prestakuntza emateko zerbitzua &#187; La Fundaci\u00f3n San Prudencio","isPartOf":{"@id":"https:\/\/www.lafundacion.com\/#website"},"primaryImageOfPage":{"@id":"https:\/\/www.lafundacion.com\/eu\/pertsonak\/psikohezkuntza-osasun-emozionalari-buruzko-prestakuntza-emateko-zerbitzua\/#primaryimage"},"image":{"@id":"https:\/\/www.lafundacion.com\/eu\/pertsonak\/psikohezkuntza-osasun-emozionalari-buruzko-prestakuntza-emateko-zerbitzua\/#primaryimage"},"thumbnailUrl":"https:\/\/www.lafundacion.com\/wp-content\/uploads\/2026\/04\/Imagen-Psicoeducacion-EUS.jpeg","datePublished":"2026-04-07T10:20:50+00:00","dateModified":"2026-04-27T15:59:03+00:00","description":"Psikohezkuntza - estresaren eta emozioen kudeaketari buruzko prestakuntza presentziala langileentzat","breadcrumb":{"@id":"https:\/\/www.lafundacion.com\/eu\/pertsonak\/psikohezkuntza-osasun-emozionalari-buruzko-prestakuntza-emateko-zerbitzua\/#breadcrumb"},"inLanguage":"eu-ES","potentialAction":[{"@type":"ReadAction","target":["https:\/\/www.lafundacion.com\/eu\/pertsonak\/psikohezkuntza-osasun-emozionalari-buruzko-prestakuntza-emateko-zerbitzua\/"]}]},{"@type":"ImageObject","inLanguage":"eu-ES","@id":"https:\/\/www.lafundacion.com\/eu\/pertsonak\/psikohezkuntza-osasun-emozionalari-buruzko-prestakuntza-emateko-zerbitzua\/#primaryimage","url":"https:\/\/www.lafundacion.com\/wp-content\/uploads\/2026\/04\/Imagen-Psicoeducacion-EUS.jpeg","contentUrl":"https:\/\/www.lafundacion.com\/wp-content\/uploads\/2026\/04\/Imagen-Psicoeducacion-EUS.jpeg","width":345,"height":254},{"@type":"BreadcrumbList","@id":"https:\/\/www.lafundacion.com\/eu\/pertsonak\/psikohezkuntza-osasun-emozionalari-buruzko-prestakuntza-emateko-zerbitzua\/#breadcrumb","itemListElement":[{"@type":"ListItem","position":1,"name":"Portada","item":"https:\/\/www.lafundacion.com\/eu\/hasiera\/"},{"@type":"ListItem","position":2,"name":"La Fundaci\u00f3n San Prudencioko titularrentzako zerbitzuak eta onurak","item":"https:\/\/www.lafundacion.com\/eu\/pertsonak\/"},{"@type":"ListItem","position":3,"name":"Psikohezkuntza osasun emozionalari buruzko prestakuntza emateko zerbitzua"}]},{"@type":"WebSite","@id":"https:\/\/www.lafundacion.com\/#website","url":"https:\/\/www.lafundacion.com\/","name":"La Fundaci\u00f3n San Prudencio","description":"La Fundaci\u00f3n Laboral San Prudencio en Vitoria-Gasteiz","publisher":{"@id":"https:\/\/www.lafundacion.com\/#organization"},"potentialAction":[{"@type":"SearchAction","target":{"@type":"EntryPoint","urlTemplate":"https:\/\/www.lafundacion.com\/?s={search_term_string}"},"query-input":{"@type":"PropertyValueSpecification","valueRequired":true,"valueName":"search_term_string"}}],"inLanguage":"eu-ES"},{"@type":"Organization","@id":"https:\/\/www.lafundacion.com\/#organization","name":"La Fundaci\u00f3n San Prudencio","url":"https:\/\/www.lafundacion.com\/","logo":{"@type":"ImageObject","inLanguage":"eu-ES","@id":"https:\/\/www.lafundacion.com\/#\/schema\/logo\/image\/","url":"https:\/\/www.lafundacion.com\/wp-content\/uploads\/2020\/03\/logo-la-fundacion.png","contentUrl":"https:\/\/www.lafundacion.com\/wp-content\/uploads\/2020\/03\/logo-la-fundacion.png","width":323,"height":129,"caption":"La Fundaci\u00f3n San Prudencio"},"image":{"@id":"https:\/\/www.lafundacion.com\/#\/schema\/logo\/image\/"}}]}},"_links":{"self":[{"href":"https:\/\/www.lafundacion.com\/eu\/wp-json\/wp\/v2\/pages\/338568","targetHints":{"allow":["GET"]}}],"collection":[{"href":"https:\/\/www.lafundacion.com\/eu\/wp-json\/wp\/v2\/pages"}],"about":[{"href":"https:\/\/www.lafundacion.com\/eu\/wp-json\/wp\/v2\/types\/page"}],"author":[{"embeddable":true,"href":"https:\/\/www.lafundacion.com\/eu\/wp-json\/wp\/v2\/users\/2"}],"replies":[{"embeddable":true,"href":"https:\/\/www.lafundacion.com\/eu\/wp-json\/wp\/v2\/comments?post=338568"}],"version-history":[{"count":42,"href":"https:\/\/www.lafundacion.com\/eu\/wp-json\/wp\/v2\/pages\/338568\/revisions"}],"predecessor-version":[{"id":385162,"href":"https:\/\/www.lafundacion.com\/eu\/wp-json\/wp\/v2\/pages\/338568\/revisions\/385162"}],"up":[{"embeddable":true,"href":"https:\/\/www.lafundacion.com\/eu\/wp-json\/wp\/v2\/pages\/12195"}],"wp:featuredmedia":[{"embeddable":true,"href":"https:\/\/www.lafundacion.com\/eu\/wp-json\/wp\/v2\/media\/374266"}],"wp:attachment":[{"href":"https:\/\/www.lafundacion.com\/eu\/wp-json\/wp\/v2\/media?parent=338568"}],"curies":[{"name":"wp","href":"https:\/\/api.w.org\/{rel}","templated":true}]}}