{"id":13634,"date":"2021-01-04T12:56:17","date_gmt":"2021-01-04T11:56:17","guid":{"rendered":"https:\/\/www.lafundacion.com\/?page_id=13634"},"modified":"2021-01-27T11:14:22","modified_gmt":"2021-01-27T10:14:22","slug":"arabako-enpresetan-prestakuntza-hobetzeko-hobari-zerbitzua","status":"publish","type":"page","link":"https:\/\/www.lafundacion.com\/eu\/enpresak\/arabako-enpresetan-prestakuntza-hobetzeko-hobari-zerbitzua\/","title":{"rendered":"Arabako enpresetan prestakuntza hobetzeko hobari zerbitzua"},"content":{"rendered":"\n<style type=\"text\/css\" data-created_by=\"avia_inline_auto\" id=\"style-css-av-kap1do4i-1b4d0c789f02610333212a5c5d93c020\">\n.avia-section.av-kap1do4i-1b4d0c789f02610333212a5c5d93c020{\nbackground-repeat:no-repeat;\nbackground-image:url(https:\/\/www.lafundacion.com\/wp-content\/uploads\/2021\/01\/Banner-Gestion-de-la-bonificacion_eu2-1.jpg);\nbackground-position:50% 100%;\nbackground-attachment:scroll;\n}\n.avia-section.av-kap1do4i-1b4d0c789f02610333212a5c5d93c020 .av-section-color-overlay{\nopacity:0.6;\nbackground-color:#d9ddde;\n}\n<\/style>\n<div id='av_section_1'  class='avia-section av-kap1do4i-1b4d0c789f02610333212a5c5d93c020 main_color avia-section-default avia-no-border-styling  avia-builder-el-0  el_before_av_two_fifth  avia-builder-el-first  avia-full-stretch avia-bg-style-scroll av-section-color-overlay-active av-minimum-height av-minimum-height-25 av-height-25  container_wrap fullsize'  data-section-bg-repeat='stretch' data-av_minimum_height_pc='25' data-av_min_height_opt='25'><div class=\"av-section-color-overlay-wrap\"><div class=\"av-section-color-overlay\"><\/div><div class='container av-section-cont-open' ><main  role=\"main\" itemprop=\"mainContentOfPage\"  class='template-page content  av-content-full alpha units'><div class='post-entry post-entry-type-page post-entry-13634'><div class='entry-content-wrapper clearfix'>\n\n<style type=\"text\/css\" data-created_by=\"avia_inline_auto\" id=\"style-css-av-kjii07s5-e7af44059f47addbe6b3cfa4a991be1a\">\n#top .av-special-heading.av-kjii07s5-e7af44059f47addbe6b3cfa4a991be1a{\npadding-bottom:0;\n}\nbody .av-special-heading.av-kjii07s5-e7af44059f47addbe6b3cfa4a991be1a .av-special-heading-tag .heading-char{\nfont-size:25px;\n}\n.av-special-heading.av-kjii07s5-e7af44059f47addbe6b3cfa4a991be1a .av-subheading{\nfont-size:15px;\n}\n<\/style>\n<div  class='av-special-heading av-kjii07s5-e7af44059f47addbe6b3cfa4a991be1a av-special-heading-h1 blockquote modern-quote modern-centered  avia-builder-el-1  avia-builder-el-no-sibling '><h1 class='av-special-heading-tag '  itemprop=\"headline\"  >Arabako eta beste probintzia batzuetako enpresentzako prestakuntza-hobarien kudeaketa<\/h1><div class=\"special-heading-border\"><div class=\"special-heading-inner-border\"><\/div><\/div><\/div>\n<\/div><\/div><\/main><!-- close content main element --><\/div><\/div><\/div><div id='after_section_1'  class='main_color av_default_container_wrap container_wrap fullsize'  ><div class='container av-section-cont-open' ><div class='template-page content  av-content-full alpha units'><div class='post-entry post-entry-type-page post-entry-13634'><div class='entry-content-wrapper clearfix'>\n<div class='flex_column_table av-1hpt4k9-0c1ee6ecd174e6752177a8c84ac7f8d1 sc-av_two_fifth av-equal-height-column-flextable'>\n<style type=\"text\/css\" data-created_by=\"avia_inline_auto\" id=\"style-css-av-1hpt4k9-0c1ee6ecd174e6752177a8c84ac7f8d1\">\n.flex_column.av-1hpt4k9-0c1ee6ecd174e6752177a8c84ac7f8d1{\nborder-radius:0px 0px 0px 0px;\npadding:0px 0px 0px 0px;\n}\n<\/style>\n<div  class='flex_column av-1hpt4k9-0c1ee6ecd174e6752177a8c84ac7f8d1 av_two_fifth  avia-builder-el-2  el_after_av_section  el_before_av_one_half  avia-builder-el-first  first flex_column_table_cell av-equal-height-column av-align-middle av-zero-column-padding  '     ><style type=\"text\/css\" data-created_by=\"avia_inline_auto\" id=\"style-css-av-kap38s2e-828ab16d183548a120ad984cf7ac04d9\">\n.avia-image-container.av-kap38s2e-828ab16d183548a120ad984cf7ac04d9 img.avia_image{\nbox-shadow:none;\n}\n.avia-image-container.av-kap38s2e-828ab16d183548a120ad984cf7ac04d9 .av-image-caption-overlay-center{\ncolor:#ffffff;\n}\n<\/style>\n<div  class='avia-image-container av-kap38s2e-828ab16d183548a120ad984cf7ac04d9 av-styling- avia-align-center  avia-builder-el-3  avia-builder-el-no-sibling '   itemprop=\"image\" itemscope=\"itemscope\" itemtype=\"https:\/\/schema.org\/ImageObject\" ><div class=\"avia-image-container-inner\"><div class=\"avia-image-overlay-wrap\"><img decoding=\"async\" fetchpriority=\"high\" class='wp-image-10487 avia-img-lazy-loading-not-10487 avia_image ' src=\"https:\/\/www.lafundacion.com\/wp-content\/uploads\/2020\/09\/notebook-2386034_peq.jpg\" alt='curso personal de oficinas' title='notebook-2386034_peq'  height=\"300\" width=\"450\"  itemprop=\"thumbnailUrl\" srcset=\"https:\/\/www.lafundacion.com\/wp-content\/uploads\/2020\/09\/notebook-2386034_peq.jpg 450w, https:\/\/www.lafundacion.com\/wp-content\/uploads\/2020\/09\/notebook-2386034_peq-300x200.jpg 300w\" sizes=\"(max-width: 450px) 100vw, 450px\" \/><\/div><\/div><\/div><\/div>\n<div class='av-flex-placeholder'><\/div>\n<style type=\"text\/css\" data-created_by=\"avia_inline_auto\" id=\"style-css-av-1foklft-a0e3fb0d426329902465a396d60de433\">\n.flex_column.av-1foklft-a0e3fb0d426329902465a396d60de433{\nborder-radius:0px 0px 0px 0px;\npadding:0px 0px 0px 0px;\n}\n<\/style>\n<div  class='flex_column av-1foklft-a0e3fb0d426329902465a396d60de433 av_one_half  avia-builder-el-4  el_after_av_two_fifth  el_before_av_one_full  flex_column_table_cell av-equal-height-column av-align-middle av-zero-column-padding  '     ><p>\n<style type=\"text\/css\" data-created_by=\"avia_inline_auto\" id=\"style-css-av-kjo6tbzg-27f139d7dc8670411fc75193664b734b\">\n#top .av-special-heading.av-kjo6tbzg-27f139d7dc8670411fc75193664b734b{\npadding-bottom:10px;\n}\nbody .av-special-heading.av-kjo6tbzg-27f139d7dc8670411fc75193664b734b .av-special-heading-tag .heading-char{\nfont-size:25px;\n}\n.av-special-heading.av-kjo6tbzg-27f139d7dc8670411fc75193664b734b .av-subheading{\nfont-size:15px;\n}\n<\/style>\n<div  class='av-special-heading av-kjo6tbzg-27f139d7dc8670411fc75193664b734b av-special-heading-h2 blockquote modern-quote  avia-builder-el-5  el_before_av_textblock  avia-builder-el-first '><h2 class='av-special-heading-tag '  itemprop=\"headline\"  >Enpresen prestakuntza-ekintzen hobaria kudeatzen dugu<\/h2><div class=\"special-heading-border\"><div class=\"special-heading-inner-border\"><\/div><\/div><\/div><br \/>\n<section  class='av_textblock_section av-kaqihl5u-5666cc5f8d8fddd3ab5126f4a3efa378 '   itemscope=\"itemscope\" itemtype=\"https:\/\/schema.org\/CreativeWork\" ><div class='avia_textblock'  itemprop=\"text\" ><p>La Fundaci\u00f3n San Prudencio-k, SAN PRUDENCIO ADVIDE-en bitartez, (SANPRA) lan laguntza formaziorako sistema kudeatzen dugu eta enpresei aukera ematen die ikastaroetan egindako inbertsioa berreskuratzeko, Gizarte Segurantzari egindako ordainketen hobarien bidez.<\/p>\n<p>Enpresek ekarpenak egiten dizkiote Gizarte Segurantzari prestakuntzaren arloan. Askok ez dakite diru hori berreskura daitekeenik, eta, azkenean, kreditua galtzen dute, prozesuak sortzen dizkien zalantza eta ezjakintasunagatik.<\/p>\n<p>Gure aholkularitzari esker, enpresek egiten duten prestakuntzaren hobaria jaso dezakete, lan gogaikarri eta garesti horretaz arduratu beharrik gabe.<\/p>\n<\/div><\/section><\/p><\/div><\/div><!--close column table wrapper. Autoclose: 1 -->\n\n<style type=\"text\/css\" data-created_by=\"avia_inline_auto\" id=\"style-css-av-19ls0c9-fbf2e8b9ec1a2e1059da2feb2d372bd3\">\n.flex_column.av-19ls0c9-fbf2e8b9ec1a2e1059da2feb2d372bd3{\nborder-radius:0px 0px 0px 0px;\npadding:0px 0px 0px 0px;\n}\n<\/style>\n<div  class='flex_column av-19ls0c9-fbf2e8b9ec1a2e1059da2feb2d372bd3 av_one_full  avia-builder-el-7  el_after_av_one_half  el_before_av_section  avia-builder-el-last  first flex_column_div av-zero-column-padding  column-top-margin'     ><p>\n<style type=\"text\/css\" data-created_by=\"avia_inline_auto\" id=\"style-css-av-1xc69dt-5db80c0bf426554798032f09208afa09\">\n#top .av-special-heading.av-1xc69dt-5db80c0bf426554798032f09208afa09{\npadding-bottom:40px;\n}\nbody .av-special-heading.av-1xc69dt-5db80c0bf426554798032f09208afa09 .av-special-heading-tag .heading-char{\nfont-size:25px;\n}\n.av-special-heading.av-1xc69dt-5db80c0bf426554798032f09208afa09 .av-subheading{\nfont-size:15px;\n}\n<\/style>\n<div  class='av-special-heading av-1xc69dt-5db80c0bf426554798032f09208afa09 av-special-heading-h2 blockquote modern-quote  avia-builder-el-8  el_before_av_textblock  avia-builder-el-first '><h2 class='av-special-heading-tag '  itemprop=\"headline\"  >Prestakuntzaren hobari-zerbitzua gurekin kontratatzearen abantailak<\/h2><div class=\"special-heading-border\"><div class=\"special-heading-inner-border\"><\/div><\/div><\/div><br \/>\n<section  class='av_textblock_section av-kap1nt2t-681ded43b4e7a5015ba5d9cd94668d4d '   itemscope=\"itemscope\" itemtype=\"https:\/\/schema.org\/CreativeWork\" ><div class='avia_textblock'  itemprop=\"text\" ><ul>\n<li>Tramite horietan esperientzia duten <strong>aholkulariak<\/strong>.<\/li>\n<li>Kudeaketa egiteko aplikatu beharreko <strong>baldintzak<\/strong> etengabe eguneratu.<\/li>\n<li>Prozesu osoaren jarraipena, azken hobaria lortu arte.<\/li>\n<li><strong>Kudeaketa-denborak murriztea<\/strong>.<\/li>\n<li>Prestakuntzan egindako <strong>inbertsioaren zati bat berreskuratu<\/strong>.<\/li>\n<\/ul>\n<\/div><\/section><\/p><\/div>\n<\/div><\/div><\/div><!-- close content main div --><\/div><\/div>\n<style type=\"text\/css\" data-created_by=\"avia_inline_auto\" id=\"style-css-av-kap35hvz-b4673112f8317bf70a87cda1a7aa5fda\">\n.avia-section.av-kap35hvz-b4673112f8317bf70a87cda1a7aa5fda{\nbackground-color:#f2f3f5;\nbackground-image:unset;\n}\n<\/style>\n<div id='av_section_2'  class='avia-section av-kap35hvz-b4673112f8317bf70a87cda1a7aa5fda main_color avia-section-default avia-no-border-styling  avia-builder-el-10  el_after_av_one_full  el_before_av_one_half  avia-bg-style-scroll container_wrap fullsize'  ><div class='container av-section-cont-open' ><div class='template-page content  av-content-full alpha units'><div class='post-entry post-entry-type-page post-entry-13634'><div class='entry-content-wrapper clearfix'>\n\n<style type=\"text\/css\" data-created_by=\"avia_inline_auto\" id=\"style-css-av-kjo8wq5c-fe7dbbe668b7e3d3faa03ea98baaa766\">\n.avia-image-container.av-kjo8wq5c-fe7dbbe668b7e3d3faa03ea98baaa766 img.avia_image{\nbox-shadow:none;\n}\n.avia-image-container.av-kjo8wq5c-fe7dbbe668b7e3d3faa03ea98baaa766 .av-image-caption-overlay-center{\ncolor:#ffffff;\n}\n<\/style>\n<div  class='avia-image-container av-kjo8wq5c-fe7dbbe668b7e3d3faa03ea98baaa766 av-styling- avia-align-center  avia-builder-el-11  el_before_av_hr  avia-builder-el-first '   itemprop=\"image\" itemscope=\"itemscope\" itemtype=\"https:\/\/schema.org\/ImageObject\" ><div class=\"avia-image-container-inner\"><div class=\"avia-image-overlay-wrap\"><img decoding=\"async\" fetchpriority=\"high\" class='wp-image-14016 avia-img-lazy-loading-not-14016 avia_image ' src=\"https:\/\/www.lafundacion.com\/wp-content\/uploads\/2021\/01\/Banner-Gestion-de-la-bonificacion_eu2-2-1030x274.jpg\" alt='Enpresa-hobariaren kudeaketa' title='Enpresa-hobariaren-kudeaketa'  height=\"274\" width=\"1030\"  itemprop=\"thumbnailUrl\" srcset=\"https:\/\/www.lafundacion.com\/wp-content\/uploads\/2021\/01\/Banner-Gestion-de-la-bonificacion_eu2-2-1030x274.jpg 1030w, https:\/\/www.lafundacion.com\/wp-content\/uploads\/2021\/01\/Banner-Gestion-de-la-bonificacion_eu2-2-300x80.jpg 300w, https:\/\/www.lafundacion.com\/wp-content\/uploads\/2021\/01\/Banner-Gestion-de-la-bonificacion_eu2-2-768x204.jpg 768w, https:\/\/www.lafundacion.com\/wp-content\/uploads\/2021\/01\/Banner-Gestion-de-la-bonificacion_eu2-2-705x188.jpg 705w, https:\/\/www.lafundacion.com\/wp-content\/uploads\/2021\/01\/Banner-Gestion-de-la-bonificacion_eu2-2.jpg 1300w\" sizes=\"(max-width: 1030px) 100vw, 1030px\" \/><\/div><\/div><\/div>\n<div  class='hr av-1lowt6p-d9da61d5f6df356e58767cea0efcf66f hr-default  avia-builder-el-12  el_after_av_image  el_before_av_heading '><span class='hr-inner '><span class=\"hr-inner-style\"><\/span><\/span><\/div>\n\n<style type=\"text\/css\" data-created_by=\"avia_inline_auto\" id=\"style-css-av-18kns5d-ad2f53189f8a702f0ae052f4d56c37ce\">\n#top .av-special-heading.av-18kns5d-ad2f53189f8a702f0ae052f4d56c37ce{\npadding-bottom:20px;\n}\nbody .av-special-heading.av-18kns5d-ad2f53189f8a702f0ae052f4d56c37ce .av-special-heading-tag .heading-char{\nfont-size:25px;\n}\n.av-special-heading.av-18kns5d-ad2f53189f8a702f0ae052f4d56c37ce .av-subheading{\nfont-size:15px;\n}\n<\/style>\n<div  class='av-special-heading av-18kns5d-ad2f53189f8a702f0ae052f4d56c37ce av-special-heading-h2 blockquote modern-quote modern-centered  avia-builder-el-13  el_after_av_hr  el_before_av_textblock '><h2 class='av-special-heading-tag '  itemprop=\"headline\"  >Prestakuntza-hobarien kudeaketan esperientzia duen talde bat jartzen dugu zure erakundearen eskura<\/h2><div class=\"special-heading-border\"><div class=\"special-heading-inner-border\"><\/div><\/div><\/div>\n<section  class='av_textblock_section av-kap1nt2t-681ded43b4e7a5015ba5d9cd94668d4d '   itemscope=\"itemscope\" itemtype=\"https:\/\/schema.org\/CreativeWork\" ><div class='avia_textblock'  itemprop=\"text\" ><ul>\n<li><strong>Enpresa guztiek metagarria ez den urteko kreditu bat duzue<\/strong> langileen <strong>prestakuntzarako<\/strong>.<\/li>\n<li><strong>Kreditua ez erabiltzeak<\/strong>, zure enpresak langileak prestatzeagatik lor dezakeen i<strong>tzulkin ekonomiakoren galtze handia izan daiteke<\/strong>.<\/li>\n<li>Enpresek ekarpenak egiten dizkiozue Gizarte Segurantzari prestakuntza arloan. Baina askok ez dakite diru hori berreskura daitekeenik, eta, azkenean, kreditua galtzen dute, prozesuak sortzen dizkien zalantza eta ezjakintasunengatik.<\/li>\n<li><strong>Prestakuntzarako laguntza-sistemak aukera ematen die enpresei<\/strong> prestakuntza-ikastaroetan egindako <strong>inbertsioa berreskuratzen<\/strong>, Gizarte Segurantzari egindako ordainketen hobarien bidez.<\/li>\n<li>Hobari hori aurrez aurreko zein online formatuko ikastaroei aplika daiteke.<\/li>\n<li>Estatuko Fundazioaren (FUNDAE) eta zure enpresaren arteko lotura-lana egiten dugu. Gainera, zure ikastaroak kudeatzeaz arduratzen gara, dagokizun hobaria jaso dezazun.<\/li>\n<li>Hobariaren kudeaketaz arduratzen gara, zure langileek prestakuntza-ikastaroak egin ditzaten beren gaitasunak hobetzeko.<\/li>\n<li>Kalitatea, segurtasuna, eraginkortasuna eta lasaitasuna ematen dizkiogu zure enpresari, arlo guztietan kudeaketa egokia egiten dela ziurtatuz.<\/li>\n<li><strong>Gure kudeaketaren kostua, gainera, hobariari lotuta dago.<\/strong><\/li>\n<\/ul>\n<\/div><\/section>\n<div  class='hr av-1qpdan5-52720aa7587e60c5168acea335de9124 hr-default  avia-builder-el-15  el_after_av_textblock  el_before_av_icon_box '><span class='hr-inner '><span class=\"hr-inner-style\"><\/span><\/span><\/div>\n\n<style type=\"text\/css\" data-created_by=\"avia_inline_auto\" id=\"style-css-av-kjo82h4d-f57501d13223ab5092a22c816e64d768\">\n#top #wrap_all .iconbox.av-kjo82h4d-f57501d13223ab5092a22c816e64d768 .iconbox_content_title{\ncolor:#009fe3;\n}\n.iconbox.av-kjo82h4d-f57501d13223ab5092a22c816e64d768 .iconbox_content_container{\ncolor:#515151;\n}\n<\/style>\n<article  class='iconbox iconbox_left av-kjo82h4d-f57501d13223ab5092a22c816e64d768  avia-builder-el-16  el_after_av_hr  avia-builder-el-last '  itemscope=\"itemscope\" itemtype=\"https:\/\/schema.org\/CreativeWork\" ><div class=\"iconbox_content\"><header class=\"entry-content-header\" aria-label=\"Icon: Ez dugu prestakuntza ematen ezta antolatzen\"><div class='iconbox_icon heading-color avia-iconfont avia-font-entypo-fontello' data-av_icon='\ue860' data-av_iconfont='entypo-fontello'  ><\/div><h3 class='iconbox_content_title '  itemprop=\"headline\" >Ez dugu prestakuntza ematen ezta antolatzen<\/h3><\/header><div class='iconbox_content_container av_inherit_color'  itemprop=\"text\" ><p>Enpresari bere hornitzaileak aukeratzeko askatasuna ematen diogu. Gure zerbitzua <strong>diru-laguntza teknikoki koordinatzean<\/strong> datza, denbora eta jarraipena errentagarri bihurtuz, eta kontrolerako, profesionaltasunerako eta arreta pertsonalizatutako ziurtasun guztiak eskainiz.<\/p>\n<\/div><\/div><footer class=\"entry-footer\"><\/footer><\/article>\n<\/div><\/div><\/div><!-- close content main div --><\/div><\/div><div id='after_section_2'  class='main_color av_default_container_wrap container_wrap fullsize'  ><div class='container av-section-cont-open' ><div class='template-page content  av-content-full alpha units'><div class='post-entry post-entry-type-page post-entry-13634'><div class='entry-content-wrapper clearfix'>\n\n<style type=\"text\/css\" data-created_by=\"avia_inline_auto\" id=\"style-css-av-279r7b5-df471a48262507d6b0459c67115fca39\">\n.flex_column.av-279r7b5-df471a48262507d6b0459c67115fca39{\nborder-radius:0px 0px 0px 0px;\npadding:0px 0px 0px 0px;\n}\n<\/style>\n<div  class='flex_column av-279r7b5-df471a48262507d6b0459c67115fca39 av_one_half  avia-builder-el-17  el_after_av_section  el_before_av_one_half  avia-builder-el-first  first flex_column_div av-zero-column-padding  '     ><section  class='av_textblock_section av-kaqihl5u-5666cc5f8d8fddd3ab5126f4a3efa378 '   itemscope=\"itemscope\" itemtype=\"https:\/\/schema.org\/CreativeWork\" ><div class='avia_textblock'  itemprop=\"text\" ><h4><span style=\"color: #00ccff;\"><strong>EZKAINTZEN DITUGUN IZAPIDEAK<\/strong><\/span><\/h4>\n<p>Sistemak eskatzen dituen izapide guztiak: komunikazioak ezarpenean,\u00a0 beharrezko dokumentazioaren kudeaketa eta indarrean dagoen legeriaren errekerimenduei egokitzea.<\/p>\n<h4><span style=\"color: #009fe3;\"><strong>ZEIN IKASGAI DIRA HOBARIDUNAK?<\/strong><\/span><\/h4>\n<p>Enpresak garatutako jarduerarekin zerikusia duen eta enpresako langileen lehiakortasuna eta produktibitatea areagotzen laguntzen duen edozein prestakuntza-ekintza (aurrez aurrekoa nahiz online). Horretarako, iraupen-baldintzak bete behar ditu, gutxienez 2 ordu, eta besteren konturako edozein langilerentzat.<\/p>\n<p>Kreditua urtekoa da eta ezin da metatu. Urtarrilaren 1etik abenduren 31ra arte dago eskuragarri.<\/p>\n<h4><span style=\"color: #009fe3;\"><strong>NORK ESKURA DITZAZKE HOBARI HORIEK?<\/strong><\/span><\/h4>\n<p>Besteren konturako kontratua duen pertsonak eta Gizarte Segurantzako Erregimen Orokorrean izena emanda dagoenak. Bestetik, hurrengo egoera hauetan dauden langileek jaso ditzakete:<\/p>\n<ul>\n<li>Aldizko finkoak, okupaziorik gabeko aldietan.<\/li>\n<li>Prestakuntza egiten dutenean langabezian daudenak.<\/li>\n<li>Enplegu-erregulazioaren eraginpean dauden pertsonak, baimendutako espediente bidez enplegu-etenaldian daudenean.<\/li>\n<li>Kontratua, haien enplegu-etenaldietan, aldi baterako eteteko neurrien eraginpean dauden pertsonek; arrazoi ekonomikoengatik, teknikoengatik, antolamenduzkoengatik edo ekoizpenekoengatik.<\/li>\n<li>Hobariak ez zaizkie autonomoei ez administrazio publikoetako langileei aplikatzen.<\/li>\n<\/ul>\n<\/div><\/section><br \/>\n<div  class='hr av-11m4ksh-fa452cbb33953c6bb711617c91783de0 hr-default  avia-builder-el-19  el_after_av_textblock  avia-builder-el-last '><span class='hr-inner '><span class=\"hr-inner-style\"><\/span><\/span><\/div><\/p><\/div>\n\n<style type=\"text\/css\" data-created_by=\"avia_inline_auto\" id=\"style-css-av-1otuqn5-70e20c84b010589c197ab19cc3a34f12\">\n.flex_column.av-1otuqn5-70e20c84b010589c197ab19cc3a34f12{\nborder-radius:0px 0px 0px 0px;\npadding:0px 0px 0px 0px;\n}\n<\/style>\n<div  class='flex_column av-1otuqn5-70e20c84b010589c197ab19cc3a34f12 av_one_half  avia-builder-el-20  el_after_av_one_half  el_before_av_hr  flex_column_div av-zero-column-padding  '     ><p>\n<style type=\"text\/css\" data-created_by=\"avia_inline_auto\" id=\"style-css-av-kjo7zr2k-109b75cbf1e693947f2fbfbe4e31d882\">\n#top .av-special-heading.av-kjo7zr2k-109b75cbf1e693947f2fbfbe4e31d882{\npadding-bottom:20px;\n}\nbody .av-special-heading.av-kjo7zr2k-109b75cbf1e693947f2fbfbe4e31d882 .av-special-heading-tag .heading-char{\nfont-size:25px;\n}\n.av-special-heading.av-kjo7zr2k-109b75cbf1e693947f2fbfbe4e31d882 .av-subheading{\nfont-size:15px;\n}\n<\/style>\n<div  class='av-special-heading av-kjo7zr2k-109b75cbf1e693947f2fbfbe4e31d882 av-special-heading-h3 blockquote modern-quote  avia-builder-el-21  el_before_av_textblock  avia-builder-el-first '><h3 class='av-special-heading-tag '  itemprop=\"headline\"  >Gurekin bilera bat edo dei bat egin nahi baduzu, zure enpresan prestakuntzaren hobaria aplikatzearen abantailak edo zerbitzu hau zertan datzan azaltzeko, bidal iezaguzu inprimaki hau eta zurekin harremanetan jarriko gara.<\/h3><div class=\"special-heading-border\"><div class=\"special-heading-inner-border\"><\/div><\/div><\/div><br \/>\n<section  class='av_textblock_section av-kap1nt2t-681ded43b4e7a5015ba5d9cd94668d4d '   itemscope=\"itemscope\" itemtype=\"https:\/\/schema.org\/CreativeWork\" ><div class='avia_textblock'  itemprop=\"text\" >\n<div class=\"wpcf7 no-js\" id=\"wpcf7-f14583-o1\" lang=\"eu-ES\" dir=\"ltr\" data-wpcf7-id=\"14583\">\n<div class=\"screen-reader-response\"><p role=\"status\" aria-live=\"polite\" aria-atomic=\"true\"><\/p> <ul><\/ul><\/div>\n<form action=\"\/eu\/wp-json\/wp\/v2\/pages\/13634#wpcf7-f14583-o1\" method=\"post\" class=\"wpcf7-form init wpcf7-acceptance-as-validation\" aria-label=\"Contact form\" novalidate=\"novalidate\" data-status=\"init\">\n<fieldset class=\"hidden-fields-container\"><input type=\"hidden\" name=\"_wpcf7\" value=\"14583\" \/><input type=\"hidden\" name=\"_wpcf7_version\" value=\"6.1.5\" \/><input type=\"hidden\" name=\"_wpcf7_locale\" value=\"eu_ES\" \/><input type=\"hidden\" name=\"_wpcf7_unit_tag\" value=\"wpcf7-f14583-o1\" \/><input type=\"hidden\" name=\"_wpcf7_container_post\" value=\"0\" \/><input type=\"hidden\" name=\"_wpcf7_posted_data_hash\" value=\"\" \/><input type=\"hidden\" name=\"_wpcf7_recaptcha_response\" value=\"\" \/>\n<\/fieldset>\n<p><label> Izena <span class=\"asterisco\">(*)<\/span><br \/>\n<span class=\"wpcf7-form-control-wrap\" data-name=\"your-name\"><input size=\"40\" maxlength=\"400\" class=\"wpcf7-form-control wpcf7-text wpcf7-validates-as-required\" aria-required=\"true\" aria-invalid=\"false\" value=\"\" type=\"text\" name=\"your-name\" \/><\/span> <\/label>\n<\/p>\n<p><label> Abizena <span class=\"asterisco\">(*)<\/span><br \/>\n<span class=\"wpcf7-form-control-wrap\" data-name=\"your-surname\"><input size=\"40\" maxlength=\"400\" class=\"wpcf7-form-control wpcf7-text wpcf7-validates-as-required\" aria-required=\"true\" aria-invalid=\"false\" value=\"\" type=\"text\" name=\"your-surname\" \/><\/span> <\/label>\n<\/p>\n<p><label> Helbide elektronikoa <span class=\"asterisco\">(*)<\/span><br \/>\n<span class=\"wpcf7-form-control-wrap\" data-name=\"your-email\"><input size=\"40\" maxlength=\"400\" class=\"wpcf7-form-control wpcf7-email wpcf7-validates-as-required wpcf7-text wpcf7-validates-as-email\" aria-required=\"true\" aria-invalid=\"false\" value=\"\" type=\"email\" name=\"your-email\" \/><\/span> <\/label>\n<\/p>\n<p><label>Telefono zenbakia<span class=\"asterisco\">(*)<\/span><br \/>\n<span class=\"wpcf7-form-control-wrap\" data-name=\"Telf\"><input size=\"40\" maxlength=\"400\" class=\"wpcf7-form-control wpcf7-tel wpcf7-validates-as-required wpcf7-text wpcf7-validates-as-tel\" aria-required=\"true\" aria-invalid=\"false\" value=\"\" type=\"tel\" name=\"Telf\" \/><\/span><\/label>\n<\/p>\n<p><label> Enpresa<br \/>\n<span class=\"wpcf7-form-control-wrap\" data-name=\"company\"><input size=\"40\" maxlength=\"400\" class=\"wpcf7-form-control wpcf7-text\" aria-invalid=\"false\" value=\"\" type=\"text\" name=\"company\" \/><\/span> <\/label>\n<\/p>\n<p><label> Kargua<br \/>\n<span class=\"wpcf7-form-control-wrap\" data-name=\"cargo\"><input size=\"40\" maxlength=\"400\" class=\"wpcf7-form-control wpcf7-text\" aria-invalid=\"false\" value=\"\" type=\"text\" name=\"cargo\" \/><\/span> <\/label>\n<\/p>\n<p><label> Oharrak<br \/>\n<span class=\"wpcf7-form-control-wrap\" data-name=\"your-message\"><textarea cols=\"40\" rows=\"10\" maxlength=\"2000\" class=\"wpcf7-form-control wpcf7-textarea\" aria-invalid=\"false\" name=\"your-message\"><\/textarea><\/span> <\/label>\n<\/p>\n<p><label><span class=\"wpcf7-form-control-wrap\" data-name=\"acceptance-172\"><span class=\"wpcf7-form-control wpcf7-acceptance\"><span class=\"wpcf7-list-item\"><label><input type=\"checkbox\" name=\"acceptance-172\" value=\"1\" aria-invalid=\"false\" \/><span class=\"wpcf7-list-item-label\"><a href=\"#politica\" class=\"open-popup-link\">Pribatutasun politika irakurri dut eta onartzen dut<\/a><\/span><\/label><\/span><\/span><\/span><\/label>\n<\/p>\n<p><input class=\"wpcf7-form-control wpcf7-submit has-spinner\" type=\"submit\" value=\"Bidali\" \/>\n<\/p>\n<div id=\"politica\" class=\"politica white-popup mfp-hide\">\n\t<p><strong>PRIBATUTASUN POLITIKA<\/strong><br \/>\n<strong>Arduraduna:<\/strong> FUNDACI\u00d3N LABORAL SAN PRUDENCIO.<br \/>\n<strong>Xedea:<\/strong> Enpresaren Gizarte Erantzukizuna kudeatzeko eta aplikatzeko zerbitzuak ematea, enpresei eta langileei zerbitzuak eta laguntza emanez, besteak beste honako arlo hauetan: gizarte-prestazioak, gizarte- eta laguntza-zerbitzuak, gizarte- eta lan-zerbitzuak, hezkuntza eta kultura, sentsibilizazioa eta kontzientziazioa, gizarte-berrikuntza eta une bakoitzean eskaintzen direnak. Horri dagokionez, jakinarazten dizugu jarraian adierazten diren La Fundaci\u00f3nen edo taldeko enpresen sektore espezifiko eta jarduera sektore zehatzen informazio edo publizitatea jaso ahal izango duzula: eskaintzen dituzten zerbitzu eta prestazioei buruzko guztiak, bai eta une bakoitzean egokitzat jotzen direnak ere, norberaren bizi kalitatea eta lanekoa hobetzeko helburuarekin.\n\t<\/p>\n\t<p><strong>Legitimazioa:<\/strong> Parte zaren erlazio juridikoaren exekuzioa.\n\t<\/p>\n\t<p><strong>Hartzaileak:<\/strong> Fundaci\u00f3n taldeko enpresak eta legez horren beharra duten erakunde ofizialak.\n\t<\/p>\n\t<p><strong>Eskubideak:<\/strong> Informazio gehigarrian adierazitako datuak eta beste eskubide batzuk eskuratzeko, zuzentzeko eta ezabatzeko eskubidea duzu email bat dpo@lafundacion.com helbidera bidaliz.\n\t<\/p>\n\t<p><strong>Informazio gehigarria: <\/strong><a href=\"https:\/\/www.lafundacion.com\/eu\/pribatutasun-politika\/\" target=\"_blank\">Lege Oharra eta Pribatutasun politika<\/a>\n\t<\/p>\n<\/div><div class=\"wpcf7-response-output\" aria-hidden=\"true\"><\/div>\n<\/form>\n<\/div>\n\n<\/div><\/section><\/p><\/div>\n\n<style type=\"text\/css\" data-created_by=\"avia_inline_auto\" id=\"style-css-av-86hw06-ca2e415684351276dba0b7b4167cab36\">\n#top .hr.av-86hw06-ca2e415684351276dba0b7b4167cab36{\nmargin-top:40px;\nmargin-bottom:10px;\n}\n.hr.av-86hw06-ca2e415684351276dba0b7b4167cab36 .hr-inner{\nwidth:100px;\nborder-color:#f2f3f5;\n}\n<\/style>\n<div  class='hr av-86hw06-ca2e415684351276dba0b7b4167cab36 hr-custom  avia-builder-el-23  el_after_av_one_half  el_before_av_heading  hr-center hr-icon-no'><span class='hr-inner inner-border-av-border-fat'><span class=\"hr-inner-style\"><\/span><\/span><\/div>\n\n<style type=\"text\/css\" data-created_by=\"avia_inline_auto\" id=\"style-css-av-qytpj5-9b16e3bb392db356299d34c309d3e1ac\">\n#top .av-special-heading.av-qytpj5-9b16e3bb392db356299d34c309d3e1ac{\npadding-bottom:0;\n}\nbody .av-special-heading.av-qytpj5-9b16e3bb392db356299d34c309d3e1ac .av-special-heading-tag .heading-char{\nfont-size:25px;\n}\n.av-special-heading.av-qytpj5-9b16e3bb392db356299d34c309d3e1ac .av-subheading{\nfont-size:15px;\n}\n<\/style>\n<div  class='av-special-heading av-qytpj5-9b16e3bb392db356299d34c309d3e1ac av-special-heading-h3 blockquote modern-quote  avia-builder-el-24  el_after_av_hr  el_before_av_one_fourth '><h3 class='av-special-heading-tag '  itemprop=\"headline\"  >Erlazionatutako informazioa<\/h3><div class=\"special-heading-border\"><div class=\"special-heading-inner-border\"><\/div><\/div><\/div>\n<div class='flex_column_table av-4v2dc7-b659e51747b53ec31cd0612007eb8835 sc-av_one_fourth av-equal-height-column-flextable'>\n<style type=\"text\/css\" data-created_by=\"avia_inline_auto\" id=\"style-css-av-4v2dc7-b659e51747b53ec31cd0612007eb8835\">\n.flex_column.av-4v2dc7-b659e51747b53ec31cd0612007eb8835{\nborder-radius:0px 0px 0px 0px;\npadding:0px 0px 0px 0px;\n}\n<\/style>\n<div  class='flex_column av-4v2dc7-b659e51747b53ec31cd0612007eb8835 av_one_fourth  avia-builder-el-25  el_after_av_heading  el_before_av_one_fourth  first flex_column_table_cell av-equal-height-column av-align-top av-zero-column-padding  '     ><p>\n<style type=\"text\/css\" data-created_by=\"avia_inline_auto\" id=\"style-css-av-2xw0k7-8e38008971ca057bbc47fc3384e855c5\">\n.avia-image-container.av-2xw0k7-8e38008971ca057bbc47fc3384e855c5 img.avia_image{\nbox-shadow:none;\n}\n.avia-image-container.av-2xw0k7-8e38008971ca057bbc47fc3384e855c5 .av-image-caption-overlay-center{\ncolor:#ffffff;\n}\n<\/style>\n<div  class='avia-image-container av-2xw0k7-8e38008971ca057bbc47fc3384e855c5 av-styling- av-img-linked avia-align-center  avia-builder-el-26  el_before_av_heading  avia-builder-el-first '   itemprop=\"image\" itemscope=\"itemscope\" itemtype=\"https:\/\/schema.org\/ImageObject\" ><div class=\"avia-image-container-inner\"><div class=\"avia-image-overlay-wrap\"><a href=\"https:\/\/www.lafundacion.com\/eu\/enpresak\/\" class='avia_image '  aria-label='servicios-a-empresas-de-La-Fundacion-San-Prudencio'><img decoding=\"async\" fetchpriority=\"high\" class='wp-image-6555 avia-img-lazy-loading-not-6555 avia_image ' src=\"https:\/\/www.lafundacion.com\/wp-content\/uploads\/2020\/05\/servicios-a-empresas-de-La-Fundacion-San-Prudencio.jpg\" alt='servicios RSE para empresas de \u00c1lava de La Fundaci\u00f3n San Prudencio' title='servicios-a-empresas-de-La-Fundacion-San-Prudencio'  height=\"533\" width=\"800\"  itemprop=\"thumbnailUrl\" srcset=\"https:\/\/www.lafundacion.com\/wp-content\/uploads\/2020\/05\/servicios-a-empresas-de-La-Fundacion-San-Prudencio.jpg 800w, https:\/\/www.lafundacion.com\/wp-content\/uploads\/2020\/05\/servicios-a-empresas-de-La-Fundacion-San-Prudencio-300x200.jpg 300w, https:\/\/www.lafundacion.com\/wp-content\/uploads\/2020\/05\/servicios-a-empresas-de-La-Fundacion-San-Prudencio-768x512.jpg 768w, https:\/\/www.lafundacion.com\/wp-content\/uploads\/2020\/05\/servicios-a-empresas-de-La-Fundacion-San-Prudencio-705x470.jpg 705w\" sizes=\"(max-width: 800px) 100vw, 800px\" \/><\/a><\/div><\/div><\/div><br \/>\n\n<style type=\"text\/css\" data-created_by=\"avia_inline_auto\" id=\"style-css-av-kc1u3byl-b7ba97ead754c36f269f1e6b68ccfd99\">\n#top .av-special-heading.av-kc1u3byl-b7ba97ead754c36f269f1e6b68ccfd99{\npadding-bottom:10px;\n}\nbody .av-special-heading.av-kc1u3byl-b7ba97ead754c36f269f1e6b68ccfd99 .av-special-heading-tag .heading-char{\nfont-size:25px;\n}\n.av-special-heading.av-kc1u3byl-b7ba97ead754c36f269f1e6b68ccfd99 .av-subheading{\nfont-size:15px;\n}\n<\/style>\n<div  class='av-special-heading av-kc1u3byl-b7ba97ead754c36f269f1e6b68ccfd99 av-special-heading-h4 blockquote modern-quote  avia-builder-el-27  el_after_av_image  avia-builder-el-last  av-linked-heading'><h4 class='av-special-heading-tag '  itemprop=\"headline\"  ><a class=\"av-heading-link\" href=\"https:\/\/www.lafundacion.com\/empresas\/\" >Enpresentzako zerbitzuak<\/a><\/h4><div class=\"special-heading-border\"><div class=\"special-heading-inner-border\"><\/div><\/div><\/div><\/p><\/div>\n<div class='av-flex-placeholder'><\/div>\n<style type=\"text\/css\" data-created_by=\"avia_inline_auto\" id=\"style-css-av-4v2dc7-f1fe7c8e69d04683f54087fa4061e9a2\">\n.flex_column.av-4v2dc7-f1fe7c8e69d04683f54087fa4061e9a2{\nborder-radius:0px 0px 0px 0px;\npadding:0px 0px 0px 0px;\n}\n<\/style>\n<div  class='flex_column av-4v2dc7-f1fe7c8e69d04683f54087fa4061e9a2 av_one_fourth  avia-builder-el-28  el_after_av_one_fourth  el_before_av_one_fourth  flex_column_table_cell av-equal-height-column av-align-top av-zero-column-padding  '     ><p>\n<style type=\"text\/css\" data-created_by=\"avia_inline_auto\" id=\"style-css-av-2xw0k7-7eef1ee7dd82e45028e28aa989d6a654\">\n.avia-image-container.av-2xw0k7-7eef1ee7dd82e45028e28aa989d6a654 img.avia_image{\nbox-shadow:none;\n}\n.avia-image-container.av-2xw0k7-7eef1ee7dd82e45028e28aa989d6a654 .av-image-caption-overlay-center{\ncolor:#ffffff;\n}\n<\/style>\n<div  class='avia-image-container av-2xw0k7-7eef1ee7dd82e45028e28aa989d6a654 av-styling- av-img-linked avia-align-center  avia-builder-el-29  el_before_av_heading  avia-builder-el-first '   itemprop=\"image\" itemscope=\"itemscope\" itemtype=\"https:\/\/schema.org\/ImageObject\" ><div class=\"avia-image-container-inner\"><div class=\"avia-image-overlay-wrap\"><a href=\"https:\/\/www.lafundacion.com\/eu\/enpresak\/compliance\/\" class='avia_image '  aria-label='Servicio-Compliance-de-La-Fundacion-San-Prudencio'><img decoding=\"async\" fetchpriority=\"high\" class='wp-image-6864 avia-img-lazy-loading-not-6864 avia_image ' src=\"https:\/\/www.lafundacion.com\/wp-content\/uploads\/2020\/06\/Servicio-Compliance-de-La-Fundacion-San-Prudencio.jpg\" alt='servicios de compliance Vitoria de La Fundaci\u00f3n San Prudencio para implantaci\u00f3n compliance en la empresa' title='Servicio-Compliance-de-La-Fundacion-San-Prudencio'  height=\"533\" width=\"800\"  itemprop=\"thumbnailUrl\" srcset=\"https:\/\/www.lafundacion.com\/wp-content\/uploads\/2020\/06\/Servicio-Compliance-de-La-Fundacion-San-Prudencio.jpg 800w, https:\/\/www.lafundacion.com\/wp-content\/uploads\/2020\/06\/Servicio-Compliance-de-La-Fundacion-San-Prudencio-300x200.jpg 300w, https:\/\/www.lafundacion.com\/wp-content\/uploads\/2020\/06\/Servicio-Compliance-de-La-Fundacion-San-Prudencio-768x512.jpg 768w, https:\/\/www.lafundacion.com\/wp-content\/uploads\/2020\/06\/Servicio-Compliance-de-La-Fundacion-San-Prudencio-705x470.jpg 705w\" sizes=\"(max-width: 800px) 100vw, 800px\" \/><\/a><\/div><\/div><\/div><br \/>\n\n<style type=\"text\/css\" data-created_by=\"avia_inline_auto\" id=\"style-css-av-kjo8n399-66cde3ca2509351806880717513a44c5\">\n#top .av-special-heading.av-kjo8n399-66cde3ca2509351806880717513a44c5{\npadding-bottom:10px;\n}\nbody .av-special-heading.av-kjo8n399-66cde3ca2509351806880717513a44c5 .av-special-heading-tag .heading-char{\nfont-size:25px;\n}\n.av-special-heading.av-kjo8n399-66cde3ca2509351806880717513a44c5 .av-subheading{\nfont-size:15px;\n}\n<\/style>\n<div  class='av-special-heading av-kjo8n399-66cde3ca2509351806880717513a44c5 av-special-heading-h4 blockquote modern-quote  avia-builder-el-30  el_after_av_image  avia-builder-el-last  av-linked-heading'><h4 class='av-special-heading-tag '  itemprop=\"headline\"  ><a class=\"av-heading-link\" href=\"https:\/\/www.lafundacion.com\/empresas\/implantacion-compliance\/\" >Compliance<\/a><\/h4><div class=\"special-heading-border\"><div class=\"special-heading-inner-border\"><\/div><\/div><\/div><\/p><\/div>\n<div class='av-flex-placeholder'><\/div>\n<style type=\"text\/css\" data-created_by=\"avia_inline_auto\" id=\"style-css-av-4v2dc7-f1fe7c8e69d04683f54087fa4061e9a2\">\n.flex_column.av-4v2dc7-f1fe7c8e69d04683f54087fa4061e9a2{\nborder-radius:0px 0px 0px 0px;\npadding:0px 0px 0px 0px;\n}\n<\/style>\n<div  class='flex_column av-4v2dc7-f1fe7c8e69d04683f54087fa4061e9a2 av_one_fourth  avia-builder-el-31  el_after_av_one_fourth  el_before_av_one_fourth  flex_column_table_cell av-equal-height-column av-align-top av-zero-column-padding  '     ><p>\n<style type=\"text\/css\" data-created_by=\"avia_inline_auto\" id=\"style-css-av-2xw0k7-60c373cfd8d15d2e4fa5547a7c18de21\">\n.avia-image-container.av-2xw0k7-60c373cfd8d15d2e4fa5547a7c18de21 img.avia_image{\nbox-shadow:none;\n}\n.avia-image-container.av-2xw0k7-60c373cfd8d15d2e4fa5547a7c18de21 .av-image-caption-overlay-center{\ncolor:#ffffff;\n}\n<\/style>\n<div  class='avia-image-container av-2xw0k7-60c373cfd8d15d2e4fa5547a7c18de21 av-styling- av-img-linked avia-align-center  avia-builder-el-32  el_before_av_heading  avia-builder-el-first '   itemprop=\"image\" itemscope=\"itemscope\" itemtype=\"https:\/\/schema.org\/ImageObject\" ><div class=\"avia-image-container-inner\"><div class=\"avia-image-overlay-wrap\"><a href=\"https:\/\/www.lafundacion.com\/eu\/enpresak\/berdintasuna\/\" class='avia_image '  aria-label='plan-de-igualdad-empresas-en-Vitoria-y-alava'><img decoding=\"async\" fetchpriority=\"high\" class='wp-image-8329 avia-img-lazy-loading-not-8329 avia_image ' src=\"https:\/\/www.lafundacion.com\/wp-content\/uploads\/2020\/06\/plan-de-igualdad-empresas-en-Vitoria-y-alava.jpg\" alt='Gasteizko eta Arabako enpresetako berdintasun-planaren diagnostikoa eta ezarpena' title='plan-de-igualdad-empresas-en-Vitoria-y-alava'  height=\"533\" width=\"800\"  itemprop=\"thumbnailUrl\" srcset=\"https:\/\/www.lafundacion.com\/wp-content\/uploads\/2020\/06\/plan-de-igualdad-empresas-en-Vitoria-y-alava.jpg 800w, https:\/\/www.lafundacion.com\/wp-content\/uploads\/2020\/06\/plan-de-igualdad-empresas-en-Vitoria-y-alava-300x200.jpg 300w, https:\/\/www.lafundacion.com\/wp-content\/uploads\/2020\/06\/plan-de-igualdad-empresas-en-Vitoria-y-alava-768x512.jpg 768w, https:\/\/www.lafundacion.com\/wp-content\/uploads\/2020\/06\/plan-de-igualdad-empresas-en-Vitoria-y-alava-705x470.jpg 705w\" sizes=\"(max-width: 800px) 100vw, 800px\" \/><\/a><\/div><\/div><\/div><br \/>\n\n<style type=\"text\/css\" data-created_by=\"avia_inline_auto\" id=\"style-css-av-kjo8pf9z-46c6511affd09160cbc4c42744f5f087\">\n#top .av-special-heading.av-kjo8pf9z-46c6511affd09160cbc4c42744f5f087{\npadding-bottom:10px;\n}\nbody .av-special-heading.av-kjo8pf9z-46c6511affd09160cbc4c42744f5f087 .av-special-heading-tag .heading-char{\nfont-size:25px;\n}\n.av-special-heading.av-kjo8pf9z-46c6511affd09160cbc4c42744f5f087 .av-subheading{\nfont-size:15px;\n}\n<\/style>\n<div  class='av-special-heading av-kjo8pf9z-46c6511affd09160cbc4c42744f5f087 av-special-heading-h4 blockquote modern-quote  avia-builder-el-33  el_after_av_image  avia-builder-el-last  av-linked-heading'><h4 class='av-special-heading-tag '  itemprop=\"headline\"  ><a class=\"av-heading-link\" href=\"https:\/\/www.lafundacion.com\/empresas\/plan-igualdad\/\" >Berdintasuna<\/a><\/h4><div class=\"special-heading-border\"><div class=\"special-heading-inner-border\"><\/div><\/div><\/div><\/p><\/div>\n<div class='av-flex-placeholder'><\/div>\n<style type=\"text\/css\" data-created_by=\"avia_inline_auto\" id=\"style-css-av-4v2dc7-f1fe7c8e69d04683f54087fa4061e9a2\">\n.flex_column.av-4v2dc7-f1fe7c8e69d04683f54087fa4061e9a2{\nborder-radius:0px 0px 0px 0px;\npadding:0px 0px 0px 0px;\n}\n<\/style>\n<div  class='flex_column av-4v2dc7-f1fe7c8e69d04683f54087fa4061e9a2 av_one_fourth  avia-builder-el-34  el_after_av_one_fourth  avia-builder-el-last  flex_column_table_cell av-equal-height-column av-align-top av-zero-column-padding  '     ><p>\n<style type=\"text\/css\" data-created_by=\"avia_inline_auto\" id=\"style-css-av-2xw0k7-2519c13fdd4caa17305680228b09320b\">\n.avia-image-container.av-2xw0k7-2519c13fdd4caa17305680228b09320b img.avia_image{\nbox-shadow:none;\n}\n.avia-image-container.av-2xw0k7-2519c13fdd4caa17305680228b09320b .av-image-caption-overlay-center{\ncolor:#ffffff;\n}\n<\/style>\n<div  class='avia-image-container av-2xw0k7-2519c13fdd4caa17305680228b09320b av-styling- av-img-linked avia-align-center  avia-builder-el-35  el_before_av_heading  avia-builder-el-first '   itemprop=\"image\" itemscope=\"itemscope\" itemtype=\"https:\/\/schema.org\/ImageObject\" ><div class=\"avia-image-container-inner\"><div class=\"avia-image-overlay-wrap\"><a href=\"https:\/\/www.lafundacion.com\/eu\/enpresak\/ingurumena\/\" class='avia_image '  aria-label='Servicio-Gestion-de-Medio-Ambiente-en-las-empresas-de-alava-de-La-Fundacion'><img decoding=\"async\" fetchpriority=\"high\" class='wp-image-9222 avia-img-lazy-loading-not-9222 avia_image ' src=\"https:\/\/www.lafundacion.com\/wp-content\/uploads\/2020\/06\/Servicio-Gestion-de-Medio-Ambiente-en-las-empresas-de-alava-de-La-Fundacion.jpg\" alt='Servicio de Gesti\u00f3n Medio Ambiente en empresas de \u00c1lava de La Fundaci\u00f3n San Prudencio' title='Servicio-Gestion-de-Medio-Ambiente-en-las-empresas-de-alava-de-La-Fundacion'  height=\"533\" width=\"800\"  itemprop=\"thumbnailUrl\" srcset=\"https:\/\/www.lafundacion.com\/wp-content\/uploads\/2020\/06\/Servicio-Gestion-de-Medio-Ambiente-en-las-empresas-de-alava-de-La-Fundacion.jpg 800w, https:\/\/www.lafundacion.com\/wp-content\/uploads\/2020\/06\/Servicio-Gestion-de-Medio-Ambiente-en-las-empresas-de-alava-de-La-Fundacion-300x200.jpg 300w, https:\/\/www.lafundacion.com\/wp-content\/uploads\/2020\/06\/Servicio-Gestion-de-Medio-Ambiente-en-las-empresas-de-alava-de-La-Fundacion-768x512.jpg 768w, https:\/\/www.lafundacion.com\/wp-content\/uploads\/2020\/06\/Servicio-Gestion-de-Medio-Ambiente-en-las-empresas-de-alava-de-La-Fundacion-705x470.jpg 705w\" sizes=\"(max-width: 800px) 100vw, 800px\" \/><\/a><\/div><\/div><\/div><br \/>\n\n<style type=\"text\/css\" data-created_by=\"avia_inline_auto\" id=\"style-css-av-kjo8pf9z-71fb5f9ff553e44c007159847c4b0552\">\n#top .av-special-heading.av-kjo8pf9z-71fb5f9ff553e44c007159847c4b0552{\npadding-bottom:10px;\n}\nbody .av-special-heading.av-kjo8pf9z-71fb5f9ff553e44c007159847c4b0552 .av-special-heading-tag .heading-char{\nfont-size:25px;\n}\n.av-special-heading.av-kjo8pf9z-71fb5f9ff553e44c007159847c4b0552 .av-subheading{\nfont-size:15px;\n}\n<\/style>\n<div  class='av-special-heading av-kjo8pf9z-71fb5f9ff553e44c007159847c4b0552 av-special-heading-h4 blockquote modern-quote  avia-builder-el-36  el_after_av_image  avia-builder-el-last  av-linked-heading'><h4 class='av-special-heading-tag '  itemprop=\"headline\"  ><a class=\"av-heading-link\" href=\"https:\/\/www.lafundacion.com\/empresas\/gestion-medio-ambiente-calidad\/\" >Ingurumena<\/a><\/h4><div class=\"special-heading-border\"><div class=\"special-heading-inner-border\"><\/div><\/div><\/div><\/p><\/div><\/div><!--close column table wrapper. Autoclose: 1 -->\n","protected":false},"excerpt":{"rendered":"","protected":false},"author":2,"featured_media":0,"parent":12203,"menu_order":0,"comment_status":"closed","ping_status":"closed","template":"","meta":{"_acf_changed":false,"footnotes":""},"class_list":["post-13634","page","type-page","status-publish","hentry"],"acf":[],"yoast_head":"<!-- This site is optimized with the Yoast SEO plugin v27.4 - https:\/\/yoast.com\/product\/yoast-seo-wordpress\/ -->\r\n<title>Enpresentzako prestakuntza hobaridunaren kudeaketa-zerbitzua<\/title>\r\n<meta name=\"description\" content=\"Arabako enpresen prestakuntzei hobariak emateko aholkularitzan adituak\" \/>\r\n<meta name=\"robots\" content=\"index, follow, max-snippet:-1, max-image-preview:large, max-video-preview:-1\" \/>\r\n<link rel=\"canonical\" href=\"https:\/\/www.lafundacion.com\/empresas\/servicio-bonificacion-de-la-formacion-en-las-empresas-de-alava\/\" \/>\r\n<meta property=\"og:locale\" content=\"eu_ES\" \/>\r\n<meta property=\"og:type\" content=\"article\" \/>\r\n<meta property=\"og:title\" content=\"Enpresentzako prestakuntza hobaridunaren kudeaketa-zerbitzua\" \/>\r\n<meta property=\"og:description\" content=\"Arabako enpresen prestakuntzei hobariak emateko aholkularitzan adituak\" \/>\r\n<meta property=\"og:url\" content=\"https:\/\/www.lafundacion.com\/empresas\/servicio-bonificacion-de-la-formacion-en-las-empresas-de-alava\/\" \/>\r\n<meta property=\"og:site_name\" content=\"La Fundaci\u00f3n San Prudencio\" \/>\r\n<meta property=\"article:modified_time\" content=\"2021-01-27T10:14:22+00:00\" \/>\r\n<meta name=\"twitter:card\" content=\"summary_large_image\" \/>\r\n<meta name=\"twitter:label1\" content=\"Est. reading time\" \/>\n\t<meta name=\"twitter:data1\" content=\"19 minutes\" \/>\r\n<script type=\"application\/ld+json\" class=\"yoast-schema-graph\">{\"@context\":\"https:\\\/\\\/schema.org\",\"@graph\":[{\"@type\":\"WebPage\",\"@id\":\"https:\\\/\\\/www.lafundacion.com\\\/empresas\\\/servicio-bonificacion-de-la-formacion-en-las-empresas-de-alava\\\/\",\"url\":\"https:\\\/\\\/www.lafundacion.com\\\/empresas\\\/servicio-bonificacion-de-la-formacion-en-las-empresas-de-alava\\\/\",\"name\":\"Enpresentzako prestakuntza hobaridunaren kudeaketa-zerbitzua\",\"isPartOf\":{\"@id\":\"https:\\\/\\\/www.lafundacion.com\\\/#website\"},\"datePublished\":\"2021-01-04T11:56:17+00:00\",\"dateModified\":\"2021-01-27T10:14:22+00:00\",\"description\":\"Arabako enpresen prestakuntzei hobariak emateko aholkularitzan adituak\",\"breadcrumb\":{\"@id\":\"https:\\\/\\\/www.lafundacion.com\\\/empresas\\\/servicio-bonificacion-de-la-formacion-en-las-empresas-de-alava\\\/#breadcrumb\"},\"inLanguage\":\"eu-ES\",\"potentialAction\":[{\"@type\":\"ReadAction\",\"target\":[\"https:\\\/\\\/www.lafundacion.com\\\/empresas\\\/servicio-bonificacion-de-la-formacion-en-las-empresas-de-alava\\\/\"]}]},{\"@type\":\"BreadcrumbList\",\"@id\":\"https:\\\/\\\/www.lafundacion.com\\\/empresas\\\/servicio-bonificacion-de-la-formacion-en-las-empresas-de-alava\\\/#breadcrumb\",\"itemListElement\":[{\"@type\":\"ListItem\",\"position\":1,\"name\":\"Portada\",\"item\":\"https:\\\/\\\/www.lafundacion.com\\\/eu\\\/hasiera\\\/\"},{\"@type\":\"ListItem\",\"position\":2,\"name\":\"Enpresak\",\"item\":\"https:\\\/\\\/www.lafundacion.com\\\/empresas\\\/\"},{\"@type\":\"ListItem\",\"position\":3,\"name\":\"Arabako enpresetan prestakuntza hobetzeko hobari zerbitzua\"}]},{\"@type\":\"WebSite\",\"@id\":\"https:\\\/\\\/www.lafundacion.com\\\/#website\",\"url\":\"https:\\\/\\\/www.lafundacion.com\\\/\",\"name\":\"La Fundaci\u00f3n San Prudencio\",\"description\":\"La Fundaci\u00f3n Laboral San Prudencio en Vitoria-Gasteiz\",\"publisher\":{\"@id\":\"https:\\\/\\\/www.lafundacion.com\\\/#organization\"},\"potentialAction\":[{\"@type\":\"SearchAction\",\"target\":{\"@type\":\"EntryPoint\",\"urlTemplate\":\"https:\\\/\\\/www.lafundacion.com\\\/?s={search_term_string}\"},\"query-input\":{\"@type\":\"PropertyValueSpecification\",\"valueRequired\":true,\"valueName\":\"search_term_string\"}}],\"inLanguage\":\"eu-ES\"},{\"@type\":\"Organization\",\"@id\":\"https:\\\/\\\/www.lafundacion.com\\\/#organization\",\"name\":\"La Fundaci\u00f3n San Prudencio\",\"url\":\"https:\\\/\\\/www.lafundacion.com\\\/\",\"logo\":{\"@type\":\"ImageObject\",\"inLanguage\":\"eu-ES\",\"@id\":\"https:\\\/\\\/www.lafundacion.com\\\/#\\\/schema\\\/logo\\\/image\\\/\",\"url\":\"https:\\\/\\\/www.lafundacion.com\\\/wp-content\\\/uploads\\\/2020\\\/03\\\/logo-la-fundacion.png\",\"contentUrl\":\"https:\\\/\\\/www.lafundacion.com\\\/wp-content\\\/uploads\\\/2020\\\/03\\\/logo-la-fundacion.png\",\"width\":323,\"height\":129,\"caption\":\"La Fundaci\u00f3n San Prudencio\"},\"image\":{\"@id\":\"https:\\\/\\\/www.lafundacion.com\\\/#\\\/schema\\\/logo\\\/image\\\/\"}}]}<\/script>\r\n<!-- \/ Yoast SEO plugin. -->","yoast_head_json":{"title":"Enpresentzako prestakuntza hobaridunaren kudeaketa-zerbitzua","description":"Arabako enpresen prestakuntzei hobariak emateko aholkularitzan adituak","robots":{"index":"index","follow":"follow","max-snippet":"max-snippet:-1","max-image-preview":"max-image-preview:large","max-video-preview":"max-video-preview:-1"},"canonical":"https:\/\/www.lafundacion.com\/empresas\/servicio-bonificacion-de-la-formacion-en-las-empresas-de-alava\/","og_locale":"eu_ES","og_type":"article","og_title":"Enpresentzako prestakuntza hobaridunaren kudeaketa-zerbitzua","og_description":"Arabako enpresen prestakuntzei hobariak emateko aholkularitzan adituak","og_url":"https:\/\/www.lafundacion.com\/empresas\/servicio-bonificacion-de-la-formacion-en-las-empresas-de-alava\/","og_site_name":"La Fundaci\u00f3n San Prudencio","article_modified_time":"2021-01-27T10:14:22+00:00","twitter_card":"summary_large_image","twitter_misc":{"Est. reading time":"19 minutes"},"schema":{"@context":"https:\/\/schema.org","@graph":[{"@type":"WebPage","@id":"https:\/\/www.lafundacion.com\/empresas\/servicio-bonificacion-de-la-formacion-en-las-empresas-de-alava\/","url":"https:\/\/www.lafundacion.com\/empresas\/servicio-bonificacion-de-la-formacion-en-las-empresas-de-alava\/","name":"Enpresentzako prestakuntza hobaridunaren kudeaketa-zerbitzua","isPartOf":{"@id":"https:\/\/www.lafundacion.com\/#website"},"datePublished":"2021-01-04T11:56:17+00:00","dateModified":"2021-01-27T10:14:22+00:00","description":"Arabako enpresen prestakuntzei hobariak emateko aholkularitzan adituak","breadcrumb":{"@id":"https:\/\/www.lafundacion.com\/empresas\/servicio-bonificacion-de-la-formacion-en-las-empresas-de-alava\/#breadcrumb"},"inLanguage":"eu-ES","potentialAction":[{"@type":"ReadAction","target":["https:\/\/www.lafundacion.com\/empresas\/servicio-bonificacion-de-la-formacion-en-las-empresas-de-alava\/"]}]},{"@type":"BreadcrumbList","@id":"https:\/\/www.lafundacion.com\/empresas\/servicio-bonificacion-de-la-formacion-en-las-empresas-de-alava\/#breadcrumb","itemListElement":[{"@type":"ListItem","position":1,"name":"Portada","item":"https:\/\/www.lafundacion.com\/eu\/hasiera\/"},{"@type":"ListItem","position":2,"name":"Enpresak","item":"https:\/\/www.lafundacion.com\/empresas\/"},{"@type":"ListItem","position":3,"name":"Arabako enpresetan prestakuntza hobetzeko hobari zerbitzua"}]},{"@type":"WebSite","@id":"https:\/\/www.lafundacion.com\/#website","url":"https:\/\/www.lafundacion.com\/","name":"La Fundaci\u00f3n San Prudencio","description":"La Fundaci\u00f3n Laboral San Prudencio en Vitoria-Gasteiz","publisher":{"@id":"https:\/\/www.lafundacion.com\/#organization"},"potentialAction":[{"@type":"SearchAction","target":{"@type":"EntryPoint","urlTemplate":"https:\/\/www.lafundacion.com\/?s={search_term_string}"},"query-input":{"@type":"PropertyValueSpecification","valueRequired":true,"valueName":"search_term_string"}}],"inLanguage":"eu-ES"},{"@type":"Organization","@id":"https:\/\/www.lafundacion.com\/#organization","name":"La Fundaci\u00f3n San Prudencio","url":"https:\/\/www.lafundacion.com\/","logo":{"@type":"ImageObject","inLanguage":"eu-ES","@id":"https:\/\/www.lafundacion.com\/#\/schema\/logo\/image\/","url":"https:\/\/www.lafundacion.com\/wp-content\/uploads\/2020\/03\/logo-la-fundacion.png","contentUrl":"https:\/\/www.lafundacion.com\/wp-content\/uploads\/2020\/03\/logo-la-fundacion.png","width":323,"height":129,"caption":"La Fundaci\u00f3n San Prudencio"},"image":{"@id":"https:\/\/www.lafundacion.com\/#\/schema\/logo\/image\/"}}]}},"_links":{"self":[{"href":"https:\/\/www.lafundacion.com\/eu\/wp-json\/wp\/v2\/pages\/13634","targetHints":{"allow":["GET"]}}],"collection":[{"href":"https:\/\/www.lafundacion.com\/eu\/wp-json\/wp\/v2\/pages"}],"about":[{"href":"https:\/\/www.lafundacion.com\/eu\/wp-json\/wp\/v2\/types\/page"}],"author":[{"embeddable":true,"href":"https:\/\/www.lafundacion.com\/eu\/wp-json\/wp\/v2\/users\/2"}],"replies":[{"embeddable":true,"href":"https:\/\/www.lafundacion.com\/eu\/wp-json\/wp\/v2\/comments?post=13634"}],"version-history":[{"count":25,"href":"https:\/\/www.lafundacion.com\/eu\/wp-json\/wp\/v2\/pages\/13634\/revisions"}],"predecessor-version":[{"id":14665,"href":"https:\/\/www.lafundacion.com\/eu\/wp-json\/wp\/v2\/pages\/13634\/revisions\/14665"}],"up":[{"embeddable":true,"href":"https:\/\/www.lafundacion.com\/eu\/wp-json\/wp\/v2\/pages\/12203"}],"wp:attachment":[{"href":"https:\/\/www.lafundacion.com\/eu\/wp-json\/wp\/v2\/media?parent=13634"}],"curies":[{"name":"wp","href":"https:\/\/api.w.org\/{rel}","templated":true}]}}