{"id":12640,"date":"2020-05-04T12:59:06","date_gmt":"2020-05-04T10:59:06","guid":{"rendered":"https:\/\/www.lafundacion.com\/nor-gara-la-fundacion-laboral-san-prudencio\/50-urteurrena\/"},"modified":"2020-12-17T12:00:57","modified_gmt":"2020-12-17T11:00:57","slug":"50-urteurrena","status":"publish","type":"page","link":"https:\/\/www.lafundacion.com\/eu\/nor-gara\/50-urteurrena\/","title":{"rendered":"La Fundaci\u00f3n Laboral San Prudencioren 50. urteurrena"},"content":{"rendered":"\n<style type=\"text\/css\" data-created_by=\"avia_inline_auto\" id=\"style-css-av-k8a121cj-65ffe7122636224032eeccf55c1e27d3\">\n.avia-section.av-k8a121cj-65ffe7122636224032eeccf55c1e27d3{\nbackground-repeat:no-repeat;\nbackground-image:url(https:\/\/www.lafundacion.com\/wp-content\/uploads\/2020\/05\/banner-50-aniversario.jpg);\nbackground-position:50% 0%;\nbackground-attachment:scroll;\n}\n.avia-section.av-k8a121cj-65ffe7122636224032eeccf55c1e27d3 .av-section-color-overlay{\nopacity:0.5;\nbackground-color:#ffffff;\n}\n<\/style>\n<div id='av_section_1'  class='avia-section av-k8a121cj-65ffe7122636224032eeccf55c1e27d3 main_color avia-section-default avia-no-border-styling  avia-builder-el-0  el_before_av_heading  avia-builder-el-first  avia-full-stretch avia-bg-style-scroll av-section-color-overlay-active av-minimum-height av-minimum-height-25 av-height-25  container_wrap fullsize'  data-section-bg-repeat='stretch' data-av_minimum_height_pc='25' data-av_min_height_opt='25'><div class=\"av-section-color-overlay-wrap\"><div class=\"av-section-color-overlay\"><\/div><div class='container av-section-cont-open' ><main  role=\"main\" itemprop=\"mainContentOfPage\"  class='template-page content  av-content-full alpha units'><div class='post-entry post-entry-type-page post-entry-12640'><div class='entry-content-wrapper clearfix'>\n\n<style type=\"text\/css\" data-created_by=\"avia_inline_auto\" id=\"style-css-av-jtbqq4-3bee26415e2b62e1d48cb9ec0e597f2e\">\n.flex_column.av-jtbqq4-3bee26415e2b62e1d48cb9ec0e597f2e{\nborder-radius:0px 0px 0px 0px;\npadding:0px 0px 0px 0px;\n}\n<\/style>\n<div  class='flex_column av-jtbqq4-3bee26415e2b62e1d48cb9ec0e597f2e av_one_third  avia-builder-el-1  el_before_av_two_third  avia-builder-el-first  first flex_column_div av-zero-column-padding  '     ><style type=\"text\/css\" data-created_by=\"avia_inline_auto\" id=\"style-css-av-ka3pjnj9-04fcae2419214536509605e630d86448\">\n.avia-image-container.av-ka3pjnj9-04fcae2419214536509605e630d86448 img.avia_image{\nbox-shadow:none;\n}\n.avia-image-container.av-ka3pjnj9-04fcae2419214536509605e630d86448 .av-image-caption-overlay-center{\ncolor:#ffffff;\n}\n<\/style>\n<div  class='avia-image-container av-ka3pjnj9-04fcae2419214536509605e630d86448 av-styling- avia_animated_image av-animated-when-visible-95 left-to-right avia-align-center  avia-builder-el-2  avia-builder-el-no-sibling '   itemprop=\"image\" itemscope=\"itemscope\" itemtype=\"https:\/\/schema.org\/ImageObject\" ><div class=\"avia-image-container-inner\"><div class=\"avia-image-overlay-wrap\"><img decoding=\"async\" fetchpriority=\"high\" class='wp-image-4472 avia-img-lazy-loading-not-4472 avia_image ' src=\"https:\/\/www.lafundacion.com\/wp-content\/uploads\/2020\/05\/Logo-50-aniversario-la-fundacion.png\" alt='La Fundaci\u00f3n Laboral San Prudencioren 50. urteurrena' title='Logo-50-aniversario-la-fundacion'  height=\"131\" width=\"144\"  itemprop=\"thumbnailUrl\"  \/><\/div><\/div><\/div><\/div>\n<style type=\"text\/css\" data-created_by=\"avia_inline_auto\" id=\"style-css-av-hb5ffw-344c1a34256c3c9ae0a873132e540e57\">\n.flex_column.av-hb5ffw-344c1a34256c3c9ae0a873132e540e57{\nborder-radius:0px 0px 0px 0px;\npadding:0px 0px 0px 0px;\n}\n<\/style>\n<div  class='flex_column av-hb5ffw-344c1a34256c3c9ae0a873132e540e57 av_two_third  avia-builder-el-3  el_after_av_one_third  avia-builder-el-last  flex_column_div av-zero-column-padding  '     ><style type=\"text\/css\" data-created_by=\"avia_inline_auto\" id=\"style-css-av-khzycv44-9cfcb693e0bbb22fa9c6268d66a1cd1d\">\n#top .av-special-heading.av-khzycv44-9cfcb693e0bbb22fa9c6268d66a1cd1d{\npadding-bottom:10px;\n}\nbody .av-special-heading.av-khzycv44-9cfcb693e0bbb22fa9c6268d66a1cd1d .av-special-heading-tag .heading-char{\nfont-size:25px;\n}\n.av-special-heading.av-khzycv44-9cfcb693e0bbb22fa9c6268d66a1cd1d .av-subheading{\nfont-size:15px;\n}\n<\/style>\n<div  class='av-special-heading av-khzycv44-9cfcb693e0bbb22fa9c6268d66a1cd1d av-special-heading-h1 blockquote modern-quote modern-centered  avia-builder-el-4  avia-builder-el-no-sibling '><h1 class='av-special-heading-tag '  itemprop=\"headline\"  >La Fundaci\u00f3n Laboral San Prudencioren 50. urteurrena<\/h1><div class=\"special-heading-border\"><div class=\"special-heading-inner-border\"><\/div><\/div><\/div><\/div><\/div><\/div><\/main><!-- close content main element --><\/div><\/div><\/div><div id='after_section_1'  class='main_color av_default_container_wrap container_wrap fullsize'  ><div class='container av-section-cont-open' ><div class='template-page content  av-content-full alpha units'><div class='post-entry post-entry-type-page post-entry-12640'><div class='entry-content-wrapper clearfix'>\n<style type=\"text\/css\" data-created_by=\"avia_inline_auto\" id=\"style-css-av-epgfz0-19031988677c1676a05a19abd3e1cc4f\">\n#top .av-special-heading.av-epgfz0-19031988677c1676a05a19abd3e1cc4f{\nmargin:40px 0 0 0;\npadding-bottom:40px;\n}\nbody .av-special-heading.av-epgfz0-19031988677c1676a05a19abd3e1cc4f .av-special-heading-tag .heading-char{\nfont-size:25px;\n}\n.av-special-heading.av-epgfz0-19031988677c1676a05a19abd3e1cc4f .av-subheading{\nfont-size:15px;\n}\n<\/style>\n<div  class='av-special-heading av-epgfz0-19031988677c1676a05a19abd3e1cc4f av-special-heading-h2 blockquote modern-quote  avia-builder-el-5  el_after_av_section  el_before_av_heading  avia-builder-el-first '><h2 class='av-special-heading-tag '  itemprop=\"headline\"  >La Fundaci\u00f3nek urteurrenerako antolatu zituen 4 ekitaldi garrantzitsuenak honako hauek izan ziren:<\/h2><div class=\"special-heading-border\"><div class=\"special-heading-inner-border\"><\/div><\/div><\/div><\/p>\n\n<style type=\"text\/css\" data-created_by=\"avia_inline_auto\" id=\"style-css-av-bs9sj0-23d6ce516d42e64f06a6ec9f2c63ed5a\">\n#top .av-special-heading.av-bs9sj0-23d6ce516d42e64f06a6ec9f2c63ed5a{\npadding-bottom:30px;\n}\nbody .av-special-heading.av-bs9sj0-23d6ce516d42e64f06a6ec9f2c63ed5a .av-special-heading-tag .heading-char{\nfont-size:25px;\n}\n.av-special-heading.av-bs9sj0-23d6ce516d42e64f06a6ec9f2c63ed5a .av-subheading{\nfont-size:15px;\n}\n<\/style>\n<div  class='av-special-heading av-bs9sj0-23d6ce516d42e64f06a6ec9f2c63ed5a av-special-heading-h3 blockquote modern-quote  avia-builder-el-6  el_after_av_heading  el_before_av_one_half '><h3 class='av-special-heading-tag '  itemprop=\"headline\"  >Inaugurazio ekitaldia<\/h3><div class=\"special-heading-border\"><div class=\"special-heading-inner-border\"><\/div><\/div><\/div>\n<div class='flex_column_table av-5dzr2z-f55b2e9015500b72f99234b158edd6c2 sc-av_one_half av-equal-height-column-flextable'>\n<style type=\"text\/css\" data-created_by=\"avia_inline_auto\" id=\"style-css-av-5dzr2z-f55b2e9015500b72f99234b158edd6c2\">\n.flex_column.av-5dzr2z-f55b2e9015500b72f99234b158edd6c2{\nborder-radius:0px 0px 0px 0px;\npadding:0px 0px 0px 0px;\n}\n<\/style>\n<div  class='flex_column av-5dzr2z-f55b2e9015500b72f99234b158edd6c2 av_one_half  avia-builder-el-7  el_after_av_heading  el_before_av_one_half  first flex_column_table_cell av-equal-height-column av-align-top av-zero-column-padding  '     ><p><div  class='avia-slideshow av-k9wh2t54-8c70136c82fe39750783ab43d42fe652 avia-slideshow-featured_large av_slideshow avia-slide-slider  avia-builder-el-8  el_before_av_video  avia-builder-el-first  av-slideshow-ui av-control-default av-slideshow-autoplay av-loop-endless av-loop-manual-endless av-default-height-applied avia-slideshow-1' data-slideshow-options=\"{&quot;animation&quot;:&quot;slide&quot;,&quot;autoplay&quot;:true,&quot;loop_autoplay&quot;:&quot;endless&quot;,&quot;interval&quot;:4,&quot;loop_manual&quot;:&quot;manual-endless&quot;,&quot;autoplay_stopper&quot;:false,&quot;noNavigation&quot;:false,&quot;bg_slider&quot;:false,&quot;keep_padding&quot;:false,&quot;hoverpause&quot;:false,&quot;show_slide_delay&quot;:0}\"  itemprop=\"image\" itemscope=\"itemscope\" itemtype=\"https:\/\/schema.org\/ImageObject\" ><ul class='avia-slideshow-inner ' style='padding-bottom: 52.5%;'><li  class='avia-slideshow-slide av-k9wh2t54-8c70136c82fe39750783ab43d42fe652__0  av-single-slide slide-1 slide-odd'><div data-rel='slideshow-1' class='avia-slide-wrap '   ><img decoding=\"async\" fetchpriority=\"high\" class=\"wp-image-4182 avia-img-lazy-loading-not-4182\"  src=\"https:\/\/www.lafundacion.com\/wp-content\/uploads\/2020\/05\/50aniversariola-fundacion-acto-inauguracion-1200x630.jpg\" width=\"1200\" height=\"630\" title='50aniversariola-fundacion-acto-inauguracion' alt='Inaugurazio ekitaldia'  itemprop=\"thumbnailUrl\"   \/><\/div><\/li><\/ul><\/div><br \/>\n<div  class='avia-video av-ka3qj40j-ccce98683bf9b2514d43e4ae5fa088e6 avia-video-16-9 av-no-preview-image avia-video-load-always av-lazyload-immediate av-lazyload-video-embed'  itemprop=\"video\" itemtype=\"https:\/\/schema.org\/VideoObject\"  data-original_url='https:\/\/youtu.be\/D1yT47hwyeo'><script type='text\/html' class='av-video-tmpl'><div class='avia-iframe-wrap'><iframe loading=\"lazy\" title=\"Video Acto inauguraci\u00f3n 50 aniversario La Fundaci\u00f3n San Prudencio\" width=\"1500\" height=\"844\" src=\"https:\/\/www.youtube.com\/embed\/D1yT47hwyeo?feature=oembed&autoplay=0&loop=0&controls=1&mute=0\" frameborder=\"0\" allow=\"accelerometer; autoplay; clipboard-write; encrypted-media; gyroscope; picture-in-picture\" allowfullscreen><\/iframe><\/div><\/script><div class='av-click-to-play-overlay'><div class=\"avia_playpause_icon\"><\/div><\/div><\/div><\/p><\/div>\n<div class='av-flex-placeholder'><\/div>\n<style type=\"text\/css\" data-created_by=\"avia_inline_auto\" id=\"style-css-av-4bznjf-ddef579bfc64657f80b12cf3eb0c21a9\">\n.flex_column.av-4bznjf-ddef579bfc64657f80b12cf3eb0c21a9{\nborder-radius:0px 0px 0px 0px;\npadding:0px 0px 0px 0px;\n}\n<\/style>\n<div  class='flex_column av-4bznjf-ddef579bfc64657f80b12cf3eb0c21a9 av_one_half  avia-builder-el-10  el_after_av_one_half  el_before_av_section  avia-builder-el-last  flex_column_table_cell av-equal-height-column av-align-top av-zero-column-padding  '     ><p><section  class='av_textblock_section av-k8a1ezz5-7156ff055202c5887ad7dfaa27f22111 '   itemscope=\"itemscope\" itemtype=\"https:\/\/schema.org\/CreativeWork\" ><div class='avia_textblock'  itemprop=\"text\" ><p>50. urteurreneko jarduerak (2018ko apirila-2019ko apirila) aurkeztu ziren, La Fundaci\u00f3neko familia handian parte hartu duten guztiekin ospatzeko eta haiei eskerrak emateko, eta Gasteizko eta Arabako memoria kolektiboan iraungo duen aztarna uzteko.<\/p>\n<\/div><\/section><br \/>\n\n<style type=\"text\/css\" data-created_by=\"avia_inline_auto\" id=\"style-css-av-ka6jg2iy-10be4c8861a37a99e8c67ab8377cb95b\">\n#top .hr.hr-invisible.av-ka6jg2iy-10be4c8861a37a99e8c67ab8377cb95b{\nheight:40px;\n}\n<\/style>\n<div  class='hr av-ka6jg2iy-10be4c8861a37a99e8c67ab8377cb95b hr-invisible  avia-builder-el-12  el_after_av_textblock  el_before_av_button '><span class='hr-inner '><span class=\"hr-inner-style\"><\/span><\/span><\/div><br \/>\n<div  class='avia-button-wrap av-k9e46p48-dd2cd95da0917d076f4d169d65994045-wrap avia-button-center  avia-builder-el-13  el_after_av_hr  avia-builder-el-last '><a href='https:\/\/50aniversario.lafundacion.com\/acto-de-inauguracion\/'  class='avia-button av-k9e46p48-dd2cd95da0917d076f4d169d65994045 av-link-btn avia-icon_select-yes-left-icon avia-size-x-large avia-position-center avia-color-theme-color'  target=\"_blank\"  rel=\"noopener noreferrer\"  aria-label=\"Ekitaldiari buruzko informazio gehiago\"><span class='avia_button_icon avia_button_icon_left avia-iconfont avia-font-entypo-fontello' data-av_icon='\ue81f' data-av_iconfont='entypo-fontello' ><\/span><span class='avia_iconbox_title' >Ekitaldiari buruzko informazio gehiago<\/span><\/a><\/div><\/p><\/div><\/div><!--close column table wrapper. Autoclose: 1 -->\n<\/div><\/div><\/div><!-- close content main div --><\/div><\/div>\n<style type=\"text\/css\" data-created_by=\"avia_inline_auto\" id=\"style-css-av-k9tl2eaf-33e18799ac4998b28d6d3e5de37fd0cf\">\n.avia-section.av-k9tl2eaf-33e18799ac4998b28d6d3e5de37fd0cf{\nbackground-color:#f2f3f5;\nbackground-image:unset;\nmargin-top:0px;\nmargin-bottom:0px;\n}\n<\/style>\n<div id='av_section_2'  class='avia-section av-k9tl2eaf-33e18799ac4998b28d6d3e5de37fd0cf main_color avia-section-default avia-no-border-styling  avia-builder-el-14  el_after_av_one_half  el_before_av_heading  avia-bg-style-scroll container_wrap fullsize'  ><div class='container av-section-cont-open' ><div class='template-page content  av-content-full alpha units'><div class='post-entry post-entry-type-page post-entry-12640'><div class='entry-content-wrapper clearfix'>\n\n<style type=\"text\/css\" data-created_by=\"avia_inline_auto\" id=\"style-css-av-ct9vrw-b7f2923fee1511ae7200e3c9de0e5ba6\">\n#top .av-special-heading.av-ct9vrw-b7f2923fee1511ae7200e3c9de0e5ba6{\npadding-bottom:30px;\n}\nbody .av-special-heading.av-ct9vrw-b7f2923fee1511ae7200e3c9de0e5ba6 .av-special-heading-tag .heading-char{\nfont-size:25px;\n}\n.av-special-heading.av-ct9vrw-b7f2923fee1511ae7200e3c9de0e5ba6 .av-subheading{\nfont-size:15px;\n}\n<\/style>\n<div  class='av-special-heading av-ct9vrw-b7f2923fee1511ae7200e3c9de0e5ba6 av-special-heading-h3 blockquote modern-quote  avia-builder-el-15  el_before_av_one_half  avia-builder-el-first '><h3 class='av-special-heading-tag '  itemprop=\"headline\"  >Globoen nazioarteko norgehiagoka<\/h3><div class=\"special-heading-border\"><div class=\"special-heading-inner-border\"><\/div><\/div><\/div>\n<div class='flex_column_table av-4bznjf-32226593db92d7377deb0bcf536941a0 sc-av_one_half av-equal-height-column-flextable'>\n<style type=\"text\/css\" data-created_by=\"avia_inline_auto\" id=\"style-css-av-4bznjf-32226593db92d7377deb0bcf536941a0\">\n.flex_column.av-4bznjf-32226593db92d7377deb0bcf536941a0{\nborder-radius:0px 0px 0px 0px;\npadding:0px 0px 0px 0px;\n}\n<\/style>\n<div  class='flex_column av-4bznjf-32226593db92d7377deb0bcf536941a0 av_one_half  avia-builder-el-16  el_after_av_heading  el_before_av_one_half  first flex_column_table_cell av-equal-height-column av-align-top av-zero-column-padding  '     ><p><section  class='av_textblock_section av-k8a1ezz5-7156ff055202c5887ad7dfaa27f22111 '   itemscope=\"itemscope\" itemtype=\"https:\/\/schema.org\/CreativeWork\" ><div class='avia_textblock'  itemprop=\"text\" ><p>2018ko urriaren 5etik 7ra, Gasteizen egin zen Globoen Nazioarteko I. norgehiagoka (RIG)- Gasteiz, La Fundaci\u00f3n San Prudencio. Urriaren 5etik 7ra bitartean, 23 globo gure hiriburu gaineko zeruan hegan ibili ziren, eta lehiaketako bost hegaldietatik hiru egin zituzten, San Prudencio Aerostazio Trofeorako puntuatzen zutenak.<\/p>\n<\/div><\/section><br \/>\n<div  class='avia-button-wrap av-k9e46p48-838dc2765a5f2e1b2ba79bdf895411a1-wrap avia-button-center  avia-builder-el-18  el_after_av_textblock  avia-builder-el-last '><a href='http:\/\/regata-globos-vitoria.com\/'  class='avia-button av-k9e46p48-838dc2765a5f2e1b2ba79bdf895411a1 av-link-btn avia-icon_select-yes-left-icon avia-size-x-large avia-position-center avia-color-theme-color'  target=\"_blank\"  rel=\"noopener noreferrer\"  aria-label=\"Norgehiagokaren webgunera joan\"><span class='avia_button_icon avia_button_icon_left avia-iconfont avia-font-entypo-fontello' data-av_icon='\ue81f' data-av_iconfont='entypo-fontello' ><\/span><span class='avia_iconbox_title' >Norgehiagokaren webgunera joan<\/span><\/a><\/div><\/p><\/div><div class='av-flex-placeholder'><\/div>\n<style type=\"text\/css\" data-created_by=\"avia_inline_auto\" id=\"style-css-av-5dzr2z-ee4e57a05b22421e0cc0ff894f4bdbaa\">\n.flex_column.av-5dzr2z-ee4e57a05b22421e0cc0ff894f4bdbaa{\nborder-radius:0px 0px 0px 0px;\npadding:0px 0px 0px 0px;\n}\n<\/style>\n<div  class='flex_column av-5dzr2z-ee4e57a05b22421e0cc0ff894f4bdbaa av_one_half  avia-builder-el-19  el_after_av_one_half  avia-builder-el-last  flex_column_table_cell av-equal-height-column av-align-top av-zero-column-padding  '     ><p><div  class='avia-slideshow av-k9wh2t54-8c70136c82fe39750783ab43d42fe652 avia-slideshow-featured_large av_slideshow avia-slide-slider  avia-builder-el-20  el_before_av_video  avia-builder-el-first  av-slideshow-ui av-control-default av-slideshow-autoplay av-loop-endless av-loop-manual-endless av-default-height-applied avia-slideshow-2' data-slideshow-options=\"{&quot;animation&quot;:&quot;slide&quot;,&quot;autoplay&quot;:true,&quot;loop_autoplay&quot;:&quot;endless&quot;,&quot;interval&quot;:4,&quot;loop_manual&quot;:&quot;manual-endless&quot;,&quot;autoplay_stopper&quot;:false,&quot;noNavigation&quot;:false,&quot;bg_slider&quot;:false,&quot;keep_padding&quot;:false,&quot;hoverpause&quot;:false,&quot;show_slide_delay&quot;:0}\"  itemprop=\"image\" itemscope=\"itemscope\" itemtype=\"https:\/\/schema.org\/ImageObject\" ><ul class='avia-slideshow-inner ' style='padding-bottom: 52.5%;'><li  class='avia-slideshow-slide av-k9wh2t54-8c70136c82fe39750783ab43d42fe652__0  av-single-slide slide-1 slide-odd'><div data-rel='slideshow-2' class='avia-slide-wrap '   ><img decoding=\"async\" fetchpriority=\"high\" class=\"wp-image-4182 avia-img-lazy-loading-not-4182\"  src=\"https:\/\/www.lafundacion.com\/wp-content\/uploads\/2020\/05\/50aniversariola-fundacion-acto-inauguracion-1200x630.jpg\" width=\"1200\" height=\"630\" title='50aniversariola-fundacion-acto-inauguracion' alt='Inaugurazio ekitaldia'  itemprop=\"thumbnailUrl\"   \/><\/div><\/li><\/ul><\/div><br \/>\n<div  class='avia-video av-ka3qj40j-b265177ae004b833957cb1df59cfc664 avia-video-16-9 av-no-preview-image avia-video-load-always av-lazyload-immediate av-lazyload-video-embed'  itemprop=\"video\" itemtype=\"https:\/\/schema.org\/VideoObject\"  data-original_url='https:\/\/youtu.be\/UCrVJAoHl60'><script type='text\/html' class='av-video-tmpl'><div class='avia-iframe-wrap'><iframe loading=\"lazy\" title=\"Resumen de I Regata Internacional de Globos Aerost\u00e1ticos Trofeo La Fundaci\u00f3n San Prudencio\" width=\"1500\" height=\"844\" src=\"https:\/\/www.youtube.com\/embed\/UCrVJAoHl60?feature=oembed&autoplay=0&loop=0&controls=1&mute=0\" frameborder=\"0\" allow=\"accelerometer; autoplay; clipboard-write; encrypted-media; gyroscope; picture-in-picture\" allowfullscreen><\/iframe><\/div><\/script><div class='av-click-to-play-overlay'><div class=\"avia_playpause_icon\"><\/div><\/div><\/div><\/p><\/div><\/div><!--close column table wrapper. Autoclose: 1 -->\n<\/div><\/div><\/div><!-- close content main div --><\/div><\/div><div id='after_section_2'  class='main_color av_default_container_wrap container_wrap fullsize'  ><div class='container av-section-cont-open' ><div class='template-page content  av-content-full alpha units'><div class='post-entry post-entry-type-page post-entry-12640'><div class='entry-content-wrapper clearfix'>\n\n<style type=\"text\/css\" data-created_by=\"avia_inline_auto\" id=\"style-css-av-ad40ik-536f3e8dcbe203087c806abcaeb5e7a5\">\n#top .av-special-heading.av-ad40ik-536f3e8dcbe203087c806abcaeb5e7a5{\npadding-bottom:30px;\n}\nbody .av-special-heading.av-ad40ik-536f3e8dcbe203087c806abcaeb5e7a5 .av-special-heading-tag .heading-char{\nfont-size:25px;\n}\n.av-special-heading.av-ad40ik-536f3e8dcbe203087c806abcaeb5e7a5 .av-subheading{\nfont-size:15px;\n}\n<\/style>\n<div  class='av-special-heading av-ad40ik-536f3e8dcbe203087c806abcaeb5e7a5 av-special-heading-h3 blockquote modern-quote  avia-builder-el-22  el_after_av_section  el_before_av_one_half  avia-builder-el-first '><h3 class='av-special-heading-tag '  itemprop=\"headline\"  ><span class='special_amp'>\u201c<\/span>La Fundaci\u00f3n Laboral San Prudencio, 50 urte Arabako industriaren eskutik<span class='special_amp'>\u201d<\/span> oroitzapenezko erakusketa<\/h3><div class=\"special-heading-border\"><div class=\"special-heading-inner-border\"><\/div><\/div><\/div>\n<div class='flex_column_table av-5dzr2z-f55b2e9015500b72f99234b158edd6c2 sc-av_one_half av-equal-height-column-flextable'>\n<style type=\"text\/css\" data-created_by=\"avia_inline_auto\" id=\"style-css-av-5dzr2z-f55b2e9015500b72f99234b158edd6c2\">\n.flex_column.av-5dzr2z-f55b2e9015500b72f99234b158edd6c2{\nborder-radius:0px 0px 0px 0px;\npadding:0px 0px 0px 0px;\n}\n<\/style>\n<div  class='flex_column av-5dzr2z-f55b2e9015500b72f99234b158edd6c2 av_one_half  avia-builder-el-23  el_after_av_heading  el_before_av_one_half  first flex_column_table_cell av-equal-height-column av-align-top av-zero-column-padding  '     ><p><div  class='avia-slideshow av-k9wh2t54-8c70136c82fe39750783ab43d42fe652 avia-slideshow-featured_large av_slideshow avia-slide-slider  avia-builder-el-24  el_before_av_video  avia-builder-el-first  av-slideshow-ui av-control-default av-slideshow-autoplay av-loop-endless av-loop-manual-endless av-default-height-applied avia-slideshow-3' data-slideshow-options=\"{&quot;animation&quot;:&quot;slide&quot;,&quot;autoplay&quot;:true,&quot;loop_autoplay&quot;:&quot;endless&quot;,&quot;interval&quot;:4,&quot;loop_manual&quot;:&quot;manual-endless&quot;,&quot;autoplay_stopper&quot;:false,&quot;noNavigation&quot;:false,&quot;bg_slider&quot;:false,&quot;keep_padding&quot;:false,&quot;hoverpause&quot;:false,&quot;show_slide_delay&quot;:0}\"  itemprop=\"image\" itemscope=\"itemscope\" itemtype=\"https:\/\/schema.org\/ImageObject\" ><ul class='avia-slideshow-inner ' style='padding-bottom: 52.5%;'><li  class='avia-slideshow-slide av-k9wh2t54-8c70136c82fe39750783ab43d42fe652__0  av-single-slide slide-1 slide-odd'><div data-rel='slideshow-3' class='avia-slide-wrap '   ><img decoding=\"async\" fetchpriority=\"high\" class=\"wp-image-4182 avia-img-lazy-loading-not-4182\"  src=\"https:\/\/www.lafundacion.com\/wp-content\/uploads\/2020\/05\/50aniversariola-fundacion-acto-inauguracion-1200x630.jpg\" width=\"1200\" height=\"630\" title='50aniversariola-fundacion-acto-inauguracion' alt='Inaugurazio ekitaldia'  itemprop=\"thumbnailUrl\"   \/><\/div><\/li><\/ul><\/div><br \/>\n<div  class='avia-video av-ka3qj40j-9565a207f2f9bb7b184cd941256044ed avia-video-16-9 av-no-preview-image avia-video-load-always av-lazyload-immediate av-lazyload-video-embed'  itemprop=\"video\" itemtype=\"https:\/\/schema.org\/VideoObject\"  data-original_url='https:\/\/youtu.be\/Rp26cAmVD3k'><script type='text\/html' class='av-video-tmpl'><div class='avia-iframe-wrap'><iframe loading=\"lazy\" title=\"Exposici\u00f3n &quot;Fundaci\u00f3n Laboral San Prudencio, 50 a\u00f1os de la mano de la industria alavesa&quot;\" width=\"1500\" height=\"844\" src=\"https:\/\/www.youtube.com\/embed\/Rp26cAmVD3k?feature=oembed&autoplay=0&loop=0&controls=1&mute=0\" frameborder=\"0\" allow=\"accelerometer; autoplay; clipboard-write; encrypted-media; gyroscope; picture-in-picture\" allowfullscreen><\/iframe><\/div><\/script><div class='av-click-to-play-overlay'><div class=\"avia_playpause_icon\"><\/div><\/div><\/div><\/p><\/div>\n<div class='av-flex-placeholder'><\/div>\n<style type=\"text\/css\" data-created_by=\"avia_inline_auto\" id=\"style-css-av-4bznjf-ddef579bfc64657f80b12cf3eb0c21a9\">\n.flex_column.av-4bznjf-ddef579bfc64657f80b12cf3eb0c21a9{\nborder-radius:0px 0px 0px 0px;\npadding:0px 0px 0px 0px;\n}\n<\/style>\n<div  class='flex_column av-4bznjf-ddef579bfc64657f80b12cf3eb0c21a9 av_one_half  avia-builder-el-26  el_after_av_one_half  el_before_av_section  avia-builder-el-last  flex_column_table_cell av-equal-height-column av-align-top av-zero-column-padding  '     ><p><section  class='av_textblock_section av-k8a1ezz5-7156ff055202c5887ad7dfaa27f22111 '   itemscope=\"itemscope\" itemtype=\"https:\/\/schema.org\/CreativeWork\" ><div class='avia_textblock'  itemprop=\"text\" ><p>2019ko martxoaren 8tik apirilaren 21era arte, atzera begirako erakusketa izan genuen. Erakusketa horretan, Arabaren historia kontatu zen, 60ko hamarkadatik hasita eta bertako industriaren garapenaren bidez; izan ere, industria hori funtsezko elementua baita, batez ere Gasteizen hazkunderako, baina baita Arabaren hazkunderako ere, eta protagonismoa bertako enpresei eta langileei eman zitzaien.<\/p>\n<p>Horrekin batera, La Fundaci\u00f3n Laboral San Prudenciok berak 50 urteetan zehar izandako historia ere irudikatu zen.<\/p>\n<p>Erakusketan Arabako industria nagusiak islatu ziren.<\/p>\n<p>Industriek hiriaren egituran duten sustraitzea errepasatu zen &#8220;ekonomatoen&#8221; bidez, hiriko merkataritzaren eta bilbearen egituratzaile handiak baitziren.<\/p>\n<p>Era berean, industriak hiriaren garapenean izan duen garrantzia ezagutzera eman nahi genuen biztanleen artean.<\/p>\n<p><a href=\"http:\/\/www.lafundacion.com\/wp-content\/uploads\/2020\/05\/Comic-50-aniv.-La-Fundacion-San-Prudencio-castellano.pdf\"><img loading=\"lazy\" decoding=\"async\" class=\"alignleft wp-image-4488\" src=\"https:\/\/www.lafundacion.com\/wp-content\/uploads\/2020\/05\/Comic-50-aniversario-la-fundacion-216x300.jpg\" alt=\"Comic del 50 Aniversario de La Fundaci\u00f3n\" width=\"108\" height=\"150\" srcset=\"https:\/\/www.lafundacion.com\/wp-content\/uploads\/2020\/05\/Comic-50-aniversario-la-fundacion-216x300.jpg 216w, https:\/\/www.lafundacion.com\/wp-content\/uploads\/2020\/05\/Comic-50-aniversario-la-fundacion.jpg 232w\" sizes=\"auto, (max-width: 108px) 100vw, 108px\" \/><\/a>Erakusketako bisitari guztiei, gainera, La Fundaci\u00f3nen historiari buruzko komiki bat eman genien. Komikia Mauro Entrialgok sortu zuen, marrazki oso koloristekin, eta gidoia Antonio Altarribak egin zuen.<\/p>\n<\/div><\/section><br \/>\n\n<style type=\"text\/css\" data-created_by=\"avia_inline_auto\" id=\"style-css-av-kagfp5ne-a7d3b9336e7e32e9e3ac74e465d03441\">\n#top .hr.hr-invisible.av-kagfp5ne-a7d3b9336e7e32e9e3ac74e465d03441{\nheight:40px;\n}\n<\/style>\n<div  class='hr av-kagfp5ne-a7d3b9336e7e32e9e3ac74e465d03441 hr-invisible  avia-builder-el-28  el_after_av_textblock  el_before_av_button '><span class='hr-inner '><span class=\"hr-inner-style\"><\/span><\/span><\/div><br \/>\n<div  class='avia-button-wrap av-k9e46p48-b7e4236dbbbf73945211c04611275e23-wrap avia-button-center  avia-builder-el-29  el_after_av_hr  avia-builder-el-last '><a href='https:\/\/50aniversario.lafundacion.com\/exposicion\/'  class='avia-button av-k9e46p48-b7e4236dbbbf73945211c04611275e23 av-link-btn avia-icon_select-yes-left-icon avia-size-x-large avia-position-center avia-color-theme-color'  target=\"_blank\"  rel=\"noopener noreferrer\"  aria-label=\"Erakusketari buruzko informazio gehiago\"><span class='avia_button_icon avia_button_icon_left avia-iconfont avia-font-entypo-fontello' data-av_icon='\ue81f' data-av_iconfont='entypo-fontello' ><\/span><span class='avia_iconbox_title' >Erakusketari buruzko informazio gehiago<\/span><\/a><\/div><\/p><\/div><\/div><!--close column table wrapper. Autoclose: 1 -->\n<\/div><\/div><\/div><!-- close content main div --><\/div><\/div>\n<style type=\"text\/css\" data-created_by=\"avia_inline_auto\" id=\"style-css-av-k9tl11c1-9362f5021bced08d708bb7a3962b7cbe\">\n.avia-section.av-k9tl11c1-9362f5021bced08d708bb7a3962b7cbe{\nbackground-color:#f2f3f5;\nbackground-image:unset;\n}\n<\/style>\n<div id='av_section_3'  class='avia-section av-k9tl11c1-9362f5021bced08d708bb7a3962b7cbe main_color avia-section-default avia-no-border-styling  avia-builder-el-30  el_after_av_one_half  el_before_av_one_half  avia-bg-style-scroll container_wrap fullsize'  ><div class='container av-section-cont-open' ><div class='template-page content  av-content-full alpha units'><div class='post-entry post-entry-type-page post-entry-12640'><div class='entry-content-wrapper clearfix'>\n\n<style type=\"text\/css\" data-created_by=\"avia_inline_auto\" id=\"style-css-av-a5jt4s-7814765b1fdaceffcbde8fd7fc401837\">\n#top .av-special-heading.av-a5jt4s-7814765b1fdaceffcbde8fd7fc401837{\npadding-bottom:30px;\n}\nbody .av-special-heading.av-a5jt4s-7814765b1fdaceffcbde8fd7fc401837 .av-special-heading-tag .heading-char{\nfont-size:25px;\n}\n.av-special-heading.av-a5jt4s-7814765b1fdaceffcbde8fd7fc401837 .av-subheading{\nfont-size:15px;\n}\n<\/style>\n<div  class='av-special-heading av-a5jt4s-7814765b1fdaceffcbde8fd7fc401837 av-special-heading-h3 blockquote modern-quote  avia-builder-el-31  el_before_av_one_half  avia-builder-el-first '><h3 class='av-special-heading-tag '  itemprop=\"headline\"  >Vitoria-Gasteiz Sinfonia<\/h3><div class=\"special-heading-border\"><div class=\"special-heading-inner-border\"><\/div><\/div><\/div>\n\n<style type=\"text\/css\" data-created_by=\"avia_inline_auto\" id=\"style-css-av-4bznjf-1cdec2b1bc82ea5aef9fd6740eb895a2\">\n.flex_column.av-4bznjf-1cdec2b1bc82ea5aef9fd6740eb895a2{\nborder-radius:0px 0px 0px 0px;\npadding:0px 0px 0px 0px;\n}\n<\/style>\n<div  class='flex_column av-4bznjf-1cdec2b1bc82ea5aef9fd6740eb895a2 av_one_half  avia-builder-el-32  el_after_av_heading  el_before_av_one_half  first flex_column_div av-zero-column-padding  '     ><p><section  class='av_textblock_section av-k8a1ezz5-7156ff055202c5887ad7dfaa27f22111 '   itemscope=\"itemscope\" itemtype=\"https:\/\/schema.org\/CreativeWork\" ><div class='avia_textblock'  itemprop=\"text\" ><p>La Fundaci\u00f3nek XXI. mendeko sinfonia berri bat estreinatu zuen, &#8220;Vitoria-Gasteiz sinfonia, La Fundaci\u00f3n Laboral San Prudencioren 50. urteurrena ospatzeko&#8221;, eta ospakizunaren urteari amaiera emateko balio izan zuen.<\/p>\n<p>Sinfonia <a href=\"https:\/\/www.facebook.com\/bingen.mendizabal\" target=\"_blank\" rel=\"noopener noreferrer\">Bingen Mendizabal<\/a> konposatu zuen eta <a href=\"http:\/\/juanjomena.com\/\" target=\"_blank\" rel=\"noopener noreferrer\">Juanjo Mena<\/a> zuzendu zuen, eta <a href=\"https:\/\/www.ruperordorika.com\/\" target=\"_blank\" rel=\"noopener noreferrer\">Ruper Ordorika<\/a> letrekin egin zuen elkarlana. Zati elektroakustikoa, enpresen eta hiriaren soinuak islatzen dituena, Kike Su\u00e1rez Albak konposatu zuen. Horretaz gain, Gasteizko Jes\u00fas Guridi Kontserbatorioko haurren abesbatzak ere parte zuen, Luis Garc\u00edaren gidaritzapean.<\/p>\n<p>Sinfoniak, alde batetik, guztion lankidetza eskertu nahi izan zuen, Gasteiz eta Araba gaur egun direna bihurtzeari dagokionez, eta, bestetik, hiriari eta lurralde historikoari pieza artistiko iraunkor bat utzi nahi izan zien legatu gisa, gertaera berezietan erreproduzitu daitekeena, eta bere izena mundu osoko auditoriumetara eramateko gai izango dena.<\/p>\n<\/div><\/section><br \/>\n<div  class='avia-button-wrap av-k9e46p48-49dd7aff528d697fafc7bd234afe3fd0-wrap avia-button-center  avia-builder-el-34  el_after_av_textblock  avia-builder-el-last '><a href='https:\/\/50aniversario.lafundacion.com\/sinfonia\/'  class='avia-button av-k9e46p48-49dd7aff528d697fafc7bd234afe3fd0 av-link-btn avia-icon_select-yes-left-icon avia-size-x-large avia-position-center avia-color-theme-color'  target=\"_blank\"  rel=\"noopener noreferrer\"  aria-label=\"Sinfoniari buruzko informazio gehiago\"><span class='avia_button_icon avia_button_icon_left avia-iconfont avia-font-entypo-fontello' data-av_icon='\ue81f' data-av_iconfont='entypo-fontello' ><\/span><span class='avia_iconbox_title' >Sinfoniari buruzko informazio gehiago<\/span><\/a><\/div><\/p><\/div>\n<style type=\"text\/css\" data-created_by=\"avia_inline_auto\" id=\"style-css-av-5dzr2z-fd1be001a6036fd4e47aff1a44a2d785\">\n.flex_column.av-5dzr2z-fd1be001a6036fd4e47aff1a44a2d785{\nborder-radius:0px 0px 0px 0px;\npadding:0px 0px 0px 0px;\n}\n<\/style>\n<div  class='flex_column av-5dzr2z-fd1be001a6036fd4e47aff1a44a2d785 av_one_half  avia-builder-el-35  el_after_av_one_half  avia-builder-el-last  flex_column_div av-zero-column-padding  '     ><p>\n<style type=\"text\/css\" data-created_by=\"avia_inline_auto\" id=\"style-css-av-k9se53e4-eff2978d656ff2a492661181a9183f78\">\n.avia-image-container.av-k9se53e4-eff2978d656ff2a492661181a9183f78 img.avia_image{\nbox-shadow:none;\n}\n.avia-image-container.av-k9se53e4-eff2978d656ff2a492661181a9183f78 .av-image-caption-overlay-center{\ncolor:#ffffff;\n}\n<\/style>\n<div  class='avia-image-container av-k9se53e4-eff2978d656ff2a492661181a9183f78 av-styling- avia_animated_image av-animated-when-visible-95 right-to-left avia-align-center  avia-builder-el-36  el_before_av_video  avia-builder-el-first '   itemprop=\"image\" itemscope=\"itemscope\" itemtype=\"https:\/\/schema.org\/ImageObject\" ><div class=\"avia-image-container-inner\"><div class=\"avia-image-overlay-wrap\"><img decoding=\"async\" fetchpriority=\"high\" class='wp-image-4496 avia-img-lazy-loading-not-4496 avia_image ' src=\"https:\/\/www.lafundacion.com\/wp-content\/uploads\/2020\/05\/sinfonia-50-aniversario-la-fundacion-2.jpg\" alt='Vitoria-Gasteiz Sinfonia' title='sinfonia-50-aniversario-la-fundacion-2'  height=\"600\" width=\"900\"  itemprop=\"thumbnailUrl\" srcset=\"https:\/\/www.lafundacion.com\/wp-content\/uploads\/2020\/05\/sinfonia-50-aniversario-la-fundacion-2.jpg 900w, https:\/\/www.lafundacion.com\/wp-content\/uploads\/2020\/05\/sinfonia-50-aniversario-la-fundacion-2-300x200.jpg 300w, https:\/\/www.lafundacion.com\/wp-content\/uploads\/2020\/05\/sinfonia-50-aniversario-la-fundacion-2-768x512.jpg 768w, https:\/\/www.lafundacion.com\/wp-content\/uploads\/2020\/05\/sinfonia-50-aniversario-la-fundacion-2-705x470.jpg 705w\" sizes=\"(max-width: 900px) 100vw, 900px\" \/><\/div><\/div><\/div><br \/>\n<div  class='avia-video av-ka3qj40j-52ba6cc9ea7f9a3ab4ee24be90f9a056 avia-video-16-9 av-no-preview-image avia-video-load-always av-lazyload-immediate av-lazyload-video-embed'  itemprop=\"video\" itemtype=\"https:\/\/schema.org\/VideoObject\"  data-original_url='https:\/\/youtu.be\/M1dD3l8imbg'><script type='text\/html' class='av-video-tmpl'><div class='avia-iframe-wrap'><iframe loading=\"lazy\" title=\"Estreno Sinfon\u00eda Vitoria Gasteiz de La Fundaci\u00f3n San Prudencio\" width=\"1500\" height=\"844\" src=\"https:\/\/www.youtube.com\/embed\/M1dD3l8imbg?feature=oembed&autoplay=0&loop=0&controls=1&mute=0\" frameborder=\"0\" allow=\"accelerometer; autoplay; clipboard-write; encrypted-media; gyroscope; picture-in-picture\" allowfullscreen><\/iframe><\/div><\/script><div class='av-click-to-play-overlay'><div class=\"avia_playpause_icon\"><\/div><\/div><\/div><\/p><\/div>\n<\/div><\/div><\/div><!-- close content main div --><\/div><\/div><div id='after_section_3'  class='main_color av_default_container_wrap container_wrap fullsize'  ><div class='container av-section-cont-open' ><div class='template-page content  av-content-full alpha units'><div class='post-entry post-entry-type-page post-entry-12640'><div class='entry-content-wrapper clearfix'>\n<div class='flex_column_table av-1ni654s-4f34bd2cc9f7243ffac53ba3f86ea27f sc-av_one_half av-equal-height-column-flextable'>\n<style type=\"text\/css\" data-created_by=\"avia_inline_auto\" id=\"style-css-av-1ni654s-4f34bd2cc9f7243ffac53ba3f86ea27f\">\n#top .flex_column_table.av-equal-height-column-flextable.av-1ni654s-4f34bd2cc9f7243ffac53ba3f86ea27f{\nmargin-top:0px;\nmargin-bottom:40px;\n}\n.flex_column.av-1ni654s-4f34bd2cc9f7243ffac53ba3f86ea27f{\nborder-radius:0px 0px 0px 0px;\npadding:0px 0px 0px 0px;\n}\n<\/style>\n<div  class='flex_column av-1ni654s-4f34bd2cc9f7243ffac53ba3f86ea27f av_one_half  avia-builder-el-38  el_after_av_section  el_before_av_one_half  avia-builder-el-first  first flex_column_table_cell av-equal-height-column av-align-top av-zero-column-padding  '     ><section  class='av_textblock_section av-k8a1ezz5-7156ff055202c5887ad7dfaa27f22111 '   itemscope=\"itemscope\" itemtype=\"https:\/\/schema.org\/CreativeWork\" ><div class='avia_textblock'  itemprop=\"text\" ><p>La Fundaci\u00f3nen 50. urteurrena, 2018 eta 2019 bitartean ospatu zena, benetako gertaera izan zen Gasteizko hiriarentzat eta Araba osoarentzat.<\/p>\n<p>Denboraren poderioz oroitzapenik kutunenak ere desagertu egiten direla dakigunez, oroimenean iraungo zuen eta ondare kolektiboaren parte izango zen aztarna bat utzi nahi izan genuen.<\/p>\n<p>Aparteko programa bat izan zen, aparteko lurralde batentzat eta Fundaci\u00f3n bikain batentzat. Talde handi eta konprometitu baten jakintzari, gaitasunei eta gogo biziari esker betetako helburuak ospatzeko balio izan zuen, bai eta milaka pertsonaren eta ehunka erakunderen ahaleginak bistaratzeko ere; izan ere, horiek guztiek, elkarlanean, adorez eta erabakitasunez lan egiten baitute mundu guztiak jakin dezan Arabako lurraldea giza-, gizarte- eta industria\u2011garapen paregabea dituen lekua dela, eta La Fundaci\u00f3n, sortu zenetik eta bere ibilbidean zehar, hiri honen eta probintzia honen bastoietako bat dela.<\/p>\n<\/div><\/section><\/div>\n<div class='av-flex-placeholder'><\/div>\n<style type=\"text\/css\" data-created_by=\"avia_inline_auto\" id=\"style-css-av-1kotqjg-62dcf7951025f2aa260478d103030f4e\">\n#top .flex_column_table.av-equal-height-column-flextable.av-1kotqjg-62dcf7951025f2aa260478d103030f4e{\nmargin-top:0px;\nmargin-bottom:40px;\n}\n.flex_column.av-1kotqjg-62dcf7951025f2aa260478d103030f4e{\nborder-radius:0px 0px 0px 0px;\npadding:0px 0px 0px 0px;\n}\n<\/style>\n<div  class='flex_column av-1kotqjg-62dcf7951025f2aa260478d103030f4e av_one_half  avia-builder-el-40  el_after_av_one_half  el_before_av_heading  flex_column_table_cell av-equal-height-column av-align-top av-zero-column-padding  '     ><div  class='avia-video av-ka6iklz8-b21eb14a6dcaa09af5eff4a7b0f94608 avia-video-16-9 av-no-preview-image avia-video-load-always av-lazyload-immediate av-lazyload-video-embed'  itemprop=\"video\" itemtype=\"https:\/\/schema.org\/VideoObject\"  data-original_url='https:\/\/youtu.be\/86B0ffSF1Tc'><script type='text\/html' class='av-video-tmpl'><div class='avia-iframe-wrap'><iframe loading=\"lazy\" title=\"Felicitaciones a la Fundaci\u00f3n San Prudencio por su 50 aniversario\" width=\"1500\" height=\"844\" src=\"https:\/\/www.youtube.com\/embed\/86B0ffSF1Tc?feature=oembed&autoplay=0&loop=0&controls=1&mute=0\" frameborder=\"0\" allow=\"accelerometer; autoplay; clipboard-write; encrypted-media; gyroscope; picture-in-picture\" allowfullscreen><\/iframe><\/div><\/script><div class='av-click-to-play-overlay'><div class=\"avia_playpause_icon\"><\/div><\/div><\/div><\/div><\/div><!--close column table wrapper. Autoclose: 1 -->\n\n<style type=\"text\/css\" data-created_by=\"avia_inline_auto\" id=\"style-css-av-8pyta4-9078b5b9a92d2dfec8bd962a771b1da6\">\n#top .av-special-heading.av-8pyta4-9078b5b9a92d2dfec8bd962a771b1da6{\npadding-bottom:0;\n}\nbody .av-special-heading.av-8pyta4-9078b5b9a92d2dfec8bd962a771b1da6 .av-special-heading-tag .heading-char{\nfont-size:25px;\n}\n.av-special-heading.av-8pyta4-9078b5b9a92d2dfec8bd962a771b1da6 .av-subheading{\nfont-size:15px;\n}\n<\/style>\n<div  class='av-special-heading av-8pyta4-9078b5b9a92d2dfec8bd962a771b1da6 av-special-heading-h3 blockquote modern-quote modern-centered  avia-builder-el-42  el_after_av_one_half  el_before_av_partner '><h3 class='av-special-heading-tag '  itemprop=\"headline\"  >Kideak<\/h3><div class=\"special-heading-border\"><div class=\"special-heading-inner-border\"><\/div><\/div><\/div>\n<div  class='avia-logo-element-container av-ka2dniyy-3d216f1a582f1925ddfb947fe5c2913c av-border-deactivate avia-logo-slider avia-content-slider avia-smallarrow-slider avia-content-slider-active noHover avia-content-slider-even  avia-builder-el-43  el_after_av_heading  el_before_av_heading  av-slideshow-ui av-control-default av-nav-arrows-visible av-nav-dots-visible av-no-slider-navigation av-slideshow-manual av-loop-once av-loop-manual-endless avia-content-slider1' data-slideshow-options=\"{&quot;animation&quot;:&quot;slide&quot;,&quot;autoplay&quot;:false,&quot;loop_autoplay&quot;:&quot;once&quot;,&quot;interval&quot;:5,&quot;loop_manual&quot;:&quot;manual-endless&quot;,&quot;autoplay_stopper&quot;:false,&quot;noNavigation&quot;:false,&quot;bg_slider&quot;:false,&quot;keep_padding&quot;:&quot;&quot;,&quot;hoverpause&quot;:false,&quot;show_slide_delay&quot;:0}\"><div class='avia-smallarrow-slider-heading  no-logo-slider-heading '><div class='new-special-heading'>&nbsp;<\/div><\/div><div class=\"avia-content-slider-inner\"><div class=\"slide-entry-wrap\"><div  class='slide-entry av-14h0xlo-0214e88e37b4fcb59a57b808a348f3c3 flex_column no_margin av_one_fourth real-thumbnail post-entry slide-entry-overview slide-loop-1 slide-parity-odd  first'><span class='av-partner-fake-img' style='padding-bottom:75%; background-image:url(https:\/\/www.lafundacion.com\/wp-content\/uploads\/2020\/05\/rpk.jpg);'><\/span><\/div><div  class='slide-entry av-12yr23g-932da53044879bdddc623ffc1b5a856d flex_column no_margin av_one_fourth real-thumbnail post-entry slide-entry-overview slide-loop-2 slide-parity-even  '><span class='av-partner-fake-img' style='padding-bottom:75%; background-image:url(https:\/\/www.lafundacion.com\/wp-content\/uploads\/2020\/05\/electra-vitoria.jpg);'><\/span><\/div><div  class='slide-entry av-11a6f0c-ecc921d50a278b167e6c0994ea5d3154 flex_column no_margin av_one_fourth real-thumbnail post-entry slide-entry-overview slide-loop-3 slide-parity-odd  '><span class='av-partner-fake-img' style='padding-bottom:75%; background-image:url(https:\/\/www.lafundacion.com\/wp-content\/uploads\/2020\/05\/eroski.jpg);'><\/span><\/div><div  class='slide-entry av-zhr3n0-5abbae67687f5ef007032c7c6bcaf1bf flex_column no_margin av_one_fourth real-thumbnail post-entry slide-entry-overview slide-loop-4 slide-parity-even post-entry-last '><span class='av-partner-fake-img' style='padding-bottom:75%; background-image:url(https:\/\/www.lafundacion.com\/wp-content\/uploads\/2020\/05\/la-caixa.jpg);'><\/span><\/div><\/div><\/div><\/div>\n\n<style type=\"text\/css\" data-created_by=\"avia_inline_auto\" id=\"style-css-av-89ebik-3d26ac3b00241cf2129cec21d956c6d1\">\n#top .av-special-heading.av-89ebik-3d26ac3b00241cf2129cec21d956c6d1{\npadding-bottom:0;\n}\nbody .av-special-heading.av-89ebik-3d26ac3b00241cf2129cec21d956c6d1 .av-special-heading-tag .heading-char{\nfont-size:25px;\n}\n.av-special-heading.av-89ebik-3d26ac3b00241cf2129cec21d956c6d1 .av-subheading{\nfont-size:15px;\n}\n<\/style>\n<div  class='av-special-heading av-89ebik-3d26ac3b00241cf2129cec21d956c6d1 av-special-heading-h3 blockquote modern-quote modern-centered  avia-builder-el-44  el_after_av_partner  el_before_av_partner '><h3 class='av-special-heading-tag '  itemprop=\"headline\"  >Babesle berezia<\/h3><div class=\"special-heading-border\"><div class=\"special-heading-inner-border\"><\/div><\/div><\/div>\n<div  class='avia-logo-element-container av-ka2dniyy-1e05c9a0db9d46d6ec16667bc15f4135 av-border-deactivate avia-logo-slider avia-content-slider avia-smallarrow-slider avia-content-slider-active noHover avia-content-slider-odd  avia-builder-el-45  el_after_av_heading  el_before_av_heading  av-slideshow-ui av-control-default av-nav-arrows-visible av-nav-dots-visible av-no-slider-navigation av-slideshow-manual av-loop-once av-loop-manual-endless avia-content-slider2' data-slideshow-options=\"{&quot;animation&quot;:&quot;slide&quot;,&quot;autoplay&quot;:false,&quot;loop_autoplay&quot;:&quot;once&quot;,&quot;interval&quot;:5,&quot;loop_manual&quot;:&quot;manual-endless&quot;,&quot;autoplay_stopper&quot;:false,&quot;noNavigation&quot;:false,&quot;bg_slider&quot;:false,&quot;keep_padding&quot;:&quot;&quot;,&quot;hoverpause&quot;:false,&quot;show_slide_delay&quot;:0}\"><div class='avia-smallarrow-slider-heading  no-logo-slider-heading '><div class='new-special-heading'>&nbsp;<\/div><\/div><div class=\"avia-content-slider-inner\"><div class=\"slide-entry-wrap\"><div  class='slide-entry av-y5e264-d30468d404c1a801404dba8ad508b0f5 flex_column no_margin av_one_third real-thumbnail post-entry slide-entry-overview slide-loop-1 slide-parity-odd  first'><\/div><div  class='slide-entry av-vrrhy4-324278fa134833d3ffa955c2017f55e5 flex_column no_margin av_one_third real-thumbnail post-entry slide-entry-overview slide-loop-2 slide-parity-even  '><span class='av-partner-fake-img' style='padding-bottom:75%; background-image:url(https:\/\/www.lafundacion.com\/wp-content\/uploads\/2020\/05\/diputacion-foral-alava-300x225-1.jpg);'><\/span><\/div><div  class='slide-entry av-uptyzw-8ca88b4b91a21fc9f68809191efcad9f flex_column no_margin av_one_third real-thumbnail post-entry slide-entry-overview slide-loop-3 slide-parity-odd post-entry-last '><\/div><\/div><\/div><\/div>\n\n<style type=\"text\/css\" data-created_by=\"avia_inline_auto\" id=\"style-css-av-5c3lgs-34c94c4880edfb0b93fc5a54d6c8e18e\">\n#top .av-special-heading.av-5c3lgs-34c94c4880edfb0b93fc5a54d6c8e18e{\npadding-bottom:0;\n}\nbody .av-special-heading.av-5c3lgs-34c94c4880edfb0b93fc5a54d6c8e18e .av-special-heading-tag .heading-char{\nfont-size:25px;\n}\n.av-special-heading.av-5c3lgs-34c94c4880edfb0b93fc5a54d6c8e18e .av-subheading{\nfont-size:15px;\n}\n<\/style>\n<div  class='av-special-heading av-5c3lgs-34c94c4880edfb0b93fc5a54d6c8e18e av-special-heading-h3 blockquote modern-quote modern-centered  avia-builder-el-46  el_after_av_partner  el_before_av_partner '><h3 class='av-special-heading-tag '  itemprop=\"headline\"  >Babesleak<\/h3><div class=\"special-heading-border\"><div class=\"special-heading-inner-border\"><\/div><\/div><\/div>\n<div  class='avia-logo-element-container av-ka2dniyy-c8ee95f8032302daeaacfc5b3e0bf0c8 av-border-deactivate avia-logo-slider avia-content-slider avia-smallarrow-slider avia-content-slider-active noHover avia-content-slider-odd  avia-builder-el-47  el_after_av_heading  el_before_av_heading  av-slideshow-ui av-control-default av-nav-arrows-visible av-nav-dots-visible av-no-slider-navigation av-slideshow-manual av-loop-once av-loop-manual-endless avia-content-slider3' data-slideshow-options=\"{&quot;animation&quot;:&quot;slide&quot;,&quot;autoplay&quot;:false,&quot;loop_autoplay&quot;:&quot;once&quot;,&quot;interval&quot;:5,&quot;loop_manual&quot;:&quot;manual-endless&quot;,&quot;autoplay_stopper&quot;:false,&quot;noNavigation&quot;:false,&quot;bg_slider&quot;:false,&quot;keep_padding&quot;:&quot;&quot;,&quot;hoverpause&quot;:false,&quot;show_slide_delay&quot;:0}\"><div class='avia-smallarrow-slider-heading  no-logo-slider-heading '><div class='new-special-heading'>&nbsp;<\/div><\/div><div class=\"avia-content-slider-inner\"><div class=\"slide-entry-wrap\"><div  class='slide-entry av-snhcz0-8d15219583774d46cb3b0e417dc6277b flex_column no_margin av_one_seventh real-thumbnail post-entry slide-entry-overview slide-loop-1 slide-parity-odd  first'><span class='av-partner-fake-img' style='padding-bottom:75%; background-image:url(https:\/\/www.lafundacion.com\/wp-content\/uploads\/2020\/05\/gobierno-vasco-turismo.jpg);'><\/span><\/div><div  class='slide-entry av-qo9x0s-892d8a6ff7b02c7a320b6889a2c7efcb flex_column no_margin av_one_seventh real-thumbnail post-entry slide-entry-overview slide-loop-2 slide-parity-even  '><span class='av-partner-fake-img' style='padding-bottom:75%; background-image:url(https:\/\/www.lafundacion.com\/wp-content\/uploads\/2020\/05\/ayuntamiento-vitoria-gasteiz.jpg);'><\/span><\/div><div  class='slide-entry av-qb5ya4-7227a88a9a1bfe74a5a981e614f42b30 flex_column no_margin av_one_seventh real-thumbnail post-entry slide-entry-overview slide-loop-3 slide-parity-odd  '><span class='av-partner-fake-img' style='padding-bottom:75%; background-image:url(https:\/\/www.lafundacion.com\/wp-content\/uploads\/2020\/05\/mercedes-benz.jpg);'><\/span><\/div><div  class='slide-entry av-orvurg-dd4ae001e899452a907f066ec43fccfd flex_column no_margin av_one_seventh real-thumbnail post-entry slide-entry-overview slide-loop-4 slide-parity-even  '><span class='av-partner-fake-img' style='padding-bottom:75%; background-image:url(https:\/\/www.lafundacion.com\/wp-content\/uploads\/2020\/05\/euskaltel.jpg);'><\/span><\/div><div  class='slide-entry av-myjqu4-fb90a21f2cbaf5a4e04d04e656287794 flex_column no_margin av_one_seventh real-thumbnail post-entry slide-entry-overview slide-loop-5 slide-parity-odd  '><span class='av-partner-fake-img' style='padding-bottom:75%; background-image:url(https:\/\/www.lafundacion.com\/wp-content\/uploads\/2020\/05\/fournier.jpg);'><\/span><\/div><div  class='slide-entry av-kdewoc-a2215e7dcbdba14a79ddcf58b1ddaeb9 flex_column no_margin av_one_seventh real-thumbnail post-entry slide-entry-overview slide-loop-6 slide-parity-even  '><span class='av-partner-fake-img' style='padding-bottom:75%; background-image:url(https:\/\/www.lafundacion.com\/wp-content\/uploads\/2020\/05\/mahou-sanmiguel.jpg);'><\/span><\/div><div  class='slide-entry av-ie5ypo-dea71550d8bfc7d030466fddc982d952 flex_column no_margin av_one_seventh real-thumbnail post-entry slide-entry-overview slide-loop-7 slide-parity-odd post-entry-last '><span class='av-partner-fake-img' style='padding-bottom:75%; background-image:url(https:\/\/www.lafundacion.com\/wp-content\/uploads\/2020\/05\/el-corte-ingles.jpg);'><\/span><\/div><\/div><\/div><\/div>\n\n<style type=\"text\/css\" data-created_by=\"avia_inline_auto\" id=\"style-css-av-4gxzdo-e724563b65f116a1a0b41c5cec6faa23\">\n#top .av-special-heading.av-4gxzdo-e724563b65f116a1a0b41c5cec6faa23{\npadding-bottom:0;\n}\nbody .av-special-heading.av-4gxzdo-e724563b65f116a1a0b41c5cec6faa23 .av-special-heading-tag .heading-char{\nfont-size:25px;\n}\n.av-special-heading.av-4gxzdo-e724563b65f116a1a0b41c5cec6faa23 .av-subheading{\nfont-size:15px;\n}\n<\/style>\n<div  class='av-special-heading av-4gxzdo-e724563b65f116a1a0b41c5cec6faa23 av-special-heading-h3 blockquote modern-quote modern-centered  avia-builder-el-48  el_after_av_partner  el_before_av_partner '><h3 class='av-special-heading-tag '  itemprop=\"headline\"  >Laguntzaileak<\/h3><div class=\"special-heading-border\"><div class=\"special-heading-inner-border\"><\/div><\/div><\/div>\n<div  class='avia-logo-element-container av-ka2dniyy-815d580c5f1fcfeed21d9c7889f5dd40 av-border-deactivate avia-logo-grid avia-content-slider avia-smallarrow-slider avia-content-grid-active noHover avia-content-slider-odd  avia-builder-el-49  el_after_av_heading  el_before_av_hr  avia-content-slider4' ><div class='avia-smallarrow-slider-heading  no-logo-slider-heading '><div class='new-special-heading'>&nbsp;<\/div><\/div><div class=\"avia-content-slider-inner\"><div class=\"slide-entry-wrap\"><div  class='slide-entry av-gpvea4-b35a6e9971643d3a52fb2b3dcbaedaf7 flex_column no_margin av_one_seventh real-thumbnail post-entry slide-entry-overview slide-loop-1 slide-parity-odd  first'><span class='av-partner-fake-img' style='padding-bottom:75%; background-image:url(https:\/\/www.lafundacion.com\/wp-content\/uploads\/2020\/05\/elkar.jpg);'><\/span><\/div><div  class='slide-entry av-f6jl18-4a865b138463b11a3b41202312019d30 flex_column no_margin av_one_seventh real-thumbnail post-entry slide-entry-overview slide-loop-2 slide-parity-even  '><span class='av-partner-fake-img' style='padding-bottom:75%; background-image:url(https:\/\/www.lafundacion.com\/wp-content\/uploads\/2020\/05\/pepsico.jpg);'><\/span><\/div><div  class='slide-entry av-efoxng-f0909760c55c1293a2246871eaa53400 flex_column no_margin av_one_seventh real-thumbnail post-entry slide-entry-overview slide-loop-3 slide-parity-odd  '><span class='av-partner-fake-img' style='padding-bottom:75%; background-image:url(https:\/\/www.lafundacion.com\/wp-content\/uploads\/2020\/05\/pym-broker.jpg);'><\/span><\/div><div  class='slide-entry av-co0u7w-161947e171a5d6ecb3db2e791caef6cf flex_column no_margin av_one_seventh real-thumbnail post-entry slide-entry-overview slide-loop-4 slide-parity-even  '><span class='av-partner-fake-img' style='padding-bottom:75%; background-image:url(https:\/\/www.lafundacion.com\/wp-content\/uploads\/2020\/05\/catering-abadia.jpg);'><\/span><\/div><div  class='slide-entry av-aztp8s-70ad0e51c6dff96470dc431d9f40157f flex_column no_margin av_one_seventh real-thumbnail post-entry slide-entry-overview slide-loop-5 slide-parity-odd  '><span class='av-partner-fake-img' style='padding-bottom:75%; background-image:url(https:\/\/www.lafundacion.com\/wp-content\/uploads\/2020\/05\/boulevard.jpg);'><\/span><\/div><div  class='slide-entry av-9arhfw-e21c08091c4e3f6c859ce0f2ffc7114e flex_column no_margin av_one_seventh real-thumbnail post-entry slide-entry-overview slide-loop-6 slide-parity-even  '><span class='av-partner-fake-img' style='padding-bottom:75%; background-image:url(https:\/\/www.lafundacion.com\/wp-content\/uploads\/2020\/05\/the-adecco-group.jpg);'><\/span><\/div><div  class='slide-entry av-7mrf3g-eac4eac99d87e97027327fc7b7172292 flex_column no_margin av_one_seventh real-thumbnail post-entry slide-entry-overview slide-loop-7 slide-parity-odd  '><span class='av-partner-fake-img' style='padding-bottom:75%; background-image:url(https:\/\/www.lafundacion.com\/wp-content\/uploads\/2020\/05\/mc-donalds.jpg);'><\/span><\/div><\/div><div class=\"slide-entry-wrap\"><div  class='slide-entry av-6h02q4-915f2d93f74823f917656bbfa7fd7d03 flex_column no_margin av_one_seventh real-thumbnail post-entry slide-entry-overview slide-loop-8 slide-parity-odd  first'><span class='av-partner-fake-img' style='padding-bottom:75%; background-image:url(https:\/\/www.lafundacion.com\/wp-content\/uploads\/2020\/05\/gil-berzal.jpg);'><\/span><\/div><div  class='slide-entry av-3n93fw-3e86757f6516b250e4973444fec6deb9 flex_column no_margin av_one_seventh real-thumbnail post-entry slide-entry-overview slide-loop-9 slide-parity-even post-entry-last '><span class='av-partner-fake-img' style='padding-bottom:75%; background-image:url(https:\/\/www.lafundacion.com\/wp-content\/uploads\/2020\/05\/seguros-ges.jpg);'><\/span><\/div><\/div><\/div><\/div>\n\n<style type=\"text\/css\" data-created_by=\"avia_inline_auto\" id=\"style-css-av-86hw06-b4a1b3a790e824bb4703665f7a7e20e2\">\n#top .hr.av-86hw06-b4a1b3a790e824bb4703665f7a7e20e2{\nmargin-top:0;\nmargin-bottom:20px;\n}\n.hr.av-86hw06-b4a1b3a790e824bb4703665f7a7e20e2 .hr-inner{\nwidth:100px;\nborder-color:#f2f3f5;\n}\n<\/style>\n<div  class='hr av-86hw06-b4a1b3a790e824bb4703665f7a7e20e2 hr-custom  avia-builder-el-50  el_after_av_partner  el_before_av_heading  hr-center hr-icon-no'><span class='hr-inner inner-border-av-border-fat'><span class=\"hr-inner-style\"><\/span><\/span><\/div>\n\n<style type=\"text\/css\" data-created_by=\"avia_inline_auto\" id=\"style-css-av-2ocvoc-287bbc8f4844a196e56ef1b9cfc03309\">\n#top .av-special-heading.av-2ocvoc-287bbc8f4844a196e56ef1b9cfc03309{\nmargin:40px 0 0 0;\npadding-bottom:20px;\n}\nbody .av-special-heading.av-2ocvoc-287bbc8f4844a196e56ef1b9cfc03309 .av-special-heading-tag .heading-char{\nfont-size:25px;\n}\n.av-special-heading.av-2ocvoc-287bbc8f4844a196e56ef1b9cfc03309 .av-subheading{\nfont-size:15px;\n}\n<\/style>\n<div  class='av-special-heading av-2ocvoc-287bbc8f4844a196e56ef1b9cfc03309 av-special-heading-h3 blockquote modern-quote  avia-builder-el-51  el_after_av_hr  el_before_av_one_fourth '><h3 class='av-special-heading-tag '  itemprop=\"headline\"  >Erlazionatutako atalak<\/h3><div class=\"special-heading-border\"><div class=\"special-heading-inner-border\"><\/div><\/div><\/div>\n\n<style type=\"text\/css\" data-created_by=\"avia_inline_auto\" id=\"style-css-av-4v2dc7-402f3d0100393fd7a6c71ff4f80877e0\">\n.flex_column.av-4v2dc7-402f3d0100393fd7a6c71ff4f80877e0{\nborder-radius:0px 0px 0px 0px;\npadding:0px 0px 0px 0px;\n}\n<\/style>\n<div  class='flex_column av-4v2dc7-402f3d0100393fd7a6c71ff4f80877e0 av_one_fourth  avia-builder-el-52  el_after_av_heading  el_before_av_one_fourth  first flex_column_div av-zero-column-padding  '     ><p>\n<style type=\"text\/css\" data-created_by=\"avia_inline_auto\" id=\"style-css-av-2xw0k7-ef064b095b80165d7490005b0b4690f2\">\n.avia-image-container.av-2xw0k7-ef064b095b80165d7490005b0b4690f2 img.avia_image{\nbox-shadow:none;\n}\n.avia-image-container.av-2xw0k7-ef064b095b80165d7490005b0b4690f2 .av-image-caption-overlay-center{\ncolor:#ffffff;\n}\n<\/style>\n<div  class='avia-image-container av-2xw0k7-ef064b095b80165d7490005b0b4690f2 av-styling- av-img-linked avia-align-center  avia-builder-el-53  el_before_av_heading  avia-builder-el-first '   itemprop=\"image\" itemscope=\"itemscope\" itemtype=\"https:\/\/schema.org\/ImageObject\" ><div class=\"avia-image-container-inner\"><div class=\"avia-image-overlay-wrap\"><a href=\"https:\/\/www.lafundacion.com\/eu\/nor-gara-la-fundacion-laboral-san-prudencio\/\" class='avia_image '  aria-label='Quienes-Somos-en-La-Fundacion-San-Prudencio'><img decoding=\"async\" fetchpriority=\"high\" class='wp-image-9257 avia-img-lazy-loading-not-9257 avia_image ' src=\"https:\/\/www.lafundacion.com\/wp-content\/uploads\/2020\/07\/Quienes-Somos-en-La-Fundacion-San-Prudencio.jpg\" alt='La Fundaci\u00f3n San Prudencio, Dato 43' title='Quienes-Somos-en-La-Fundacion-San-Prudencio'  height=\"533\" width=\"800\"  itemprop=\"thumbnailUrl\" srcset=\"https:\/\/www.lafundacion.com\/wp-content\/uploads\/2020\/07\/Quienes-Somos-en-La-Fundacion-San-Prudencio.jpg 800w, https:\/\/www.lafundacion.com\/wp-content\/uploads\/2020\/07\/Quienes-Somos-en-La-Fundacion-San-Prudencio-300x200.jpg 300w, https:\/\/www.lafundacion.com\/wp-content\/uploads\/2020\/07\/Quienes-Somos-en-La-Fundacion-San-Prudencio-768x512.jpg 768w, https:\/\/www.lafundacion.com\/wp-content\/uploads\/2020\/07\/Quienes-Somos-en-La-Fundacion-San-Prudencio-705x470.jpg 705w\" sizes=\"(max-width: 800px) 100vw, 800px\" \/><\/a><\/div><\/div><\/div><br \/>\n\n<style type=\"text\/css\" data-created_by=\"avia_inline_auto\" id=\"style-css-av-20lwcs-eff94e482708e7c31e9e0178c7e215e0\">\n#top .av-special-heading.av-20lwcs-eff94e482708e7c31e9e0178c7e215e0{\npadding-bottom:40px;\n}\nbody .av-special-heading.av-20lwcs-eff94e482708e7c31e9e0178c7e215e0 .av-special-heading-tag .heading-char{\nfont-size:25px;\n}\n.av-special-heading.av-20lwcs-eff94e482708e7c31e9e0178c7e215e0 .av-subheading{\nfont-size:15px;\n}\n<\/style>\n<div  class='av-special-heading av-20lwcs-eff94e482708e7c31e9e0178c7e215e0 av-special-heading-h4 blockquote modern-quote  avia-builder-el-54  el_after_av_image  avia-builder-el-last  av-linked-heading'><h4 class='av-special-heading-tag '  itemprop=\"headline\"  ><a class=\"av-heading-link\" href=\"https:\/\/www.lafundacion.com\/quienes-somos\/\" >Nor gara?<\/a><\/h4><div class=\"special-heading-border\"><div class=\"special-heading-inner-border\"><\/div><\/div><\/div><\/p><\/div>\n\n<style type=\"text\/css\" data-created_by=\"avia_inline_auto\" id=\"style-css-av-4v2dc7-f1fe7c8e69d04683f54087fa4061e9a2\">\n.flex_column.av-4v2dc7-f1fe7c8e69d04683f54087fa4061e9a2{\nborder-radius:0px 0px 0px 0px;\npadding:0px 0px 0px 0px;\n}\n<\/style>\n<div  class='flex_column av-4v2dc7-f1fe7c8e69d04683f54087fa4061e9a2 av_one_fourth  avia-builder-el-55  el_after_av_one_fourth  el_before_av_one_fourth  flex_column_div av-zero-column-padding  '     ><p>\n<style type=\"text\/css\" data-created_by=\"avia_inline_auto\" id=\"style-css-av-2xw0k7-6c909c784eb4789108f9d74581c1a02e\">\n.avia-image-container.av-2xw0k7-6c909c784eb4789108f9d74581c1a02e img.avia_image{\nbox-shadow:none;\n}\n.avia-image-container.av-2xw0k7-6c909c784eb4789108f9d74581c1a02e .av-image-caption-overlay-center{\ncolor:#ffffff;\n}\n<\/style>\n<div  class='avia-image-container av-2xw0k7-6c909c784eb4789108f9d74581c1a02e av-styling- av-img-linked avia-align-center  avia-builder-el-56  el_before_av_heading  avia-builder-el-first '   itemprop=\"image\" itemscope=\"itemscope\" itemtype=\"https:\/\/schema.org\/ImageObject\" ><div class=\"avia-image-container-inner\"><div class=\"avia-image-overlay-wrap\"><a href=\"https:\/\/www.lafundacion.com\/eu\/nor-gara-la-fundacion-laboral-san-prudencio\/la-fundacion-laboral-san-prudencioren-historia\/\" class='avia_image '  aria-label='Economato-de-La-Fundacion-San-Prudencio-en-inicios-de-La-Fundacion'><img decoding=\"async\" fetchpriority=\"high\" class='wp-image-4133 avia-img-lazy-loading-not-4133 avia_image ' src=\"https:\/\/www.lafundacion.com\/wp-content\/uploads\/2020\/05\/Economato-de-La-Fundacion-San-Prudencio-en-inicios-de-La-Fundacion.jpg\" alt='Economato de La Fundacion San Prudencio en inicios de La Fundacion' title='Economato-de-La-Fundacion-San-Prudencio-en-inicios-de-La-Fundacion'  height=\"533\" width=\"800\"  itemprop=\"thumbnailUrl\" srcset=\"https:\/\/www.lafundacion.com\/wp-content\/uploads\/2020\/05\/Economato-de-La-Fundacion-San-Prudencio-en-inicios-de-La-Fundacion.jpg 800w, https:\/\/www.lafundacion.com\/wp-content\/uploads\/2020\/05\/Economato-de-La-Fundacion-San-Prudencio-en-inicios-de-La-Fundacion-300x200.jpg 300w, https:\/\/www.lafundacion.com\/wp-content\/uploads\/2020\/05\/Economato-de-La-Fundacion-San-Prudencio-en-inicios-de-La-Fundacion-768x512.jpg 768w, https:\/\/www.lafundacion.com\/wp-content\/uploads\/2020\/05\/Economato-de-La-Fundacion-San-Prudencio-en-inicios-de-La-Fundacion-705x470.jpg 705w\" sizes=\"(max-width: 800px) 100vw, 800px\" \/><\/a><\/div><\/div><\/div><br \/>\n\n<style type=\"text\/css\" data-created_by=\"avia_inline_auto\" id=\"style-css-av-h0vbg-41b08963f97e1409f90a322e29b0cc99\">\n#top .av-special-heading.av-h0vbg-41b08963f97e1409f90a322e29b0cc99{\npadding-bottom:40px;\n}\nbody .av-special-heading.av-h0vbg-41b08963f97e1409f90a322e29b0cc99 .av-special-heading-tag .heading-char{\nfont-size:25px;\n}\n.av-special-heading.av-h0vbg-41b08963f97e1409f90a322e29b0cc99 .av-subheading{\nfont-size:15px;\n}\n<\/style>\n<div  class='av-special-heading av-h0vbg-41b08963f97e1409f90a322e29b0cc99 av-special-heading-h4 blockquote modern-quote  avia-builder-el-57  el_after_av_image  avia-builder-el-last  av-linked-heading'><h4 class='av-special-heading-tag '  itemprop=\"headline\"  ><a class=\"av-heading-link\" href=\"https:\/\/www.lafundacion.com\/quienes-somos\/historia\/\" >Historia<\/a><\/h4><div class=\"special-heading-border\"><div class=\"special-heading-inner-border\"><\/div><\/div><\/div><\/p><\/div>\n\n<style type=\"text\/css\" data-created_by=\"avia_inline_auto\" id=\"style-css-av-4v2dc7-f1fe7c8e69d04683f54087fa4061e9a2\">\n.flex_column.av-4v2dc7-f1fe7c8e69d04683f54087fa4061e9a2{\nborder-radius:0px 0px 0px 0px;\npadding:0px 0px 0px 0px;\n}\n<\/style>\n<div  class='flex_column av-4v2dc7-f1fe7c8e69d04683f54087fa4061e9a2 av_one_fourth  avia-builder-el-58  el_after_av_one_fourth  el_before_av_one_fourth  flex_column_div av-zero-column-padding  '     ><p>\n<style type=\"text\/css\" data-created_by=\"avia_inline_auto\" id=\"style-css-av-2xw0k7-554c5af46cb8d93b72234fb32a58648b\">\n.avia-image-container.av-2xw0k7-554c5af46cb8d93b72234fb32a58648b img.avia_image{\nbox-shadow:none;\n}\n.avia-image-container.av-2xw0k7-554c5af46cb8d93b72234fb32a58648b .av-image-caption-overlay-center{\ncolor:#ffffff;\n}\n<\/style>\n<div  class='avia-image-container av-2xw0k7-554c5af46cb8d93b72234fb32a58648b av-styling- av-img-linked avia-align-center  avia-builder-el-59  el_before_av_heading  avia-builder-el-first '   itemprop=\"image\" itemscope=\"itemscope\" itemtype=\"https:\/\/schema.org\/ImageObject\" ><div class=\"avia-image-container-inner\"><div class=\"avia-image-overlay-wrap\"><a href=\"https:\/\/www.lafundacion.com\/eu\/nor-gara-la-fundacion-laboral-san-prudencio\/enpresa-kidetuen-zerrenda\/\" class='avia_image '  aria-label='empresas-la-fundacion-2'><img decoding=\"async\" fetchpriority=\"high\" class='wp-image-4139 avia-img-lazy-loading-not-4139 avia_image ' src=\"https:\/\/www.lafundacion.com\/wp-content\/uploads\/2020\/05\/empresas-la-fundacion-2.jpg\" alt='Empresas de La Fundaci\u00f3n San Prudencio' title='empresas-la-fundacion-2'  height=\"533\" width=\"800\"  itemprop=\"thumbnailUrl\" srcset=\"https:\/\/www.lafundacion.com\/wp-content\/uploads\/2020\/05\/empresas-la-fundacion-2.jpg 800w, https:\/\/www.lafundacion.com\/wp-content\/uploads\/2020\/05\/empresas-la-fundacion-2-300x200.jpg 300w, https:\/\/www.lafundacion.com\/wp-content\/uploads\/2020\/05\/empresas-la-fundacion-2-768x512.jpg 768w, https:\/\/www.lafundacion.com\/wp-content\/uploads\/2020\/05\/empresas-la-fundacion-2-705x470.jpg 705w\" sizes=\"(max-width: 800px) 100vw, 800px\" \/><\/a><\/div><\/div><\/div><br \/>\n\n<style type=\"text\/css\" data-created_by=\"avia_inline_auto\" id=\"style-css-av-1v851o-9030860a8e9b6aeb1f3a2066c4a04f66\">\n#top .av-special-heading.av-1v851o-9030860a8e9b6aeb1f3a2066c4a04f66{\npadding-bottom:40px;\n}\nbody .av-special-heading.av-1v851o-9030860a8e9b6aeb1f3a2066c4a04f66 .av-special-heading-tag .heading-char{\nfont-size:25px;\n}\n.av-special-heading.av-1v851o-9030860a8e9b6aeb1f3a2066c4a04f66 .av-subheading{\nfont-size:15px;\n}\n<\/style>\n<div  class='av-special-heading av-1v851o-9030860a8e9b6aeb1f3a2066c4a04f66 av-special-heading-h4 blockquote modern-quote  avia-builder-el-60  el_after_av_image  avia-builder-el-last  av-linked-heading'><h4 class='av-special-heading-tag '  itemprop=\"headline\"  ><a class=\"av-heading-link\" href=\"https:\/\/www.lafundacion.com\/quienes-somos\/empresas-asociadas\/\" >Enpresa kidetuak<\/a><\/h4><div class=\"special-heading-border\"><div class=\"special-heading-inner-border\"><\/div><\/div><\/div><\/p><\/div>\n\n<style type=\"text\/css\" data-created_by=\"avia_inline_auto\" id=\"style-css-av-4v2dc7-f1fe7c8e69d04683f54087fa4061e9a2\">\n.flex_column.av-4v2dc7-f1fe7c8e69d04683f54087fa4061e9a2{\nborder-radius:0px 0px 0px 0px;\npadding:0px 0px 0px 0px;\n}\n<\/style>\n<div  class='flex_column av-4v2dc7-f1fe7c8e69d04683f54087fa4061e9a2 av_one_fourth  avia-builder-el-61  el_after_av_one_fourth  avia-builder-el-last  flex_column_div av-zero-column-padding  '     ><p>\n<style type=\"text\/css\" data-created_by=\"avia_inline_auto\" id=\"style-css-av-2xw0k7-782e867cb14095b10e419b6061a4e5c6\">\n.avia-image-container.av-2xw0k7-782e867cb14095b10e419b6061a4e5c6 img.avia_image{\nbox-shadow:none;\n}\n.avia-image-container.av-2xw0k7-782e867cb14095b10e419b6061a4e5c6 .av-image-caption-overlay-center{\ncolor:#ffffff;\n}\n<\/style>\n<div  class='avia-image-container av-2xw0k7-782e867cb14095b10e419b6061a4e5c6 av-styling- av-img-linked avia-align-center  avia-builder-el-62  el_before_av_heading  avia-builder-el-first '   itemprop=\"image\" itemscope=\"itemscope\" itemtype=\"https:\/\/schema.org\/ImageObject\" ><div class=\"avia-image-container-inner\"><div class=\"avia-image-overlay-wrap\"><a href=\"https:\/\/www.lafundacion.com\/eu\/la-fundacion-san-prudencioko-titularrentzako-zerbitzuak-eta-onurak\/\" class='avia_image '  aria-label='Quienes-Somos-en-La-Fundacion-San-Prudencio-Dato-43'><img decoding=\"async\" fetchpriority=\"high\" class='wp-image-4036 avia-img-lazy-loading-not-4036 avia_image ' src=\"https:\/\/www.lafundacion.com\/wp-content\/uploads\/2020\/05\/Quienes-Somos-en-La-Fundacion-San-Prudencio-Dato-43-1030x684.jpg\" alt='La Fundaci\u00f3n San Prudencio' title='Quienes-Somos-en-La-Fundacion-San-Prudencio-Dato-43'  height=\"684\" width=\"1030\"  itemprop=\"thumbnailUrl\" srcset=\"https:\/\/www.lafundacion.com\/wp-content\/uploads\/2020\/05\/Quienes-Somos-en-La-Fundacion-San-Prudencio-Dato-43-1030x684.jpg 1030w, https:\/\/www.lafundacion.com\/wp-content\/uploads\/2020\/05\/Quienes-Somos-en-La-Fundacion-San-Prudencio-Dato-43-300x199.jpg 300w, https:\/\/www.lafundacion.com\/wp-content\/uploads\/2020\/05\/Quienes-Somos-en-La-Fundacion-San-Prudencio-Dato-43-768x510.jpg 768w, https:\/\/www.lafundacion.com\/wp-content\/uploads\/2020\/05\/Quienes-Somos-en-La-Fundacion-San-Prudencio-Dato-43-705x468.jpg 705w, https:\/\/www.lafundacion.com\/wp-content\/uploads\/2020\/05\/Quienes-Somos-en-La-Fundacion-San-Prudencio-Dato-43.jpg 1200w\" sizes=\"(max-width: 1030px) 100vw, 1030px\" \/><\/a><\/div><\/div><\/div><br \/>\n\n<style type=\"text\/css\" data-created_by=\"avia_inline_auto\" id=\"style-css-av-kb1zxpsu-c7378e20d575853ba99099977df99ef8\">\n#top .av-special-heading.av-kb1zxpsu-c7378e20d575853ba99099977df99ef8{\npadding-bottom:40px;\n}\nbody .av-special-heading.av-kb1zxpsu-c7378e20d575853ba99099977df99ef8 .av-special-heading-tag .heading-char{\nfont-size:25px;\n}\n.av-special-heading.av-kb1zxpsu-c7378e20d575853ba99099977df99ef8 .av-subheading{\nfont-size:15px;\n}\n<\/style>\n<div  class='av-special-heading av-kb1zxpsu-c7378e20d575853ba99099977df99ef8 av-special-heading-h4 blockquote modern-quote  avia-builder-el-63  el_after_av_image  avia-builder-el-last  av-linked-heading'><h4 class='av-special-heading-tag '  itemprop=\"headline\"  ><a class=\"av-heading-link\" href=\"https:\/\/www.lafundacion.com\/personas\/\" >Zerbitzuak<\/a><\/h4><div class=\"special-heading-border\"><div class=\"special-heading-inner-border\"><\/div><\/div><\/div><\/p><\/div>\n","protected":false},"excerpt":{"rendered":"","protected":false},"author":1,"featured_media":0,"parent":12012,"menu_order":0,"comment_status":"closed","ping_status":"closed","template":"","meta":{"_acf_changed":false,"footnotes":""},"class_list":["post-12640","page","type-page","status-publish","hentry"],"acf":[],"yoast_head":"<!-- This site is optimized with the Yoast SEO plugin v27.4 - https:\/\/yoast.com\/product\/yoast-seo-wordpress\/ -->\r\n<title>La Fundaci\u00f3n San Prudencioren 50. urteurrena<\/title>\r\n<meta name=\"description\" content=\"Ekitaldi handiekin ospatu genuen hori: Inaugurazio ekitaldia, Globoen Norgehiagoka, Erakusketa, Komikia eta XXI. mendeko Gasteiz Sinfonia\" \/>\r\n<meta name=\"robots\" content=\"index, follow, max-snippet:-1, max-image-preview:large, max-video-preview:-1\" \/>\r\n<link rel=\"canonical\" href=\"https:\/\/www.lafundacion.com\/eu\/nor-gara\/50-urteurrena\/\" \/>\r\n<meta property=\"og:locale\" content=\"eu_ES\" \/>\r\n<meta property=\"og:type\" content=\"article\" \/>\r\n<meta property=\"og:title\" content=\"La Fundaci\u00f3n San Prudencioren 50. urteurrena\" \/>\r\n<meta property=\"og:description\" content=\"Ekitaldi handiekin ospatu genuen hori: Inaugurazio ekitaldia, Globoen Norgehiagoka, Erakusketa, Komikia eta XXI. mendeko Gasteiz Sinfonia\" \/>\r\n<meta property=\"og:url\" content=\"https:\/\/www.lafundacion.com\/eu\/nor-gara\/50-urteurrena\/\" \/>\r\n<meta property=\"og:site_name\" content=\"La Fundaci\u00f3n San Prudencio\" \/>\r\n<meta property=\"article:modified_time\" content=\"2020-12-17T11:00:57+00:00\" \/>\r\n<meta property=\"og:image\" content=\"https:\/\/www.lafundacion.com\/wp-content\/uploads\/2020\/05\/Comic-50-aniversario-la-fundacion-216x300.jpg\" \/>\r\n<meta name=\"twitter:card\" content=\"summary_large_image\" \/>\r\n<meta name=\"twitter:label1\" content=\"Est. reading time\" \/>\n\t<meta name=\"twitter:data1\" content=\"32 minutes\" \/>\r\n<script type=\"application\/ld+json\" class=\"yoast-schema-graph\">{\"@context\":\"https:\\\/\\\/schema.org\",\"@graph\":[{\"@type\":\"WebPage\",\"@id\":\"https:\\\/\\\/www.lafundacion.com\\\/eu\\\/nor-gara\\\/50-urteurrena\\\/\",\"url\":\"https:\\\/\\\/www.lafundacion.com\\\/eu\\\/nor-gara\\\/50-urteurrena\\\/\",\"name\":\"La Fundaci\u00f3n San Prudencioren 50. urteurrena\",\"isPartOf\":{\"@id\":\"https:\\\/\\\/www.lafundacion.com\\\/#website\"},\"primaryImageOfPage\":{\"@id\":\"https:\\\/\\\/www.lafundacion.com\\\/eu\\\/nor-gara\\\/50-urteurrena\\\/#primaryimage\"},\"image\":{\"@id\":\"https:\\\/\\\/www.lafundacion.com\\\/eu\\\/nor-gara\\\/50-urteurrena\\\/#primaryimage\"},\"thumbnailUrl\":\"https:\\\/\\\/www.lafundacion.com\\\/wp-content\\\/uploads\\\/2020\\\/05\\\/Comic-50-aniversario-la-fundacion-216x300.jpg\",\"datePublished\":\"2020-05-04T10:59:06+00:00\",\"dateModified\":\"2020-12-17T11:00:57+00:00\",\"description\":\"Ekitaldi handiekin ospatu genuen hori: Inaugurazio ekitaldia, Globoen Norgehiagoka, Erakusketa, Komikia eta XXI. mendeko Gasteiz Sinfonia\",\"breadcrumb\":{\"@id\":\"https:\\\/\\\/www.lafundacion.com\\\/eu\\\/nor-gara\\\/50-urteurrena\\\/#breadcrumb\"},\"inLanguage\":\"eu-ES\",\"potentialAction\":[{\"@type\":\"ReadAction\",\"target\":[\"https:\\\/\\\/www.lafundacion.com\\\/eu\\\/nor-gara\\\/50-urteurrena\\\/\"]}]},{\"@type\":\"ImageObject\",\"inLanguage\":\"eu-ES\",\"@id\":\"https:\\\/\\\/www.lafundacion.com\\\/eu\\\/nor-gara\\\/50-urteurrena\\\/#primaryimage\",\"url\":\"https:\\\/\\\/www.lafundacion.com\\\/wp-content\\\/uploads\\\/2020\\\/05\\\/Comic-50-aniversario-la-fundacion-216x300.jpg\",\"contentUrl\":\"https:\\\/\\\/www.lafundacion.com\\\/wp-content\\\/uploads\\\/2020\\\/05\\\/Comic-50-aniversario-la-fundacion-216x300.jpg\"},{\"@type\":\"BreadcrumbList\",\"@id\":\"https:\\\/\\\/www.lafundacion.com\\\/eu\\\/nor-gara\\\/50-urteurrena\\\/#breadcrumb\",\"itemListElement\":[{\"@type\":\"ListItem\",\"position\":1,\"name\":\"Portada\",\"item\":\"https:\\\/\\\/www.lafundacion.com\\\/eu\\\/hasiera\\\/\"},{\"@type\":\"ListItem\",\"position\":2,\"name\":\"Nor gara La Fundaci\u00f3n Laboral San Prudencio\",\"item\":\"https:\\\/\\\/www.lafundacion.com\\\/eu\\\/nor-gara\\\/\"},{\"@type\":\"ListItem\",\"position\":3,\"name\":\"La Fundaci\u00f3n Laboral San Prudencioren 50. urteurrena\"}]},{\"@type\":\"WebSite\",\"@id\":\"https:\\\/\\\/www.lafundacion.com\\\/#website\",\"url\":\"https:\\\/\\\/www.lafundacion.com\\\/\",\"name\":\"La Fundaci\u00f3n San Prudencio\",\"description\":\"La Fundaci\u00f3n Laboral San Prudencio en Vitoria-Gasteiz\",\"publisher\":{\"@id\":\"https:\\\/\\\/www.lafundacion.com\\\/#organization\"},\"potentialAction\":[{\"@type\":\"SearchAction\",\"target\":{\"@type\":\"EntryPoint\",\"urlTemplate\":\"https:\\\/\\\/www.lafundacion.com\\\/?s={search_term_string}\"},\"query-input\":{\"@type\":\"PropertyValueSpecification\",\"valueRequired\":true,\"valueName\":\"search_term_string\"}}],\"inLanguage\":\"eu-ES\"},{\"@type\":\"Organization\",\"@id\":\"https:\\\/\\\/www.lafundacion.com\\\/#organization\",\"name\":\"La Fundaci\u00f3n San Prudencio\",\"url\":\"https:\\\/\\\/www.lafundacion.com\\\/\",\"logo\":{\"@type\":\"ImageObject\",\"inLanguage\":\"eu-ES\",\"@id\":\"https:\\\/\\\/www.lafundacion.com\\\/#\\\/schema\\\/logo\\\/image\\\/\",\"url\":\"https:\\\/\\\/www.lafundacion.com\\\/wp-content\\\/uploads\\\/2020\\\/03\\\/logo-la-fundacion.png\",\"contentUrl\":\"https:\\\/\\\/www.lafundacion.com\\\/wp-content\\\/uploads\\\/2020\\\/03\\\/logo-la-fundacion.png\",\"width\":323,\"height\":129,\"caption\":\"La Fundaci\u00f3n San Prudencio\"},\"image\":{\"@id\":\"https:\\\/\\\/www.lafundacion.com\\\/#\\\/schema\\\/logo\\\/image\\\/\"}}]}<\/script>\r\n<!-- \/ Yoast SEO plugin. -->","yoast_head_json":{"title":"La Fundaci\u00f3n San Prudencioren 50. urteurrena","description":"Ekitaldi handiekin ospatu genuen hori: Inaugurazio ekitaldia, Globoen Norgehiagoka, Erakusketa, Komikia eta XXI. mendeko Gasteiz Sinfonia","robots":{"index":"index","follow":"follow","max-snippet":"max-snippet:-1","max-image-preview":"max-image-preview:large","max-video-preview":"max-video-preview:-1"},"canonical":"https:\/\/www.lafundacion.com\/eu\/nor-gara\/50-urteurrena\/","og_locale":"eu_ES","og_type":"article","og_title":"La Fundaci\u00f3n San Prudencioren 50. urteurrena","og_description":"Ekitaldi handiekin ospatu genuen hori: Inaugurazio ekitaldia, Globoen Norgehiagoka, Erakusketa, Komikia eta XXI. mendeko Gasteiz Sinfonia","og_url":"https:\/\/www.lafundacion.com\/eu\/nor-gara\/50-urteurrena\/","og_site_name":"La Fundaci\u00f3n San Prudencio","article_modified_time":"2020-12-17T11:00:57+00:00","og_image":[{"url":"https:\/\/www.lafundacion.com\/wp-content\/uploads\/2020\/05\/Comic-50-aniversario-la-fundacion-216x300.jpg","type":"","width":"","height":""}],"twitter_card":"summary_large_image","twitter_misc":{"Est. reading time":"32 minutes"},"schema":{"@context":"https:\/\/schema.org","@graph":[{"@type":"WebPage","@id":"https:\/\/www.lafundacion.com\/eu\/nor-gara\/50-urteurrena\/","url":"https:\/\/www.lafundacion.com\/eu\/nor-gara\/50-urteurrena\/","name":"La Fundaci\u00f3n San Prudencioren 50. urteurrena","isPartOf":{"@id":"https:\/\/www.lafundacion.com\/#website"},"primaryImageOfPage":{"@id":"https:\/\/www.lafundacion.com\/eu\/nor-gara\/50-urteurrena\/#primaryimage"},"image":{"@id":"https:\/\/www.lafundacion.com\/eu\/nor-gara\/50-urteurrena\/#primaryimage"},"thumbnailUrl":"https:\/\/www.lafundacion.com\/wp-content\/uploads\/2020\/05\/Comic-50-aniversario-la-fundacion-216x300.jpg","datePublished":"2020-05-04T10:59:06+00:00","dateModified":"2020-12-17T11:00:57+00:00","description":"Ekitaldi handiekin ospatu genuen hori: Inaugurazio ekitaldia, Globoen Norgehiagoka, Erakusketa, Komikia eta XXI. mendeko Gasteiz Sinfonia","breadcrumb":{"@id":"https:\/\/www.lafundacion.com\/eu\/nor-gara\/50-urteurrena\/#breadcrumb"},"inLanguage":"eu-ES","potentialAction":[{"@type":"ReadAction","target":["https:\/\/www.lafundacion.com\/eu\/nor-gara\/50-urteurrena\/"]}]},{"@type":"ImageObject","inLanguage":"eu-ES","@id":"https:\/\/www.lafundacion.com\/eu\/nor-gara\/50-urteurrena\/#primaryimage","url":"https:\/\/www.lafundacion.com\/wp-content\/uploads\/2020\/05\/Comic-50-aniversario-la-fundacion-216x300.jpg","contentUrl":"https:\/\/www.lafundacion.com\/wp-content\/uploads\/2020\/05\/Comic-50-aniversario-la-fundacion-216x300.jpg"},{"@type":"BreadcrumbList","@id":"https:\/\/www.lafundacion.com\/eu\/nor-gara\/50-urteurrena\/#breadcrumb","itemListElement":[{"@type":"ListItem","position":1,"name":"Portada","item":"https:\/\/www.lafundacion.com\/eu\/hasiera\/"},{"@type":"ListItem","position":2,"name":"Nor gara La Fundaci\u00f3n Laboral San Prudencio","item":"https:\/\/www.lafundacion.com\/eu\/nor-gara\/"},{"@type":"ListItem","position":3,"name":"La Fundaci\u00f3n Laboral San Prudencioren 50. urteurrena"}]},{"@type":"WebSite","@id":"https:\/\/www.lafundacion.com\/#website","url":"https:\/\/www.lafundacion.com\/","name":"La Fundaci\u00f3n San Prudencio","description":"La Fundaci\u00f3n Laboral San Prudencio en Vitoria-Gasteiz","publisher":{"@id":"https:\/\/www.lafundacion.com\/#organization"},"potentialAction":[{"@type":"SearchAction","target":{"@type":"EntryPoint","urlTemplate":"https:\/\/www.lafundacion.com\/?s={search_term_string}"},"query-input":{"@type":"PropertyValueSpecification","valueRequired":true,"valueName":"search_term_string"}}],"inLanguage":"eu-ES"},{"@type":"Organization","@id":"https:\/\/www.lafundacion.com\/#organization","name":"La Fundaci\u00f3n San Prudencio","url":"https:\/\/www.lafundacion.com\/","logo":{"@type":"ImageObject","inLanguage":"eu-ES","@id":"https:\/\/www.lafundacion.com\/#\/schema\/logo\/image\/","url":"https:\/\/www.lafundacion.com\/wp-content\/uploads\/2020\/03\/logo-la-fundacion.png","contentUrl":"https:\/\/www.lafundacion.com\/wp-content\/uploads\/2020\/03\/logo-la-fundacion.png","width":323,"height":129,"caption":"La Fundaci\u00f3n San Prudencio"},"image":{"@id":"https:\/\/www.lafundacion.com\/#\/schema\/logo\/image\/"}}]}},"_links":{"self":[{"href":"https:\/\/www.lafundacion.com\/eu\/wp-json\/wp\/v2\/pages\/12640","targetHints":{"allow":["GET"]}}],"collection":[{"href":"https:\/\/www.lafundacion.com\/eu\/wp-json\/wp\/v2\/pages"}],"about":[{"href":"https:\/\/www.lafundacion.com\/eu\/wp-json\/wp\/v2\/types\/page"}],"author":[{"embeddable":true,"href":"https:\/\/www.lafundacion.com\/eu\/wp-json\/wp\/v2\/users\/1"}],"replies":[{"embeddable":true,"href":"https:\/\/www.lafundacion.com\/eu\/wp-json\/wp\/v2\/comments?post=12640"}],"version-history":[{"count":9,"href":"https:\/\/www.lafundacion.com\/eu\/wp-json\/wp\/v2\/pages\/12640\/revisions"}],"predecessor-version":[{"id":13049,"href":"https:\/\/www.lafundacion.com\/eu\/wp-json\/wp\/v2\/pages\/12640\/revisions\/13049"}],"up":[{"embeddable":true,"href":"https:\/\/www.lafundacion.com\/eu\/wp-json\/wp\/v2\/pages\/12012"}],"wp:attachment":[{"href":"https:\/\/www.lafundacion.com\/eu\/wp-json\/wp\/v2\/media?parent=12640"}],"curies":[{"name":"wp","href":"https:\/\/api.w.org\/{rel}","templated":true}]}}