{"id":12282,"date":"2020-05-26T09:44:27","date_gmt":"2020-05-26T07:44:27","guid":{"rendered":"https:\/\/www.lafundacion.com\/la-fundacion-san-prudencioko-titularrentzako-zerbitzuak-eta-onurak\/lehiaketak\/"},"modified":"2021-01-20T13:41:04","modified_gmt":"2021-01-20T12:41:04","slug":"lehiaketak","status":"publish","type":"page","link":"https:\/\/www.lafundacion.com\/eu\/pertsonak\/lehiaketak\/","title":{"rendered":"Lehiaketak"},"content":{"rendered":"\n<style type=\"text\/css\" data-created_by=\"avia_inline_auto\" id=\"style-css-av-k8a121cj-0a06f2225a55bfa15e52415be6165c49\">\n.avia-section.av-k8a121cj-0a06f2225a55bfa15e52415be6165c49{\nbackground-repeat:no-repeat;\nbackground-image:url(https:\/\/www.lafundacion.com\/wp-content\/uploads\/2020\/05\/banner-concursos.jpg);\nbackground-position:50% 0%;\nbackground-attachment:scroll;\n}\n.avia-section.av-k8a121cj-0a06f2225a55bfa15e52415be6165c49 .av-section-color-overlay{\nopacity:0.5;\nbackground-color:#ffffff;\n}\n<\/style>\n<div id='av_section_1'  class='avia-section av-k8a121cj-0a06f2225a55bfa15e52415be6165c49 main_color avia-section-default avia-no-border-styling  avia-builder-el-0  el_before_av_heading  avia-builder-el-first  avia-full-stretch avia-bg-style-scroll av-section-color-overlay-active av-minimum-height av-minimum-height-25 av-height-25  container_wrap fullsize'  data-section-bg-repeat='stretch' data-av_minimum_height_pc='25' data-av_min_height_opt='25'><div class=\"av-section-color-overlay-wrap\"><div class=\"av-section-color-overlay\"><\/div><div class='container av-section-cont-open' ><main  role=\"main\" itemprop=\"mainContentOfPage\"  class='template-page content  av-content-full alpha units'><div class='post-entry post-entry-type-page post-entry-12282'><div class='entry-content-wrapper clearfix'>\n\n<style type=\"text\/css\" data-created_by=\"avia_inline_auto\" id=\"style-css-av-kanoeh67-972a7802978c389c6d8535bb01a2b6e8\">\n#top .av-special-heading.av-kanoeh67-972a7802978c389c6d8535bb01a2b6e8{\npadding-bottom:10px;\n}\nbody .av-special-heading.av-kanoeh67-972a7802978c389c6d8535bb01a2b6e8 .av-special-heading-tag .heading-char{\nfont-size:25px;\n}\n.av-special-heading.av-kanoeh67-972a7802978c389c6d8535bb01a2b6e8 .av-subheading{\nfont-size:15px;\n}\n<\/style>\n<div  class='av-special-heading av-kanoeh67-972a7802978c389c6d8535bb01a2b6e8 av-special-heading-h1 blockquote modern-quote modern-centered  avia-builder-el-1  avia-builder-el-no-sibling '><h1 class='av-special-heading-tag '  itemprop=\"headline\"  >La Fundaci\u00f3n San Prudencioko familiei zuzendutako lehiaketak<\/h1><div class=\"special-heading-border\"><div class=\"special-heading-inner-border\"><\/div><\/div><\/div>\n<\/div><\/div><\/main><!-- close content main element --><\/div><\/div><\/div><div id='after_section_1'  class='main_color av_default_container_wrap container_wrap fullsize'  ><div class='container av-section-cont-open' ><div class='template-page content  av-content-full alpha units'><div class='post-entry post-entry-type-page post-entry-12282'><div class='entry-content-wrapper clearfix'>\n\n<style type=\"text\/css\" data-created_by=\"avia_inline_auto\" id=\"style-css-av-av_heading-21dbab37ccddb1c7eaca080772dc7eae\">\n#top .av-special-heading.av-av_heading-21dbab37ccddb1c7eaca080772dc7eae{\npadding-bottom:10px;\n}\nbody .av-special-heading.av-av_heading-21dbab37ccddb1c7eaca080772dc7eae .av-special-heading-tag .heading-char{\nfont-size:25px;\n}\n.av-special-heading.av-av_heading-21dbab37ccddb1c7eaca080772dc7eae .av-subheading{\nfont-size:15px;\n}\n<\/style>\n<div  class='av-special-heading av-av_heading-21dbab37ccddb1c7eaca080772dc7eae av-special-heading-h2 blockquote modern-quote  avia-builder-el-2  el_after_av_section  el_before_av_textblock  avia-builder-el-first '><h2 class='av-special-heading-tag '  itemprop=\"headline\"  >La Fundaci\u00f3nen, saria duten bi lehiaketa antolatzen ditugu urtero:<\/h2><div class=\"special-heading-border\"><div class=\"special-heading-inner-border\"><\/div><\/div><\/div>\n<section  class='av_textblock_section av-k8a1cg16-5d3bd3e84d6ed611440e722a94e93da6 '   itemscope=\"itemscope\" itemtype=\"https:\/\/schema.org\/CreativeWork\" ><div class='avia_textblock'  itemprop=\"text\" ><p>Urtero, hainbat lehiaketa edo sari antolatzen ditugu, eta titular guztiek parte har dezakete haien senideekin (La Fundaci\u00f3nen onuradunekin) batera.<\/p>\n<\/div><\/section>\n\n<style type=\"text\/css\" data-created_by=\"avia_inline_auto\" id=\"style-css-av-kaceqjzq-d86126f10c19e7d9674a3d260aa1d169\">\n.av_font_icon.av-kaceqjzq-d86126f10c19e7d9674a3d260aa1d169{\ncolor:#03a8e4;\nborder-color:#03a8e4;\n}\n.avia-svg-icon.av-kaceqjzq-d86126f10c19e7d9674a3d260aa1d169 svg:first-child{\nstroke:#03a8e4;\nfill:#03a8e4;\n}\n.av_font_icon.av-kaceqjzq-d86126f10c19e7d9674a3d260aa1d169 .av-icon-char{\nfont-size:40px;\nline-height:40px;\n}\n<\/style>\n<span  class='av_font_icon av-kaceqjzq-d86126f10c19e7d9674a3d260aa1d169 avia_animate_when_visible av-icon-style- avia-icon-pos-center avia-iconfont avia-font-entypo-fontello avia-icon-animate'><span class='av-icon-char' data-av_icon='\ue86f' data-av_iconfont='entypo-fontello' aria-hidden=\"true\" ><\/span><\/span>\n<div class='flex_column_table av-4k659c-668112853623bdef7bdad992fe157ce7 sc-av_one_half av-equal-height-column-flextable'>\n<style type=\"text\/css\" data-created_by=\"avia_inline_auto\" id=\"style-css-av-4k659c-668112853623bdef7bdad992fe157ce7\">\n#top .flex_column_table.av-equal-height-column-flextable.av-4k659c-668112853623bdef7bdad992fe157ce7{\nmargin-top:40px;\nmargin-bottom:40px;\n}\n.flex_column.av-4k659c-668112853623bdef7bdad992fe157ce7{\nborder-radius:0px 0px 0px 0px;\npadding:0px 0px 0px 0px;\n}\n<\/style>\n<div  class='flex_column av-4k659c-668112853623bdef7bdad992fe157ce7 av_one_half  avia-builder-el-5  el_after_av_font_icon  el_before_av_one_half  first flex_column_table_cell av-equal-height-column av-align-top av-zero-column-padding  '     ><p>\n<style type=\"text\/css\" data-created_by=\"avia_inline_auto\" id=\"style-css-av-kadpy8b2-ffa502217575d5f8d8b402bb19561fda\">\n.avia-image-container.av-kadpy8b2-ffa502217575d5f8d8b402bb19561fda img.avia_image{\nbox-shadow:none;\n}\n.avia-image-container.av-kadpy8b2-ffa502217575d5f8d8b402bb19561fda .av-image-caption-overlay-center{\ncolor:#ffffff;\n}\n<\/style>\n<div  class='avia-image-container av-kadpy8b2-ffa502217575d5f8d8b402bb19561fda av-styling- av-img-linked avia-align-center  avia-builder-el-6  el_before_av_heading  avia-builder-el-first '   itemprop=\"image\" itemscope=\"itemscope\" itemtype=\"https:\/\/schema.org\/ImageObject\" ><div class=\"avia-image-container-inner\"><div class=\"avia-image-overlay-wrap\"><a href=\"https:\/\/www.lafundacion.com\/eu\/pertsonak\/lehiaketak\/familia-sariak\/\" class='avia_image '  aria-label='Familia Sariak, ekimen arduratsuak egiten dituzten Vitoria-Gasteizko familia guztiek parte har dezaten'><img decoding=\"async\" fetchpriority=\"high\" class='wp-image-8140 avia-img-lazy-loading-not-8140 avia_image ' src=\"https:\/\/www.lafundacion.com\/wp-content\/uploads\/2020\/06\/Premios-Familia-para-todas-las-familias-de-Vitoria-Gasteiz-2.jpg\" alt='Familia Sariak, ekimen arduratsuak egiten dituzten Vitoria-Gasteizko familia guztiek parte har dezaten' title='Familia Sariak, ekimen arduratsuak egiten dituzten Vitoria-Gasteizko familia guztiek parte har dezaten'  height=\"533\" width=\"800\"  itemprop=\"thumbnailUrl\" srcset=\"https:\/\/www.lafundacion.com\/wp-content\/uploads\/2020\/06\/Premios-Familia-para-todas-las-familias-de-Vitoria-Gasteiz-2.jpg 800w, https:\/\/www.lafundacion.com\/wp-content\/uploads\/2020\/06\/Premios-Familia-para-todas-las-familias-de-Vitoria-Gasteiz-2-300x200.jpg 300w, https:\/\/www.lafundacion.com\/wp-content\/uploads\/2020\/06\/Premios-Familia-para-todas-las-familias-de-Vitoria-Gasteiz-2-768x512.jpg 768w, https:\/\/www.lafundacion.com\/wp-content\/uploads\/2020\/06\/Premios-Familia-para-todas-las-familias-de-Vitoria-Gasteiz-2-705x470.jpg 705w\" sizes=\"(max-width: 800px) 100vw, 800px\" \/><\/a><\/div><\/div><\/div><br \/>\n\n<style type=\"text\/css\" data-created_by=\"avia_inline_auto\" id=\"style-css-av-av_heading-a0564d0e8173bc3590404b0a4492657f\">\n#top .av-special-heading.av-av_heading-a0564d0e8173bc3590404b0a4492657f{\nmargin:20px 0 0 0;\npadding-bottom:10px;\n}\nbody .av-special-heading.av-av_heading-a0564d0e8173bc3590404b0a4492657f .av-special-heading-tag .heading-char{\nfont-size:25px;\n}\n.av-special-heading.av-av_heading-a0564d0e8173bc3590404b0a4492657f .av-subheading{\nfont-size:15px;\n}\n<\/style>\n<div  class='av-special-heading av-av_heading-a0564d0e8173bc3590404b0a4492657f av-special-heading-h3 blockquote modern-quote  avia-builder-el-7  el_after_av_image  el_before_av_textblock '><h3 class='av-special-heading-tag '  itemprop=\"headline\"  >Familia Sariak, Gasteizko familia guztientzat<\/h3><div class=\"special-heading-border\"><div class=\"special-heading-inner-border\"><\/div><\/div><\/div><br \/>\n<section  class='av_textblock_section av-k8a1cg16-5d3bd3e84d6ed611440e722a94e93da6 '   itemscope=\"itemscope\" itemtype=\"https:\/\/schema.org\/CreativeWork\" ><div class='avia_textblock'  itemprop=\"text\" ><p>Sari horiek La Fundaci\u00f3neko familien artetik jardunbideak eta ekimenak lortzera bideratuta daude, eta, gainera, gure taldekoak ez diren familiek ere parte har dezakete.<\/p>\n<\/div><\/section><br \/>\n<div  class='avia-button-wrap av-kacetx27-0e5f5dacd6702d1db688ce72152dbc33-wrap avia-button-center  avia-builder-el-9  el_after_av_textblock  avia-builder-el-last '><a href='https:\/\/www.lafundacion.com\/eu\/pertsonak\/lehiaketak\/familia-sariak\/'  class='avia-button av-kacetx27-0e5f5dacd6702d1db688ce72152dbc33 av-link-btn avia-icon_select-yes-left-icon avia-size-large avia-position-center avia-color-theme-color'   aria-label=\"Familia Sariei buruzko argibide gehiago\"><span class='avia_button_icon avia_button_icon_left avia-iconfont avia-font-entypo-fontello' data-av_icon='\ue81f' data-av_iconfont='entypo-fontello' ><\/span><span class='avia_iconbox_title' >Familia Sariei buruzko argibide gehiago<\/span><\/a><\/div><\/p><\/div><div class='av-flex-placeholder'><\/div>\n<style type=\"text\/css\" data-created_by=\"avia_inline_auto\" id=\"style-css-av-4k659c-efb9e98850a3aa1ba0d185d2d1257610\">\n#top .flex_column_table.av-equal-height-column-flextable.av-4k659c-efb9e98850a3aa1ba0d185d2d1257610{\nmargin-top:40px;\nmargin-bottom:40px;\n}\n.flex_column.av-4k659c-efb9e98850a3aa1ba0d185d2d1257610{\nborder-radius:0px 0px 0px 0px;\npadding:0px 0px 0px 0px;\n}\n<\/style>\n<div  class='flex_column av-4k659c-efb9e98850a3aa1ba0d185d2d1257610 av_one_half  avia-builder-el-10  el_after_av_one_half  el_before_av_hr  flex_column_table_cell av-equal-height-column av-align-top av-zero-column-padding  '     ><p>\n<style type=\"text\/css\" data-created_by=\"avia_inline_auto\" id=\"style-css-av-pcj0m-b5c35eb4bbc0593c78eb6a15f6af6439\">\n.avia-image-container.av-pcj0m-b5c35eb4bbc0593c78eb6a15f6af6439 img.avia_image{\nbox-shadow:none;\n}\n.avia-image-container.av-pcj0m-b5c35eb4bbc0593c78eb6a15f6af6439 .av-image-caption-overlay-center{\ncolor:#ffffff;\n}\n<\/style>\n<div  class='avia-image-container av-pcj0m-b5c35eb4bbc0593c78eb6a15f6af6439 av-styling- av-img-linked avia-align-center  avia-builder-el-11  el_before_av_heading  avia-builder-el-first '   itemprop=\"image\" itemscope=\"itemscope\" itemtype=\"https:\/\/schema.org\/ImageObject\" ><div class=\"avia-image-container-inner\"><div class=\"avia-image-overlay-wrap\"><a href=\"https:\/\/www.lafundacion.com\/eu\/la-fundacion-san-prudencioko-titularrentzako-zerbitzuak-eta-onurak\/lehiaketak\/gabonetako-postalak\/\" class='avia_image '  aria-label='Haurrak, La Fundaci\u00f3n San Prudencioko Gabonetako postalen lehiaketarako marrazten'><img decoding=\"async\" fetchpriority=\"high\" class='wp-image-6462 avia-img-lazy-loading-not-6462 avia_image ' src=\"https:\/\/www.lafundacion.com\/wp-content\/uploads\/2020\/05\/ninos-en-concurso-postales-navidenas-La-Fundacion-San-Prudencio.jpg\" alt='Haurrak, La Fundaci\u00f3n San Prudencioko Gabonetako postalen lehiaketarako marrazten' title='Haurrak, La Fundaci\u00f3n San Prudencioko Gabonetako postalen lehiaketarako marrazten'  height=\"533\" width=\"800\"  itemprop=\"thumbnailUrl\" srcset=\"https:\/\/www.lafundacion.com\/wp-content\/uploads\/2020\/05\/ninos-en-concurso-postales-navidenas-La-Fundacion-San-Prudencio.jpg 800w, https:\/\/www.lafundacion.com\/wp-content\/uploads\/2020\/05\/ninos-en-concurso-postales-navidenas-La-Fundacion-San-Prudencio-300x200.jpg 300w, https:\/\/www.lafundacion.com\/wp-content\/uploads\/2020\/05\/ninos-en-concurso-postales-navidenas-La-Fundacion-San-Prudencio-768x512.jpg 768w, https:\/\/www.lafundacion.com\/wp-content\/uploads\/2020\/05\/ninos-en-concurso-postales-navidenas-La-Fundacion-San-Prudencio-705x470.jpg 705w\" sizes=\"(max-width: 800px) 100vw, 800px\" \/><\/a><\/div><\/div><\/div><br \/>\n\n<style type=\"text\/css\" data-created_by=\"avia_inline_auto\" id=\"style-css-av-4qsr2n-72c1ea0d2eb29a6daa4bbf1ab317125b\">\n#top .av-special-heading.av-4qsr2n-72c1ea0d2eb29a6daa4bbf1ab317125b{\nmargin:20px 0 0 0;\npadding-bottom:10px;\n}\nbody .av-special-heading.av-4qsr2n-72c1ea0d2eb29a6daa4bbf1ab317125b .av-special-heading-tag .heading-char{\nfont-size:25px;\n}\n.av-special-heading.av-4qsr2n-72c1ea0d2eb29a6daa4bbf1ab317125b .av-subheading{\nfont-size:15px;\n}\n<\/style>\n<div  class='av-special-heading av-4qsr2n-72c1ea0d2eb29a6daa4bbf1ab317125b av-special-heading-h3 blockquote modern-quote  avia-builder-el-12  el_after_av_image  el_before_av_textblock '><h3 class='av-special-heading-tag '  itemprop=\"headline\"  >La Fundaci\u00f3n San Prudencioko haurrentzako Gabonetako postalen lehiaketa<\/h3><div class=\"special-heading-border\"><div class=\"special-heading-inner-border\"><\/div><\/div><\/div><br \/>\n<section  class='av_textblock_section av-k8a1cg16-5d3bd3e84d6ed611440e722a94e93da6 '   itemscope=\"itemscope\" itemtype=\"https:\/\/schema.org\/CreativeWork\" ><div class='avia_textblock'  itemprop=\"text\" ><p>Aurten, 2020an, La Fundaci\u00f3nen Gabonetako Postalen lehiaketaren V. edizioa izango dugu. Bertan, La Fundaci\u00f3neko 12 urtera bitarteko haurrek Gabonetan oinarritutako marrazkiak bidaltzen dizkigute, La Fundaci\u00f3n San Prudenciori erreferentziaren bat eginez.<\/p>\n<\/div><\/section><br \/>\n<div  class='avia-button-wrap av-kacetx27-3b89a48140a65ec9c30b74f9b98954f7-wrap avia-button-center  avia-builder-el-14  el_after_av_textblock  avia-builder-el-last '><a href='https:\/\/www.lafundacion.com\/eu\/la-fundacion-san-prudencioko-titularrentzako-zerbitzuak-eta-onurak\/lehiaketak\/gabonetako-postalak\/'  class='avia-button av-kacetx27-3b89a48140a65ec9c30b74f9b98954f7 av-link-btn avia-icon_select-yes-left-icon avia-size-large avia-position-center avia-color-theme-color'   aria-label=\"Gabonetako postalei buruzko argibide gehiago\"><span class='avia_button_icon avia_button_icon_left avia-iconfont avia-font-entypo-fontello' data-av_icon='\ue81f' data-av_iconfont='entypo-fontello' ><\/span><span class='avia_iconbox_title' >Gabonetako postalei buruzko argibide gehiago<\/span><\/a><\/div><\/p><\/div><\/div><!--close column table wrapper. Autoclose: 1 --><\/p>\n\n<style type=\"text\/css\" data-created_by=\"avia_inline_auto\" id=\"style-css-av-86hw06-ca2e415684351276dba0b7b4167cab36\">\n#top .hr.av-86hw06-ca2e415684351276dba0b7b4167cab36{\nmargin-top:40px;\nmargin-bottom:10px;\n}\n.hr.av-86hw06-ca2e415684351276dba0b7b4167cab36 .hr-inner{\nwidth:100px;\nborder-color:#f2f3f5;\n}\n<\/style>\n<div  class='hr av-86hw06-ca2e415684351276dba0b7b4167cab36 hr-custom  avia-builder-el-15  el_after_av_one_half  el_before_av_heading  hr-center hr-icon-no'><span class='hr-inner inner-border-av-border-fat'><span class=\"hr-inner-style\"><\/span><\/span><\/div>\n\n<style type=\"text\/css\" data-created_by=\"avia_inline_auto\" id=\"style-css-av-av_heading-110c43b892ef64b05bb3990ab73d6a07\">\n#top .av-special-heading.av-av_heading-110c43b892ef64b05bb3990ab73d6a07{\npadding-bottom:40px;\n}\nbody .av-special-heading.av-av_heading-110c43b892ef64b05bb3990ab73d6a07 .av-special-heading-tag .heading-char{\nfont-size:25px;\n}\n.av-special-heading.av-av_heading-110c43b892ef64b05bb3990ab73d6a07 .av-subheading{\nfont-size:15px;\n}\n<\/style>\n<div  class='av-special-heading av-av_heading-110c43b892ef64b05bb3990ab73d6a07 av-special-heading-h3 blockquote modern-quote  avia-builder-el-16  el_after_av_hr  el_before_av_one_fourth '><h3 class='av-special-heading-tag '  itemprop=\"headline\"  >Erlazionatutako informazioa<\/h3><div class=\"special-heading-border\"><div class=\"special-heading-inner-border\"><\/div><\/div><\/div>\n<div class='flex_column_table av-4v2dc7-b659e51747b53ec31cd0612007eb8835 sc-av_one_fourth av-equal-height-column-flextable'>\n<style type=\"text\/css\" data-created_by=\"avia_inline_auto\" id=\"style-css-av-4v2dc7-b659e51747b53ec31cd0612007eb8835\">\n.flex_column.av-4v2dc7-b659e51747b53ec31cd0612007eb8835{\nborder-radius:0px 0px 0px 0px;\npadding:0px 0px 0px 0px;\n}\n<\/style>\n<div  class='flex_column av-4v2dc7-b659e51747b53ec31cd0612007eb8835 av_one_fourth  avia-builder-el-17  el_after_av_heading  el_before_av_one_fourth  first flex_column_table_cell av-equal-height-column av-align-top av-zero-column-padding  '     ><p>\n<style type=\"text\/css\" data-created_by=\"avia_inline_auto\" id=\"style-css-av-2xw0k7-418546195ce1035435d59bd68ae7b401\">\n.avia-image-container.av-2xw0k7-418546195ce1035435d59bd68ae7b401 img.avia_image{\nbox-shadow:none;\n}\n.avia-image-container.av-2xw0k7-418546195ce1035435d59bd68ae7b401 .av-image-caption-overlay-center{\ncolor:#ffffff;\n}\n<\/style>\n<div  class='avia-image-container av-2xw0k7-418546195ce1035435d59bd68ae7b401 av-styling- av-img-linked avia-align-center  avia-builder-el-18  el_before_av_heading  avia-builder-el-first '   itemprop=\"image\" itemscope=\"itemscope\" itemtype=\"https:\/\/schema.org\/ImageObject\" ><div class=\"avia-image-container-inner\"><div class=\"avia-image-overlay-wrap\"><a href=\"https:\/\/www.lafundacion.com\/eu\/la-fundacion-san-prudencioko-titularrentzako-zerbitzuak-eta-onurak\/haur-eta-familientzako-ekitaldiak-gasteizen\/familia-sarien-ekitaldiak\/\" class='avia_image '  aria-label='PREMIOS-FAMILIA-La-Fundacion'><img decoding=\"async\" fetchpriority=\"high\" class='wp-image-5861 avia-img-lazy-loading-not-5861 avia_image ' src=\"https:\/\/www.lafundacion.com\/wp-content\/uploads\/2020\/05\/PREMIOS-FAMILIA-La-Fundacion.jpg\" alt='Imagen de un evento Vitoria para las familias de La Fundaci\u00f3n San Prudencio.' title='PREMIOS-FAMILIA-La-Fundacion'  height=\"533\" width=\"800\"  itemprop=\"thumbnailUrl\" srcset=\"https:\/\/www.lafundacion.com\/wp-content\/uploads\/2020\/05\/PREMIOS-FAMILIA-La-Fundacion.jpg 800w, https:\/\/www.lafundacion.com\/wp-content\/uploads\/2020\/05\/PREMIOS-FAMILIA-La-Fundacion-300x200.jpg 300w, https:\/\/www.lafundacion.com\/wp-content\/uploads\/2020\/05\/PREMIOS-FAMILIA-La-Fundacion-768x512.jpg 768w, https:\/\/www.lafundacion.com\/wp-content\/uploads\/2020\/05\/PREMIOS-FAMILIA-La-Fundacion-705x470.jpg 705w\" sizes=\"(max-width: 800px) 100vw, 800px\" \/><\/a><\/div><\/div><\/div><br \/>\n\n<style type=\"text\/css\" data-created_by=\"avia_inline_auto\" id=\"style-css-av-kb23q4tb-f44a8864a9e5e2121b6f0157a8dc41e0\">\n#top .av-special-heading.av-kb23q4tb-f44a8864a9e5e2121b6f0157a8dc41e0{\npadding-bottom:10px;\n}\nbody .av-special-heading.av-kb23q4tb-f44a8864a9e5e2121b6f0157a8dc41e0 .av-special-heading-tag .heading-char{\nfont-size:25px;\n}\n.av-special-heading.av-kb23q4tb-f44a8864a9e5e2121b6f0157a8dc41e0 .av-subheading{\nfont-size:15px;\n}\n<\/style>\n<div  class='av-special-heading av-kb23q4tb-f44a8864a9e5e2121b6f0157a8dc41e0 av-special-heading-h4 blockquote modern-quote  avia-builder-el-19  el_after_av_image  avia-builder-el-last  av-linked-heading'><h4 class='av-special-heading-tag '  itemprop=\"headline\"  ><a class=\"av-heading-link\" href=\"https:\/\/www.lafundacion.com\/personas\/eventos-vitoria\/eventos-premios-familia\/\" >Familia Sariak<\/a><\/h4><div class=\"special-heading-border\"><div class=\"special-heading-inner-border\"><\/div><\/div><\/div><\/p><\/div>\n<div class='av-flex-placeholder'><\/div>\n<style type=\"text\/css\" data-created_by=\"avia_inline_auto\" id=\"style-css-av-4v2dc7-f1fe7c8e69d04683f54087fa4061e9a2\">\n.flex_column.av-4v2dc7-f1fe7c8e69d04683f54087fa4061e9a2{\nborder-radius:0px 0px 0px 0px;\npadding:0px 0px 0px 0px;\n}\n<\/style>\n<div  class='flex_column av-4v2dc7-f1fe7c8e69d04683f54087fa4061e9a2 av_one_fourth  avia-builder-el-20  el_after_av_one_fourth  el_before_av_one_fourth  flex_column_table_cell av-equal-height-column av-align-top av-zero-column-padding  '     ><p>\n<style type=\"text\/css\" data-created_by=\"avia_inline_auto\" id=\"style-css-av-2xw0k7-572df90daa2b1aa92b800def6d1c9453\">\n.avia-image-container.av-2xw0k7-572df90daa2b1aa92b800def6d1c9453 img.avia_image{\nbox-shadow:none;\n}\n.avia-image-container.av-2xw0k7-572df90daa2b1aa92b800def6d1c9453 .av-image-caption-overlay-center{\ncolor:#ffffff;\n}\n<\/style>\n<div  class='avia-image-container av-2xw0k7-572df90daa2b1aa92b800def6d1c9453 av-styling- av-img-linked avia-align-center  avia-builder-el-21  el_before_av_heading  avia-builder-el-first '   itemprop=\"image\" itemscope=\"itemscope\" itemtype=\"https:\/\/schema.org\/ImageObject\" ><div class=\"avia-image-container-inner\"><div class=\"avia-image-overlay-wrap\"><a href=\"https:\/\/www.lafundacion.com\/eu\/la-fundacion-san-prudencioko-titularrentzako-zerbitzuak-eta-onurak\/lehiaketak\/gabonetako-postalak\/\" class='avia_image '  aria-label='concurso-postales-navidenas-la-fundacion'><img decoding=\"async\" fetchpriority=\"high\" class='wp-image-7927 avia-img-lazy-loading-not-7927 avia_image ' src=\"https:\/\/www.lafundacion.com\/wp-content\/uploads\/2020\/06\/concurso-postales-navidenas-la-fundacion.jpg\" alt='Concurso Postales Navide\u00f1as La Fundaci\u00f3n' title='concurso-postales-navidenas-la-fundacion'  height=\"533\" width=\"800\"  itemprop=\"thumbnailUrl\" srcset=\"https:\/\/www.lafundacion.com\/wp-content\/uploads\/2020\/06\/concurso-postales-navidenas-la-fundacion.jpg 800w, https:\/\/www.lafundacion.com\/wp-content\/uploads\/2020\/06\/concurso-postales-navidenas-la-fundacion-300x200.jpg 300w, https:\/\/www.lafundacion.com\/wp-content\/uploads\/2020\/06\/concurso-postales-navidenas-la-fundacion-768x512.jpg 768w, https:\/\/www.lafundacion.com\/wp-content\/uploads\/2020\/06\/concurso-postales-navidenas-la-fundacion-705x470.jpg 705w\" sizes=\"(max-width: 800px) 100vw, 800px\" \/><\/a><\/div><\/div><\/div><br \/>\n\n<style type=\"text\/css\" data-created_by=\"avia_inline_auto\" id=\"style-css-av-kb23qi8k-517aaa1a911dd4e636fa2717c5323883\">\n#top .av-special-heading.av-kb23qi8k-517aaa1a911dd4e636fa2717c5323883{\npadding-bottom:10px;\n}\nbody .av-special-heading.av-kb23qi8k-517aaa1a911dd4e636fa2717c5323883 .av-special-heading-tag .heading-char{\nfont-size:25px;\n}\n.av-special-heading.av-kb23qi8k-517aaa1a911dd4e636fa2717c5323883 .av-subheading{\nfont-size:15px;\n}\n<\/style>\n<div  class='av-special-heading av-kb23qi8k-517aaa1a911dd4e636fa2717c5323883 av-special-heading-h4 blockquote modern-quote  avia-builder-el-22  el_after_av_image  avia-builder-el-last  av-linked-heading'><h4 class='av-special-heading-tag '  itemprop=\"headline\"  ><a class=\"av-heading-link\" href=\"https:\/\/www.lafundacion.com\/personas\/concursos\/postales-navidad\/\" >Gabonetako postalen Lehiaketa<\/a><\/h4><div class=\"special-heading-border\"><div class=\"special-heading-inner-border\"><\/div><\/div><\/div><\/p><\/div>\n<div class='av-flex-placeholder'><\/div>\n<style type=\"text\/css\" data-created_by=\"avia_inline_auto\" id=\"style-css-av-4v2dc7-eec0ac1a782910ec842970222aa248bb\">\n.flex_column.av-4v2dc7-eec0ac1a782910ec842970222aa248bb{\nborder-radius:0px 0px 0px 0px;\npadding:0px 0px 0px 0px;\n}\n<\/style>\n<div  class='flex_column av-4v2dc7-eec0ac1a782910ec842970222aa248bb av_one_fourth  avia-builder-el-23  el_after_av_one_fourth  el_before_av_one_fourth  flex_column_table_cell av-equal-height-column av-align-top av-zero-column-padding  '     ><p>\n<style type=\"text\/css\" data-created_by=\"avia_inline_auto\" id=\"style-css-av-2xw0k7-0af23868f7975549b24cb4dbc2ef1ef3\">\n.avia-image-container.av-2xw0k7-0af23868f7975549b24cb4dbc2ef1ef3 img.avia_image{\nbox-shadow:none;\n}\n.avia-image-container.av-2xw0k7-0af23868f7975549b24cb4dbc2ef1ef3 .av-image-caption-overlay-center{\ncolor:#ffffff;\n}\n<\/style>\n<div  class='avia-image-container av-2xw0k7-0af23868f7975549b24cb4dbc2ef1ef3 av-styling- av-img-linked avia-align-center  avia-builder-el-24  el_before_av_heading  avia-builder-el-first '   itemprop=\"image\" itemscope=\"itemscope\" itemtype=\"https:\/\/schema.org\/ImageObject\" ><div class=\"avia-image-container-inner\"><div class=\"avia-image-overlay-wrap\"><a href=\"https:\/\/www.lafundacion.com\/eu\/la-fundacion-san-prudencioko-titularrentzako-zerbitzuak-eta-onurak\/haur-eta-familientzako-ekitaldiak-gasteizen\/\" class='avia_image '  aria-label='circo-la-fundacion'><img decoding=\"async\" fetchpriority=\"high\" class='wp-image-4925 avia-img-lazy-loading-not-4925 avia_image ' src=\"https:\/\/www.lafundacion.com\/wp-content\/uploads\/2020\/05\/circo-la-fundacion.jpg\" alt='eventos Vitoria Gasteiz de La Fundaci\u00f3n San Prudencio para los trabajadores' title='circo-la-fundacion'  height=\"533\" width=\"800\"  itemprop=\"thumbnailUrl\" srcset=\"https:\/\/www.lafundacion.com\/wp-content\/uploads\/2020\/05\/circo-la-fundacion.jpg 800w, https:\/\/www.lafundacion.com\/wp-content\/uploads\/2020\/05\/circo-la-fundacion-300x200.jpg 300w, https:\/\/www.lafundacion.com\/wp-content\/uploads\/2020\/05\/circo-la-fundacion-768x512.jpg 768w, https:\/\/www.lafundacion.com\/wp-content\/uploads\/2020\/05\/circo-la-fundacion-705x470.jpg 705w\" sizes=\"(max-width: 800px) 100vw, 800px\" \/><\/a><\/div><\/div><\/div><br \/>\n\n<style type=\"text\/css\" data-created_by=\"avia_inline_auto\" id=\"style-css-av-kb23qspk-f07f0882aa0c0b23b54e86754483f0fc\">\n#top .av-special-heading.av-kb23qspk-f07f0882aa0c0b23b54e86754483f0fc{\npadding-bottom:10px;\n}\nbody .av-special-heading.av-kb23qspk-f07f0882aa0c0b23b54e86754483f0fc .av-special-heading-tag .heading-char{\nfont-size:25px;\n}\n.av-special-heading.av-kb23qspk-f07f0882aa0c0b23b54e86754483f0fc .av-subheading{\nfont-size:15px;\n}\n<\/style>\n<div  class='av-special-heading av-kb23qspk-f07f0882aa0c0b23b54e86754483f0fc av-special-heading-h4 blockquote modern-quote  avia-builder-el-25  el_after_av_image  avia-builder-el-last  av-linked-heading'><h4 class='av-special-heading-tag '  itemprop=\"headline\"  ><a class=\"av-heading-link\" href=\"https:\/\/www.lafundacion.com\/personas\/eventos-vitoria\/\" >Ekitaldiak<\/a><\/h4><div class=\"special-heading-border\"><div class=\"special-heading-inner-border\"><\/div><\/div><\/div><\/p><\/div>\n<div class='av-flex-placeholder'><\/div>\n<style type=\"text\/css\" data-created_by=\"avia_inline_auto\" id=\"style-css-av-4v2dc7-eec0ac1a782910ec842970222aa248bb\">\n.flex_column.av-4v2dc7-eec0ac1a782910ec842970222aa248bb{\nborder-radius:0px 0px 0px 0px;\npadding:0px 0px 0px 0px;\n}\n<\/style>\n<div  class='flex_column av-4v2dc7-eec0ac1a782910ec842970222aa248bb av_one_fourth  avia-builder-el-26  el_after_av_one_fourth  avia-builder-el-last  flex_column_table_cell av-equal-height-column av-align-top av-zero-column-padding  '     ><p>\n<style type=\"text\/css\" data-created_by=\"avia_inline_auto\" id=\"style-css-av-2xw0k7-782e867cb14095b10e419b6061a4e5c6\">\n.avia-image-container.av-2xw0k7-782e867cb14095b10e419b6061a4e5c6 img.avia_image{\nbox-shadow:none;\n}\n.avia-image-container.av-2xw0k7-782e867cb14095b10e419b6061a4e5c6 .av-image-caption-overlay-center{\ncolor:#ffffff;\n}\n<\/style>\n<div  class='avia-image-container av-2xw0k7-782e867cb14095b10e419b6061a4e5c6 av-styling- av-img-linked avia-align-center  avia-builder-el-27  el_before_av_heading  avia-builder-el-first '   itemprop=\"image\" itemscope=\"itemscope\" itemtype=\"https:\/\/schema.org\/ImageObject\" ><div class=\"avia-image-container-inner\"><div class=\"avia-image-overlay-wrap\"><a href=\"https:\/\/www.lafundacion.com\/eu\/la-fundacion-san-prudencioko-titularrentzako-zerbitzuak-eta-onurak\/\" class='avia_image '  aria-label='Quienes-Somos-en-La-Fundacion-San-Prudencio-Dato-43'><img decoding=\"async\" fetchpriority=\"high\" class='wp-image-4036 avia-img-lazy-loading-not-4036 avia_image ' src=\"https:\/\/www.lafundacion.com\/wp-content\/uploads\/2020\/05\/Quienes-Somos-en-La-Fundacion-San-Prudencio-Dato-43-1030x684.jpg\" alt='La Fundaci\u00f3n San Prudencio' title='Quienes-Somos-en-La-Fundacion-San-Prudencio-Dato-43'  height=\"684\" width=\"1030\"  itemprop=\"thumbnailUrl\" srcset=\"https:\/\/www.lafundacion.com\/wp-content\/uploads\/2020\/05\/Quienes-Somos-en-La-Fundacion-San-Prudencio-Dato-43-1030x684.jpg 1030w, https:\/\/www.lafundacion.com\/wp-content\/uploads\/2020\/05\/Quienes-Somos-en-La-Fundacion-San-Prudencio-Dato-43-300x199.jpg 300w, https:\/\/www.lafundacion.com\/wp-content\/uploads\/2020\/05\/Quienes-Somos-en-La-Fundacion-San-Prudencio-Dato-43-768x510.jpg 768w, https:\/\/www.lafundacion.com\/wp-content\/uploads\/2020\/05\/Quienes-Somos-en-La-Fundacion-San-Prudencio-Dato-43-705x468.jpg 705w, https:\/\/www.lafundacion.com\/wp-content\/uploads\/2020\/05\/Quienes-Somos-en-La-Fundacion-San-Prudencio-Dato-43.jpg 1200w\" sizes=\"(max-width: 1030px) 100vw, 1030px\" \/><\/a><\/div><\/div><\/div><br \/>\n\n<style type=\"text\/css\" data-created_by=\"avia_inline_auto\" id=\"style-css-av-kb23r2k5-01c19741850820b15a36df5e9fed449f\">\n#top .av-special-heading.av-kb23r2k5-01c19741850820b15a36df5e9fed449f{\npadding-bottom:10px;\n}\nbody .av-special-heading.av-kb23r2k5-01c19741850820b15a36df5e9fed449f .av-special-heading-tag .heading-char{\nfont-size:25px;\n}\n.av-special-heading.av-kb23r2k5-01c19741850820b15a36df5e9fed449f .av-subheading{\nfont-size:15px;\n}\n<\/style>\n<div  class='av-special-heading av-kb23r2k5-01c19741850820b15a36df5e9fed449f av-special-heading-h4 blockquote modern-quote  avia-builder-el-28  el_after_av_image  avia-builder-el-last  av-linked-heading'><h4 class='av-special-heading-tag '  itemprop=\"headline\"  ><a class=\"av-heading-link\" href=\"https:\/\/www.lafundacion.com\/personas\/\" >Zerbitzuak<\/a><\/h4><div class=\"special-heading-border\"><div class=\"special-heading-inner-border\"><\/div><\/div><\/div><\/p><\/div><\/div><!--close column table wrapper. Autoclose: 1 -->\n","protected":false},"excerpt":{"rendered":"","protected":false},"author":1,"featured_media":0,"parent":12195,"menu_order":0,"comment_status":"closed","ping_status":"closed","template":"","meta":{"_acf_changed":false,"footnotes":""},"class_list":["post-12282","page","type-page","status-publish","hentry"],"acf":[],"yoast_head":"<!-- This site is optimized with the Yoast SEO plugin v27.5 - https:\/\/yoast.com\/product\/yoast-seo-wordpress\/ -->\r\n<title>La Fundaci\u00f3n San Prudencioko familiei zuzendutako lehiaketak<\/title>\r\n<meta name=\"description\" content=\"La Fundaci\u00f3n Laboral San Prudenciok lehiaketak antolatzen ditu familientzat Gasteizen, besteak beste, Familia Sariak eta gabonetako postalen lehiaketa\" \/>\r\n<meta name=\"robots\" content=\"index, follow, max-snippet:-1, max-image-preview:large, max-video-preview:-1\" \/>\r\n<link rel=\"canonical\" href=\"https:\/\/www.lafundacion.com\/eu\/pertsonak\/lehiaketak\/\" \/>\r\n<meta property=\"og:locale\" content=\"eu_ES\" \/>\r\n<meta property=\"og:type\" content=\"article\" \/>\r\n<meta property=\"og:title\" content=\"La Fundaci\u00f3n San Prudencioko familiei zuzendutako lehiaketak\" \/>\r\n<meta property=\"og:description\" content=\"La Fundaci\u00f3n Laboral San Prudenciok lehiaketak antolatzen ditu familientzat Gasteizen, besteak beste, Familia Sariak eta gabonetako postalen lehiaketa\" \/>\r\n<meta property=\"og:url\" content=\"https:\/\/www.lafundacion.com\/eu\/pertsonak\/lehiaketak\/\" \/>\r\n<meta property=\"og:site_name\" content=\"La Fundaci\u00f3n San Prudencio\" \/>\r\n<meta property=\"article:modified_time\" content=\"2021-01-20T12:41:04+00:00\" \/>\r\n<meta name=\"twitter:card\" content=\"summary_large_image\" \/>\r\n<meta name=\"twitter:label1\" content=\"Est. reading time\" \/>\n\t<meta name=\"twitter:data1\" content=\"13 minutes\" \/>\r\n<script type=\"application\/ld+json\" class=\"yoast-schema-graph\">{\"@context\":\"https:\\\/\\\/schema.org\",\"@graph\":[{\"@type\":\"WebPage\",\"@id\":\"https:\\\/\\\/www.lafundacion.com\\\/eu\\\/pertsonak\\\/lehiaketak\\\/\",\"url\":\"https:\\\/\\\/www.lafundacion.com\\\/eu\\\/pertsonak\\\/lehiaketak\\\/\",\"name\":\"La Fundaci\u00f3n San Prudencioko familiei zuzendutako lehiaketak\",\"isPartOf\":{\"@id\":\"https:\\\/\\\/www.lafundacion.com\\\/eu\\\/#website\"},\"datePublished\":\"2020-05-26T07:44:27+00:00\",\"dateModified\":\"2021-01-20T12:41:04+00:00\",\"description\":\"La Fundaci\u00f3n Laboral San Prudenciok lehiaketak antolatzen ditu familientzat Gasteizen, besteak beste, Familia Sariak eta gabonetako postalen lehiaketa\",\"breadcrumb\":{\"@id\":\"https:\\\/\\\/www.lafundacion.com\\\/eu\\\/pertsonak\\\/lehiaketak\\\/#breadcrumb\"},\"inLanguage\":\"eu-ES\",\"potentialAction\":[{\"@type\":\"ReadAction\",\"target\":[\"https:\\\/\\\/www.lafundacion.com\\\/eu\\\/pertsonak\\\/lehiaketak\\\/\"]}]},{\"@type\":\"BreadcrumbList\",\"@id\":\"https:\\\/\\\/www.lafundacion.com\\\/eu\\\/pertsonak\\\/lehiaketak\\\/#breadcrumb\",\"itemListElement\":[{\"@type\":\"ListItem\",\"position\":1,\"name\":\"Portada\",\"item\":\"https:\\\/\\\/www.lafundacion.com\\\/eu\\\/hasiera\\\/\"},{\"@type\":\"ListItem\",\"position\":2,\"name\":\"La Fundaci\u00f3n San Prudencioko titularrentzako zerbitzuak eta onurak\",\"item\":\"https:\\\/\\\/www.lafundacion.com\\\/eu\\\/pertsonak\\\/\"},{\"@type\":\"ListItem\",\"position\":3,\"name\":\"Lehiaketak\"}]},{\"@type\":\"WebSite\",\"@id\":\"https:\\\/\\\/www.lafundacion.com\\\/eu\\\/#website\",\"url\":\"https:\\\/\\\/www.lafundacion.com\\\/eu\\\/\",\"name\":\"La Fundaci\u00f3n San Prudencio\",\"description\":\"La Fundaci\u00f3n Laboral San Prudencio en Vitoria-Gasteiz\",\"publisher\":{\"@id\":\"https:\\\/\\\/www.lafundacion.com\\\/eu\\\/#organization\"},\"potentialAction\":[{\"@type\":\"SearchAction\",\"target\":{\"@type\":\"EntryPoint\",\"urlTemplate\":\"https:\\\/\\\/www.lafundacion.com\\\/eu\\\/?s={search_term_string}\"},\"query-input\":{\"@type\":\"PropertyValueSpecification\",\"valueRequired\":true,\"valueName\":\"search_term_string\"}}],\"inLanguage\":\"eu-ES\"},{\"@type\":\"Organization\",\"@id\":\"https:\\\/\\\/www.lafundacion.com\\\/eu\\\/#organization\",\"name\":\"La Fundaci\u00f3n San Prudencio\",\"url\":\"https:\\\/\\\/www.lafundacion.com\\\/eu\\\/\",\"logo\":{\"@type\":\"ImageObject\",\"inLanguage\":\"eu-ES\",\"@id\":\"https:\\\/\\\/www.lafundacion.com\\\/eu\\\/#\\\/schema\\\/logo\\\/image\\\/\",\"url\":\"https:\\\/\\\/www.lafundacion.com\\\/wp-content\\\/uploads\\\/2020\\\/03\\\/logo-la-fundacion.png\",\"contentUrl\":\"https:\\\/\\\/www.lafundacion.com\\\/wp-content\\\/uploads\\\/2020\\\/03\\\/logo-la-fundacion.png\",\"width\":323,\"height\":129,\"caption\":\"La Fundaci\u00f3n San Prudencio\"},\"image\":{\"@id\":\"https:\\\/\\\/www.lafundacion.com\\\/eu\\\/#\\\/schema\\\/logo\\\/image\\\/\"}}]}<\/script>\r\n<!-- \/ Yoast SEO plugin. -->","yoast_head_json":{"title":"La Fundaci\u00f3n San Prudencioko familiei zuzendutako lehiaketak","description":"La Fundaci\u00f3n Laboral San Prudenciok lehiaketak antolatzen ditu familientzat Gasteizen, besteak beste, Familia Sariak eta gabonetako postalen lehiaketa","robots":{"index":"index","follow":"follow","max-snippet":"max-snippet:-1","max-image-preview":"max-image-preview:large","max-video-preview":"max-video-preview:-1"},"canonical":"https:\/\/www.lafundacion.com\/eu\/pertsonak\/lehiaketak\/","og_locale":"eu_ES","og_type":"article","og_title":"La Fundaci\u00f3n San Prudencioko familiei zuzendutako lehiaketak","og_description":"La Fundaci\u00f3n Laboral San Prudenciok lehiaketak antolatzen ditu familientzat Gasteizen, besteak beste, Familia Sariak eta gabonetako postalen lehiaketa","og_url":"https:\/\/www.lafundacion.com\/eu\/pertsonak\/lehiaketak\/","og_site_name":"La Fundaci\u00f3n San Prudencio","article_modified_time":"2021-01-20T12:41:04+00:00","twitter_card":"summary_large_image","twitter_misc":{"Est. reading time":"13 minutes"},"schema":{"@context":"https:\/\/schema.org","@graph":[{"@type":"WebPage","@id":"https:\/\/www.lafundacion.com\/eu\/pertsonak\/lehiaketak\/","url":"https:\/\/www.lafundacion.com\/eu\/pertsonak\/lehiaketak\/","name":"La Fundaci\u00f3n San Prudencioko familiei zuzendutako lehiaketak","isPartOf":{"@id":"https:\/\/www.lafundacion.com\/eu\/#website"},"datePublished":"2020-05-26T07:44:27+00:00","dateModified":"2021-01-20T12:41:04+00:00","description":"La Fundaci\u00f3n Laboral San Prudenciok lehiaketak antolatzen ditu familientzat Gasteizen, besteak beste, Familia Sariak eta gabonetako postalen lehiaketa","breadcrumb":{"@id":"https:\/\/www.lafundacion.com\/eu\/pertsonak\/lehiaketak\/#breadcrumb"},"inLanguage":"eu-ES","potentialAction":[{"@type":"ReadAction","target":["https:\/\/www.lafundacion.com\/eu\/pertsonak\/lehiaketak\/"]}]},{"@type":"BreadcrumbList","@id":"https:\/\/www.lafundacion.com\/eu\/pertsonak\/lehiaketak\/#breadcrumb","itemListElement":[{"@type":"ListItem","position":1,"name":"Portada","item":"https:\/\/www.lafundacion.com\/eu\/hasiera\/"},{"@type":"ListItem","position":2,"name":"La Fundaci\u00f3n San Prudencioko titularrentzako zerbitzuak eta onurak","item":"https:\/\/www.lafundacion.com\/eu\/pertsonak\/"},{"@type":"ListItem","position":3,"name":"Lehiaketak"}]},{"@type":"WebSite","@id":"https:\/\/www.lafundacion.com\/eu\/#website","url":"https:\/\/www.lafundacion.com\/eu\/","name":"La Fundaci\u00f3n San Prudencio","description":"La Fundaci\u00f3n Laboral San Prudencio en Vitoria-Gasteiz","publisher":{"@id":"https:\/\/www.lafundacion.com\/eu\/#organization"},"potentialAction":[{"@type":"SearchAction","target":{"@type":"EntryPoint","urlTemplate":"https:\/\/www.lafundacion.com\/eu\/?s={search_term_string}"},"query-input":{"@type":"PropertyValueSpecification","valueRequired":true,"valueName":"search_term_string"}}],"inLanguage":"eu-ES"},{"@type":"Organization","@id":"https:\/\/www.lafundacion.com\/eu\/#organization","name":"La Fundaci\u00f3n San Prudencio","url":"https:\/\/www.lafundacion.com\/eu\/","logo":{"@type":"ImageObject","inLanguage":"eu-ES","@id":"https:\/\/www.lafundacion.com\/eu\/#\/schema\/logo\/image\/","url":"https:\/\/www.lafundacion.com\/wp-content\/uploads\/2020\/03\/logo-la-fundacion.png","contentUrl":"https:\/\/www.lafundacion.com\/wp-content\/uploads\/2020\/03\/logo-la-fundacion.png","width":323,"height":129,"caption":"La Fundaci\u00f3n San Prudencio"},"image":{"@id":"https:\/\/www.lafundacion.com\/eu\/#\/schema\/logo\/image\/"}}]}},"_links":{"self":[{"href":"https:\/\/www.lafundacion.com\/eu\/wp-json\/wp\/v2\/pages\/12282","targetHints":{"allow":["GET"]}}],"collection":[{"href":"https:\/\/www.lafundacion.com\/eu\/wp-json\/wp\/v2\/pages"}],"about":[{"href":"https:\/\/www.lafundacion.com\/eu\/wp-json\/wp\/v2\/types\/page"}],"author":[{"embeddable":true,"href":"https:\/\/www.lafundacion.com\/eu\/wp-json\/wp\/v2\/users\/1"}],"replies":[{"embeddable":true,"href":"https:\/\/www.lafundacion.com\/eu\/wp-json\/wp\/v2\/comments?post=12282"}],"version-history":[{"count":4,"href":"https:\/\/www.lafundacion.com\/eu\/wp-json\/wp\/v2\/pages\/12282\/revisions"}],"predecessor-version":[{"id":14275,"href":"https:\/\/www.lafundacion.com\/eu\/wp-json\/wp\/v2\/pages\/12282\/revisions\/14275"}],"up":[{"embeddable":true,"href":"https:\/\/www.lafundacion.com\/eu\/wp-json\/wp\/v2\/pages\/12195"}],"wp:attachment":[{"href":"https:\/\/www.lafundacion.com\/eu\/wp-json\/wp\/v2\/media?parent=12282"}],"curies":[{"name":"wp","href":"https:\/\/api.w.org\/{rel}","templated":true}]}}