{"id":12201,"date":"2020-05-18T10:50:47","date_gmt":"2020-05-18T08:50:47","guid":{"rendered":"https:\/\/www.lafundacion.com\/la-fundacion-san-prudencioko-titularrentzako-zerbitzuak-eta-onurak\/haur-eta-familientzako-ekitaldiak-gasteizen\/"},"modified":"2023-07-05T17:34:50","modified_gmt":"2023-07-05T15:34:50","slug":"haur-eta-familientzako-ekitaldiak-gasteizen","status":"publish","type":"page","link":"https:\/\/www.lafundacion.com\/eu\/pertsonak\/haur-eta-familientzako-ekitaldiak-gasteizen\/","title":{"rendered":"Haur eta familientzako ekitaldiak Gasteizen"},"content":{"rendered":"\n<style type=\"text\/css\" data-created_by=\"avia_inline_auto\" id=\"style-css-av-k8a121cj-ac5ade0d8930ed99540569e766c8a838\">\n.avia-section.av-k8a121cj-ac5ade0d8930ed99540569e766c8a838{\nbackground-repeat:no-repeat;\nbackground-image:url(https:\/\/www.lafundacion.com\/wp-content\/uploads\/2020\/05\/eventos-personas-la-fundacion.jpg);\nbackground-position:50% 50%;\nbackground-attachment:scroll;\n}\n.avia-section.av-k8a121cj-ac5ade0d8930ed99540569e766c8a838 .av-section-color-overlay{\nopacity:0.5;\nbackground-color:#ffffff;\n}\n<\/style>\n<div id='av_section_1'  class='avia-section av-k8a121cj-ac5ade0d8930ed99540569e766c8a838 main_color avia-section-default avia-no-border-styling  avia-builder-el-0  el_before_av_one_half  avia-builder-el-first  avia-full-stretch avia-bg-style-scroll av-section-color-overlay-active av-minimum-height av-minimum-height-25 av-height-25  container_wrap fullsize'  data-section-bg-repeat='stretch' data-av_minimum_height_pc='25' data-av_min_height_opt='25'><div class=\"av-section-color-overlay-wrap\"><div class=\"av-section-color-overlay\"><\/div><div class='container av-section-cont-open' ><main  role=\"main\" itemprop=\"mainContentOfPage\"  class='template-page content  av-content-full alpha units'><div class='post-entry post-entry-type-page post-entry-12201'><div class='entry-content-wrapper clearfix'>\n\n<style type=\"text\/css\" data-created_by=\"avia_inline_auto\" id=\"style-css-av-khadtyne-40d95e6b83198cf9f13ab2e9a20d61ea\">\n#top .av-special-heading.av-khadtyne-40d95e6b83198cf9f13ab2e9a20d61ea{\npadding-bottom:10px;\n}\nbody .av-special-heading.av-khadtyne-40d95e6b83198cf9f13ab2e9a20d61ea .av-special-heading-tag .heading-char{\nfont-size:25px;\n}\n.av-special-heading.av-khadtyne-40d95e6b83198cf9f13ab2e9a20d61ea .av-subheading{\nfont-size:15px;\n}\n<\/style>\n<div  class='av-special-heading av-khadtyne-40d95e6b83198cf9f13ab2e9a20d61ea av-special-heading-h1 blockquote modern-quote modern-centered  avia-builder-el-1  avia-builder-el-no-sibling '><h1 class='av-special-heading-tag '  itemprop=\"headline\"  >La Fundaci\u00f3n San Prudencioren ekitaldiak, Gasteizen, haurrentzat eta familientzat<\/h1><div class=\"special-heading-border\"><div class=\"special-heading-inner-border\"><\/div><\/div><\/div>\n<\/div><\/div><\/main><!-- close content main element --><\/div><\/div><\/div><div id='after_section_1'  class='main_color av_default_container_wrap container_wrap fullsize'  ><div class='container av-section-cont-open' ><div class='template-page content  av-content-full alpha units'><div class='post-entry post-entry-type-page post-entry-12201'><div class='entry-content-wrapper clearfix'>\n\n<style type=\"text\/css\" data-created_by=\"avia_inline_auto\" id=\"style-css-av-40s42-fad1d8789d994244693cf501f4c5d09b\">\n.flex_column.av-40s42-fad1d8789d994244693cf501f4c5d09b{\nborder-radius:0px 0px 0px 0px;\npadding:0px 0px 0px 0px;\n}\n<\/style>\n<div  class='flex_column av-40s42-fad1d8789d994244693cf501f4c5d09b av_one_half  avia-builder-el-2  el_after_av_section  el_before_av_one_half  avia-builder-el-first  first flex_column_div av-zero-column-padding  '     ><style type=\"text\/css\" data-created_by=\"avia_inline_auto\" id=\"style-css-av-kac9l5fb-63a8155200a42e15588e7b8bd1cafbf2\">\n.avia-image-container.av-kac9l5fb-63a8155200a42e15588e7b8bd1cafbf2 img.avia_image{\nbox-shadow:none;\n}\n.avia-image-container.av-kac9l5fb-63a8155200a42e15588e7b8bd1cafbf2 .av-image-caption-overlay-center{\ncolor:#ffffff;\n}\n<\/style>\n<div  class='avia-image-container av-kac9l5fb-63a8155200a42e15588e7b8bd1cafbf2 av-styling- avia-align-center  avia-builder-el-3  avia-builder-el-no-sibling '   itemprop=\"image\" itemscope=\"itemscope\" itemtype=\"https:\/\/schema.org\/ImageObject\" ><div class=\"avia-image-container-inner\"><div class=\"avia-image-overlay-wrap\"><img decoding=\"async\" fetchpriority=\"high\" class='wp-image-4925 avia-img-lazy-loading-not-4925 avia_image ' src=\"https:\/\/www.lafundacion.com\/wp-content\/uploads\/2020\/05\/circo-la-fundacion.jpg\" alt='eventos Vitoria Gasteiz de La Fundaci\u00f3n San Prudencio para los trabajadores' title='circo-la-fundacion'  height=\"533\" width=\"800\"  itemprop=\"thumbnailUrl\" srcset=\"https:\/\/www.lafundacion.com\/wp-content\/uploads\/2020\/05\/circo-la-fundacion.jpg 800w, https:\/\/www.lafundacion.com\/wp-content\/uploads\/2020\/05\/circo-la-fundacion-300x200.jpg 300w, https:\/\/www.lafundacion.com\/wp-content\/uploads\/2020\/05\/circo-la-fundacion-768x512.jpg 768w, https:\/\/www.lafundacion.com\/wp-content\/uploads\/2020\/05\/circo-la-fundacion-705x470.jpg 705w\" sizes=\"(max-width: 800px) 100vw, 800px\" \/><\/div><\/div><\/div><\/div>\n\n<style type=\"text\/css\" data-created_by=\"avia_inline_auto\" id=\"style-css-av-9rk52a-dbe4d8fd91c0e05e408855bce86adf2b\">\n.flex_column.av-9rk52a-dbe4d8fd91c0e05e408855bce86adf2b{\nborder-radius:0px 0px 0px 0px;\npadding:0px 0px 0px 0px;\n}\n<\/style>\n<div  class='flex_column av-9rk52a-dbe4d8fd91c0e05e408855bce86adf2b av_one_half  avia-builder-el-4  el_after_av_one_half  el_before_av_one_full  flex_column_div av-zero-column-padding  '     ><section  class='av_textblock_section av-k8a1cg16-5d3bd3e84d6ed611440e722a94e93da6 '   itemscope=\"itemscope\" itemtype=\"https:\/\/schema.org\/CreativeWork\" ><div class='avia_textblock'  itemprop=\"text\" ><p>La Fundaci\u00f3n San Prudencio irabazi asmorik gabeko erakunde bat da, Enpresaren Gizarte Erantzukizuna garatzeko eta Arabako gizartearen ongizaterako lan egiten duena; hori dela eta, haren jarduera ugariren helburua pertsonei laguntzea da, haien familia-esparruan; izan ere, era guztietako familiak bizitzan aurrera eramaten ditugun jardunen oinarrizko lotura direnaren uste osoa dugu.<\/p>\n<p>Helburu hori lortzeko antolatzen ditugun jardueretako bat dira La Fundaci\u00f3nen titularrentzako eta haien familientzako ekitaldiak, bitarteko bat baitira, bide batez, Arabako familiek gizarte erantzukizunaren arloan (berdintasuna, inklusioa, ohitura onak, etab.) egiten dituzten jarduera aipagarriak aintzatesteko. Ekitaldi horien bidez, jardunbide horiek sustatzen ditugu, eta La Fundaci\u00f3neko familiek ondo pasatzea eta une gogoangarriak izatea lortzen dugu, kolektibo bereko gainerako kideekin batera.<\/p>\n<\/div><\/section><\/div>\n\n<style type=\"text\/css\" data-created_by=\"avia_inline_auto\" id=\"style-css-av-kacahmko-fa1d13f83a27b024844b7af0d8ba6351\">\n.flex_column.av-kacahmko-fa1d13f83a27b024844b7af0d8ba6351{\nborder-radius:0px 0px 0px 0px;\npadding:20px 20px 20px 20px;\nbackground-color:#03a8e4;\n}\n<\/style>\n<div  class='flex_column av-kacahmko-fa1d13f83a27b024844b7af0d8ba6351 av_one_full  avia-builder-el-6  el_after_av_one_half  el_before_av_section  avia-builder-el-last  first flex_column_div  column-top-margin'     ><p>\n<style type=\"text\/css\" data-created_by=\"avia_inline_auto\" id=\"style-css-av-kacaifze-7019f81228ecd779017e1fd029a07fcd\">\n.av_font_icon.av-kacaifze-7019f81228ecd779017e1fd029a07fcd{\ncolor:#ffffff;\nborder-color:#ffffff;\n}\n.avia-svg-icon.av-kacaifze-7019f81228ecd779017e1fd029a07fcd svg:first-child{\nstroke:#ffffff;\nfill:#ffffff;\n}\n.av_font_icon.av-kacaifze-7019f81228ecd779017e1fd029a07fcd .av-icon-char{\nfont-size:60px;\nline-height:60px;\n}\n<\/style>\n<span  class='av_font_icon av-kacaifze-7019f81228ecd779017e1fd029a07fcd avia_animate_when_visible av-icon-style- avia-icon-pos-center avia-iconfont avia-font-entypo-fontello avia-icon-animate'><span class='av-icon-char' data-av_icon='\ue8d2' data-av_iconfont='entypo-fontello' aria-hidden=\"true\" ><\/span><\/span><br \/>\n\n<style type=\"text\/css\" data-created_by=\"avia_inline_auto\" id=\"style-css-av-kacah14d-d292eef1cebb7e0d3889a55b8d1056b0\">\n#top .av_textblock_section.av-kacah14d-d292eef1cebb7e0d3889a55b8d1056b0 .avia_textblock{\nfont-size:18px;\ncolor:#ffffff;\n}\n<\/style>\n<section  class='av_textblock_section av-kacah14d-d292eef1cebb7e0d3889a55b8d1056b0 '   itemscope=\"itemscope\" itemtype=\"https:\/\/schema.org\/CreativeWork\" ><div class='avia_textblock av_inherit_color'  itemprop=\"text\" ><p style=\"text-align: center;\">Zure seme-alabak txunditu nahi badituzu, eta Gasteizen Olentzero eta Mari Domingirekin hitzordua erreserbatu nahi baduzu, edo Errege Magoekin, edo egun desberdin eta dibertigarri bat pasatu nahi baduzu Zirkuan, egon adi hitzordua erreserbatu ahal izateko!<\/p>\n<p style=\"text-align: center;\">Ekitaldi horietako bakoitzerako zure lekua eskatzeko epea irekitzen den egunaren berri emango dugu, webgunearen, posta elektronikoaren eta sare sozialen bidez.<\/p>\n<\/div><\/section><\/p><\/div>\n<\/div><\/div><\/div><!-- close content main div --><\/div><\/div>\n<style type=\"text\/css\" data-created_by=\"avia_inline_auto\" id=\"style-css-av-kac75ef4-031108a37e3d87ef4b62a6bab1458f24\">\n.avia-section.av-kac75ef4-031108a37e3d87ef4b62a6bab1458f24{\nbackground-color:#f2f3f5;\nbackground-image:unset;\n}\n<\/style>\n<div id='av_section_2'  class='avia-section av-kac75ef4-031108a37e3d87ef4b62a6bab1458f24 main_color avia-section-default avia-no-border-styling  avia-builder-el-9  el_after_av_one_full  el_before_av_one_full  avia-bg-style-scroll container_wrap fullsize'  ><div class='container av-section-cont-open' ><div class='template-page content  av-content-full alpha units'><div class='post-entry post-entry-type-page post-entry-12201'><div class='entry-content-wrapper clearfix'>\n\n<style type=\"text\/css\" data-created_by=\"avia_inline_auto\" id=\"style-css-av-7o5dli-3ddf33f02bdb3f44e26be17ef5239f40\">\n#top .av-special-heading.av-7o5dli-3ddf33f02bdb3f44e26be17ef5239f40{\npadding-bottom:30px;\n}\nbody .av-special-heading.av-7o5dli-3ddf33f02bdb3f44e26be17ef5239f40 .av-special-heading-tag .heading-char{\nfont-size:25px;\n}\n.av-special-heading.av-7o5dli-3ddf33f02bdb3f44e26be17ef5239f40 .av-subheading{\nfont-size:15px;\n}\n<\/style>\n<div  class='av-special-heading av-7o5dli-3ddf33f02bdb3f44e26be17ef5239f40 av-special-heading-h2 blockquote modern-quote  avia-builder-el-10  el_before_av_one_half  avia-builder-el-first '><h2 class='av-special-heading-tag '  itemprop=\"headline\"  >Ekitaldirik onenak antolatzen ditugu Gasteizen, Olentzero eta Mari Domingirekin edo Errege Magoekin egoteko, Zirkura joateko edo Familia Sariak banatzeko<\/h2><div class=\"special-heading-border\"><div class=\"special-heading-inner-border\"><\/div><\/div><\/div>\n<div class='flex_column_table av-k9tm1gvh-76ac9f5caff510e405467feab0dff7cf sc-av_one_half av-equal-height-column-flextable'>\n<style type=\"text\/css\" data-created_by=\"avia_inline_auto\" id=\"style-css-av-k9tm1gvh-76ac9f5caff510e405467feab0dff7cf\">\n.flex_column.av-k9tm1gvh-76ac9f5caff510e405467feab0dff7cf{\nborder-radius:0px 0px 0px 0px;\npadding:0px 0px 0px 0px;\n}\n<\/style>\n<div  class='flex_column av-k9tm1gvh-76ac9f5caff510e405467feab0dff7cf av_one_half  avia-builder-el-11  el_after_av_heading  el_before_av_one_half  first flex_column_table_cell av-equal-height-column av-align-top av-zero-column-padding  '     ><p>\n<style type=\"text\/css\" data-created_by=\"avia_inline_auto\" id=\"style-css-av-6898ie-103557e15b4f6a78ff73fc13f9de8f11\">\n#top .av-special-heading.av-6898ie-103557e15b4f6a78ff73fc13f9de8f11{\npadding-bottom:30px;\n}\nbody .av-special-heading.av-6898ie-103557e15b4f6a78ff73fc13f9de8f11 .av-special-heading-tag .heading-char{\nfont-size:25px;\n}\n.av-special-heading.av-6898ie-103557e15b4f6a78ff73fc13f9de8f11 .av-subheading{\nfont-size:15px;\n}\n<\/style>\n<div  class='av-special-heading av-6898ie-103557e15b4f6a78ff73fc13f9de8f11 av-special-heading-h3 blockquote modern-quote  avia-builder-el-12  el_before_av_textblock  avia-builder-el-first '><h3 class='av-special-heading-tag '  itemprop=\"headline\"  >Zergatik dira ezaugarri horiek dituzten Gasteizko ekitaldirik onenak?<\/h3><div class=\"special-heading-border\"><div class=\"special-heading-inner-border\"><\/div><\/div><\/div><br \/>\n<section  class='av_textblock_section av-k8a1cg16-21-49ce40712e5325cd9863200df931da7f '   itemscope=\"itemscope\" itemtype=\"https:\/\/schema.org\/CreativeWork\" ><div class='avia_textblock'  itemprop=\"text\" ><ul>\n<li>Aldez aurretik izango duzu gutuna, haurrek La Fundaci\u00f3neko Olentzerori eta Mari Domingiri edo Errege Magoei nahi dutena idatz diezaieten (webgunean edo Dato 43ren bulegoetan bertan aurki dezakezu).<\/li>\n<li>Familia Sariak banatzeko ekitaldia, eta Olentzero, Mari Domingi eta Errege Magoak ikusteko ekitaldiak La Fundaci\u00f3neko enpresetako langileei zuzenduta daude.<\/li>\n<li>Zirku ekitaldiak prezio berezia du La Fundaci\u00f3neko familientzat eta gure kolektiboarentzat esklusiban egiten den emanaldia da.<\/li>\n<li>Hitzordua aldez aurretik erreserbatu behar duzu, inork erantzungo ez duen eta automatikoa den dei bat eginez titularraren sakelako telefonotik.<\/li>\n<li>SMS bat iritsiko zaizu, Olentzero, Mari Domingi eta Errege Magoekin izango duzun hitzordu pertsonalerako egunarekin eta orduarekin.<\/li>\n<li>Ez duzu ilara luzeetan itxaron beharko Olentzero, Mari Domingi edo Errege Magoekin pertsonalki egon ahal izateko. Ordua erreserbatuta duzue.<\/li>\n<\/ul>\n<\/div><\/section><\/p><\/div><div class='av-flex-placeholder'><\/div>\n<style type=\"text\/css\" data-created_by=\"avia_inline_auto\" id=\"style-css-av-4k659c-efb9e98850a3aa1ba0d185d2d1257610\">\n.flex_column.av-4k659c-efb9e98850a3aa1ba0d185d2d1257610{\nborder-radius:0px 0px 0px 0px;\npadding:0px 0px 0px 0px;\n}\n<\/style>\n<div  class='flex_column av-4k659c-efb9e98850a3aa1ba0d185d2d1257610 av_one_half  avia-builder-el-14  el_after_av_one_half  avia-builder-el-last  flex_column_table_cell av-equal-height-column av-align-top av-zero-column-padding  '     ><p>\n<style type=\"text\/css\" data-created_by=\"avia_inline_auto\" id=\"style-css-av-d9n5i-d6b964c2cfd34e836561190dfbfb49f2\">\n#top .av-special-heading.av-d9n5i-d6b964c2cfd34e836561190dfbfb49f2{\npadding-bottom:30px;\n}\nbody .av-special-heading.av-d9n5i-d6b964c2cfd34e836561190dfbfb49f2 .av-special-heading-tag .heading-char{\nfont-size:25px;\n}\n.av-special-heading.av-d9n5i-d6b964c2cfd34e836561190dfbfb49f2 .av-subheading{\nfont-size:15px;\n}\n<\/style>\n<div  class='av-special-heading av-d9n5i-d6b964c2cfd34e836561190dfbfb49f2 av-special-heading-h3 blockquote modern-quote  avia-builder-el-15  el_before_av_iconlist  avia-builder-el-first '><h3 class='av-special-heading-tag '  itemprop=\"headline\"  >EKITALDI BAKOITZERAKO EPEA IREKITZEN DENEAN HITZORDUA ERRESERBATZEKO URRATSAK<\/h3><div class=\"special-heading-border\"><div class=\"special-heading-inner-border\"><\/div><\/div><\/div><br \/>\n\n<style type=\"text\/css\" data-created_by=\"avia_inline_auto\" id=\"style-css-av-kacb0uow-234f514481b8f4f38b2283fee0c9ec61\">\n#top .avia-icon-list-container.av-kacb0uow-234f514481b8f4f38b2283fee0c9ec61 .iconlist_icon{\ncolor:#03a8e4;\nbackground-color:#ffffff;\nborder:1px solid #03a8e4;\n}\n#top .avia-icon-list-container.av-kacb0uow-234f514481b8f4f38b2283fee0c9ec61 .iconlist_icon svg:first-child{\nstroke:#03a8e4;\nfill:#03a8e4;\n}\n<\/style>\n<div  class='avia-icon-list-container av-kacb0uow-234f514481b8f4f38b2283fee0c9ec61  avia-builder-el-16  el_after_av_heading  el_before_av_textblock '><ul class='avia-icon-list avia_animate_when_almost_visible avia-icon-list-left av-iconlist-big av-kacb0uow-234f514481b8f4f38b2283fee0c9ec61 avia-iconlist-animate'>\n<li><div class='iconlist_icon av-bufm46-4e58e8116da8e5ce4edd30cea9d5d70c avia-font-entypo-fontello avia-iconfont avia-font-entypo-fontello'><span class='av-icon-char' data-av_icon='\ue854' data-av_iconfont='entypo-fontello' aria-hidden=\"true\"><\/span><\/div><article class=\"article-icon-entry av-iconlist-empty\"  itemscope=\"itemscope\" itemtype=\"https:\/\/schema.org\/CreativeWork\" ><div class=\"iconlist_content_wrap\"><header class=\"entry-content-header\" aria-label=\"Icon: Deitu adierazi dizugun telefono zenbakira: ez du inork erantzungo eta moztu egingo da\"><p class='av_iconlist_title iconlist_title  '  itemprop=\"headline\" >Deitu adierazi dizugun telefono zenbakira: ez du inork erantzungo eta moztu egingo da<\/p><\/header><div class='iconlist_content '  itemprop=\"text\" ><\/div><\/div><footer class=\"entry-footer\"><\/footer><\/article><div class=\"iconlist-timeline\"><\/div><\/li>\n<li><div class='iconlist_icon av-bcuwc6-d65091154f1499dca4b75943aedab8d3 avia-font-entypo-fontello avia-iconfont avia-font-entypo-fontello'><span class='av-icon-char' data-av_icon='\ue8ac' data-av_iconfont='entypo-fontello' aria-hidden=\"true\"><\/span><\/div><article class=\"article-icon-entry av-iconlist-empty\"  itemscope=\"itemscope\" itemtype=\"https:\/\/schema.org\/CreativeWork\" ><div class=\"iconlist_content_wrap\"><header class=\"entry-content-header\" aria-label=\"Icon: Testu-mezu bat iritsiko zaizu (SMS), ekitaldira joateko eguna eta ordua adieraziz, edo, hasieran, lekua erreserbatuta duzula adieraziz (kasu batzuetan, lehenik eta behin, plaza erreserbatu dela adierazteko SMS bat bidaltzen da eta, aurrerago, beste bat, data eta ordu zehatzekin).\"><p class='av_iconlist_title iconlist_title  '  itemprop=\"headline\" >Testu-mezu bat iritsiko zaizu (SMS), ekitaldira joateko eguna eta ordua adieraziz, edo, hasieran, lekua erreserbatuta duzula adieraziz (kasu batzuetan, lehenik eta behin, plaza erreserbatu dela adierazteko SMS bat bidaltzen da eta, aurrerago, beste bat, data eta ordu zehatzekin).<\/p><\/header><div class='iconlist_content '  itemprop=\"text\" ><\/div><\/div><footer class=\"entry-footer\"><\/footer><\/article><div class=\"iconlist-timeline\"><\/div><\/li>\n<li><div class='iconlist_icon av-8rzhom-1703488fa0cd2b812d5f203c0e46ffab avia-font-entypo-fontello avia-iconfont avia-font-entypo-fontello'><span class='av-icon-char' data-av_icon='\ue85c' data-av_iconfont='entypo-fontello' aria-hidden=\"true\"><\/span><\/div><article class=\"article-icon-entry av-iconlist-empty\"  itemscope=\"itemscope\" itemtype=\"https:\/\/schema.org\/CreativeWork\" ><div class=\"iconlist_content_wrap\"><header class=\"entry-content-header\" aria-label=\"Icon: Eraman SMSa ekitaldira zoazenean\"><p class='av_iconlist_title iconlist_title  '  itemprop=\"headline\" >Eraman SMSa ekitaldira zoazenean<\/p><\/header><div class='iconlist_content '  itemprop=\"text\" ><\/div><\/div><footer class=\"entry-footer\"><\/footer><\/article><div class=\"iconlist-timeline\"><\/div><\/li>\n<\/ul><\/div><br \/>\n<section  class='av_textblock_section av-k8a1cg16-19-d9f17149e3879553a890dbed4af4045e '   itemscope=\"itemscope\" itemtype=\"https:\/\/schema.org\/CreativeWork\" ><div class='avia_textblock'  itemprop=\"text\" ><p style=\"text-align: center;\"><strong>Hitzordua erreserbatzeko epea irekitzen denean, egizu lehenbailehen, lekuak azkar agortzen dira eta!<\/strong><\/p>\n<\/div><\/section><\/p><\/div><\/div><!--close column table wrapper. Autoclose: 1 -->\n<\/div><\/div><\/div><!-- close content main div --><\/div><\/div><div id='after_section_2'  class='main_color av_default_container_wrap container_wrap fullsize'  ><div class='container av-section-cont-open' ><div class='template-page content  av-content-full alpha units'><div class='post-entry post-entry-type-page post-entry-12201'><div class='entry-content-wrapper clearfix'>\n<div class='flex_column_table av-k9tm1gvh-20-ca32d05ceb248eee902d726fb2a5e90d sc-av_one_full av-equal-height-column-flextable'>\n<style type=\"text\/css\" data-created_by=\"avia_inline_auto\" id=\"style-css-av-k9tm1gvh-20-ca32d05ceb248eee902d726fb2a5e90d\">\n#top .flex_column_table.av-equal-height-column-flextable.av-k9tm1gvh-20-ca32d05ceb248eee902d726fb2a5e90d{\nmargin-top:0px;\nmargin-bottom:40px;\n}\n.flex_column.av-k9tm1gvh-20-ca32d05ceb248eee902d726fb2a5e90d{\nborder-radius:0px 0px 0px 0px;\npadding:0px 0px 0px 0px;\n}\n<\/style>\n<div  class='flex_column av-k9tm1gvh-20-ca32d05ceb248eee902d726fb2a5e90d av_one_full  avia-builder-el-18  el_after_av_section  el_before_av_one_half  avia-builder-el-first  first flex_column_table_cell av-equal-height-column av-align-top av-zero-column-padding  '     ><p>\n<style type=\"text\/css\" data-created_by=\"avia_inline_auto\" id=\"style-css-av-kacamfam-277237b68434f8d8914a6a3719f2b3d2\">\n#top .av-special-heading.av-kacamfam-277237b68434f8d8914a6a3719f2b3d2{\npadding-bottom:30px;\n}\nbody .av-special-heading.av-kacamfam-277237b68434f8d8914a6a3719f2b3d2 .av-special-heading-tag .heading-char{\nfont-size:25px;\n}\n.av-special-heading.av-kacamfam-277237b68434f8d8914a6a3719f2b3d2 .av-subheading{\nfont-size:15px;\n}\n<\/style>\n<div  class='av-special-heading av-kacamfam-277237b68434f8d8914a6a3719f2b3d2 av-special-heading-h2 blockquote modern-quote  avia-builder-el-19  el_before_av_textblock  avia-builder-el-first '><h2 class='av-special-heading-tag '  itemprop=\"headline\"  >Ekitaldiak eskaintzen dizkiegu, Gasteizen, gure titular eta onuradunei<\/h2><div class=\"special-heading-border\"><div class=\"special-heading-inner-border\"><\/div><\/div><\/div><br \/>\n<section  class='av_textblock_section av-k8a1cg16-17-4ebdc7b8be550e93a625ccb4e7c94302 '   itemscope=\"itemscope\" itemtype=\"https:\/\/schema.org\/CreativeWork\" ><div class='avia_textblock'  itemprop=\"text\" ><p>Gasteizen antolatzen ditugun ekitaldiak dira, uneak partekatzeko, ondo pasatzeko, familiarekin batera jarduerak egiteko, inklusioa sustatzeko eta gizarte erantzukizunaren arloan aipagarriak diren ohiturak (besteak beste, berdintasunarekin, inklusioarekin eta elkartasunarekin lotutakoak) ezagutzeko aukera emango dizuetenak.<\/p>\n<p>Familia Sarien edo Zirku ekitaldien helburua da familiek arratsalde atsegin bat pasatzea La Fundaci\u00f3nekin batera, baina, baita ere, aitortza bat egiteko helburua dute, Arabako familien (edozein bizikidetza-unitate) jardun aipagarrienei eta horiek ongizateari, garapen sozialari, hezkuntzari eta kulturari egiten dioten ekarpenari.<\/p>\n<\/div><\/section><br \/>\n\n<style type=\"text\/css\" data-created_by=\"avia_inline_auto\" id=\"style-css-av-kaceqjzq-d86126f10c19e7d9674a3d260aa1d169\">\n.av_font_icon.av-kaceqjzq-d86126f10c19e7d9674a3d260aa1d169{\ncolor:#03a8e4;\nborder-color:#03a8e4;\n}\n.avia-svg-icon.av-kaceqjzq-d86126f10c19e7d9674a3d260aa1d169 svg:first-child{\nstroke:#03a8e4;\nfill:#03a8e4;\n}\n.av_font_icon.av-kaceqjzq-d86126f10c19e7d9674a3d260aa1d169 .av-icon-char{\nfont-size:40px;\nline-height:40px;\n}\n<\/style>\n<span  class='av_font_icon av-kaceqjzq-d86126f10c19e7d9674a3d260aa1d169 avia_animate_when_visible av-icon-style- avia-icon-pos-center avia-iconfont avia-font-entypo-fontello avia-icon-animate'><span class='av-icon-char' data-av_icon='\ue86f' data-av_iconfont='entypo-fontello' aria-hidden=\"true\" ><\/span><\/span><\/p><\/div><\/div><!--close column table wrapper. Autoclose: 1 -->\n<div class='flex_column_table av-4k659c-18-205fc585bc6914294c225fd5c918b2e3 sc-av_one_half av-equal-height-column-flextable'>\n<style type=\"text\/css\" data-created_by=\"avia_inline_auto\" id=\"style-css-av-4k659c-18-205fc585bc6914294c225fd5c918b2e3\">\n#top .flex_column_table.av-equal-height-column-flextable.av-4k659c-18-205fc585bc6914294c225fd5c918b2e3{\nmargin-top:0px;\nmargin-bottom:40px;\n}\n.flex_column.av-4k659c-18-205fc585bc6914294c225fd5c918b2e3{\nborder-radius:0px 0px 0px 0px;\npadding:0px 0px 0px 0px;\n}\n<\/style>\n<div  class='flex_column av-4k659c-18-205fc585bc6914294c225fd5c918b2e3 av_one_half  avia-builder-el-22  el_after_av_one_full  el_before_av_one_half  first flex_column_table_cell av-equal-height-column av-align-top av-zero-column-padding  column-top-margin'     ><p>\n<style type=\"text\/css\" data-created_by=\"avia_inline_auto\" id=\"style-css-av-kadpy8b2-8ec5819b02b5d95b7d47e0384f8492da\">\n.avia-image-container.av-kadpy8b2-8ec5819b02b5d95b7d47e0384f8492da img.avia_image{\nbox-shadow:none;\n}\n.avia-image-container.av-kadpy8b2-8ec5819b02b5d95b7d47e0384f8492da .av-image-caption-overlay-center{\ncolor:#ffffff;\n}\n<\/style>\n<div  class='avia-image-container av-kadpy8b2-8ec5819b02b5d95b7d47e0384f8492da av-styling- av-img-linked avia-align-center  avia-builder-el-23  el_before_av_heading  avia-builder-el-first '   itemprop=\"image\" itemscope=\"itemscope\" itemtype=\"https:\/\/schema.org\/ImageObject\" ><div class=\"avia-image-container-inner\"><div class=\"avia-image-overlay-wrap\"><a href=\"https:\/\/www.lafundacion.com\/eu\/pertsonak\/haur-eta-familientzako-ekitaldiak-gasteizen\/olentzero\/\" class='avia_image '  aria-label='olentzero-fundacion-san-prudencio'><img decoding=\"async\" fetchpriority=\"high\" class='wp-image-4973 avia-img-lazy-loading-not-4973 avia_image ' src=\"https:\/\/www.lafundacion.com\/wp-content\/uploads\/2020\/05\/olentzero-fundacion-san-prudencio.jpg\" alt='Evento de Olentzero y Mari Domingi en Vitoria de La Fundaci\u00f3n San Prudencio' title='olentzero-fundacion-san-prudencio'  height=\"533\" width=\"800\"  itemprop=\"thumbnailUrl\" srcset=\"https:\/\/www.lafundacion.com\/wp-content\/uploads\/2020\/05\/olentzero-fundacion-san-prudencio.jpg 800w, https:\/\/www.lafundacion.com\/wp-content\/uploads\/2020\/05\/olentzero-fundacion-san-prudencio-300x200.jpg 300w, https:\/\/www.lafundacion.com\/wp-content\/uploads\/2020\/05\/olentzero-fundacion-san-prudencio-768x512.jpg 768w, https:\/\/www.lafundacion.com\/wp-content\/uploads\/2020\/05\/olentzero-fundacion-san-prudencio-705x470.jpg 705w\" sizes=\"(max-width: 800px) 100vw, 800px\" \/><\/a><\/div><\/div><\/div><br \/>\n\n<style type=\"text\/css\" data-created_by=\"avia_inline_auto\" id=\"style-css-av-j74c6-b11cd100a308c80524ebf9cc65968679\">\n#top .av-special-heading.av-j74c6-b11cd100a308c80524ebf9cc65968679{\nmargin:20px 0 0 0;\npadding-bottom:10px;\n}\nbody .av-special-heading.av-j74c6-b11cd100a308c80524ebf9cc65968679 .av-special-heading-tag .heading-char{\nfont-size:25px;\n}\n.av-special-heading.av-j74c6-b11cd100a308c80524ebf9cc65968679 .av-subheading{\nfont-size:15px;\n}\n<\/style>\n<div  class='av-special-heading av-j74c6-b11cd100a308c80524ebf9cc65968679 av-special-heading-h3 blockquote modern-quote  avia-builder-el-24  el_after_av_image  el_before_av_textblock '><h3 class='av-special-heading-tag '  itemprop=\"headline\"  >Olentzero eta Mari Domingi Gasteizen La Fundaci\u00f3n San Prudencioren titular eta onuradunentzat<\/h3><div class=\"special-heading-border\"><div class=\"special-heading-inner-border\"><\/div><\/div><\/div><br \/>\n<section  class='av_textblock_section av-k8a1cg16-16-697bd0162838cb92377ed5f1aaa17290 '   itemscope=\"itemscope\" itemtype=\"https:\/\/schema.org\/CreativeWork\" ><div class='avia_textblock'  itemprop=\"text\" ><p>Etxeko txikienek eta La Fundaci\u00f3neko familiakoek urte osoan zehar ilusio handiz itxaroten duten ekitaldia da. Telefono dei soil batekin titular bakoitzak hitzordua erreserba dezake Olentzerorekin eta Mari Domingirekin, ordu jakin baterako.<\/p>\n<p>La Fundaci\u00f3neko kideek ekitaldi honetan duten abantaila esklusiboa da haurrek Olentzerorekin eta Mari Domingirekin aurrez aurre hitz egin dezaketela, Gasteizen, eta une berezi bat izan dezaketela, Olentzerori eta Mari Domingiri Gabonetarako dituzten nahiak kontatzeko eta zer opari jaso nahi dituzten esateko.<\/p>\n<\/div><\/section><br \/>\n<div  class='avia-button-wrap av-kacetx27-aad7c8510de2cd14d5c1cc6351f879b7-wrap avia-button-center  avia-builder-el-26  el_after_av_textblock  avia-builder-el-last '><a href='https:\/\/www.lafundacion.com\/eu\/pertsonak\/haur-eta-familientzako-ekitaldiak-gasteizen\/olentzero\/'  class='avia-button av-kacetx27-aad7c8510de2cd14d5c1cc6351f879b7 av-link-btn avia-icon_select-yes-left-icon avia-size-large avia-position-center avia-color-theme-color'   aria-label=\"Argibide gehiago La Fundaci\u00f3nen Olentzero eta Mari Domingiri buruz\"><span class='avia_button_icon avia_button_icon_left avia-iconfont avia-font-entypo-fontello' data-av_icon='\ue81f' data-av_iconfont='entypo-fontello' ><\/span><span class='avia_iconbox_title' >Argibide gehiago La Fundaci\u00f3nen Olentzero eta Mari Domingiri buruz<\/span><\/a><\/div><\/p><\/div>\n<div class='av-flex-placeholder'><\/div>\n<style type=\"text\/css\" data-created_by=\"avia_inline_auto\" id=\"style-css-av-4k659c-15-dd26f57be9897bca2cb34e71e84cad95\">\n#top .flex_column_table.av-equal-height-column-flextable.av-4k659c-15-dd26f57be9897bca2cb34e71e84cad95{\nmargin-top:0px;\nmargin-bottom:40px;\n}\n.flex_column.av-4k659c-15-dd26f57be9897bca2cb34e71e84cad95{\nborder-radius:0px 0px 0px 0px;\npadding:0px 0px 0px 0px;\n}\n<\/style>\n<div  class='flex_column av-4k659c-15-dd26f57be9897bca2cb34e71e84cad95 av_one_half  avia-builder-el-27  el_after_av_one_half  el_before_av_one_half  flex_column_table_cell av-equal-height-column av-align-top av-zero-column-padding  column-top-margin'     ><p>\n<style type=\"text\/css\" data-created_by=\"avia_inline_auto\" id=\"style-css-av-pcj0m-fb5393b7fa8d126c51fda051a17b76ef\">\n.avia-image-container.av-pcj0m-fb5393b7fa8d126c51fda051a17b76ef img.avia_image{\nbox-shadow:none;\n}\n.avia-image-container.av-pcj0m-fb5393b7fa8d126c51fda051a17b76ef .av-image-caption-overlay-center{\ncolor:#ffffff;\n}\n<\/style>\n<div  class='avia-image-container av-pcj0m-fb5393b7fa8d126c51fda051a17b76ef av-styling- av-img-linked avia-align-center  avia-builder-el-28  el_before_av_heading  avia-builder-el-first '   itemprop=\"image\" itemscope=\"itemscope\" itemtype=\"https:\/\/schema.org\/ImageObject\" ><div class=\"avia-image-container-inner\"><div class=\"avia-image-overlay-wrap\"><a href=\"https:\/\/www.lafundacion.com\/eu\/pertsonak\/haur-eta-familientzako-ekitaldiak-gasteizen\/errege-magoak\/\" class='avia_image '  aria-label='004 REYES FUNDACION IMG_9016 QUINTAS'><img decoding=\"async\" fetchpriority=\"high\" class='wp-image-5771 avia-img-lazy-loading-not-5771 avia_image ' src=\"https:\/\/www.lafundacion.com\/wp-content\/uploads\/2020\/05\/004-REYES-FUNDACION-IMG_9016-QUINTAS.jpg\" alt='Evento de los Reyes Magos de La Fundaci\u00f3n San Prudencio.' title='004 REYES FUNDACION IMG_9016 QUINTAS'  height=\"533\" width=\"800\"  itemprop=\"thumbnailUrl\" srcset=\"https:\/\/www.lafundacion.com\/wp-content\/uploads\/2020\/05\/004-REYES-FUNDACION-IMG_9016-QUINTAS.jpg 800w, https:\/\/www.lafundacion.com\/wp-content\/uploads\/2020\/05\/004-REYES-FUNDACION-IMG_9016-QUINTAS-300x200.jpg 300w, https:\/\/www.lafundacion.com\/wp-content\/uploads\/2020\/05\/004-REYES-FUNDACION-IMG_9016-QUINTAS-768x512.jpg 768w, https:\/\/www.lafundacion.com\/wp-content\/uploads\/2020\/05\/004-REYES-FUNDACION-IMG_9016-QUINTAS-705x470.jpg 705w\" sizes=\"(max-width: 800px) 100vw, 800px\" \/><\/a><\/div><\/div><\/div><br \/>\n\n<style type=\"text\/css\" data-created_by=\"avia_inline_auto\" id=\"style-css-av-5zflbq-67a01be490b262453300138da6d5c902\">\n#top .av-special-heading.av-5zflbq-67a01be490b262453300138da6d5c902{\nmargin:20px 0 0 0;\npadding-bottom:10px;\n}\nbody .av-special-heading.av-5zflbq-67a01be490b262453300138da6d5c902 .av-special-heading-tag .heading-char{\nfont-size:25px;\n}\n.av-special-heading.av-5zflbq-67a01be490b262453300138da6d5c902 .av-subheading{\nfont-size:15px;\n}\n<\/style>\n<div  class='av-special-heading av-5zflbq-67a01be490b262453300138da6d5c902 av-special-heading-h3 blockquote modern-quote  avia-builder-el-29  el_after_av_image  el_before_av_textblock '><h3 class='av-special-heading-tag '  itemprop=\"headline\"  >La Fundaci\u00f3n San Prudencioren Errege Magoak<\/h3><div class=\"special-heading-border\"><div class=\"special-heading-inner-border\"><\/div><\/div><\/div><br \/>\n<section  class='av_textblock_section av-k8a1cg16-14-126b0191b6db8de81786a5d1590f7c26 '   itemscope=\"itemscope\" itemtype=\"https:\/\/schema.org\/CreativeWork\" ><div class='avia_textblock'  itemprop=\"text\" ><p>Beste ekitaldi bat, neska-mutilekin une berezi hau ospatzeko eta Errege Magoak ikustera joateko, eta haurren emozioaz eta ilusioaz gozatzeko. Zure alabak edo semeak une paregabea pasatuko du gure Errege Magoetako batekin, Gasteizen egiten dugun ekitaldi berezi honetan.<\/p>\n<p>Titularrek hitzordua erreserbatu dezakezue, haurrek ez dezaten ilara luzeetan itxaroteko beharrik izan opariak eskatu ahal izateko. Gainera, gure Errege Magoek beren etxeetan bisitatzen dituzte mendekotasunagatik aurrez aurreko hitzordura joaterik ez duten haurrak.<\/p>\n<\/div><\/section><br \/>\n<div  class='avia-button-wrap av-kacetx27-13-a03e8acb9933bd197edde105f44e13a9-wrap avia-button-center  avia-builder-el-31  el_after_av_textblock  avia-builder-el-last '><a href='https:\/\/www.lafundacion.com\/eu\/pertsonak\/haur-eta-familientzako-ekitaldiak-gasteizen\/errege-magoak\/'  class='avia-button av-kacetx27-13-a03e8acb9933bd197edde105f44e13a9 av-link-btn avia-icon_select-yes-left-icon avia-size-large avia-position-center avia-color-theme-color'   aria-label=\"La Fundaci\u00f3nen Errege Magoen ekitaldia\"><span class='avia_button_icon avia_button_icon_left avia-iconfont avia-font-entypo-fontello' data-av_icon='\ue81f' data-av_iconfont='entypo-fontello' ><\/span><span class='avia_iconbox_title' >La Fundaci\u00f3nen Errege Magoen ekitaldia<\/span><\/a><\/div><\/p><\/div><\/div><!--close column table wrapper. Autoclose: 1 -->\n<div class='flex_column_table av-4k659c-12-8a2c201bdc4ad9fc3f0db9059789521f sc-av_one_half av-equal-height-column-flextable'>\n<style type=\"text\/css\" data-created_by=\"avia_inline_auto\" id=\"style-css-av-4k659c-12-8a2c201bdc4ad9fc3f0db9059789521f\">\n.flex_column.av-4k659c-12-8a2c201bdc4ad9fc3f0db9059789521f{\nborder-radius:0px 0px 0px 0px;\npadding:0px 0px 0px 0px;\n}\n<\/style>\n<div  class='flex_column av-4k659c-12-8a2c201bdc4ad9fc3f0db9059789521f av_one_half  avia-builder-el-32  el_after_av_one_half  el_before_av_one_half  first flex_column_table_cell av-equal-height-column av-align-top av-zero-column-padding  column-top-margin'     ><p>\n<style type=\"text\/css\" data-created_by=\"avia_inline_auto\" id=\"style-css-av-5av8wm-9e9e764ceec8487723987b359cdc0950\">\n.avia-image-container.av-5av8wm-9e9e764ceec8487723987b359cdc0950 img.avia_image{\nbox-shadow:none;\n}\n.avia-image-container.av-5av8wm-9e9e764ceec8487723987b359cdc0950 .av-image-caption-overlay-center{\ncolor:#ffffff;\n}\n<\/style>\n<div  class='avia-image-container av-5av8wm-9e9e764ceec8487723987b359cdc0950 av-styling- av-img-linked avia-align-center  avia-builder-el-33  el_before_av_heading  avia-builder-el-first '   itemprop=\"image\" itemscope=\"itemscope\" itemtype=\"https:\/\/schema.org\/ImageObject\" ><div class=\"avia-image-container-inner\"><div class=\"avia-image-overlay-wrap\"><a href=\"https:\/\/www.lafundacion.com\/eu\/pertsonak\/haur-eta-familientzako-ekitaldiak-gasteizen\/zirkua\/\" class='avia_image '  aria-label='Circo-La-Fundacion-San-Prudencio-para-entrega-Premios-Familia'><img decoding=\"async\" fetchpriority=\"high\" class='wp-image-5140 avia-img-lazy-loading-not-5140 avia_image ' src=\"https:\/\/www.lafundacion.com\/wp-content\/uploads\/2020\/05\/Circo-La-Fundacion-San-Prudencio-para-entrega-Premios-Familia.jpg\" alt='Circo La Fundaci\u00f3n San Prudencio evento en Vitoria para las familias del colectivo' title='Circo-La-Fundacion-San-Prudencio-para-entrega-Premios-Familia'  height=\"533\" width=\"800\"  itemprop=\"thumbnailUrl\" srcset=\"https:\/\/www.lafundacion.com\/wp-content\/uploads\/2020\/05\/Circo-La-Fundacion-San-Prudencio-para-entrega-Premios-Familia.jpg 800w, https:\/\/www.lafundacion.com\/wp-content\/uploads\/2020\/05\/Circo-La-Fundacion-San-Prudencio-para-entrega-Premios-Familia-300x200.jpg 300w, https:\/\/www.lafundacion.com\/wp-content\/uploads\/2020\/05\/Circo-La-Fundacion-San-Prudencio-para-entrega-Premios-Familia-768x512.jpg 768w, https:\/\/www.lafundacion.com\/wp-content\/uploads\/2020\/05\/Circo-La-Fundacion-San-Prudencio-para-entrega-Premios-Familia-705x470.jpg 705w\" sizes=\"(max-width: 800px) 100vw, 800px\" \/><\/a><\/div><\/div><\/div><br \/>\n\n<style type=\"text\/css\" data-created_by=\"avia_inline_auto\" id=\"style-css-av-3lsdye-9e63ce5bc120cd6eb962c0331a06e13c\">\n#top .av-special-heading.av-3lsdye-9e63ce5bc120cd6eb962c0331a06e13c{\nmargin:20px 0 0 0;\npadding-bottom:10px;\n}\nbody .av-special-heading.av-3lsdye-9e63ce5bc120cd6eb962c0331a06e13c .av-special-heading-tag .heading-char{\nfont-size:25px;\n}\n.av-special-heading.av-3lsdye-9e63ce5bc120cd6eb962c0331a06e13c .av-subheading{\nfont-size:15px;\n}\n<\/style>\n<div  class='av-special-heading av-3lsdye-9e63ce5bc120cd6eb962c0331a06e13c av-special-heading-h3 blockquote modern-quote  avia-builder-el-34  el_after_av_image  el_before_av_textblock '><h3 class='av-special-heading-tag '  itemprop=\"headline\"  >Egun bat Zirkuan, Gasteizen, soilik La Fundaci\u00f3n San Prudenciorentzat<\/h3><div class=\"special-heading-border\"><div class=\"special-heading-inner-border\"><\/div><\/div><\/div><br \/>\n<section  class='av_textblock_section av-k8a1cg16-11-59f8724ccfe24dd7b4568a2c17deaad3 '   itemscope=\"itemscope\" itemtype=\"https:\/\/schema.org\/CreativeWork\" ><div class='avia_textblock'  itemprop=\"text\" ><p>Saio oso esklusiboa da eta haurrek zein helduek Zirkuan arratsalde oso berezi batez gozatzeko aukera izango dute, udako egun zehatz batean La Fundaci\u00f3neko familientzat bakarrik irekiko baitu.<\/p>\n<p>Ekitaldi honen hasieran, Familia Sariak ematen zaizkie urte horretako gaiaren inguruan ekimenik onenak aurkeztu dituzten familiei.<\/p>\n<\/div><\/section><br \/>\n<div  class='avia-button-wrap av-kacetx27-10-84c4827baaf7b17f853dea243725a4ac-wrap avia-button-center  avia-builder-el-36  el_after_av_textblock  avia-builder-el-last '><a href='https:\/\/www.lafundacion.com\/eu\/pertsonak\/haur-eta-familientzako-ekitaldiak-gasteizen\/zirkua\/'  class='avia-button av-kacetx27-10-84c4827baaf7b17f853dea243725a4ac av-link-btn avia-icon_select-yes-left-icon avia-size-large avia-position-center avia-color-theme-color'   aria-label=\"La Fundaci\u00f3nentzako zirkua\"><span class='avia_button_icon avia_button_icon_left avia-iconfont avia-font-entypo-fontello' data-av_icon='\ue81f' data-av_iconfont='entypo-fontello' ><\/span><span class='avia_iconbox_title' >La Fundaci\u00f3nentzako zirkua<\/span><\/a><\/div><\/p><\/div>\n<div class='av-flex-placeholder'><\/div>\n<style type=\"text\/css\" data-created_by=\"avia_inline_auto\" id=\"style-css-av-4k659c-9-3d76c256e8053113117f0086a56f091e\">\n.flex_column.av-4k659c-9-3d76c256e8053113117f0086a56f091e{\nborder-radius:0px 0px 0px 0px;\npadding:0px 0px 0px 0px;\n}\n<\/style>\n<div  class='flex_column av-4k659c-9-3d76c256e8053113117f0086a56f091e av_one_half  avia-builder-el-37  el_after_av_one_half  el_before_av_hr  flex_column_table_cell av-equal-height-column av-align-top av-zero-column-padding  column-top-margin'     ><p>\n<style type=\"text\/css\" data-created_by=\"avia_inline_auto\" id=\"style-css-av-45l9ja-85e459f305b1b8d6fc7a1691bb3c2061\">\n.avia-image-container.av-45l9ja-85e459f305b1b8d6fc7a1691bb3c2061 img.avia_image{\nbox-shadow:none;\n}\n.avia-image-container.av-45l9ja-85e459f305b1b8d6fc7a1691bb3c2061 .av-image-caption-overlay-center{\ncolor:#ffffff;\n}\n<\/style>\n<div  class='avia-image-container av-45l9ja-85e459f305b1b8d6fc7a1691bb3c2061 av-styling- av-img-linked avia-align-center  avia-builder-el-38  el_before_av_heading  avia-builder-el-first '   itemprop=\"image\" itemscope=\"itemscope\" itemtype=\"https:\/\/schema.org\/ImageObject\" ><div class=\"avia-image-container-inner\"><div class=\"avia-image-overlay-wrap\"><a href=\"https:\/\/www.lafundacion.com\/eu\/pertsonak\/sariak\/meritu-akademikoa\/\" class='avia_image '  aria-label='Excelencia -060'><img decoding=\"async\" fetchpriority=\"high\" class='wp-image-56642 avia-img-lazy-loading-not-56642 avia_image ' src=\"https:\/\/www.lafundacion.com\/wp-content\/uploads\/2023\/07\/Excelencia-060.jpg\" alt='Premios al M\u00e9rito Acad\u00e9mico de La Fundaci\u00f3n' title='Excelencia -060'  height=\"667\" width=\"1000\"  itemprop=\"thumbnailUrl\" srcset=\"https:\/\/www.lafundacion.com\/wp-content\/uploads\/2023\/07\/Excelencia-060.jpg 1000w, https:\/\/www.lafundacion.com\/wp-content\/uploads\/2023\/07\/Excelencia-060-300x200.jpg 300w, https:\/\/www.lafundacion.com\/wp-content\/uploads\/2023\/07\/Excelencia-060-768x512.jpg 768w, https:\/\/www.lafundacion.com\/wp-content\/uploads\/2023\/07\/Excelencia-060-705x470.jpg 705w\" sizes=\"(max-width: 1000px) 100vw, 1000px\" \/><\/a><\/div><\/div><\/div><br \/>\n\n<style type=\"text\/css\" data-created_by=\"avia_inline_auto\" id=\"style-css-av-4eojxy-da3c0a8f02db761f083a89abddf74b6a\">\n#top .av-special-heading.av-4eojxy-da3c0a8f02db761f083a89abddf74b6a{\nmargin:20px 0 0 0;\npadding-bottom:10px;\n}\nbody .av-special-heading.av-4eojxy-da3c0a8f02db761f083a89abddf74b6a .av-special-heading-tag .heading-char{\nfont-size:25px;\n}\n.av-special-heading.av-4eojxy-da3c0a8f02db761f083a89abddf74b6a .av-subheading{\nfont-size:15px;\n}\n<\/style>\n<div  class='av-special-heading av-4eojxy-da3c0a8f02db761f083a89abddf74b6a av-special-heading-h3 blockquote modern-quote  avia-builder-el-39  el_after_av_image  el_before_av_textblock '><h3 class='av-special-heading-tag '  itemprop=\"headline\"  >La Fundaci\u00f3n San Prudencioren Meritu Akademikoaren sariak emateko ekitaldia<\/h3><div class=\"special-heading-border\"><div class=\"special-heading-inner-border\"><\/div><\/div><\/div><br \/>\n<section  class='av_textblock_section av-k8a1cg16-8-6f04839957ef5919886d830ba7953e50 '   itemscope=\"itemscope\" itemtype=\"https:\/\/schema.org\/CreativeWork\" ><div class='avia_textblock'  itemprop=\"text\" ><p>Ekitaldi horretan, hitzaldi interesgarriren batekin dibertitzeaz, entretenitzeaz eta hezteaz gain, Arabako heziketa-ziklo bakoitzeko nota onenak dituzten ikasleei sariak ematen zaizkie, urte horretako <a href=\"https:\/\/www.lafundacion.com\/eu\/noticias-eu\/meritu-akademikoaren-sariak-2023\/\">Meritu Akademikoaren sariak<\/a> irabazi baitzituzten.<\/p>\n<p>Horrelako ekitaldi bakoitzean hainbat inspiratzaile izaten ditugu, bertaratzen diren pertsona guztientzako gaualdi dibertigarri eta ahaztezina izan dadin.<\/p>\n<\/div><\/section><br \/>\n<div  class='avia-button-wrap av-kacetx27-7-f39e7fa9924bc7421d9e8d1d92758b9b-wrap avia-button-center  avia-builder-el-41  el_after_av_textblock  avia-builder-el-last '><a href='https:\/\/www.lafundacion.com\/eu\/pertsonak\/haur-eta-familientzako-ekitaldiak-gasteizen\/familia-sarien-ekitaldiak\/'  class='avia-button av-kacetx27-7-f39e7fa9924bc7421d9e8d1d92758b9b av-link-btn avia-icon_select-yes-left-icon avia-size-large avia-position-center avia-color-theme-color'   aria-label=\"Familia Sariak emateko Ekitaldia\"><span class='avia_button_icon avia_button_icon_left avia-iconfont avia-font-entypo-fontello' data-av_icon='\ue81f' data-av_iconfont='entypo-fontello' ><\/span><span class='avia_iconbox_title' >Familia Sariak emateko Ekitaldia<\/span><\/a><\/div><\/p><\/div><\/div><!--close column table wrapper. Autoclose: 1 -->\n<style type=\"text\/css\" data-created_by=\"avia_inline_auto\" id=\"style-css-av-86hw06-ca2e415684351276dba0b7b4167cab36\">\n#top .hr.av-86hw06-ca2e415684351276dba0b7b4167cab36{\nmargin-top:40px;\nmargin-bottom:10px;\n}\n.hr.av-86hw06-ca2e415684351276dba0b7b4167cab36 .hr-inner{\nwidth:100px;\nborder-color:#f2f3f5;\n}\n<\/style>\n<div  class='hr av-86hw06-ca2e415684351276dba0b7b4167cab36 hr-custom  avia-builder-el-42  el_after_av_one_half  el_before_av_heading  hr-center hr-icon-no'><span class='hr-inner inner-border-av-border-fat'><span class=\"hr-inner-style\"><\/span><\/span><\/div><\/p>\n\n<style type=\"text\/css\" data-created_by=\"avia_inline_auto\" id=\"style-css-av-1z39fa-a7943f078db4126b4ae72fa07341d078\">\n#top .av-special-heading.av-1z39fa-a7943f078db4126b4ae72fa07341d078{\npadding-bottom:40px;\n}\nbody .av-special-heading.av-1z39fa-a7943f078db4126b4ae72fa07341d078 .av-special-heading-tag .heading-char{\nfont-size:25px;\n}\n.av-special-heading.av-1z39fa-a7943f078db4126b4ae72fa07341d078 .av-subheading{\nfont-size:15px;\n}\n<\/style>\n<div  class='av-special-heading av-1z39fa-a7943f078db4126b4ae72fa07341d078 av-special-heading-h3 blockquote modern-quote  avia-builder-el-43  el_after_av_hr  el_before_av_one_fourth '><h3 class='av-special-heading-tag '  itemprop=\"headline\"  >Erlazionatutako informazioa<\/h3><div class=\"special-heading-border\"><div class=\"special-heading-inner-border\"><\/div><\/div><\/div>\n<div class='flex_column_table av-4v2dc7-b659e51747b53ec31cd0612007eb8835 sc-av_one_fourth av-equal-height-column-flextable'>\n<style type=\"text\/css\" data-created_by=\"avia_inline_auto\" id=\"style-css-av-4v2dc7-b659e51747b53ec31cd0612007eb8835\">\n.flex_column.av-4v2dc7-b659e51747b53ec31cd0612007eb8835{\nborder-radius:0px 0px 0px 0px;\npadding:0px 0px 0px 0px;\n}\n<\/style>\n<div  class='flex_column av-4v2dc7-b659e51747b53ec31cd0612007eb8835 av_one_fourth  avia-builder-el-44  el_after_av_heading  el_before_av_one_fourth  first flex_column_table_cell av-equal-height-column av-align-top av-zero-column-padding  '     ><p>\n<style type=\"text\/css\" data-created_by=\"avia_inline_auto\" id=\"style-css-av-2xw0k7-073feacdc09f4dcdec6f9e0eba7b3bee\">\n.avia-image-container.av-2xw0k7-073feacdc09f4dcdec6f9e0eba7b3bee img.avia_image{\nbox-shadow:none;\n}\n.avia-image-container.av-2xw0k7-073feacdc09f4dcdec6f9e0eba7b3bee .av-image-caption-overlay-center{\ncolor:#ffffff;\n}\n<\/style>\n<div  class='avia-image-container av-2xw0k7-073feacdc09f4dcdec6f9e0eba7b3bee av-styling- av-img-linked avia-align-center  avia-builder-el-45  el_before_av_heading  avia-builder-el-first '   itemprop=\"image\" itemscope=\"itemscope\" itemtype=\"https:\/\/schema.org\/ImageObject\" ><div class=\"avia-image-container-inner\"><div class=\"avia-image-overlay-wrap\"><a href=\"https:\/\/www.lafundacion.com\/eu\/pertsonak\/haur-eta-familientzako-ekitaldiak-gasteizen\/olentzero\/\" class='avia_image '  aria-label='olentzero-fundacion-san-prudencio'><img decoding=\"async\" fetchpriority=\"high\" class='wp-image-4973 avia-img-lazy-loading-not-4973 avia_image ' src=\"https:\/\/www.lafundacion.com\/wp-content\/uploads\/2020\/05\/olentzero-fundacion-san-prudencio.jpg\" alt='Evento de Olentzero y Mari Domingi en Vitoria de La Fundaci\u00f3n San Prudencio' title='olentzero-fundacion-san-prudencio'  height=\"533\" width=\"800\"  itemprop=\"thumbnailUrl\" srcset=\"https:\/\/www.lafundacion.com\/wp-content\/uploads\/2020\/05\/olentzero-fundacion-san-prudencio.jpg 800w, https:\/\/www.lafundacion.com\/wp-content\/uploads\/2020\/05\/olentzero-fundacion-san-prudencio-300x200.jpg 300w, https:\/\/www.lafundacion.com\/wp-content\/uploads\/2020\/05\/olentzero-fundacion-san-prudencio-768x512.jpg 768w, https:\/\/www.lafundacion.com\/wp-content\/uploads\/2020\/05\/olentzero-fundacion-san-prudencio-705x470.jpg 705w\" sizes=\"(max-width: 800px) 100vw, 800px\" \/><\/a><\/div><\/div><\/div><br \/>\n\n<style type=\"text\/css\" data-created_by=\"avia_inline_auto\" id=\"style-css-av-kb21lkba-9b8826133757bfcd30762d6cc9fd5367\">\n#top .av-special-heading.av-kb21lkba-9b8826133757bfcd30762d6cc9fd5367{\npadding-bottom:10px;\n}\nbody .av-special-heading.av-kb21lkba-9b8826133757bfcd30762d6cc9fd5367 .av-special-heading-tag .heading-char{\nfont-size:25px;\n}\n.av-special-heading.av-kb21lkba-9b8826133757bfcd30762d6cc9fd5367 .av-subheading{\nfont-size:15px;\n}\n<\/style>\n<div  class='av-special-heading av-kb21lkba-9b8826133757bfcd30762d6cc9fd5367 av-special-heading-h4 blockquote modern-quote  avia-builder-el-46  el_after_av_image  avia-builder-el-last  av-linked-heading'><h4 class='av-special-heading-tag '  itemprop=\"headline\"  ><a class=\"av-heading-link\" href=\"https:\/\/www.lafundacion.com\/personas\/eventos-vitoria\/olentzero\/\" >Olentzero eta Mari Domingi<\/a><\/h4><div class=\"special-heading-border\"><div class=\"special-heading-inner-border\"><\/div><\/div><\/div><\/p><\/div>\n<div class='av-flex-placeholder'><\/div>\n<style type=\"text\/css\" data-created_by=\"avia_inline_auto\" id=\"style-css-av-4v2dc7-6-e6aba30fb2a7665a494b09396567404c\">\n.flex_column.av-4v2dc7-6-e6aba30fb2a7665a494b09396567404c{\nborder-radius:0px 0px 0px 0px;\npadding:0px 0px 0px 0px;\n}\n<\/style>\n<div  class='flex_column av-4v2dc7-6-e6aba30fb2a7665a494b09396567404c av_one_fourth  avia-builder-el-47  el_after_av_one_fourth  el_before_av_one_fourth  flex_column_table_cell av-equal-height-column av-align-top av-zero-column-padding  '     ><p>\n<style type=\"text\/css\" data-created_by=\"avia_inline_auto\" id=\"style-css-av-2xw0k7-5-4c3e96a5233664fd68d9832ac4b23e28\">\n.avia-image-container.av-2xw0k7-5-4c3e96a5233664fd68d9832ac4b23e28 img.avia_image{\nbox-shadow:none;\n}\n.avia-image-container.av-2xw0k7-5-4c3e96a5233664fd68d9832ac4b23e28 .av-image-caption-overlay-center{\ncolor:#ffffff;\n}\n<\/style>\n<div  class='avia-image-container av-2xw0k7-5-4c3e96a5233664fd68d9832ac4b23e28 av-styling- av-img-linked avia-align-center  avia-builder-el-48  el_before_av_heading  avia-builder-el-first '   itemprop=\"image\" itemscope=\"itemscope\" itemtype=\"https:\/\/schema.org\/ImageObject\" ><div class=\"avia-image-container-inner\"><div class=\"avia-image-overlay-wrap\"><a href=\"https:\/\/www.lafundacion.com\/eu\/pertsonak\/haur-eta-familientzako-ekitaldiak-gasteizen\/zirkua\/\" class='avia_image '  aria-label='Circo-La-Fundacion-San-Prudencio-para-entrega-Premios-Familia'><img decoding=\"async\" fetchpriority=\"high\" class='wp-image-5140 avia-img-lazy-loading-not-5140 avia_image ' src=\"https:\/\/www.lafundacion.com\/wp-content\/uploads\/2020\/05\/Circo-La-Fundacion-San-Prudencio-para-entrega-Premios-Familia.jpg\" alt='Circo La Fundaci\u00f3n San Prudencio evento en Vitoria para las familias del colectivo' title='Circo-La-Fundacion-San-Prudencio-para-entrega-Premios-Familia'  height=\"533\" width=\"800\"  itemprop=\"thumbnailUrl\" srcset=\"https:\/\/www.lafundacion.com\/wp-content\/uploads\/2020\/05\/Circo-La-Fundacion-San-Prudencio-para-entrega-Premios-Familia.jpg 800w, https:\/\/www.lafundacion.com\/wp-content\/uploads\/2020\/05\/Circo-La-Fundacion-San-Prudencio-para-entrega-Premios-Familia-300x200.jpg 300w, https:\/\/www.lafundacion.com\/wp-content\/uploads\/2020\/05\/Circo-La-Fundacion-San-Prudencio-para-entrega-Premios-Familia-768x512.jpg 768w, https:\/\/www.lafundacion.com\/wp-content\/uploads\/2020\/05\/Circo-La-Fundacion-San-Prudencio-para-entrega-Premios-Familia-705x470.jpg 705w\" sizes=\"(max-width: 800px) 100vw, 800px\" \/><\/a><\/div><\/div><\/div><br \/>\n\n<style type=\"text\/css\" data-created_by=\"avia_inline_auto\" id=\"style-css-av-kb21merj-cdb4ea9dfdfd79ae52728b15eb085ce5\">\n#top .av-special-heading.av-kb21merj-cdb4ea9dfdfd79ae52728b15eb085ce5{\npadding-bottom:10px;\n}\nbody .av-special-heading.av-kb21merj-cdb4ea9dfdfd79ae52728b15eb085ce5 .av-special-heading-tag .heading-char{\nfont-size:25px;\n}\n.av-special-heading.av-kb21merj-cdb4ea9dfdfd79ae52728b15eb085ce5 .av-subheading{\nfont-size:15px;\n}\n<\/style>\n<div  class='av-special-heading av-kb21merj-cdb4ea9dfdfd79ae52728b15eb085ce5 av-special-heading-h4 blockquote modern-quote  avia-builder-el-49  el_after_av_image  avia-builder-el-last  av-linked-heading'><h4 class='av-special-heading-tag '  itemprop=\"headline\"  ><a class=\"av-heading-link\" href=\"https:\/\/www.lafundacion.com\/personas\/eventos-vitoria\/circo\/\" >Zirkua<\/a><\/h4><div class=\"special-heading-border\"><div class=\"special-heading-inner-border\"><\/div><\/div><\/div><\/p><\/div>\n<div class='av-flex-placeholder'><\/div>\n<style type=\"text\/css\" data-created_by=\"avia_inline_auto\" id=\"style-css-av-4v2dc7-4-4a0853cb20647ebe6df160fb729a8cd3\">\n.flex_column.av-4v2dc7-4-4a0853cb20647ebe6df160fb729a8cd3{\nborder-radius:0px 0px 0px 0px;\npadding:0px 0px 0px 0px;\n}\n<\/style>\n<div  class='flex_column av-4v2dc7-4-4a0853cb20647ebe6df160fb729a8cd3 av_one_fourth  avia-builder-el-50  el_after_av_one_fourth  el_before_av_one_fourth  flex_column_table_cell av-equal-height-column av-align-top av-zero-column-padding  '     ><p>\n<style type=\"text\/css\" data-created_by=\"avia_inline_auto\" id=\"style-css-av-2xw0k7-3-a1da9c65052918b0c1d8b4c1cc5a6126\">\n.avia-image-container.av-2xw0k7-3-a1da9c65052918b0c1d8b4c1cc5a6126 img.avia_image{\nbox-shadow:none;\n}\n.avia-image-container.av-2xw0k7-3-a1da9c65052918b0c1d8b4c1cc5a6126 .av-image-caption-overlay-center{\ncolor:#ffffff;\n}\n<\/style>\n<div  class='avia-image-container av-2xw0k7-3-a1da9c65052918b0c1d8b4c1cc5a6126 av-styling- av-img-linked avia-align-center  avia-builder-el-51  el_before_av_heading  avia-builder-el-first '   itemprop=\"image\" itemscope=\"itemscope\" itemtype=\"https:\/\/schema.org\/ImageObject\" ><div class=\"avia-image-container-inner\"><div class=\"avia-image-overlay-wrap\"><a href=\"https:\/\/www.lafundacion.com\/eu\/pertsonak\/haur-eta-familientzako-ekitaldiak-gasteizen\/errege-magoak\/\" class='avia_image '  aria-label='004 REYES FUNDACION IMG_9016 QUINTAS'><img decoding=\"async\" fetchpriority=\"high\" class='wp-image-5771 avia-img-lazy-loading-not-5771 avia_image ' src=\"https:\/\/www.lafundacion.com\/wp-content\/uploads\/2020\/05\/004-REYES-FUNDACION-IMG_9016-QUINTAS.jpg\" alt='Evento de los Reyes Magos de La Fundaci\u00f3n San Prudencio.' title='004 REYES FUNDACION IMG_9016 QUINTAS'  height=\"533\" width=\"800\"  itemprop=\"thumbnailUrl\" srcset=\"https:\/\/www.lafundacion.com\/wp-content\/uploads\/2020\/05\/004-REYES-FUNDACION-IMG_9016-QUINTAS.jpg 800w, https:\/\/www.lafundacion.com\/wp-content\/uploads\/2020\/05\/004-REYES-FUNDACION-IMG_9016-QUINTAS-300x200.jpg 300w, https:\/\/www.lafundacion.com\/wp-content\/uploads\/2020\/05\/004-REYES-FUNDACION-IMG_9016-QUINTAS-768x512.jpg 768w, https:\/\/www.lafundacion.com\/wp-content\/uploads\/2020\/05\/004-REYES-FUNDACION-IMG_9016-QUINTAS-705x470.jpg 705w\" sizes=\"(max-width: 800px) 100vw, 800px\" \/><\/a><\/div><\/div><\/div><br \/>\n\n<style type=\"text\/css\" data-created_by=\"avia_inline_auto\" id=\"style-css-av-kb21npap-14017fbaa40f74f727676e78310eda91\">\n#top .av-special-heading.av-kb21npap-14017fbaa40f74f727676e78310eda91{\npadding-bottom:10px;\n}\nbody .av-special-heading.av-kb21npap-14017fbaa40f74f727676e78310eda91 .av-special-heading-tag .heading-char{\nfont-size:25px;\n}\n.av-special-heading.av-kb21npap-14017fbaa40f74f727676e78310eda91 .av-subheading{\nfont-size:15px;\n}\n<\/style>\n<div  class='av-special-heading av-kb21npap-14017fbaa40f74f727676e78310eda91 av-special-heading-h4 blockquote modern-quote  avia-builder-el-52  el_after_av_image  avia-builder-el-last  av-linked-heading'><h4 class='av-special-heading-tag '  itemprop=\"headline\"  ><a class=\"av-heading-link\" href=\"https:\/\/www.lafundacion.com\/personas\/eventos-vitoria\/reyes-magos\/\" >Errege Magoak<\/a><\/h4><div class=\"special-heading-border\"><div class=\"special-heading-inner-border\"><\/div><\/div><\/div><\/p><\/div>\n<div class='av-flex-placeholder'><\/div>\n<style type=\"text\/css\" data-created_by=\"avia_inline_auto\" id=\"style-css-av-4v2dc7-2-739e1f98eabcad856fafaf7a0e8dad92\">\n.flex_column.av-4v2dc7-2-739e1f98eabcad856fafaf7a0e8dad92{\nborder-radius:0px 0px 0px 0px;\npadding:0px 0px 0px 0px;\n}\n<\/style>\n<div  class='flex_column av-4v2dc7-2-739e1f98eabcad856fafaf7a0e8dad92 av_one_fourth  avia-builder-el-53  el_after_av_one_fourth  avia-builder-el-last  flex_column_table_cell av-equal-height-column av-align-top av-zero-column-padding  '     ><p>\n<style type=\"text\/css\" data-created_by=\"avia_inline_auto\" id=\"style-css-av-2xw0k7-1-3bee0eac380054e99f72709eac2ba91c\">\n.avia-image-container.av-2xw0k7-1-3bee0eac380054e99f72709eac2ba91c img.avia_image{\nbox-shadow:none;\n}\n.avia-image-container.av-2xw0k7-1-3bee0eac380054e99f72709eac2ba91c .av-image-caption-overlay-center{\ncolor:#ffffff;\n}\n<\/style>\n<div  class='avia-image-container av-2xw0k7-1-3bee0eac380054e99f72709eac2ba91c av-styling- av-img-linked avia-align-center  avia-builder-el-54  el_before_av_heading  avia-builder-el-first '   itemprop=\"image\" itemscope=\"itemscope\" itemtype=\"https:\/\/schema.org\/ImageObject\" ><div class=\"avia-image-container-inner\"><div class=\"avia-image-overlay-wrap\"><a href=\"https:\/\/www.lafundacion.com\/eu\/pertsonak\/lehiaketak\/\" class='avia_image '  aria-label='familia-participa-en-concurso-para-familias-La-Fundacion-San-Prudencio'><img decoding=\"async\" fetchpriority=\"high\" class='wp-image-6586 avia-img-lazy-loading-not-6586 avia_image ' src=\"https:\/\/www.lafundacion.com\/wp-content\/uploads\/2020\/05\/familia-participa-en-concurso-para-familias-La-Fundacion-San-Prudencio.jpg\" alt='Concursos para familias de La Fundaci\u00f3n San Prudencio, premios familia y concurso de postales navide\u00f1as' title='familia-participa-en-concurso-para-familias-La-Fundacion-San-Prudencio'  height=\"533\" width=\"800\"  itemprop=\"thumbnailUrl\" srcset=\"https:\/\/www.lafundacion.com\/wp-content\/uploads\/2020\/05\/familia-participa-en-concurso-para-familias-La-Fundacion-San-Prudencio.jpg 800w, https:\/\/www.lafundacion.com\/wp-content\/uploads\/2020\/05\/familia-participa-en-concurso-para-familias-La-Fundacion-San-Prudencio-300x200.jpg 300w, https:\/\/www.lafundacion.com\/wp-content\/uploads\/2020\/05\/familia-participa-en-concurso-para-familias-La-Fundacion-San-Prudencio-768x512.jpg 768w, https:\/\/www.lafundacion.com\/wp-content\/uploads\/2020\/05\/familia-participa-en-concurso-para-familias-La-Fundacion-San-Prudencio-705x470.jpg 705w\" sizes=\"(max-width: 800px) 100vw, 800px\" \/><\/a><\/div><\/div><\/div><br \/>\n\n<style type=\"text\/css\" data-created_by=\"avia_inline_auto\" id=\"style-css-av-kb21q9yx-24605859a727d548e76d0bc723b83750\">\n#top .av-special-heading.av-kb21q9yx-24605859a727d548e76d0bc723b83750{\npadding-bottom:10px;\n}\nbody .av-special-heading.av-kb21q9yx-24605859a727d548e76d0bc723b83750 .av-special-heading-tag .heading-char{\nfont-size:25px;\n}\n.av-special-heading.av-kb21q9yx-24605859a727d548e76d0bc723b83750 .av-subheading{\nfont-size:15px;\n}\n<\/style>\n<div  class='av-special-heading av-kb21q9yx-24605859a727d548e76d0bc723b83750 av-special-heading-h4 blockquote modern-quote  avia-builder-el-55  el_after_av_image  avia-builder-el-last  av-linked-heading'><h4 class='av-special-heading-tag '  itemprop=\"headline\"  ><a class=\"av-heading-link\" href=\"https:\/\/www.lafundacion.com\/personas\/concursos\/\" >Lehiaketak<\/a><\/h4><div class=\"special-heading-border\"><div class=\"special-heading-inner-border\"><\/div><\/div><\/div><\/p><\/div><\/div><!--close column table wrapper. Autoclose: 1 -->\n","protected":false},"excerpt":{"rendered":"","protected":false},"author":1,"featured_media":0,"parent":12195,"menu_order":0,"comment_status":"closed","ping_status":"closed","template":"","meta":{"_acf_changed":false,"footnotes":""},"class_list":["post-12201","page","type-page","status-publish","hentry"],"acf":[],"yoast_head":"<!-- This site is optimized with the Yoast SEO plugin v27.4 - https:\/\/yoast.com\/product\/yoast-seo-wordpress\/ -->\r\n<title>Haurrentzako ekitaldiak Gasteizen\u00a0<\/title>\r\n<meta name=\"description\" content=\"La Fundaci\u00f3n San Prudenciok ekitaldiak antolatzen ditu Gasteizen, haurrentzat eta familientzat: Olentzero, Errege Magoak, Zirkua, Familia Sariak banatzeko ekitaldia\" \/>\r\n<meta name=\"robots\" content=\"index, follow, max-snippet:-1, max-image-preview:large, max-video-preview:-1\" \/>\r\n<link rel=\"canonical\" href=\"https:\/\/www.lafundacion.com\/eu\/pertsonak\/haur-eta-familientzako-ekitaldiak-gasteizen\/\" \/>\r\n<meta property=\"og:locale\" content=\"eu_ES\" \/>\r\n<meta property=\"og:type\" content=\"article\" \/>\r\n<meta property=\"og:title\" content=\"Haurrentzako ekitaldiak Gasteizen\u00a0\" \/>\r\n<meta property=\"og:description\" content=\"La Fundaci\u00f3n San Prudenciok ekitaldiak antolatzen ditu Gasteizen, haurrentzat eta familientzat: Olentzero, Errege Magoak, Zirkua, Familia Sariak banatzeko ekitaldia\" \/>\r\n<meta property=\"og:url\" content=\"https:\/\/www.lafundacion.com\/eu\/pertsonak\/haur-eta-familientzako-ekitaldiak-gasteizen\/\" \/>\r\n<meta property=\"og:site_name\" content=\"La Fundaci\u00f3n San Prudencio\" \/>\r\n<meta property=\"article:modified_time\" content=\"2023-07-05T15:34:50+00:00\" \/>\r\n<meta name=\"twitter:card\" content=\"summary_large_image\" \/>\r\n<meta name=\"twitter:label1\" content=\"Est. reading time\" \/>\n\t<meta name=\"twitter:data1\" content=\"29 minutes\" \/>\r\n<script type=\"application\/ld+json\" class=\"yoast-schema-graph\">{\"@context\":\"https:\\\/\\\/schema.org\",\"@graph\":[{\"@type\":\"WebPage\",\"@id\":\"https:\\\/\\\/www.lafundacion.com\\\/eu\\\/pertsonak\\\/haur-eta-familientzako-ekitaldiak-gasteizen\\\/\",\"url\":\"https:\\\/\\\/www.lafundacion.com\\\/eu\\\/pertsonak\\\/haur-eta-familientzako-ekitaldiak-gasteizen\\\/\",\"name\":\"Haurrentzako ekitaldiak Gasteizen\u00a0\",\"isPartOf\":{\"@id\":\"https:\\\/\\\/www.lafundacion.com\\\/#website\"},\"datePublished\":\"2020-05-18T08:50:47+00:00\",\"dateModified\":\"2023-07-05T15:34:50+00:00\",\"description\":\"La Fundaci\u00f3n San Prudenciok ekitaldiak antolatzen ditu Gasteizen, haurrentzat eta familientzat: Olentzero, Errege Magoak, Zirkua, Familia Sariak banatzeko ekitaldia\",\"breadcrumb\":{\"@id\":\"https:\\\/\\\/www.lafundacion.com\\\/eu\\\/pertsonak\\\/haur-eta-familientzako-ekitaldiak-gasteizen\\\/#breadcrumb\"},\"inLanguage\":\"eu-ES\",\"potentialAction\":[{\"@type\":\"ReadAction\",\"target\":[\"https:\\\/\\\/www.lafundacion.com\\\/eu\\\/pertsonak\\\/haur-eta-familientzako-ekitaldiak-gasteizen\\\/\"]}]},{\"@type\":\"BreadcrumbList\",\"@id\":\"https:\\\/\\\/www.lafundacion.com\\\/eu\\\/pertsonak\\\/haur-eta-familientzako-ekitaldiak-gasteizen\\\/#breadcrumb\",\"itemListElement\":[{\"@type\":\"ListItem\",\"position\":1,\"name\":\"Portada\",\"item\":\"https:\\\/\\\/www.lafundacion.com\\\/eu\\\/hasiera\\\/\"},{\"@type\":\"ListItem\",\"position\":2,\"name\":\"La Fundaci\u00f3n San Prudencioko titularrentzako zerbitzuak eta onurak\",\"item\":\"https:\\\/\\\/www.lafundacion.com\\\/eu\\\/pertsonak\\\/\"},{\"@type\":\"ListItem\",\"position\":3,\"name\":\"Haur eta familientzako ekitaldiak Gasteizen\"}]},{\"@type\":\"WebSite\",\"@id\":\"https:\\\/\\\/www.lafundacion.com\\\/#website\",\"url\":\"https:\\\/\\\/www.lafundacion.com\\\/\",\"name\":\"La Fundaci\u00f3n San Prudencio\",\"description\":\"La Fundaci\u00f3n Laboral San Prudencio en Vitoria-Gasteiz\",\"publisher\":{\"@id\":\"https:\\\/\\\/www.lafundacion.com\\\/#organization\"},\"potentialAction\":[{\"@type\":\"SearchAction\",\"target\":{\"@type\":\"EntryPoint\",\"urlTemplate\":\"https:\\\/\\\/www.lafundacion.com\\\/?s={search_term_string}\"},\"query-input\":{\"@type\":\"PropertyValueSpecification\",\"valueRequired\":true,\"valueName\":\"search_term_string\"}}],\"inLanguage\":\"eu-ES\"},{\"@type\":\"Organization\",\"@id\":\"https:\\\/\\\/www.lafundacion.com\\\/#organization\",\"name\":\"La Fundaci\u00f3n San Prudencio\",\"url\":\"https:\\\/\\\/www.lafundacion.com\\\/\",\"logo\":{\"@type\":\"ImageObject\",\"inLanguage\":\"eu-ES\",\"@id\":\"https:\\\/\\\/www.lafundacion.com\\\/#\\\/schema\\\/logo\\\/image\\\/\",\"url\":\"https:\\\/\\\/www.lafundacion.com\\\/wp-content\\\/uploads\\\/2020\\\/03\\\/logo-la-fundacion.png\",\"contentUrl\":\"https:\\\/\\\/www.lafundacion.com\\\/wp-content\\\/uploads\\\/2020\\\/03\\\/logo-la-fundacion.png\",\"width\":323,\"height\":129,\"caption\":\"La Fundaci\u00f3n San Prudencio\"},\"image\":{\"@id\":\"https:\\\/\\\/www.lafundacion.com\\\/#\\\/schema\\\/logo\\\/image\\\/\"}}]}<\/script>\r\n<!-- \/ Yoast SEO plugin. -->","yoast_head_json":{"title":"Haurrentzako ekitaldiak Gasteizen\u00a0","description":"La Fundaci\u00f3n San Prudenciok ekitaldiak antolatzen ditu Gasteizen, haurrentzat eta familientzat: Olentzero, Errege Magoak, Zirkua, Familia Sariak banatzeko ekitaldia","robots":{"index":"index","follow":"follow","max-snippet":"max-snippet:-1","max-image-preview":"max-image-preview:large","max-video-preview":"max-video-preview:-1"},"canonical":"https:\/\/www.lafundacion.com\/eu\/pertsonak\/haur-eta-familientzako-ekitaldiak-gasteizen\/","og_locale":"eu_ES","og_type":"article","og_title":"Haurrentzako ekitaldiak Gasteizen\u00a0","og_description":"La Fundaci\u00f3n San Prudenciok ekitaldiak antolatzen ditu Gasteizen, haurrentzat eta familientzat: Olentzero, Errege Magoak, Zirkua, Familia Sariak banatzeko ekitaldia","og_url":"https:\/\/www.lafundacion.com\/eu\/pertsonak\/haur-eta-familientzako-ekitaldiak-gasteizen\/","og_site_name":"La Fundaci\u00f3n San Prudencio","article_modified_time":"2023-07-05T15:34:50+00:00","twitter_card":"summary_large_image","twitter_misc":{"Est. reading time":"29 minutes"},"schema":{"@context":"https:\/\/schema.org","@graph":[{"@type":"WebPage","@id":"https:\/\/www.lafundacion.com\/eu\/pertsonak\/haur-eta-familientzako-ekitaldiak-gasteizen\/","url":"https:\/\/www.lafundacion.com\/eu\/pertsonak\/haur-eta-familientzako-ekitaldiak-gasteizen\/","name":"Haurrentzako ekitaldiak Gasteizen\u00a0","isPartOf":{"@id":"https:\/\/www.lafundacion.com\/#website"},"datePublished":"2020-05-18T08:50:47+00:00","dateModified":"2023-07-05T15:34:50+00:00","description":"La Fundaci\u00f3n San Prudenciok ekitaldiak antolatzen ditu Gasteizen, haurrentzat eta familientzat: Olentzero, Errege Magoak, Zirkua, Familia Sariak banatzeko ekitaldia","breadcrumb":{"@id":"https:\/\/www.lafundacion.com\/eu\/pertsonak\/haur-eta-familientzako-ekitaldiak-gasteizen\/#breadcrumb"},"inLanguage":"eu-ES","potentialAction":[{"@type":"ReadAction","target":["https:\/\/www.lafundacion.com\/eu\/pertsonak\/haur-eta-familientzako-ekitaldiak-gasteizen\/"]}]},{"@type":"BreadcrumbList","@id":"https:\/\/www.lafundacion.com\/eu\/pertsonak\/haur-eta-familientzako-ekitaldiak-gasteizen\/#breadcrumb","itemListElement":[{"@type":"ListItem","position":1,"name":"Portada","item":"https:\/\/www.lafundacion.com\/eu\/hasiera\/"},{"@type":"ListItem","position":2,"name":"La Fundaci\u00f3n San Prudencioko titularrentzako zerbitzuak eta onurak","item":"https:\/\/www.lafundacion.com\/eu\/pertsonak\/"},{"@type":"ListItem","position":3,"name":"Haur eta familientzako ekitaldiak Gasteizen"}]},{"@type":"WebSite","@id":"https:\/\/www.lafundacion.com\/#website","url":"https:\/\/www.lafundacion.com\/","name":"La Fundaci\u00f3n San Prudencio","description":"La Fundaci\u00f3n Laboral San Prudencio en Vitoria-Gasteiz","publisher":{"@id":"https:\/\/www.lafundacion.com\/#organization"},"potentialAction":[{"@type":"SearchAction","target":{"@type":"EntryPoint","urlTemplate":"https:\/\/www.lafundacion.com\/?s={search_term_string}"},"query-input":{"@type":"PropertyValueSpecification","valueRequired":true,"valueName":"search_term_string"}}],"inLanguage":"eu-ES"},{"@type":"Organization","@id":"https:\/\/www.lafundacion.com\/#organization","name":"La Fundaci\u00f3n San Prudencio","url":"https:\/\/www.lafundacion.com\/","logo":{"@type":"ImageObject","inLanguage":"eu-ES","@id":"https:\/\/www.lafundacion.com\/#\/schema\/logo\/image\/","url":"https:\/\/www.lafundacion.com\/wp-content\/uploads\/2020\/03\/logo-la-fundacion.png","contentUrl":"https:\/\/www.lafundacion.com\/wp-content\/uploads\/2020\/03\/logo-la-fundacion.png","width":323,"height":129,"caption":"La Fundaci\u00f3n San Prudencio"},"image":{"@id":"https:\/\/www.lafundacion.com\/#\/schema\/logo\/image\/"}}]}},"_links":{"self":[{"href":"https:\/\/www.lafundacion.com\/eu\/wp-json\/wp\/v2\/pages\/12201","targetHints":{"allow":["GET"]}}],"collection":[{"href":"https:\/\/www.lafundacion.com\/eu\/wp-json\/wp\/v2\/pages"}],"about":[{"href":"https:\/\/www.lafundacion.com\/eu\/wp-json\/wp\/v2\/types\/page"}],"author":[{"embeddable":true,"href":"https:\/\/www.lafundacion.com\/eu\/wp-json\/wp\/v2\/users\/1"}],"replies":[{"embeddable":true,"href":"https:\/\/www.lafundacion.com\/eu\/wp-json\/wp\/v2\/comments?post=12201"}],"version-history":[{"count":10,"href":"https:\/\/www.lafundacion.com\/eu\/wp-json\/wp\/v2\/pages\/12201\/revisions"}],"predecessor-version":[{"id":56737,"href":"https:\/\/www.lafundacion.com\/eu\/wp-json\/wp\/v2\/pages\/12201\/revisions\/56737"}],"up":[{"embeddable":true,"href":"https:\/\/www.lafundacion.com\/eu\/wp-json\/wp\/v2\/pages\/12195"}],"wp:attachment":[{"href":"https:\/\/www.lafundacion.com\/eu\/wp-json\/wp\/v2\/media?parent=12201"}],"curies":[{"name":"wp","href":"https:\/\/api.w.org\/{rel}","templated":true}]}}