{"id":12131,"date":"2020-04-24T10:40:36","date_gmt":"2020-04-24T08:40:36","guid":{"rendered":"https:\/\/www.lafundacion.com\/arindu-bizkarreko-eta-artikulazioetako-mina-nordic-klinikan-la-fundacion-san-prudencio-zerbitzua\/"},"modified":"2026-02-23T17:47:44","modified_gmt":"2026-02-23T16:47:44","slug":"bizkarreko-mina-nordic-klinikan","status":"publish","type":"page","link":"https:\/\/www.lafundacion.com\/eu\/pertsonak\/bizkarreko-mina-nordic-klinikan\/","title":{"rendered":"Arindu bizkarreko eta artikulazioetako mina Nordic Klinikan, La Fundaci\u00f3n San Prudencio zerbitzua"},"content":{"rendered":"\n<style type=\"text\/css\" data-created_by=\"avia_inline_auto\" id=\"style-css-av-k8a121cj-6f27ac99844e550f4f704131211637de\">\n.avia-section.av-k8a121cj-6f27ac99844e550f4f704131211637de{\nbackground-repeat:no-repeat;\nbackground-image:url(https:\/\/www.lafundacion.com\/wp-content\/uploads\/2020\/04\/nordic-klinica-la-fundacion.jpg);\nbackground-position:50% 50%;\nbackground-attachment:scroll;\n}\n.avia-section.av-k8a121cj-6f27ac99844e550f4f704131211637de .av-section-color-overlay{\nopacity:0.5;\nbackground-color:#ffffff;\n}\n<\/style>\n<div id='av_section_1'  class='avia-section av-k8a121cj-6f27ac99844e550f4f704131211637de main_color avia-section-default avia-no-border-styling  avia-builder-el-0  el_before_av_one_half  avia-builder-el-first  avia-full-stretch avia-bg-style-scroll av-section-color-overlay-active av-minimum-height av-minimum-height-25 av-height-25  container_wrap fullsize'  data-section-bg-repeat='stretch' data-av_minimum_height_pc='25' data-av_min_height_opt='25'><div class=\"av-section-color-overlay-wrap\"><div class=\"av-section-color-overlay\"><\/div><div class='container av-section-cont-open' ><main  role=\"main\" itemprop=\"mainContentOfPage\"  class='template-page content  av-content-full alpha units'><div class='post-entry post-entry-type-page post-entry-12131'><div class='entry-content-wrapper clearfix'>\n\n<style type=\"text\/css\" data-created_by=\"avia_inline_auto\" id=\"style-css-av-kewizd9s-839adfaa24bd6b9ec66fe9c749fa82bd\">\n#top .av-special-heading.av-kewizd9s-839adfaa24bd6b9ec66fe9c749fa82bd{\npadding-bottom:10px;\n}\nbody .av-special-heading.av-kewizd9s-839adfaa24bd6b9ec66fe9c749fa82bd .av-special-heading-tag .heading-char{\nfont-size:25px;\n}\n.av-special-heading.av-kewizd9s-839adfaa24bd6b9ec66fe9c749fa82bd .av-subheading{\nfont-size:15px;\n}\n<\/style>\n<div  class='av-special-heading av-kewizd9s-839adfaa24bd6b9ec66fe9c749fa82bd av-special-heading-h1 blockquote modern-quote modern-centered  avia-builder-el-1  avia-builder-el-no-sibling '><h1 class='av-special-heading-tag '  itemprop=\"headline\"  >Lanak eragindako bizkarreko mina<\/h1><div class=\"special-heading-border\"><div class=\"special-heading-inner-border\"><\/div><\/div><\/div>\n<\/div><\/div><\/main><!-- close content main element --><\/div><\/div><\/div><div id='after_section_1'  class='main_color av_default_container_wrap container_wrap fullsize'  ><div class='container av-section-cont-open' ><div class='template-page content  av-content-full alpha units'><div class='post-entry post-entry-type-page post-entry-12131'><div class='entry-content-wrapper clearfix'>\n\n<style type=\"text\/css\" data-created_by=\"avia_inline_auto\" id=\"style-css-av-g29cax-1d63df2ab1b99f4f050e3322ddd0f9b0\">\n.flex_column.av-g29cax-1d63df2ab1b99f4f050e3322ddd0f9b0{\nborder-radius:0px 0px 0px 0px;\npadding:0px 0px 0px 0px;\n}\n<\/style>\n<div  class='flex_column av-g29cax-1d63df2ab1b99f4f050e3322ddd0f9b0 av_one_half  avia-builder-el-2  el_after_av_section  el_before_av_one_half  avia-builder-el-first  first flex_column_div av-zero-column-padding  '     ><style type=\"text\/css\" data-created_by=\"avia_inline_auto\" id=\"style-css-av-k9dybmx6-c5d9df06213d71ae0245bc90b575d41d\">\n.avia-image-container.av-k9dybmx6-c5d9df06213d71ae0245bc90b575d41d img.avia_image{\nbox-shadow:none;\n}\n.avia-image-container.av-k9dybmx6-c5d9df06213d71ae0245bc90b575d41d .av-image-caption-overlay-center{\ncolor:#ffffff;\n}\n<\/style>\n<div  class='avia-image-container av-k9dybmx6-c5d9df06213d71ae0245bc90b575d41d av-styling- avia-align-center  avia-builder-el-3  avia-builder-el-no-sibling '   itemprop=\"image\" itemscope=\"itemscope\" itemtype=\"https:\/\/schema.org\/ImageObject\" ><div class=\"avia-image-container-inner\"><div class=\"avia-image-overlay-wrap\"><img decoding=\"async\" fetchpriority=\"high\" class='wp-image-3904 avia-img-lazy-loading-not-3904 avia_image ' src=\"https:\/\/www.lafundacion.com\/wp-content\/uploads\/2020\/04\/rehabilitacion-dolor-de-espalda-Nordic-Klinika.jpg\" alt='rehabilitaci\u00f3n dolor de espalda Nordic Klinika' title='rehabilitacion-dolor-de-espalda-Nordic-Klinika'  height=\"533\" width=\"800\"  itemprop=\"thumbnailUrl\" srcset=\"https:\/\/www.lafundacion.com\/wp-content\/uploads\/2020\/04\/rehabilitacion-dolor-de-espalda-Nordic-Klinika.jpg 800w, https:\/\/www.lafundacion.com\/wp-content\/uploads\/2020\/04\/rehabilitacion-dolor-de-espalda-Nordic-Klinika-300x200.jpg 300w, https:\/\/www.lafundacion.com\/wp-content\/uploads\/2020\/04\/rehabilitacion-dolor-de-espalda-Nordic-Klinika-768x512.jpg 768w, https:\/\/www.lafundacion.com\/wp-content\/uploads\/2020\/04\/rehabilitacion-dolor-de-espalda-Nordic-Klinika-705x470.jpg 705w\" sizes=\"(max-width: 800px) 100vw, 800px\" \/><\/div><\/div><\/div><\/div>\n\n<style type=\"text\/css\" data-created_by=\"avia_inline_auto\" id=\"style-css-av-emvmsp-e724cd4e8d522f32764a0f1d64e9d48c\">\n.flex_column.av-emvmsp-e724cd4e8d522f32764a0f1d64e9d48c{\nborder-radius:0px 0px 0px 0px;\npadding:0px 0px 0px 0px;\n}\n<\/style>\n<div  class='flex_column av-emvmsp-e724cd4e8d522f32764a0f1d64e9d48c av_one_half  avia-builder-el-4  el_after_av_one_half  el_before_av_heading  flex_column_div av-zero-column-padding  '     ><section  class='av_textblock_section av-k9dy9e85-ef74c4b7474f88ec3116fd92c062bec9 '   itemscope=\"itemscope\" itemtype=\"https:\/\/schema.org\/CreativeWork\" ><div class='avia_textblock'  itemprop=\"text\" ><p>Objektu astunak altxatzeak, mugimendu errepikakorrak egiteak eta egun osoan eserita egoteak eragin negatiboa izan dezake bizkarrean eta, ondorioz, langile guztien bizi kalitatean. <strong>Lan fundazio gisa, gure helburua da langileari bizi kalitate hobea ematea eta enpresen lehiakortasuna hobetzeko irtenbideak ematea.<\/strong> <strong><a href=\"https:\/\/nordicklinika.es\/servicios-dolor-espalda-lumbar\/\" target=\"_blank\" rel=\"noopener\">Nordic Klinikak <\/a><\/strong>erantzuna ematen dio lanak eragindako arazoak murrizteko beharrari, bizkarreko, zerbikaletako, sorbaldetako, aldaketako edo belaunetako mina duten eta laneko bizitzan ez ezik, bizitza pertsonalean ere eragina jasaten duten langile guztientzat.<\/p>\n<\/div><\/section><\/div>\n\n<style type=\"text\/css\" data-created_by=\"avia_inline_auto\" id=\"style-css-av-dr15nd-8c9e209fb0004c527c8fd4ccf15116ed\">\n#top .av-special-heading.av-dr15nd-8c9e209fb0004c527c8fd4ccf15116ed{\npadding-bottom:20px;\n}\nbody .av-special-heading.av-dr15nd-8c9e209fb0004c527c8fd4ccf15116ed .av-special-heading-tag .heading-char{\nfont-size:25px;\n}\n.av-special-heading.av-dr15nd-8c9e209fb0004c527c8fd4ccf15116ed .av-subheading{\nfont-size:15px;\n}\n<\/style>\n<div  class='av-special-heading av-dr15nd-8c9e209fb0004c527c8fd4ccf15116ed av-special-heading-h2 blockquote modern-quote  avia-builder-el-6  el_after_av_one_half  el_before_av_one_half '><h2 class='av-special-heading-tag '  itemprop=\"headline\"  >Mina al duzu bizkarrean, sorbaldetan, zerbikaletan, aldaketan edo belaunetan?<\/h2><div class=\"special-heading-border\"><div class=\"special-heading-inner-border\"><\/div><\/div><\/div>\n\n<style type=\"text\/css\" data-created_by=\"avia_inline_auto\" id=\"style-css-av-ccxbdl-c9700b29da2656e931841e13503b13d6\">\n.flex_column.av-ccxbdl-c9700b29da2656e931841e13503b13d6{\nborder-radius:0px 0px 0px 0px;\npadding:0px 0px 0px 0px;\n}\n<\/style>\n<div  class='flex_column av-ccxbdl-c9700b29da2656e931841e13503b13d6 av_one_half  avia-builder-el-7  el_after_av_heading  el_before_av_one_half  first flex_column_div av-zero-column-padding  '     ><section  class='av_textblock_section av-k8a1ezz5-7156ff055202c5887ad7dfaa27f22111 '   itemscope=\"itemscope\" itemtype=\"https:\/\/schema.org\/CreativeWork\" ><div class='avia_textblock'  itemprop=\"text\" ><p>LSOINen (Laneko Segurtasun, Osasun eta Ongizaterako Institutu Nazionalaren) arabera, bizkarreko mina gizartearen arazo ohikoenen artean dago. Biztanleriaren % 78k bizkarreko mina du eta izango du bizitzako uneren batean. 2019an, inkesta bat egin genuen gure titular guztien artean, haien osasun eta ongizate egoera ezagutzeko, eta horren inguruan dituzuen kezka eta premiak ezagutzeko. Hona hemen emaitzak:<\/p>\n<ul>\n<li>% 53k uste zuen bere lanpostuak eragina duela bere osasunean eta ongizatean, eta ondorioz, artikulazioetan arazoak edo mina dituztela (arazo muskuloeskeletikoak).<\/li>\n<li>% 51,5ek adierazi zuen bere lanak osasunean eragina izateko arrazoiak mugimendu errepikakorrak, txandakakoak, jarrera behartuak eta jarrera berean denbora luzez egotea direla.<\/li>\n<\/ul>\n<\/div><\/section><\/div>\n\n<style type=\"text\/css\" data-created_by=\"avia_inline_auto\" id=\"style-css-av-ccxbdl-24-0f3e0ab72d0613aadc89c9bb01b851dd\">\n.flex_column.av-ccxbdl-24-0f3e0ab72d0613aadc89c9bb01b851dd{\nborder-radius:0px 0px 0px 0px;\npadding:0px 0px 0px 0px;\n}\n<\/style>\n<div  class='flex_column av-ccxbdl-24-0f3e0ab72d0613aadc89c9bb01b851dd av_one_half  avia-builder-el-9  el_after_av_one_half  el_before_av_button_big  avia-builder-el-last  flex_column_div av-zero-column-padding  '     ><p><div  class='avia-video av-k9dyf3uh-9c80f9f64e7e1d0e12f7d831800b4057 avia-video-16-9 av-no-preview-image avia-video-load-always av-lazyload-immediate av-lazyload-video-embed'  itemprop=\"video\" itemtype=\"https:\/\/schema.org\/VideoObject\"  data-original_url='https:\/\/youtu.be\/vv2lr05iwh4'><script type='text\/html' class='av-video-tmpl'><div class='avia-iframe-wrap'><iframe loading=\"lazy\" title=\"V\u00eddeo corporativo Nordic Klinika\" width=\"1500\" height=\"844\" src=\"https:\/\/www.youtube.com\/embed\/vv2lr05iwh4?feature=oembed&autoplay=0&loop=0&controls=1&mute=0\" frameborder=\"0\" allow=\"accelerometer; autoplay; clipboard-write; encrypted-media; gyroscope; picture-in-picture\" allowfullscreen><\/iframe><\/div><\/script><div class='av-click-to-play-overlay'><div class=\"avia_playpause_icon\"><\/div><\/div><\/div><br \/>\n<section  class='av_textblock_section av-k8a1ezz5-23-250012b8b75c703f15e8ec3e199aa974 '   itemscope=\"itemscope\" itemtype=\"https:\/\/schema.org\/CreativeWork\" ><div class='avia_textblock'  itemprop=\"text\" ><p>Horregatik, eta laneko osasunari lotutako gero eta arazo handiagoa dagoenez, La Fundaci\u00f3nen <a href=\"https:\/\/nordicklinika.es\/servicios-dolor-espalda-lumbar\/\" target=\"_blank\" rel=\"noopener\"><strong>Nordic Klinicaren <\/strong><\/a>bidez zerbitzua eskaintzen dugu, laneko ingurunean langileen osasuna sustatzera bideratuta, eta arreta berezia jarriz nahasmendu muskuloeskeletikoen tratamenduan eta prebentzioan.<\/p>\n<\/div><\/section><br \/>\n<section  class='av_textblock_section av-mlzer4zo-0a1c7986b5c528f93ec72259b54cb96c '   itemscope=\"itemscope\" itemtype=\"https:\/\/schema.org\/CreativeWork\" ><div class='avia_textblock'  itemprop=\"text\" ><div>\n<div>\n<div>\n<p>R.P.S 114\/24<\/p>\n<\/div>\n<\/div>\n<\/div>\n<\/div><\/section><\/p><\/div><div  class='avia-button-wrap avia-button-center  avia-builder-el-13  el_after_av_one_half  el_before_av_section '>\n<style type=\"text\/css\" data-created_by=\"avia_inline_auto\" id=\"style-css-av-lpciodw5-7b8fd0bc8d8aed301117e9ef660f10bf\">\n#top #wrap_all .avia-button.av-lpciodw5-7b8fd0bc8d8aed301117e9ef660f10bf:hover{\ncolor:white;\ntransition:all 0.4s ease-in-out;\n}\n#top #wrap_all .avia-button.av-lpciodw5-7b8fd0bc8d8aed301117e9ef660f10bf:hover .avia-svg-icon svg:first-child{\nfill:white;\nstroke:white;\n}\n<\/style>\n<a href='https:\/\/nordicklinika.es\/eu\/harremanetarako\/' class='avia-color-theme-color avia-font-color-theme-color avia-button avia-button-fullwidth av-lpciodw5-7b8fd0bc8d8aed301117e9ef660f10bf avia-icon_select-no avia-color-theme-color'   aria-label=\"Gure taldeko fisioterapeuta batekin hitz egin dohainik\"><span class='avia_iconbox_title' >Gure taldeko fisioterapeuta batekin hitz egin dohainik<\/span><span class='avia_button_background avia-button avia-button-fullwidth avia-color-theme-color-highlight'><\/span><\/a><\/div><\/p>\n\n<style type=\"text\/css\" data-created_by=\"avia_inline_auto\" id=\"style-css-av-kadrnz2z-383b5e22677f92712698e1a6a7402757\">\n.avia-section.av-kadrnz2z-383b5e22677f92712698e1a6a7402757{\nbackground-color:#f2f3f5;\nbackground-image:unset;\n}\n<\/style>\n<div id='av_section_2'  class='avia-section av-kadrnz2z-383b5e22677f92712698e1a6a7402757 main_color avia-section-default avia-no-border-styling  avia-builder-el-14  el_after_av_button_big  el_before_av_heading  avia-bg-style-scroll container_wrap fullsize'  ><div class='container av-section-cont-open' ><div class='template-page content  av-content-full alpha units'><div class='post-entry post-entry-type-page post-entry-12131'><div class='entry-content-wrapper clearfix'>\n\n<style type=\"text\/css\" data-created_by=\"avia_inline_auto\" id=\"style-css-av-d3qw6h-f2551cce0dc9d1d52f273b841f76deec\">\n#top .av-special-heading.av-d3qw6h-f2551cce0dc9d1d52f273b841f76deec{\npadding-bottom:10px;\n}\nbody .av-special-heading.av-d3qw6h-f2551cce0dc9d1d52f273b841f76deec .av-special-heading-tag .heading-char{\nfont-size:25px;\n}\n.av-special-heading.av-d3qw6h-f2551cce0dc9d1d52f273b841f76deec .av-subheading{\nfont-size:15px;\n}\n<\/style>\n<div  class='av-special-heading av-d3qw6h-f2551cce0dc9d1d52f273b841f76deec av-special-heading-h2 blockquote modern-quote  avia-builder-el-15  el_before_av_textblock  avia-builder-el-first '><h2 class='av-special-heading-tag '  itemprop=\"headline\"  >Nordic Klinikari buruz<\/h2><div class=\"special-heading-border\"><div class=\"special-heading-inner-border\"><\/div><\/div><\/div>\n<section  class='av_textblock_section av-k8a1ezz5-22-6a8c6426928b815dcf7b55781c8c5932 '   itemscope=\"itemscope\" itemtype=\"https:\/\/schema.org\/CreativeWork\" ><div class='avia_textblock'  itemprop=\"text\" ><p>Zerbitzu hori herritar guztiei eta Arabako enpresei ematen diegu La Fundaci\u00f3n San Prudencioren instalazioetan, Dato kaleko 43. zenbakian. La Fundaci\u00f3n Laboral San Prudencioren eta Athlon S.Coop. enpresaren baterako ekimena da, langileen artean gero eta handiagoa den arazo horri, hots, nahasmendu muskuloeskeletikoei, erantzuna emateko.<\/p>\n<\/div><\/section>\n\n<style type=\"text\/css\" data-created_by=\"avia_inline_auto\" id=\"style-css-av-ajshsp-cf53bacd5e8409d4a62a4a31305d0ec3\">\n#top .av-special-heading.av-ajshsp-cf53bacd5e8409d4a62a4a31305d0ec3{\npadding-bottom:10px;\n}\nbody .av-special-heading.av-ajshsp-cf53bacd5e8409d4a62a4a31305d0ec3 .av-special-heading-tag .heading-char{\nfont-size:25px;\n}\n.av-special-heading.av-ajshsp-cf53bacd5e8409d4a62a4a31305d0ec3 .av-subheading{\nfont-size:15px;\n}\n<\/style>\n<div  class='av-special-heading av-ajshsp-cf53bacd5e8409d4a62a4a31305d0ec3 av-special-heading-h2 blockquote modern-quote  avia-builder-el-17  el_after_av_textblock  el_before_av_textblock '><h2 class='av-special-heading-tag '  itemprop=\"headline\"  >Bizkarreko minaren eta gainerako artikulazioen errehabilitaziorako metodo berritzailea Gasteizen<\/h2><div class=\"special-heading-border\"><div class=\"special-heading-inner-border\"><\/div><\/div><\/div>\n<section  class='av_textblock_section av-k8a1ezz5-21-8ed59168b86151bf45c843c46d4c91f9 '   itemscope=\"itemscope\" itemtype=\"https:\/\/schema.org\/CreativeWork\" ><div class='avia_textblock'  itemprop=\"text\" ><p>Bizkarreko mina tratatzeko erabiltzen dugun Finlandiako metodologia aitzindaria, esklusiboa eta guztiz berritzailea da. Hasierako diagnostiko muskuloeskeletikoa egitean eta, ondoren, banan-banako tratamendua egitean datza, David Health Solutions-en 12 makinaz osatutako zirkuitu batean egiten diren saioen bidez. Makina horiek kontu handiz mugatutako mugimenduak eta pisu kontrolatuak dituzte, eta saio gutxitan hobetzen dituzte artikulazioen mugikortasuna, indarra eta erresistentzia.<\/p>\n<\/div><\/section>\n\n<style type=\"text\/css\" data-created_by=\"avia_inline_auto\" id=\"style-css-av-90mwbd-d8c27976f2b9f78251f65ac0edf05ccd\">\n#top .av-special-heading.av-90mwbd-d8c27976f2b9f78251f65ac0edf05ccd{\npadding-bottom:10px;\n}\nbody .av-special-heading.av-90mwbd-d8c27976f2b9f78251f65ac0edf05ccd .av-special-heading-tag .heading-char{\nfont-size:25px;\n}\n.av-special-heading.av-90mwbd-d8c27976f2b9f78251f65ac0edf05ccd .av-subheading{\nfont-size:15px;\n}\n<\/style>\n<div  class='av-special-heading av-90mwbd-d8c27976f2b9f78251f65ac0edf05ccd av-special-heading-h2 blockquote modern-quote  avia-builder-el-19  el_after_av_textblock  el_before_av_textblock '><h2 class='av-special-heading-tag '  itemprop=\"headline\"  >Zertan dautza Nordic Klinikako metodoak eta tratamenduak?<\/h2><div class=\"special-heading-border\"><div class=\"special-heading-inner-border\"><\/div><\/div><\/div>\n<section  class='av_textblock_section av-k8a1ezz5-20-7868afcb665aba7f8fcb11b0407dd4c7 '   itemscope=\"itemscope\" itemtype=\"https:\/\/schema.org\/CreativeWork\" ><div class='avia_textblock'  itemprop=\"text\" ><p><a href=\"https:\/\/nordicklinika.es\/metodo-david-health\/\" target=\"_blank\" rel=\"noopener\">Finlandiako teknologian<\/a>,<\/p>\n<p>teknologian oinarrituta, metodo eskandinaviar hau mugigarritasuna eta indarra baloratzeko probak barne hartzen dituen hasierako diagnostiko muskuloeskeletiko batean datza; ondoren, zirkuitu batean gailu edo makina espezifiko batzuekin egindako saioen bidez, banakako tratamenduko programak garatzen dira, kontu handiz mugatutako mugimenduekin eta pisu kontrolatuekin, oso saio gutxitan mugikortasuna, indarra eta erresistentzia hobetuz. Horrela, bizkarreko eta goiko eta beheko gorputz adarretako muskulatura selektiboki suspertzen da. Programak, gainera, software aurreratu baten laguntza du, tratamendua digitalizatzeko eta datu objektiboak lortzeko aukera ematen duena, denbora errealean izan duen bilakaera ikusteko. Bereziki egokia da bizkarreko, sorbaldetako, zerbikaletako, aldaketako edo belaunetako mina duten pertsona guztientzat (La Fundaci\u00f3nekoak izan edo ez), bai eta artikulazio arazoak prebenitu nahi dituztenentzat ere.<\/p>\n<\/div><\/section>\n<\/div><\/div><\/div><!-- close content main div --><\/div><\/div><div id='after_section_2'  class='main_color av_default_container_wrap container_wrap fullsize'  ><div class='container av-section-cont-open' ><div class='template-page content  av-content-full alpha units'><div class='post-entry post-entry-type-page post-entry-12131'><div class='entry-content-wrapper clearfix'>\n\n<style type=\"text\/css\" data-created_by=\"avia_inline_auto\" id=\"style-css-av-7gkia1-f53381c5a843eb610459b128963a087d\">\n#top .av-special-heading.av-7gkia1-f53381c5a843eb610459b128963a087d{\npadding-bottom:20px;\n}\nbody .av-special-heading.av-7gkia1-f53381c5a843eb610459b128963a087d .av-special-heading-tag .heading-char{\nfont-size:25px;\n}\n.av-special-heading.av-7gkia1-f53381c5a843eb610459b128963a087d .av-subheading{\nfont-size:15px;\n}\n<\/style>\n<div  class='av-special-heading av-7gkia1-f53381c5a843eb610459b128963a087d av-special-heading-h2 blockquote modern-quote  avia-builder-el-21  el_after_av_section  el_before_av_one_half  avia-builder-el-first '><h2 class='av-special-heading-tag '  itemprop=\"headline\"  >La Fundaci\u00f3nek Nordic Klinikaren bidez ematen duen zerbitzu berri eta esklusiboari esker, langileek honako onura hauek izango dituzte<\/h2><div class=\"special-heading-border\"><div class=\"special-heading-inner-border\"><\/div><\/div><\/div>\n\n<style type=\"text\/css\" data-created_by=\"avia_inline_auto\" id=\"style-css-av-96fvgp-fd53d4045aca51f58fba75f5237bf237\">\n.flex_column.av-96fvgp-fd53d4045aca51f58fba75f5237bf237{\nborder-radius:0px 0px 0px 0px;\npadding:0px 0px 0px 0px;\n}\n<\/style>\n<div  class='flex_column av-96fvgp-fd53d4045aca51f58fba75f5237bf237 av_one_half  avia-builder-el-22  el_after_av_heading  el_before_av_one_half  first flex_column_div av-zero-column-padding  '     ><section  class='av_textblock_section av-k8a1ezz5-19-9caa71c8b0b0478c2f52dad9bbb09358 '   itemscope=\"itemscope\" itemtype=\"https:\/\/schema.org\/CreativeWork\" ><div class='avia_textblock'  itemprop=\"text\" ><ul>\n<li>Artikulazioetako min kronikoa edo errepikakorra murriztea (min muskuloeskeletikoak). 10 pazientetik 9k hobetzea lortzen dute.<\/li>\n<li>Kaltetutako artikulazioetan muskulatura eta mugikortasuna hobetzea (bizkarra, zerbikalak, belaunak, etab.). Batez beste, indarra % 25 handitzen da eta mugikortasuna % 8.<\/li>\n<li>Bizi kalitatea, oro har, eta sasoia hobetzea, eta mina murriztea.<\/li>\n<li>40 herrialde baino gehiagotan dagoen eta 40 urte baino gehiagoko esperientzia duen metodo eskandinaviar berri bat, benetan funtzionatzen duena, non aurrerapenak eta hobekuntzaren emaitzak zientifikoki ikusi eta neurtzen diren. Frogatutako arrakasta tasa % 91koa da.<\/li>\n<\/ul>\n<\/div><\/section><\/div>\n\n<style type=\"text\/css\" data-created_by=\"avia_inline_auto\" id=\"style-css-av-ar9hft-24b2948961adc6268ae498a9a6cc7e39\">\n.flex_column.av-ar9hft-24b2948961adc6268ae498a9a6cc7e39{\nborder-radius:0px 0px 0px 0px;\npadding:0px 0px 0px 0px;\n}\n<\/style>\n<div  class='flex_column av-ar9hft-24b2948961adc6268ae498a9a6cc7e39 av_one_half  avia-builder-el-24  el_after_av_one_half  el_before_av_heading  flex_column_div av-zero-column-padding  '     ><style type=\"text\/css\" data-created_by=\"avia_inline_auto\" id=\"style-css-av-k9e0af2e-328b2b0b74cca57806e44509a0f9e867\">\n.avia-image-container.av-k9e0af2e-328b2b0b74cca57806e44509a0f9e867 img.avia_image{\nbox-shadow:none;\n}\n.avia-image-container.av-k9e0af2e-328b2b0b74cca57806e44509a0f9e867 .av-image-caption-overlay-center{\ncolor:#ffffff;\n}\n<\/style>\n<div  class='avia-image-container av-k9e0af2e-328b2b0b74cca57806e44509a0f9e867 av-styling- avia-align-center  avia-builder-el-25  avia-builder-el-no-sibling '   itemprop=\"image\" itemscope=\"itemscope\" itemtype=\"https:\/\/schema.org\/ImageObject\" ><div class=\"avia-image-container-inner\"><div class=\"avia-image-overlay-wrap\"><img decoding=\"async\" fetchpriority=\"high\" class='wp-image-3913 avia-img-lazy-loading-not-3913 avia_image ' src=\"https:\/\/www.lafundacion.com\/wp-content\/uploads\/2020\/04\/Nordic-klinica-dolor-cervical.jpg\" alt='Nordic Klinika en Dato 43 con tecnolog\u00eda n\u00f3rdica para aliviar dolores musculoesquel\u00e9ticos' title='Nordic-klinica-dolor-cervical'  height=\"533\" width=\"800\"  itemprop=\"thumbnailUrl\" srcset=\"https:\/\/www.lafundacion.com\/wp-content\/uploads\/2020\/04\/Nordic-klinica-dolor-cervical.jpg 800w, https:\/\/www.lafundacion.com\/wp-content\/uploads\/2020\/04\/Nordic-klinica-dolor-cervical-300x200.jpg 300w, https:\/\/www.lafundacion.com\/wp-content\/uploads\/2020\/04\/Nordic-klinica-dolor-cervical-768x512.jpg 768w, https:\/\/www.lafundacion.com\/wp-content\/uploads\/2020\/04\/Nordic-klinica-dolor-cervical-705x470.jpg 705w\" sizes=\"(max-width: 800px) 100vw, 800px\" \/><\/div><\/div><\/div><\/div>\n\n<style type=\"text\/css\" data-created_by=\"avia_inline_auto\" id=\"style-css-av-lg47t-32aa97fe5d9aae2ca018097aaf8bfd42\">\n#top .av-special-heading.av-lg47t-32aa97fe5d9aae2ca018097aaf8bfd42{\npadding-bottom:10px;\n}\nbody .av-special-heading.av-lg47t-32aa97fe5d9aae2ca018097aaf8bfd42 .av-special-heading-tag .heading-char{\nfont-size:25px;\n}\n.av-special-heading.av-lg47t-32aa97fe5d9aae2ca018097aaf8bfd42 .av-subheading{\nfont-size:15px;\n}\n<\/style>\n<div  class='av-special-heading av-lg47t-32aa97fe5d9aae2ca018097aaf8bfd42 av-special-heading-h2 blockquote modern-quote  avia-builder-el-26  el_after_av_one_half  el_before_av_testimonials '><h2 class='av-special-heading-tag '  itemprop=\"headline\"  >Bezeroek Nordic Klinikarekin bizkarrean dituzten gaitzen edo bestelako artikulazioen hobekuntzari buruz dituzten iritziak<\/h2><div class=\"special-heading-border\"><div class=\"special-heading-inner-border\"><\/div><\/div><\/div>\n\n<style type=\"text\/css\" data-created_by=\"avia_inline_auto\" id=\"style-css-av-k9e0iqi8-e363ed702d6d5c6adb715cd0718bd895\">\n#top .avia-testimonial-wrapper.av-k9e0iqi8-e363ed702d6d5c6adb715cd0718bd895 .avia-testimonial-name{\ncolor:#03a8e4;\n}\n.avia-testimonial-wrapper.av-k9e0iqi8-e363ed702d6d5c6adb715cd0718bd895 .avia-testimonial-subtitle{\ncolor:#03a8e4;\n}\n.avia-testimonial-wrapper.av-k9e0iqi8-e363ed702d6d5c6adb715cd0718bd895 .avia-testimonial-link{\ncolor:#03a8e4;\n}\n<\/style>\n<div  class='avia-testimonial-wrapper av-k9e0iqi8-e363ed702d6d5c6adb715cd0718bd895 avia-slider-testimonials avia-slider-3-testimonials avia_animate_when_almost_visible av-large-testimonial-slider av-slideshow-ui av-control-default av-slider-hover-pause av-slideshow-autoplay av-loop-endless av-loop-manual-endless' data-slideshow-options=\"{&quot;animation&quot;:&quot;fade&quot;,&quot;autoplay&quot;:true,&quot;loop_autoplay&quot;:&quot;endless&quot;,&quot;interval&quot;:5,&quot;loop_manual&quot;:&quot;manual-endless&quot;,&quot;autoplay_stopper&quot;:false,&quot;noNavigation&quot;:false,&quot;bg_slider&quot;:false,&quot;keep_padding&quot;:&quot;&quot;,&quot;hoverpause&quot;:true,&quot;show_slide_delay&quot;:0}\">\n<section class=\"avia-testimonial-row\"><div class='avia-testimonial av-6uejfd-ed8c1f3cc3c01450f97642bfbead3362 avia-testimonial-row-1 avia-first-testimonial flex_column no_margin av_one_third'><div class='avia-testimonial_inner'  itemscope=\"itemscope\" itemtype=\"https:\/\/schema.org\/CreativeWork\" ><div class='avia-testimonial-content '><div class='avia-testimonial-markup-entry-content'  itemprop=\"text\" ><p><em><strong>\u201cHOBERA EGIN DUT, ASKOZ HOBETO NAGOELAKO\u201d<\/strong><\/em> <em> \u201cHanketan min handia nuelako eta giharrak handituta nituelako joan nintzen medikuarenera, eta ondo jarri behar nituela esan zidan, eta horregatik etorri naiz Nordic Klinikara. Hobera egin dut, izan ere, indartuz joan naizela antzeman dut, pisua handitu didatelako eta makinak aldatuz joan naizelako, gero eta hobeto nengoen arte.\u201d<\/em><\/p>\n<\/div><\/div><div class=\"avia-testimonial-meta\"><div class=\"avia-testimonial-arrow-wrap\"><div class=\"avia-arrow\"><\/div><\/div><div class='avia-testimonial-image'  itemprop=\"image\" ><img loading=\"lazy\" decoding=\"async\" width=\"180\" height=\"180\" src=\"https:\/\/www.lafundacion.com\/wp-content\/uploads\/2020\/04\/arantza-pena-180x180.jpg\" class=\"attachment-square size-square\" alt=\"Mejorando salud en Nordic Klinika\" srcset=\"https:\/\/www.lafundacion.com\/wp-content\/uploads\/2020\/04\/arantza-pena-180x180.jpg 180w, https:\/\/www.lafundacion.com\/wp-content\/uploads\/2020\/04\/arantza-pena-300x300.jpg 300w, https:\/\/www.lafundacion.com\/wp-content\/uploads\/2020\/04\/arantza-pena-80x80.jpg 80w, https:\/\/www.lafundacion.com\/wp-content\/uploads\/2020\/04\/arantza-pena-36x36.jpg 36w, https:\/\/www.lafundacion.com\/wp-content\/uploads\/2020\/04\/arantza-pena.jpg 400w\" sizes=\"auto, (max-width: 180px) 100vw, 180px\" \/><\/div><div class='avia-testimonial-meta-mini'  itemprop=\"author\" itemscope=\"itemscope\" itemtype=\"https:\/\/schema.org\/Person\" ><strong  class='avia-testimonial-name'  itemprop=\"name\" >ARANTZA PE\u00d1A<\/strong><span  class='avia-testimonial-subtitle av_opacity_variation'  itemprop=\"jobTitle\" >La Fundaci\u00f3neko onuraduna, Michelin enpresa<\/span><\/div><\/div><\/div><\/div>\n<div class='avia-testimonial av-59z2pl-6204147420e10a1f445b5bc254e24178 avia-testimonial-row-1 flex_column no_margin av_one_third'><div class='avia-testimonial_inner'  itemscope=\"itemscope\" itemtype=\"https:\/\/schema.org\/CreativeWork\" ><div class='avia-testimonial-content '><div class='avia-testimonial-markup-entry-content'  itemprop=\"text\" ><p><em><strong>\u201cNIRI MINAK KENDU EGIN ZAIZKIT\u201d<\/strong><\/em> <em>\u201cBaziren bi hilabete eskuineko sorbaldan kontraktura bat izan nuela. Fisioterapeutaz fisioterapeuta ibili nintzen eta ez zidaten arazoa konpontzen: izugarrizko oinazea nuen. Orain, niri, minak kendu egin zaizkit. Nirearen antzeko lesio edo arazoren bat dutela esaten didatenei zera esaten diet: deitu berehala Nordic Klinikara, gauza benetan miragarria da eta, benetan!\u201d<\/em><\/p>\n<\/div><\/div><div class=\"avia-testimonial-meta\"><div class=\"avia-testimonial-arrow-wrap\"><div class=\"avia-arrow\"><\/div><\/div><div class='avia-testimonial-image'  itemprop=\"image\" ><img loading=\"lazy\" decoding=\"async\" width=\"180\" height=\"180\" src=\"https:\/\/www.lafundacion.com\/wp-content\/uploads\/2020\/04\/jesus-angel-180x180.jpg\" class=\"attachment-square size-square\" alt=\"Usuario en Nordic Klinika\" srcset=\"https:\/\/www.lafundacion.com\/wp-content\/uploads\/2020\/04\/jesus-angel-180x180.jpg 180w, https:\/\/www.lafundacion.com\/wp-content\/uploads\/2020\/04\/jesus-angel-300x300.jpg 300w, https:\/\/www.lafundacion.com\/wp-content\/uploads\/2020\/04\/jesus-angel-80x80.jpg 80w, https:\/\/www.lafundacion.com\/wp-content\/uploads\/2020\/04\/jesus-angel-36x36.jpg 36w, https:\/\/www.lafundacion.com\/wp-content\/uploads\/2020\/04\/jesus-angel.jpg 400w\" sizes=\"auto, (max-width: 180px) 100vw, 180px\" \/><\/div><div class='avia-testimonial-meta-mini'  itemprop=\"author\" itemscope=\"itemscope\" itemtype=\"https:\/\/schema.org\/Person\" ><strong  class='avia-testimonial-name'  itemprop=\"name\" >JES\u00daS \u00c1NGEL P\u00c9REZ<\/strong><span  class='avia-testimonial-subtitle av_opacity_variation'  itemprop=\"jobTitle\" >La Fundaci\u00f3neko titularra, Caype enpresa<\/span><\/div><\/div><\/div><\/div>\n<div class='avia-testimonial av-4c32yh-eb041d927dc14deadb48b0ea79fa68f8 avia-testimonial-row-1 flex_column no_margin av_one_third'><div class='avia-testimonial_inner'  itemscope=\"itemscope\" itemtype=\"https:\/\/schema.org\/CreativeWork\" ><div class='avia-testimonial-content '><div class='avia-testimonial-markup-entry-content'  itemprop=\"text\" ><p><em><strong>\u201cTRATAMENDUA PERTSONALA DA ETA HOBERA EGITEN DUZULA IKUSTEN DUZU\u201d<\/strong><\/em> <em>\u201cBuruko minekin nentorren eta orain askoz gutxiago ditut, eta zerbikaletako eta bizkarreko minak kendu zaizkit. Klinikara etorri nintzen, probatzera, hobera egin ote nezakeen ikustera. Bai programa eta bai jarraipena pertsonalizatuak dira, eta hobera egiten duzula ikusten duzu, antzeman egiten da\u201d<\/em><\/p>\n<\/div><\/div><div class=\"avia-testimonial-meta\"><div class=\"avia-testimonial-arrow-wrap\"><div class=\"avia-arrow\"><\/div><\/div><div class='avia-testimonial-image'  itemprop=\"image\" ><img loading=\"lazy\" decoding=\"async\" width=\"180\" height=\"180\" src=\"https:\/\/www.lafundacion.com\/wp-content\/uploads\/2020\/04\/veronica-alvaro-180x180.jpg\" class=\"attachment-square size-square\" alt=\"usuaria en Nordic KliniKa\" srcset=\"https:\/\/www.lafundacion.com\/wp-content\/uploads\/2020\/04\/veronica-alvaro-180x180.jpg 180w, https:\/\/www.lafundacion.com\/wp-content\/uploads\/2020\/04\/veronica-alvaro-300x300.jpg 300w, https:\/\/www.lafundacion.com\/wp-content\/uploads\/2020\/04\/veronica-alvaro-80x80.jpg 80w, https:\/\/www.lafundacion.com\/wp-content\/uploads\/2020\/04\/veronica-alvaro-36x36.jpg 36w, https:\/\/www.lafundacion.com\/wp-content\/uploads\/2020\/04\/veronica-alvaro.jpg 400w\" sizes=\"auto, (max-width: 180px) 100vw, 180px\" \/><\/div><div class='avia-testimonial-meta-mini'  itemprop=\"author\" itemscope=\"itemscope\" itemtype=\"https:\/\/schema.org\/Person\" ><strong  class='avia-testimonial-name'  itemprop=\"name\" >VER\u00d3NICA \u00c1LVARO<\/strong><span  class='avia-testimonial-subtitle av_opacity_variation'  itemprop=\"jobTitle\" >La Fundaci\u00f3neko titularra, Bankinter enpresa<\/span><\/div><\/div><\/div><\/div>\n<\/section><div class='avia-slideshow-arrows avia-slideshow-controls' ><a href='#prev' class='prev-slide  avia-svg-icon avia-font-svg_entypo-fontello' data-av_svg_icon='left-open-big' data-av_iconset='svg_entypo-fontello' tabindex='-1' title=\"Previous\"><svg version=\"1.1\" xmlns=\"http:\/\/www.w3.org\/2000\/svg\" width=\"15\" height=\"32\" viewBox=\"0 0 15 32\" preserveAspectRatio=\"xMidYMid meet\" aria-labelledby='av-svg-title-1' aria-describedby='av-svg-desc-1' role=\"graphics-symbol\" aria-hidden=\"true\">\n<title id='av-svg-title-1'>Previous<\/title>\n<desc id='av-svg-desc-1'>Previous<\/desc>\n<path d=\"M14.464 27.84q0.832 0.832 0 1.536-0.832 0.832-1.536 0l-12.544-12.608q-0.768-0.768 0-1.6l12.544-12.608q0.704-0.832 1.536 0 0.832 0.704 0 1.536l-11.456 11.904z\"><\/path>\n<\/svg><span class='avia_hidden_link_text'>Previous<\/span><\/a><a href='#next' class='next-slide  avia-svg-icon avia-font-svg_entypo-fontello' data-av_svg_icon='right-open-big' data-av_iconset='svg_entypo-fontello' tabindex='-1' title=\"Next\"><svg version=\"1.1\" xmlns=\"http:\/\/www.w3.org\/2000\/svg\" width=\"15\" height=\"32\" viewBox=\"0 0 15 32\" preserveAspectRatio=\"xMidYMid meet\" aria-labelledby='av-svg-title-2' aria-describedby='av-svg-desc-2' role=\"graphics-symbol\" aria-hidden=\"true\">\n<title id='av-svg-title-2'>Next<\/title>\n<desc id='av-svg-desc-2'>Next<\/desc>\n<path d=\"M0.416 27.84l11.456-11.84-11.456-11.904q-0.832-0.832 0-1.536 0.832-0.832 1.536 0l12.544 12.608q0.768 0.832 0 1.6l-12.544 12.608q-0.704 0.832-1.536 0-0.832-0.704 0-1.536z\"><\/path>\n<\/svg><span class='avia_hidden_link_text'>Next<\/span><\/a><\/div><\/div>\n<\/div><\/div><\/div><!-- close content main div --><\/div><\/div>\n<style type=\"text\/css\" data-created_by=\"avia_inline_auto\" id=\"style-css-av-kadrqbmj-4c2cb7a4df76923a66e6800d9d027859\">\n.avia-section.av-kadrqbmj-4c2cb7a4df76923a66e6800d9d027859{\nbackground-color:#f2f3f5;\nbackground-image:unset;\n}\n<\/style>\n<div id='av_section_3'  class='avia-section av-kadrqbmj-4c2cb7a4df76923a66e6800d9d027859 main_color avia-section-default avia-no-border-styling  avia-builder-el-28  el_after_av_testimonials  el_before_av_heading  avia-bg-style-scroll container_wrap fullsize'  ><div class='container av-section-cont-open' ><div class='template-page content  av-content-full alpha units'><div class='post-entry post-entry-type-page post-entry-12131'><div class='entry-content-wrapper clearfix'>\n\n<style type=\"text\/css\" data-created_by=\"avia_inline_auto\" id=\"style-css-av-9mqiah-0178a0d9537595e1e376ff7e9a4e402c\">\n#top .av-special-heading.av-9mqiah-0178a0d9537595e1e376ff7e9a4e402c{\npadding-bottom:40px;\n}\nbody .av-special-heading.av-9mqiah-0178a0d9537595e1e376ff7e9a4e402c .av-special-heading-tag .heading-char{\nfont-size:25px;\n}\n.av-special-heading.av-9mqiah-0178a0d9537595e1e376ff7e9a4e402c .av-subheading{\nfont-size:15px;\n}\n<\/style>\n<div  class='av-special-heading av-9mqiah-0178a0d9537595e1e376ff7e9a4e402c av-special-heading-h2 blockquote modern-quote  avia-builder-el-29  el_before_av_one_third  avia-builder-el-first '><h2 class='av-special-heading-tag '  itemprop=\"headline\"  >Tratamendu eta metologia nordiko hori oso eraginkorra izan da, eta honako emaitza hauek lortu ditu:<\/h2><div class=\"special-heading-border\"><div class=\"special-heading-inner-border\"><\/div><\/div><\/div>\n<div class='flex_column_table av-k9e1gbmu-9e6af42a2b7727193bd8d63f684dde45 sc-av_one_third av-equal-height-column-flextable'>\n<style type=\"text\/css\" data-created_by=\"avia_inline_auto\" id=\"style-css-av-k9e1gbmu-9e6af42a2b7727193bd8d63f684dde45\">\n#top .flex_column_table.av-equal-height-column-flextable.av-k9e1gbmu-9e6af42a2b7727193bd8d63f684dde45{\nmargin-top:0px;\nmargin-bottom:40px;\n}\n.flex_column.av-k9e1gbmu-9e6af42a2b7727193bd8d63f684dde45{\nborder-radius:0px 0px 0px 0px;\npadding:15px 15px 15px 15px;\nbackground-color:#03a8e4;\n}\n<\/style>\n<div  class='flex_column av-k9e1gbmu-9e6af42a2b7727193bd8d63f684dde45 av_one_third  avia-builder-el-30  el_after_av_heading  el_before_av_one_third  first flex_column_table_cell av-equal-height-column av-align-top  '     ><p>\n<style type=\"text\/css\" data-created_by=\"avia_inline_auto\" id=\"style-css-av-kbhocilp-ca48118b3522fe6976e7f668de4d5328\">\n#top .av-special-heading.av-kbhocilp-ca48118b3522fe6976e7f668de4d5328{\npadding-bottom:0;\ncolor:#ffffff;\nfont-size:26px;\n}\nbody .av-special-heading.av-kbhocilp-ca48118b3522fe6976e7f668de4d5328 .av-special-heading-tag .heading-char{\nfont-size:25px;\n}\n#top #wrap_all .av-special-heading.av-kbhocilp-ca48118b3522fe6976e7f668de4d5328 .av-special-heading-tag{\nfont-size:26px;\n}\n.av-special-heading.av-kbhocilp-ca48118b3522fe6976e7f668de4d5328 .special-heading-inner-border{\nborder-color:#ffffff;\n}\n.av-special-heading.av-kbhocilp-ca48118b3522fe6976e7f668de4d5328 .av-subheading{\nfont-size:15px;\n}\n\n@media only screen and (min-width: 480px) and (max-width: 767px){ \n#top #wrap_all .av-special-heading.av-kbhocilp-ca48118b3522fe6976e7f668de4d5328 .av-special-heading-tag{\nfont-size:0.8em;\n}\n}\n\n@media only screen and (max-width: 479px){ \n#top #wrap_all .av-special-heading.av-kbhocilp-ca48118b3522fe6976e7f668de4d5328 .av-special-heading-tag{\nfont-size:0.8em;\n}\n}\n<\/style>\n<div  class='av-special-heading av-kbhocilp-ca48118b3522fe6976e7f668de4d5328 av-special-heading-h3 custom-color-heading blockquote modern-quote modern-centered  avia-builder-el-31  el_before_av_textblock  avia-builder-el-first  av-inherit-size'><h3 class='av-special-heading-tag '  itemprop=\"headline\"  >% 91ko ARRAKASTA TASA<\/h3><div class=\"special-heading-border\"><div class=\"special-heading-inner-border\"><\/div><\/div><\/div><br \/>\n\n<style type=\"text\/css\" data-created_by=\"avia_inline_auto\" id=\"style-css-av-k8a1ezz5-18-eef908d501349649f75af977e5b9507e\">\n#top .av_textblock_section.av-k8a1ezz5-18-eef908d501349649f75af977e5b9507e .avia_textblock{\ncolor:#ffffff;\n}\n<\/style>\n<section  class='av_textblock_section av-k8a1ezz5-18-eef908d501349649f75af977e5b9507e '   itemscope=\"itemscope\" itemtype=\"https:\/\/schema.org\/CreativeWork\" ><div class='avia_textblock av_inherit_color'  itemprop=\"text\" ><p style=\"text-align: center;\">10 pazientetik 9k minimora iristen dira ODI (Oswestry Dissability Index) kategorian. Paziente horiek, gaur egun, bizitza aktiboa eta minik gabea bizi dute.<\/p>\n<\/div><\/section><\/p><\/div><div class='av-flex-placeholder'><\/div>\n<style type=\"text\/css\" data-created_by=\"avia_inline_auto\" id=\"style-css-av-k9e1gbmu-17-b89e545cc71288814d24cfa29920e56a\">\n#top .flex_column_table.av-equal-height-column-flextable.av-k9e1gbmu-17-b89e545cc71288814d24cfa29920e56a{\nmargin-top:0px;\nmargin-bottom:40px;\n}\n.flex_column.av-k9e1gbmu-17-b89e545cc71288814d24cfa29920e56a{\nborder-radius:0px 0px 0px 0px;\npadding:15px 15px 15px 15px;\nbackground-color:#03a8e4;\n}\n<\/style>\n<div  class='flex_column av-k9e1gbmu-17-b89e545cc71288814d24cfa29920e56a av_one_third  avia-builder-el-33  el_after_av_one_third  el_before_av_one_third  flex_column_table_cell av-equal-height-column av-align-top  '     ><p>\n<style type=\"text\/css\" data-created_by=\"avia_inline_auto\" id=\"style-css-av-827tu1-a46ed7a4c202566b397ab90874079a13\">\n#top .av-special-heading.av-827tu1-a46ed7a4c202566b397ab90874079a13{\npadding-bottom:0;\ncolor:#ffffff;\nfont-size:26px;\n}\nbody .av-special-heading.av-827tu1-a46ed7a4c202566b397ab90874079a13 .av-special-heading-tag .heading-char{\nfont-size:25px;\n}\n#top #wrap_all .av-special-heading.av-827tu1-a46ed7a4c202566b397ab90874079a13 .av-special-heading-tag{\nfont-size:26px;\n}\n.av-special-heading.av-827tu1-a46ed7a4c202566b397ab90874079a13 .special-heading-inner-border{\nborder-color:#ffffff;\n}\n.av-special-heading.av-827tu1-a46ed7a4c202566b397ab90874079a13 .av-subheading{\nfont-size:15px;\n}\n\n@media only screen and (min-width: 480px) and (max-width: 767px){ \n#top #wrap_all .av-special-heading.av-827tu1-a46ed7a4c202566b397ab90874079a13 .av-special-heading-tag{\nfont-size:0.8em;\n}\n}\n\n@media only screen and (max-width: 479px){ \n#top #wrap_all .av-special-heading.av-827tu1-a46ed7a4c202566b397ab90874079a13 .av-special-heading-tag{\nfont-size:0.8em;\n}\n}\n<\/style>\n<div  class='av-special-heading av-827tu1-a46ed7a4c202566b397ab90874079a13 av-special-heading-h3 custom-color-heading blockquote modern-quote modern-centered  avia-builder-el-34  el_before_av_textblock  avia-builder-el-first  av-inherit-size'><h3 class='av-special-heading-tag '  itemprop=\"headline\"  >% 25 INDAR GEHIAGO<br \/>% 8 MUGIKORTASUN GEHIAGO<\/h3><div class=\"special-heading-border\"><div class=\"special-heading-inner-border\"><\/div><\/div><\/div><br \/>\n\n<style type=\"text\/css\" data-created_by=\"avia_inline_auto\" id=\"style-css-av-k8a1ezz5-16-084bb8de3f5f419e3e34ed31fb039614\">\n#top .av_textblock_section.av-k8a1ezz5-16-084bb8de3f5f419e3e34ed31fb039614 .avia_textblock{\ncolor:#ffffff;\n}\n<\/style>\n<section  class='av_textblock_section av-k8a1ezz5-16-084bb8de3f5f419e3e34ed31fb039614 '   itemscope=\"itemscope\" itemtype=\"https:\/\/schema.org\/CreativeWork\" ><div class='avia_textblock av_inherit_color'  itemprop=\"text\" ><p style=\"text-align: center;\">Gure pazienteen batez besteko hobekuntza % 25ekoa da bizkarrezurreko muskulaturaren indarrean, eta % 8koa bizkarrezurraren mugikortasunean.<\/p>\n<\/div><\/section><\/p><\/div><div class='av-flex-placeholder'><\/div>\n<style type=\"text\/css\" data-created_by=\"avia_inline_auto\" id=\"style-css-av-k9e1gbmu-15-9fbc9e4169d26b3b37d5d9b81c4cc85d\">\n#top .flex_column_table.av-equal-height-column-flextable.av-k9e1gbmu-15-9fbc9e4169d26b3b37d5d9b81c4cc85d{\nmargin-top:0px;\nmargin-bottom:40px;\n}\n.flex_column.av-k9e1gbmu-15-9fbc9e4169d26b3b37d5d9b81c4cc85d{\nborder-radius:0px 0px 0px 0px;\npadding:15px 15px 15px 15px;\nbackground-color:#03a8e4;\n}\n<\/style>\n<div  class='flex_column av-k9e1gbmu-15-9fbc9e4169d26b3b37d5d9b81c4cc85d av_one_third  avia-builder-el-36  el_after_av_one_third  avia-builder-el-last  flex_column_table_cell av-equal-height-column av-align-top  '     ><p>\n<style type=\"text\/css\" data-created_by=\"avia_inline_auto\" id=\"style-css-av-5chybd-0b291b144eb8103195096dea3597c961\">\n#top .av-special-heading.av-5chybd-0b291b144eb8103195096dea3597c961{\npadding-bottom:0;\ncolor:#ffffff;\nfont-size:26px;\n}\nbody .av-special-heading.av-5chybd-0b291b144eb8103195096dea3597c961 .av-special-heading-tag .heading-char{\nfont-size:25px;\n}\n#top #wrap_all .av-special-heading.av-5chybd-0b291b144eb8103195096dea3597c961 .av-special-heading-tag{\nfont-size:26px;\n}\n.av-special-heading.av-5chybd-0b291b144eb8103195096dea3597c961 .special-heading-inner-border{\nborder-color:#ffffff;\n}\n.av-special-heading.av-5chybd-0b291b144eb8103195096dea3597c961 .av-subheading{\nfont-size:15px;\n}\n\n@media only screen and (min-width: 480px) and (max-width: 767px){ \n#top #wrap_all .av-special-heading.av-5chybd-0b291b144eb8103195096dea3597c961 .av-special-heading-tag{\nfont-size:0.8em;\n}\n}\n\n@media only screen and (max-width: 479px){ \n#top #wrap_all .av-special-heading.av-5chybd-0b291b144eb8103195096dea3597c961 .av-special-heading-tag{\nfont-size:0.8em;\n}\n}\n<\/style>\n<div  class='av-special-heading av-5chybd-0b291b144eb8103195096dea3597c961 av-special-heading-h3 custom-color-heading blockquote modern-quote modern-centered  avia-builder-el-37  el_before_av_textblock  avia-builder-el-first  av-inherit-size'><h3 class='av-special-heading-tag '  itemprop=\"headline\"  >10etik 6 VAS PUNTU GUTXIAGO<\/h3><div class=\"special-heading-border\"><div class=\"special-heading-inner-border\"><\/div><\/div><\/div><br \/>\n\n<style type=\"text\/css\" data-created_by=\"avia_inline_auto\" id=\"style-css-av-k8a1ezz5-14-c16515f70ef0f29441e1251feaef6534\">\n#top .av_textblock_section.av-k8a1ezz5-14-c16515f70ef0f29441e1251feaef6534 .avia_textblock{\ncolor:#ffffff;\n}\n<\/style>\n<section  class='av_textblock_section av-k8a1ezz5-14-c16515f70ef0f29441e1251feaef6534 '   itemscope=\"itemscope\" itemtype=\"https:\/\/schema.org\/CreativeWork\" ><div class='avia_textblock av_inherit_color'  itemprop=\"text\" ><p style=\"text-align: center;\">Gure pazienteek, batez beste, 6 puntu murriztu dute mina V.A.S. (minaren intentsitatea neurtzeko aukera ematen duen Eskala Bisual Analogikoa) eskalan tratamendua amaitu ondoren.<\/p>\n<\/div><\/section><\/p><\/div><\/div><!--close column table wrapper. Autoclose: 1 -->\n<\/div><\/div><\/div><!-- close content main div --><\/div><\/div><div id='after_section_3'  class='main_color av_default_container_wrap container_wrap fullsize'  ><div class='container av-section-cont-open' ><div class='template-page content  av-content-full alpha units'><div class='post-entry post-entry-type-page post-entry-12131'><div class='entry-content-wrapper clearfix'>\n\n<style type=\"text\/css\" data-created_by=\"avia_inline_auto\" id=\"style-css-av-43qdc9-1b6d7f4ef9429a2ac0ac8c77bec36641\">\n#top .av-special-heading.av-43qdc9-1b6d7f4ef9429a2ac0ac8c77bec36641{\npadding-bottom:40px;\n}\nbody .av-special-heading.av-43qdc9-1b6d7f4ef9429a2ac0ac8c77bec36641 .av-special-heading-tag .heading-char{\nfont-size:25px;\n}\n.av-special-heading.av-43qdc9-1b6d7f4ef9429a2ac0ac8c77bec36641 .av-subheading{\nfont-size:15px;\n}\n<\/style>\n<div  class='av-special-heading av-43qdc9-1b6d7f4ef9429a2ac0ac8c77bec36641 av-special-heading-h2 blockquote modern-quote  avia-builder-el-39  el_after_av_section  el_before_av_one_third  avia-builder-el-first '><h2 class='av-special-heading-tag '  itemprop=\"headline\"  >Horiek dira Nordic Klinikan eta metodo bera duten beste klinika batzuetan erabiltzen den tratamenduaren emaitzak<\/h2><div class=\"special-heading-border\"><div class=\"special-heading-inner-border\"><\/div><\/div><\/div>\n<div class='flex_column_table av-k9e1gbmu-13-eed77a9c67dd13b682cbcef1e66134cf sc-av_one_third av-equal-height-column-flextable'>\n<style type=\"text\/css\" data-created_by=\"avia_inline_auto\" id=\"style-css-av-k9e1gbmu-13-eed77a9c67dd13b682cbcef1e66134cf\">\n.flex_column.av-k9e1gbmu-13-eed77a9c67dd13b682cbcef1e66134cf{\nborder-radius:0px 0px 0px 0px;\npadding:0px 0px 0px 0px;\n}\n<\/style>\n<div  class='flex_column av-k9e1gbmu-13-eed77a9c67dd13b682cbcef1e66134cf av_one_third  avia-builder-el-40  el_after_av_heading  el_before_av_one_third  first flex_column_table_cell av-equal-height-column av-align-top av-zero-column-padding  '     ><p>\n<style type=\"text\/css\" data-created_by=\"avia_inline_auto\" id=\"style-css-av-k9e2gihw-da827fa2c1aab1fcca4308b66fdfe76d\">\n.avia-image-container.av-k9e2gihw-da827fa2c1aab1fcca4308b66fdfe76d img.avia_image{\nbox-shadow:none;\n}\n.avia-image-container.av-k9e2gihw-da827fa2c1aab1fcca4308b66fdfe76d .av-image-caption-overlay-center{\ncolor:#ffffff;\n}\n<\/style>\n<div  class='avia-image-container av-k9e2gihw-da827fa2c1aab1fcca4308b66fdfe76d av-styling- avia-align-center  avia-builder-el-41  el_before_av_heading  avia-builder-el-first '   itemprop=\"image\" itemscope=\"itemscope\" itemtype=\"https:\/\/schema.org\/ImageObject\" ><div class=\"avia-image-container-inner\"><div class=\"avia-image-overlay-wrap\"><img decoding=\"async\" fetchpriority=\"high\" class='wp-image-3937 avia-img-lazy-loading-not-3937 avia_image ' src=\"https:\/\/www.lafundacion.com\/wp-content\/uploads\/2020\/04\/iconos-espalda-180x180.png\" alt='Nordic Klinica' title='iconos-espalda'  height=\"180\" width=\"180\"  itemprop=\"thumbnailUrl\" srcset=\"https:\/\/www.lafundacion.com\/wp-content\/uploads\/2020\/04\/iconos-espalda-180x180.png 180w, https:\/\/www.lafundacion.com\/wp-content\/uploads\/2020\/04\/iconos-espalda.png 300w, https:\/\/www.lafundacion.com\/wp-content\/uploads\/2020\/04\/iconos-espalda-80x80.png 80w, https:\/\/www.lafundacion.com\/wp-content\/uploads\/2020\/04\/iconos-espalda-36x36.png 36w\" sizes=\"(max-width: 180px) 100vw, 180px\" \/><\/div><\/div><\/div><br \/>\n\n<style type=\"text\/css\" data-created_by=\"avia_inline_auto\" id=\"style-css-av-k9mmupv9-813ab98ddc53d3d0c08bbf2226234210\">\n#top .av-special-heading.av-k9mmupv9-813ab98ddc53d3d0c08bbf2226234210{\npadding-bottom:0;\nfont-size:40px;\n}\nbody .av-special-heading.av-k9mmupv9-813ab98ddc53d3d0c08bbf2226234210 .av-special-heading-tag .heading-char{\nfont-size:25px;\n}\n#top #wrap_all .av-special-heading.av-k9mmupv9-813ab98ddc53d3d0c08bbf2226234210 .av-special-heading-tag{\nfont-size:40px;\n}\n.av-special-heading.av-k9mmupv9-813ab98ddc53d3d0c08bbf2226234210 .av-subheading{\nfont-size:15px;\n}\n\n@media only screen and (min-width: 480px) and (max-width: 767px){ \n#top #wrap_all .av-special-heading.av-k9mmupv9-813ab98ddc53d3d0c08bbf2226234210 .av-special-heading-tag{\nfont-size:0.8em;\n}\n}\n\n@media only screen and (max-width: 479px){ \n#top #wrap_all .av-special-heading.av-k9mmupv9-813ab98ddc53d3d0c08bbf2226234210 .av-special-heading-tag{\nfont-size:0.8em;\n}\n}\n<\/style>\n<div  class='av-special-heading av-k9mmupv9-813ab98ddc53d3d0c08bbf2226234210 av-special-heading-h3 custom-color-heading blockquote modern-quote modern-centered  avia-builder-el-42  el_after_av_image  el_before_av_textblock  av-inherit-size'><h3 class='av-special-heading-tag '  itemprop=\"headline\"  >90%<\/h3><div class=\"special-heading-border\"><div class=\"special-heading-inner-border\"><\/div><\/div><\/div><br \/>\n<section  class='av_textblock_section av-k8a1ezz5-12-5f11bfb4ce17c9111590994dc99e6b2c '   itemscope=\"itemscope\" itemtype=\"https:\/\/schema.org\/CreativeWork\" ><div class='avia_textblock av_inherit_color'  itemprop=\"text\" ><p style=\"text-align: center;\">Pazienteen % 90ek bizkarreko min gutxiago duela nabaritu du<\/p>\n<\/div><\/section><\/p><\/div>\n<div class='av-flex-placeholder'><\/div>\n<style type=\"text\/css\" data-created_by=\"avia_inline_auto\" id=\"style-css-av-k9e1gbmu-11-d1f14543ef06ab442a918db9efdea0ac\">\n.flex_column.av-k9e1gbmu-11-d1f14543ef06ab442a918db9efdea0ac{\nborder-radius:0px 0px 0px 0px;\npadding:0px 0px 0px 0px;\n}\n<\/style>\n<div  class='flex_column av-k9e1gbmu-11-d1f14543ef06ab442a918db9efdea0ac av_one_third  avia-builder-el-44  el_after_av_one_third  el_before_av_one_third  flex_column_table_cell av-equal-height-column av-align-top av-zero-column-padding  '     ><p>\n<style type=\"text\/css\" data-created_by=\"avia_inline_auto\" id=\"style-css-av-k9e2hpfm-a62e376a1adcd4f2b262e3ff4db02b48\">\n.avia-image-container.av-k9e2hpfm-a62e376a1adcd4f2b262e3ff4db02b48 img.avia_image{\nbox-shadow:none;\n}\n.avia-image-container.av-k9e2hpfm-a62e376a1adcd4f2b262e3ff4db02b48 .av-image-caption-overlay-center{\ncolor:#ffffff;\n}\n<\/style>\n<div  class='avia-image-container av-k9e2hpfm-a62e376a1adcd4f2b262e3ff4db02b48 av-styling- avia-align-center  avia-builder-el-45  el_before_av_textblock  avia-builder-el-first '   itemprop=\"image\" itemscope=\"itemscope\" itemtype=\"https:\/\/schema.org\/ImageObject\" ><div class=\"avia-image-container-inner\"><div class=\"avia-image-overlay-wrap\"><img decoding=\"async\" fetchpriority=\"high\" class='wp-image-3939 avia-img-lazy-loading-not-3939 avia_image ' src=\"https:\/\/www.lafundacion.com\/wp-content\/uploads\/2020\/04\/iconos-fuerza-180x180.png\" alt='Nordic Google' title='iconos-fuerza'  height=\"180\" width=\"180\"  itemprop=\"thumbnailUrl\" srcset=\"https:\/\/www.lafundacion.com\/wp-content\/uploads\/2020\/04\/iconos-fuerza-180x180.png 180w, https:\/\/www.lafundacion.com\/wp-content\/uploads\/2020\/04\/iconos-fuerza.png 300w, https:\/\/www.lafundacion.com\/wp-content\/uploads\/2020\/04\/iconos-fuerza-80x80.png 80w, https:\/\/www.lafundacion.com\/wp-content\/uploads\/2020\/04\/iconos-fuerza-36x36.png 36w\" sizes=\"(max-width: 180px) 100vw, 180px\" \/><\/div><\/div><\/div><br \/>\n<section  class='av_textblock_section av-k8a1ezz5-9-5baf78e473b833c0accca3c3c7850719 '   itemscope=\"itemscope\" itemtype=\"https:\/\/schema.org\/CreativeWork\" ><div class='avia_textblock av_inherit_color'  itemprop=\"text\" ><p style=\"text-align: center;\">Indarra % 50 handitzea<\/p>\n<\/div><\/section><br \/>\n\n<style type=\"text\/css\" data-created_by=\"avia_inline_auto\" id=\"style-css-av-k9mmupv9-10-b9db2e7dbc0d8b9a6d8a2c4f59e3f9ca\">\n#top .av-special-heading.av-k9mmupv9-10-b9db2e7dbc0d8b9a6d8a2c4f59e3f9ca{\npadding-bottom:0;\nfont-size:40px;\n}\nbody .av-special-heading.av-k9mmupv9-10-b9db2e7dbc0d8b9a6d8a2c4f59e3f9ca .av-special-heading-tag .heading-char{\nfont-size:25px;\n}\n#top #wrap_all .av-special-heading.av-k9mmupv9-10-b9db2e7dbc0d8b9a6d8a2c4f59e3f9ca .av-special-heading-tag{\nfont-size:40px;\n}\n.av-special-heading.av-k9mmupv9-10-b9db2e7dbc0d8b9a6d8a2c4f59e3f9ca .av-subheading{\nfont-size:15px;\n}\n\n@media only screen and (min-width: 480px) and (max-width: 767px){ \n#top #wrap_all .av-special-heading.av-k9mmupv9-10-b9db2e7dbc0d8b9a6d8a2c4f59e3f9ca .av-special-heading-tag{\nfont-size:0.8em;\n}\n}\n\n@media only screen and (max-width: 479px){ \n#top #wrap_all .av-special-heading.av-k9mmupv9-10-b9db2e7dbc0d8b9a6d8a2c4f59e3f9ca .av-special-heading-tag{\nfont-size:0.8em;\n}\n}\n<\/style>\n<div  class='av-special-heading av-k9mmupv9-10-b9db2e7dbc0d8b9a6d8a2c4f59e3f9ca av-special-heading-h3 blockquote modern-quote modern-centered  avia-builder-el-47  el_after_av_textblock  avia-builder-el-last  av-inherit-size'><h3 class='av-special-heading-tag '  itemprop=\"headline\"  >50%<\/h3><div class=\"special-heading-border\"><div class=\"special-heading-inner-border\"><\/div><\/div><\/div><\/p><\/div>\n<div class='av-flex-placeholder'><\/div>\n<style type=\"text\/css\" data-created_by=\"avia_inline_auto\" id=\"style-css-av-k9e1gbmu-8-de9c0f447e8303e5dd5ee1b92c64e1ab\">\n.flex_column.av-k9e1gbmu-8-de9c0f447e8303e5dd5ee1b92c64e1ab{\nborder-radius:0px 0px 0px 0px;\npadding:0px 0px 0px 0px;\n}\n<\/style>\n<div  class='flex_column av-k9e1gbmu-8-de9c0f447e8303e5dd5ee1b92c64e1ab av_one_third  avia-builder-el-48  el_after_av_one_third  el_before_av_textblock  flex_column_table_cell av-equal-height-column av-align-top av-zero-column-padding  '     ><p>\n<style type=\"text\/css\" data-created_by=\"avia_inline_auto\" id=\"style-css-av-k9e2im6z-cbdfaa06985d36210995aeaf75944a16\">\n.avia-image-container.av-k9e2im6z-cbdfaa06985d36210995aeaf75944a16 img.avia_image{\nbox-shadow:none;\n}\n.avia-image-container.av-k9e2im6z-cbdfaa06985d36210995aeaf75944a16 .av-image-caption-overlay-center{\ncolor:#ffffff;\n}\n<\/style>\n<div  class='avia-image-container av-k9e2im6z-cbdfaa06985d36210995aeaf75944a16 av-styling- avia-align-center  avia-builder-el-49  el_before_av_heading  avia-builder-el-first '   itemprop=\"image\" itemscope=\"itemscope\" itemtype=\"https:\/\/schema.org\/ImageObject\" ><div class=\"avia-image-container-inner\"><div class=\"avia-image-overlay-wrap\"><img decoding=\"async\" fetchpriority=\"high\" class='wp-image-3941 avia-img-lazy-loading-not-3941 avia_image ' src=\"https:\/\/www.lafundacion.com\/wp-content\/uploads\/2020\/04\/iconos-movilidad-180x180.png\" alt='Nordic Klinica' title='iconos-movilidad'  height=\"180\" width=\"180\"  itemprop=\"thumbnailUrl\" srcset=\"https:\/\/www.lafundacion.com\/wp-content\/uploads\/2020\/04\/iconos-movilidad-180x180.png 180w, https:\/\/www.lafundacion.com\/wp-content\/uploads\/2020\/04\/iconos-movilidad.png 300w, https:\/\/www.lafundacion.com\/wp-content\/uploads\/2020\/04\/iconos-movilidad-80x80.png 80w, https:\/\/www.lafundacion.com\/wp-content\/uploads\/2020\/04\/iconos-movilidad-36x36.png 36w\" sizes=\"(max-width: 180px) 100vw, 180px\" \/><\/div><\/div><\/div><br \/>\n\n<style type=\"text\/css\" data-created_by=\"avia_inline_auto\" id=\"style-css-av-k9mmupv9-6-92c2bf6ba29afdae1f045eece3b282b2\">\n#top .av-special-heading.av-k9mmupv9-6-92c2bf6ba29afdae1f045eece3b282b2{\npadding-bottom:0;\nfont-size:40px;\n}\nbody .av-special-heading.av-k9mmupv9-6-92c2bf6ba29afdae1f045eece3b282b2 .av-special-heading-tag .heading-char{\nfont-size:25px;\n}\n#top #wrap_all .av-special-heading.av-k9mmupv9-6-92c2bf6ba29afdae1f045eece3b282b2 .av-special-heading-tag{\nfont-size:40px;\n}\n.av-special-heading.av-k9mmupv9-6-92c2bf6ba29afdae1f045eece3b282b2 .av-subheading{\nfont-size:15px;\n}\n\n@media only screen and (min-width: 480px) and (max-width: 767px){ \n#top #wrap_all .av-special-heading.av-k9mmupv9-6-92c2bf6ba29afdae1f045eece3b282b2 .av-special-heading-tag{\nfont-size:0.8em;\n}\n}\n\n@media only screen and (max-width: 479px){ \n#top #wrap_all .av-special-heading.av-k9mmupv9-6-92c2bf6ba29afdae1f045eece3b282b2 .av-special-heading-tag{\nfont-size:0.8em;\n}\n}\n<\/style>\n<div  class='av-special-heading av-k9mmupv9-6-92c2bf6ba29afdae1f045eece3b282b2 av-special-heading-h3 blockquote modern-quote modern-centered  avia-builder-el-50  el_after_av_image  el_before_av_textblock  av-inherit-size'><h3 class='av-special-heading-tag '  itemprop=\"headline\"  >20%<\/h3><div class=\"special-heading-border\"><div class=\"special-heading-inner-border\"><\/div><\/div><\/div><br \/>\n<section  class='av_textblock_section av-k8a1ezz5-7-a2a75c6d1ad4720660799f9e965906d2 '   itemscope=\"itemscope\" itemtype=\"https:\/\/schema.org\/CreativeWork\" ><div class='avia_textblock av_inherit_color'  itemprop=\"text\" ><p style=\"text-align: center;\">Mugikortasuna % 20 handitzea<\/p>\n<\/div><\/section><\/p><\/div><\/div><!--close column table wrapper. Autoclose: 1 -->\n<section  class='av_textblock_section av-k8a1ezz5-5-41bdc5e8af735bc9a039d0589a05e96f '   itemscope=\"itemscope\" itemtype=\"https:\/\/schema.org\/CreativeWork\" ><div class='avia_textblock'  itemprop=\"text\" ><p>Tratamenduak honako hauek hartzen ditu barne: hasierako diagnostikoa, gure fisioterapeutek gidatutako 16 saio <a href=\"https:\/\/nordicklinika.es\/metodo-david-health\/\" target=\"_blank\" rel=\"noopener\">David Health Solutions<\/a> metodo esklusiboaren makinetan eta tratamenduaren emaitzak jasotzen dituen txosten pertsonalizatua (guztira 18 saio).<\/p>\n<p><strong>La Fundaci\u00f3nekoak izateagatik, titularrek <\/strong><a href=\"https:\/\/nordicklinika.es\/servicios-dolor-espalda-lumbar\/\"><strong>Nordic Klinikan<\/strong><\/a> tratamendua egin dezakezue.<\/p>\n<p>Informazio gehiago nahi izanez gero, jarri gurekin harremanetan <strong>945 222 900<\/strong> telefonoan edo jo <a href=\"https:\/\/nordicklinika.es\" target=\"_blank\" rel=\"noopener\"><strong>www.nordicklinika.es<\/strong><\/a> webgunera.<\/p>\n<\/div><\/section>\n\n<style type=\"text\/css\" data-created_by=\"avia_inline_auto\" id=\"style-css-av-213wdl-bf4cfa2b9811d2587e1d727b7545ec64\">\n#top .av-special-heading.av-213wdl-bf4cfa2b9811d2587e1d727b7545ec64{\nmargin:40px 0 0 0;\npadding-bottom:20px;\n}\nbody .av-special-heading.av-213wdl-bf4cfa2b9811d2587e1d727b7545ec64 .av-special-heading-tag .heading-char{\nfont-size:25px;\n}\n.av-special-heading.av-213wdl-bf4cfa2b9811d2587e1d727b7545ec64 .av-subheading{\nfont-size:15px;\n}\n<\/style>\n<div  class='av-special-heading av-213wdl-bf4cfa2b9811d2587e1d727b7545ec64 av-special-heading-h3 blockquote modern-quote  avia-builder-el-53  el_after_av_textblock  el_before_av_one_third '><h3 class='av-special-heading-tag '  itemprop=\"headline\"  >Erlazionatutako atalak<\/h3><div class=\"special-heading-border\"><div class=\"special-heading-inner-border\"><\/div><\/div><\/div>\n\n<style type=\"text\/css\" data-created_by=\"avia_inline_auto\" id=\"style-css-av-4v2dc7-402f3d0100393fd7a6c71ff4f80877e0\">\n.flex_column.av-4v2dc7-402f3d0100393fd7a6c71ff4f80877e0{\nborder-radius:0px 0px 0px 0px;\npadding:0px 0px 0px 0px;\n}\n<\/style>\n<div  class='flex_column av-4v2dc7-402f3d0100393fd7a6c71ff4f80877e0 av_one_third  avia-builder-el-54  el_after_av_heading  el_before_av_one_third  first flex_column_div av-zero-column-padding  '     ><p>\n<style type=\"text\/css\" data-created_by=\"avia_inline_auto\" id=\"style-css-av-2xw0k7-843b4eec69212dc0dc7356b1b0c5df9c\">\n.avia-image-container.av-2xw0k7-843b4eec69212dc0dc7356b1b0c5df9c img.avia_image{\nbox-shadow:none;\n}\n.avia-image-container.av-2xw0k7-843b4eec69212dc0dc7356b1b0c5df9c .av-image-caption-overlay-center{\ncolor:#ffffff;\n}\n<\/style>\n<div  class='avia-image-container av-2xw0k7-843b4eec69212dc0dc7356b1b0c5df9c av-styling- av-img-linked avia-align-center  avia-builder-el-55  el_before_av_heading  avia-builder-el-first '   itemprop=\"image\" itemscope=\"itemscope\" itemtype=\"https:\/\/schema.org\/ImageObject\" ><div class=\"avia-image-container-inner\"><div class=\"avia-image-overlay-wrap\"><a href=\"https:\/\/www.lafundacion.com\/eu\/pertsonak\/complementaria-laguntza\/\" class='avia_image '  aria-label='Complementaria-ayudas-extraordinarias-La-Fundacion-2'><img decoding=\"async\" fetchpriority=\"high\" class='wp-image-3550 avia-img-lazy-loading-not-3550 avia_image ' src=\"https:\/\/www.lafundacion.com\/wp-content\/uploads\/2020\/04\/Complementaria-ayudas-extraordinarias-La-Fundacion-2.jpg\" alt='La Fundaci\u00f3n San Prudencio Complementaria laguntza' title='Complementaria-ayudas-extraordinarias-La-Fundacion-2'  height=\"1000\" width=\"1500\"  itemprop=\"thumbnailUrl\" srcset=\"https:\/\/www.lafundacion.com\/wp-content\/uploads\/2020\/04\/Complementaria-ayudas-extraordinarias-La-Fundacion-2.jpg 1500w, https:\/\/www.lafundacion.com\/wp-content\/uploads\/2020\/04\/Complementaria-ayudas-extraordinarias-La-Fundacion-2-300x200.jpg 300w, https:\/\/www.lafundacion.com\/wp-content\/uploads\/2020\/04\/Complementaria-ayudas-extraordinarias-La-Fundacion-2-1030x687.jpg 1030w, https:\/\/www.lafundacion.com\/wp-content\/uploads\/2020\/04\/Complementaria-ayudas-extraordinarias-La-Fundacion-2-768x512.jpg 768w, https:\/\/www.lafundacion.com\/wp-content\/uploads\/2020\/04\/Complementaria-ayudas-extraordinarias-La-Fundacion-2-705x470.jpg 705w\" sizes=\"(max-width: 1500px) 100vw, 1500px\" \/><\/a><\/div><\/div><\/div><br \/>\n\n<style type=\"text\/css\" data-created_by=\"avia_inline_auto\" id=\"style-css-av-2edfqh-c9b311e8bbe0f8d1a572cc50703c80bc\">\n#top .av-special-heading.av-2edfqh-c9b311e8bbe0f8d1a572cc50703c80bc{\npadding-bottom:40px;\n}\nbody .av-special-heading.av-2edfqh-c9b311e8bbe0f8d1a572cc50703c80bc .av-special-heading-tag .heading-char{\nfont-size:25px;\n}\n.av-special-heading.av-2edfqh-c9b311e8bbe0f8d1a572cc50703c80bc .av-subheading{\nfont-size:15px;\n}\n<\/style>\n<div  class='av-special-heading av-2edfqh-c9b311e8bbe0f8d1a572cc50703c80bc av-special-heading-h4 blockquote modern-quote  avia-builder-el-56  el_after_av_image  avia-builder-el-last  av-linked-heading'><h4 class='av-special-heading-tag '  itemprop=\"headline\"  ><a class=\"av-heading-link\" href=\"https:\/\/www.lafundacion.com\/personas\/complementaria\/\" >Complementaria laguntza<\/a><\/h4><div class=\"special-heading-border\"><div class=\"special-heading-inner-border\"><\/div><\/div><\/div><\/p><\/div>\n\n<style type=\"text\/css\" data-created_by=\"avia_inline_auto\" id=\"style-css-av-4v2dc7-4-67a6cee8403165a5cb5dba595080b802\">\n.flex_column.av-4v2dc7-4-67a6cee8403165a5cb5dba595080b802{\nborder-radius:0px 0px 0px 0px;\npadding:0px 0px 0px 0px;\n}\n<\/style>\n<div  class='flex_column av-4v2dc7-4-67a6cee8403165a5cb5dba595080b802 av_one_third  avia-builder-el-57  el_after_av_one_third  el_before_av_one_third  flex_column_div av-zero-column-padding  '     ><p>\n<style type=\"text\/css\" data-created_by=\"avia_inline_auto\" id=\"style-css-av-2xw0k7-3-b69ca9f053dd0a621514338107b86446\">\n.avia-image-container.av-2xw0k7-3-b69ca9f053dd0a621514338107b86446 img.avia_image{\nbox-shadow:none;\n}\n.avia-image-container.av-2xw0k7-3-b69ca9f053dd0a621514338107b86446 .av-image-caption-overlay-center{\ncolor:#ffffff;\n}\n<\/style>\n<div  class='avia-image-container av-2xw0k7-3-b69ca9f053dd0a621514338107b86446 av-styling- av-img-linked avia-align-center  avia-builder-el-58  el_before_av_heading  avia-builder-el-first '   itemprop=\"image\" itemscope=\"itemscope\" itemtype=\"https:\/\/schema.org\/ImageObject\" ><div class=\"avia-image-container-inner\"><div class=\"avia-image-overlay-wrap\"><a href=\"https:\/\/www.lafundacion.com\/eu\/pertsonak\/\" class='avia_image '  aria-label='Quienes-Somos-en-La-Fundacion-San-Prudencio-Dato-43'><img decoding=\"async\" fetchpriority=\"high\" class='wp-image-4036 avia-img-lazy-loading-not-4036 avia_image ' src=\"https:\/\/www.lafundacion.com\/wp-content\/uploads\/2020\/05\/Quienes-Somos-en-La-Fundacion-San-Prudencio-Dato-43-1030x684.jpg\" alt='La Fundaci\u00f3n San Prudencio' title='Quienes-Somos-en-La-Fundacion-San-Prudencio-Dato-43'  height=\"684\" width=\"1030\"  itemprop=\"thumbnailUrl\" srcset=\"https:\/\/www.lafundacion.com\/wp-content\/uploads\/2020\/05\/Quienes-Somos-en-La-Fundacion-San-Prudencio-Dato-43-1030x684.jpg 1030w, https:\/\/www.lafundacion.com\/wp-content\/uploads\/2020\/05\/Quienes-Somos-en-La-Fundacion-San-Prudencio-Dato-43-300x199.jpg 300w, https:\/\/www.lafundacion.com\/wp-content\/uploads\/2020\/05\/Quienes-Somos-en-La-Fundacion-San-Prudencio-Dato-43-768x510.jpg 768w, https:\/\/www.lafundacion.com\/wp-content\/uploads\/2020\/05\/Quienes-Somos-en-La-Fundacion-San-Prudencio-Dato-43-705x468.jpg 705w, https:\/\/www.lafundacion.com\/wp-content\/uploads\/2020\/05\/Quienes-Somos-en-La-Fundacion-San-Prudencio-Dato-43.jpg 1200w\" sizes=\"(max-width: 1030px) 100vw, 1030px\" \/><\/a><\/div><\/div><\/div><br \/>\n\n<style type=\"text\/css\" data-created_by=\"avia_inline_auto\" id=\"style-css-av-kb20z2lc-033901ddd3293bdb72383c815f1c36f9\">\n#top .av-special-heading.av-kb20z2lc-033901ddd3293bdb72383c815f1c36f9{\npadding-bottom:40px;\n}\nbody .av-special-heading.av-kb20z2lc-033901ddd3293bdb72383c815f1c36f9 .av-special-heading-tag .heading-char{\nfont-size:25px;\n}\n.av-special-heading.av-kb20z2lc-033901ddd3293bdb72383c815f1c36f9 .av-subheading{\nfont-size:15px;\n}\n<\/style>\n<div  class='av-special-heading av-kb20z2lc-033901ddd3293bdb72383c815f1c36f9 av-special-heading-h4 blockquote modern-quote  avia-builder-el-59  el_after_av_image  avia-builder-el-last  av-linked-heading'><h4 class='av-special-heading-tag '  itemprop=\"headline\"  ><a class=\"av-heading-link\" href=\"https:\/\/www.lafundacion.com\/personas\/\" >Zerbitzuak<\/a><\/h4><div class=\"special-heading-border\"><div class=\"special-heading-inner-border\"><\/div><\/div><\/div><\/p><\/div>\n\n<style type=\"text\/css\" data-created_by=\"avia_inline_auto\" id=\"style-css-av-4v2dc7-2-263ffb9377b42c039e0e0cab19b7bf9a\">\n.flex_column.av-4v2dc7-2-263ffb9377b42c039e0e0cab19b7bf9a{\nborder-radius:0px 0px 0px 0px;\npadding:0px 0px 0px 0px;\n}\n<\/style>\n<div  class='flex_column av-4v2dc7-2-263ffb9377b42c039e0e0cab19b7bf9a av_one_third  avia-builder-el-60  el_after_av_one_third  avia-builder-el-last  flex_column_div av-zero-column-padding  '     ><p>\n<style type=\"text\/css\" data-created_by=\"avia_inline_auto\" id=\"style-css-av-2xw0k7-1-a2dd4ead9e6e8ca01ad6d19f62769966\">\n.avia-image-container.av-2xw0k7-1-a2dd4ead9e6e8ca01ad6d19f62769966 img.avia_image{\nbox-shadow:none;\n}\n.avia-image-container.av-2xw0k7-1-a2dd4ead9e6e8ca01ad6d19f62769966 .av-image-caption-overlay-center{\ncolor:#ffffff;\n}\n<\/style>\n<div  class='avia-image-container av-2xw0k7-1-a2dd4ead9e6e8ca01ad6d19f62769966 av-styling- av-img-linked avia-align-center  avia-builder-el-61  el_before_av_heading  avia-builder-el-first '   itemprop=\"image\" itemscope=\"itemscope\" itemtype=\"https:\/\/schema.org\/ImageObject\" ><div class=\"avia-image-container-inner\"><div class=\"avia-image-overlay-wrap\"><a href=\"https:\/\/www.lafundacion.com\/eu\/pertsonak\/titularra\/\" class='avia_image '  aria-label='beneficiario-familiar-del-titular-de-La-Fundacion-San-Prudencio'><img decoding=\"async\" fetchpriority=\"high\" class='wp-image-4526 avia-img-lazy-loading-not-4526 avia_image ' src=\"https:\/\/www.lafundacion.com\/wp-content\/uploads\/2020\/05\/beneficiario-familiar-del-titular-de-La-Fundacion-San-Prudencio.jpg\" alt='La Fundaci\u00f3n San Prudencioko titularraren onuraduna' title='beneficiario-familiar-del-titular-de-La-Fundacion-San-Prudencio'  height=\"533\" width=\"800\"  itemprop=\"thumbnailUrl\" srcset=\"https:\/\/www.lafundacion.com\/wp-content\/uploads\/2020\/05\/beneficiario-familiar-del-titular-de-La-Fundacion-San-Prudencio.jpg 800w, https:\/\/www.lafundacion.com\/wp-content\/uploads\/2020\/05\/beneficiario-familiar-del-titular-de-La-Fundacion-San-Prudencio-300x200.jpg 300w, https:\/\/www.lafundacion.com\/wp-content\/uploads\/2020\/05\/beneficiario-familiar-del-titular-de-La-Fundacion-San-Prudencio-768x512.jpg 768w, https:\/\/www.lafundacion.com\/wp-content\/uploads\/2020\/05\/beneficiario-familiar-del-titular-de-La-Fundacion-San-Prudencio-705x470.jpg 705w\" sizes=\"(max-width: 800px) 100vw, 800px\" \/><\/a><\/div><\/div><\/div><br \/>\n\n<style type=\"text\/css\" data-created_by=\"avia_inline_auto\" id=\"style-css-av-kb2103up-881c058a0f73ce4c8774084dca05ae77\">\n#top .av-special-heading.av-kb2103up-881c058a0f73ce4c8774084dca05ae77{\npadding-bottom:40px;\n}\nbody .av-special-heading.av-kb2103up-881c058a0f73ce4c8774084dca05ae77 .av-special-heading-tag .heading-char{\nfont-size:25px;\n}\n.av-special-heading.av-kb2103up-881c058a0f73ce4c8774084dca05ae77 .av-subheading{\nfont-size:15px;\n}\n<\/style>\n<div  class='av-special-heading av-kb2103up-881c058a0f73ce4c8774084dca05ae77 av-special-heading-h4 blockquote modern-quote  avia-builder-el-62  el_after_av_image  avia-builder-el-last  av-linked-heading'><h4 class='av-special-heading-tag '  itemprop=\"headline\"  ><a class=\"av-heading-link\" href=\"https:\/\/www.lafundacion.com\/personas\/titular\/\" >Titularra izatea<\/a><\/h4><div class=\"special-heading-border\"><div class=\"special-heading-inner-border\"><\/div><\/div><\/div><\/p><\/div>\n","protected":false},"excerpt":{"rendered":"","protected":false},"author":1,"featured_media":0,"parent":12195,"menu_order":0,"comment_status":"closed","ping_status":"closed","template":"","meta":{"_acf_changed":false,"footnotes":""},"class_list":["post-12131","page","type-page","status-publish","hentry"],"acf":[],"yoast_head":"<!-- This site is optimized with the Yoast SEO plugin v27.5 - https:\/\/yoast.com\/product\/yoast-seo-wordpress\/ -->\r\n<title>Arindu bizkarreko eta artikulazioetako mina Nordic Klinikan<\/title>\r\n<meta name=\"description\" content=\"Metodologia berritzaile bakana Gasteizen. Mugikortasuna, indarra eta erresistentzia hobetzen ditu. Espainian diagnostiko funtzional muskuloeskeletiko integrala eskaintzen duen lehen zentroa\" \/>\r\n<meta name=\"robots\" content=\"index, follow, max-snippet:-1, max-image-preview:large, max-video-preview:-1\" \/>\r\n<link rel=\"canonical\" href=\"https:\/\/www.lafundacion.com\/eu\/pertsonak\/bizkarreko-mina-nordic-klinikan\/\" \/>\r\n<meta property=\"og:locale\" content=\"eu_ES\" \/>\r\n<meta property=\"og:type\" content=\"article\" \/>\r\n<meta property=\"og:title\" content=\"Arindu bizkarreko eta artikulazioetako mina Nordic Klinikan\" \/>\r\n<meta property=\"og:description\" content=\"Metodologia berritzaile bakana Gasteizen. Mugikortasuna, indarra eta erresistentzia hobetzen ditu. Espainian diagnostiko funtzional muskuloeskeletiko integrala eskaintzen duen lehen zentroa\" \/>\r\n<meta property=\"og:url\" content=\"https:\/\/www.lafundacion.com\/eu\/pertsonak\/bizkarreko-mina-nordic-klinikan\/\" \/>\r\n<meta property=\"og:site_name\" content=\"La Fundaci\u00f3n San Prudencio\" \/>\r\n<meta property=\"article:modified_time\" content=\"2026-02-23T16:47:44+00:00\" \/>\r\n<meta name=\"twitter:card\" content=\"summary_large_image\" \/>\r\n<meta name=\"twitter:label1\" content=\"Est. reading time\" \/>\n\t<meta name=\"twitter:data1\" content=\"12 minutes\" \/>\r\n<script type=\"application\/ld+json\" class=\"yoast-schema-graph\">{\"@context\":\"https:\\\/\\\/schema.org\",\"@graph\":[{\"@type\":\"WebPage\",\"@id\":\"https:\\\/\\\/www.lafundacion.com\\\/eu\\\/pertsonak\\\/bizkarreko-mina-nordic-klinikan\\\/\",\"url\":\"https:\\\/\\\/www.lafundacion.com\\\/eu\\\/pertsonak\\\/bizkarreko-mina-nordic-klinikan\\\/\",\"name\":\"Arindu bizkarreko eta artikulazioetako mina Nordic Klinikan\",\"isPartOf\":{\"@id\":\"https:\\\/\\\/www.lafundacion.com\\\/eu\\\/#website\"},\"datePublished\":\"2020-04-24T08:40:36+00:00\",\"dateModified\":\"2026-02-23T16:47:44+00:00\",\"description\":\"Metodologia berritzaile bakana Gasteizen. Mugikortasuna, indarra eta erresistentzia hobetzen ditu. Espainian diagnostiko funtzional muskuloeskeletiko integrala eskaintzen duen lehen zentroa\",\"breadcrumb\":{\"@id\":\"https:\\\/\\\/www.lafundacion.com\\\/eu\\\/pertsonak\\\/bizkarreko-mina-nordic-klinikan\\\/#breadcrumb\"},\"inLanguage\":\"eu-ES\",\"potentialAction\":[{\"@type\":\"ReadAction\",\"target\":[\"https:\\\/\\\/www.lafundacion.com\\\/eu\\\/pertsonak\\\/bizkarreko-mina-nordic-klinikan\\\/\"]}]},{\"@type\":\"BreadcrumbList\",\"@id\":\"https:\\\/\\\/www.lafundacion.com\\\/eu\\\/pertsonak\\\/bizkarreko-mina-nordic-klinikan\\\/#breadcrumb\",\"itemListElement\":[{\"@type\":\"ListItem\",\"position\":1,\"name\":\"Portada\",\"item\":\"https:\\\/\\\/www.lafundacion.com\\\/eu\\\/hasiera\\\/\"},{\"@type\":\"ListItem\",\"position\":2,\"name\":\"La Fundaci\u00f3n San Prudencioko titularrentzako zerbitzuak eta onurak\",\"item\":\"https:\\\/\\\/www.lafundacion.com\\\/eu\\\/pertsonak\\\/\"},{\"@type\":\"ListItem\",\"position\":3,\"name\":\"Arindu bizkarreko eta artikulazioetako mina Nordic Klinikan, La Fundaci\u00f3n San Prudencio zerbitzua\"}]},{\"@type\":\"WebSite\",\"@id\":\"https:\\\/\\\/www.lafundacion.com\\\/eu\\\/#website\",\"url\":\"https:\\\/\\\/www.lafundacion.com\\\/eu\\\/\",\"name\":\"La Fundaci\u00f3n San Prudencio\",\"description\":\"La Fundaci\u00f3n Laboral San Prudencio en Vitoria-Gasteiz\",\"publisher\":{\"@id\":\"https:\\\/\\\/www.lafundacion.com\\\/eu\\\/#organization\"},\"potentialAction\":[{\"@type\":\"SearchAction\",\"target\":{\"@type\":\"EntryPoint\",\"urlTemplate\":\"https:\\\/\\\/www.lafundacion.com\\\/eu\\\/?s={search_term_string}\"},\"query-input\":{\"@type\":\"PropertyValueSpecification\",\"valueRequired\":true,\"valueName\":\"search_term_string\"}}],\"inLanguage\":\"eu-ES\"},{\"@type\":\"Organization\",\"@id\":\"https:\\\/\\\/www.lafundacion.com\\\/eu\\\/#organization\",\"name\":\"La Fundaci\u00f3n San Prudencio\",\"url\":\"https:\\\/\\\/www.lafundacion.com\\\/eu\\\/\",\"logo\":{\"@type\":\"ImageObject\",\"inLanguage\":\"eu-ES\",\"@id\":\"https:\\\/\\\/www.lafundacion.com\\\/eu\\\/#\\\/schema\\\/logo\\\/image\\\/\",\"url\":\"https:\\\/\\\/www.lafundacion.com\\\/wp-content\\\/uploads\\\/2020\\\/03\\\/logo-la-fundacion.png\",\"contentUrl\":\"https:\\\/\\\/www.lafundacion.com\\\/wp-content\\\/uploads\\\/2020\\\/03\\\/logo-la-fundacion.png\",\"width\":323,\"height\":129,\"caption\":\"La Fundaci\u00f3n San Prudencio\"},\"image\":{\"@id\":\"https:\\\/\\\/www.lafundacion.com\\\/eu\\\/#\\\/schema\\\/logo\\\/image\\\/\"}}]}<\/script>\r\n<!-- \/ Yoast SEO plugin. -->","yoast_head_json":{"title":"Arindu bizkarreko eta artikulazioetako mina Nordic Klinikan","description":"Metodologia berritzaile bakana Gasteizen. Mugikortasuna, indarra eta erresistentzia hobetzen ditu. Espainian diagnostiko funtzional muskuloeskeletiko integrala eskaintzen duen lehen zentroa","robots":{"index":"index","follow":"follow","max-snippet":"max-snippet:-1","max-image-preview":"max-image-preview:large","max-video-preview":"max-video-preview:-1"},"canonical":"https:\/\/www.lafundacion.com\/eu\/pertsonak\/bizkarreko-mina-nordic-klinikan\/","og_locale":"eu_ES","og_type":"article","og_title":"Arindu bizkarreko eta artikulazioetako mina Nordic Klinikan","og_description":"Metodologia berritzaile bakana Gasteizen. Mugikortasuna, indarra eta erresistentzia hobetzen ditu. Espainian diagnostiko funtzional muskuloeskeletiko integrala eskaintzen duen lehen zentroa","og_url":"https:\/\/www.lafundacion.com\/eu\/pertsonak\/bizkarreko-mina-nordic-klinikan\/","og_site_name":"La Fundaci\u00f3n San Prudencio","article_modified_time":"2026-02-23T16:47:44+00:00","twitter_card":"summary_large_image","twitter_misc":{"Est. reading time":"12 minutes"},"schema":{"@context":"https:\/\/schema.org","@graph":[{"@type":"WebPage","@id":"https:\/\/www.lafundacion.com\/eu\/pertsonak\/bizkarreko-mina-nordic-klinikan\/","url":"https:\/\/www.lafundacion.com\/eu\/pertsonak\/bizkarreko-mina-nordic-klinikan\/","name":"Arindu bizkarreko eta artikulazioetako mina Nordic Klinikan","isPartOf":{"@id":"https:\/\/www.lafundacion.com\/eu\/#website"},"datePublished":"2020-04-24T08:40:36+00:00","dateModified":"2026-02-23T16:47:44+00:00","description":"Metodologia berritzaile bakana Gasteizen. Mugikortasuna, indarra eta erresistentzia hobetzen ditu. Espainian diagnostiko funtzional muskuloeskeletiko integrala eskaintzen duen lehen zentroa","breadcrumb":{"@id":"https:\/\/www.lafundacion.com\/eu\/pertsonak\/bizkarreko-mina-nordic-klinikan\/#breadcrumb"},"inLanguage":"eu-ES","potentialAction":[{"@type":"ReadAction","target":["https:\/\/www.lafundacion.com\/eu\/pertsonak\/bizkarreko-mina-nordic-klinikan\/"]}]},{"@type":"BreadcrumbList","@id":"https:\/\/www.lafundacion.com\/eu\/pertsonak\/bizkarreko-mina-nordic-klinikan\/#breadcrumb","itemListElement":[{"@type":"ListItem","position":1,"name":"Portada","item":"https:\/\/www.lafundacion.com\/eu\/hasiera\/"},{"@type":"ListItem","position":2,"name":"La Fundaci\u00f3n San Prudencioko titularrentzako zerbitzuak eta onurak","item":"https:\/\/www.lafundacion.com\/eu\/pertsonak\/"},{"@type":"ListItem","position":3,"name":"Arindu bizkarreko eta artikulazioetako mina Nordic Klinikan, La Fundaci\u00f3n San Prudencio zerbitzua"}]},{"@type":"WebSite","@id":"https:\/\/www.lafundacion.com\/eu\/#website","url":"https:\/\/www.lafundacion.com\/eu\/","name":"La Fundaci\u00f3n San Prudencio","description":"La Fundaci\u00f3n Laboral San Prudencio en Vitoria-Gasteiz","publisher":{"@id":"https:\/\/www.lafundacion.com\/eu\/#organization"},"potentialAction":[{"@type":"SearchAction","target":{"@type":"EntryPoint","urlTemplate":"https:\/\/www.lafundacion.com\/eu\/?s={search_term_string}"},"query-input":{"@type":"PropertyValueSpecification","valueRequired":true,"valueName":"search_term_string"}}],"inLanguage":"eu-ES"},{"@type":"Organization","@id":"https:\/\/www.lafundacion.com\/eu\/#organization","name":"La Fundaci\u00f3n San Prudencio","url":"https:\/\/www.lafundacion.com\/eu\/","logo":{"@type":"ImageObject","inLanguage":"eu-ES","@id":"https:\/\/www.lafundacion.com\/eu\/#\/schema\/logo\/image\/","url":"https:\/\/www.lafundacion.com\/wp-content\/uploads\/2020\/03\/logo-la-fundacion.png","contentUrl":"https:\/\/www.lafundacion.com\/wp-content\/uploads\/2020\/03\/logo-la-fundacion.png","width":323,"height":129,"caption":"La Fundaci\u00f3n San Prudencio"},"image":{"@id":"https:\/\/www.lafundacion.com\/eu\/#\/schema\/logo\/image\/"}}]}},"_links":{"self":[{"href":"https:\/\/www.lafundacion.com\/eu\/wp-json\/wp\/v2\/pages\/12131","targetHints":{"allow":["GET"]}}],"collection":[{"href":"https:\/\/www.lafundacion.com\/eu\/wp-json\/wp\/v2\/pages"}],"about":[{"href":"https:\/\/www.lafundacion.com\/eu\/wp-json\/wp\/v2\/types\/page"}],"author":[{"embeddable":true,"href":"https:\/\/www.lafundacion.com\/eu\/wp-json\/wp\/v2\/users\/1"}],"replies":[{"embeddable":true,"href":"https:\/\/www.lafundacion.com\/eu\/wp-json\/wp\/v2\/comments?post=12131"}],"version-history":[{"count":21,"href":"https:\/\/www.lafundacion.com\/eu\/wp-json\/wp\/v2\/pages\/12131\/revisions"}],"predecessor-version":[{"id":277621,"href":"https:\/\/www.lafundacion.com\/eu\/wp-json\/wp\/v2\/pages\/12131\/revisions\/277621"}],"up":[{"embeddable":true,"href":"https:\/\/www.lafundacion.com\/eu\/wp-json\/wp\/v2\/pages\/12195"}],"wp:attachment":[{"href":"https:\/\/www.lafundacion.com\/eu\/wp-json\/wp\/v2\/media?parent=12131"}],"curies":[{"name":"wp","href":"https:\/\/api.w.org\/{rel}","templated":true}]}}