{"id":11051,"date":"2020-05-20T10:05:21","date_gmt":"2020-05-20T08:05:21","guid":{"rendered":"https:\/\/www.lafundacion.com\/zirkua\/"},"modified":"2025-07-09T13:57:36","modified_gmt":"2025-07-09T11:57:36","slug":"zirkua","status":"publish","type":"page","link":"https:\/\/www.lafundacion.com\/eu\/pertsonak\/haur-eta-familientzako-ekitaldiak-gasteizen\/zirkua\/","title":{"rendered":"Zirku saioa La Fundaci\u00f3nen haur eta familientzat Gasteizen"},"content":{"rendered":"\n<style type=\"text\/css\" data-created_by=\"avia_inline_auto\" id=\"style-css-av-k8a121cj-ead4ae08c2874f0ac1c295b8e320a2ee\">\n.avia-section.av-k8a121cj-ead4ae08c2874f0ac1c295b8e320a2ee{\nbackground-repeat:no-repeat;\nbackground-image:url(https:\/\/www.lafundacion.com\/wp-content\/uploads\/2020\/05\/banner-circo-la-fundacion.jpg);\nbackground-position:50% 50%;\nbackground-attachment:scroll;\n}\n.avia-section.av-k8a121cj-ead4ae08c2874f0ac1c295b8e320a2ee .av-section-color-overlay{\nopacity:0.5;\nbackground-color:#ffffff;\n}\n<\/style>\n<div id='av_section_1'  class='avia-section av-k8a121cj-ead4ae08c2874f0ac1c295b8e320a2ee main_color avia-section-default avia-no-border-styling  avia-builder-el-0  el_before_av_heading  avia-builder-el-first  avia-full-stretch avia-bg-style-scroll av-section-color-overlay-active av-minimum-height av-minimum-height-25 av-height-25  container_wrap fullsize'  data-section-bg-repeat='stretch' data-av_minimum_height_pc='25' data-av_min_height_opt='25'><div class=\"av-section-color-overlay-wrap\"><div class=\"av-section-color-overlay\"><\/div><div class='container av-section-cont-open' ><main  role=\"main\" itemprop=\"mainContentOfPage\"  class='template-page content  av-content-full alpha units'><div class='post-entry post-entry-type-page post-entry-11051'><div class='entry-content-wrapper clearfix'>\n\n<style type=\"text\/css\" data-created_by=\"avia_inline_auto\" id=\"style-css-av-kghob69m-dfbe7277af3e33c7caf10f0462afb3c8\">\n#top .av-special-heading.av-kghob69m-dfbe7277af3e33c7caf10f0462afb3c8{\npadding-bottom:10px;\n}\nbody .av-special-heading.av-kghob69m-dfbe7277af3e33c7caf10f0462afb3c8 .av-special-heading-tag .heading-char{\nfont-size:25px;\n}\n.av-special-heading.av-kghob69m-dfbe7277af3e33c7caf10f0462afb3c8 .av-subheading{\nfont-size:15px;\n}\n<\/style>\n<div  class='av-special-heading av-kghob69m-dfbe7277af3e33c7caf10f0462afb3c8 av-special-heading-h1 blockquote modern-quote modern-centered  avia-builder-el-1  avia-builder-el-no-sibling '><h1 class='av-special-heading-tag '  itemprop=\"headline\"  >Egun bat Zirkuan, Gasteizen, La Fundaci\u00f3n San Prudencioko familientzat<\/h1><div class=\"special-heading-border\"><div class=\"special-heading-inner-border\"><\/div><\/div><\/div>\n<\/div><\/div><\/main><!-- close content main element --><\/div><\/div><\/div><div id='after_section_1'  class='main_color av_default_container_wrap container_wrap fullsize'  ><div class='container av-section-cont-open' ><div class='template-page content  av-content-full alpha units'><div class='post-entry post-entry-type-page post-entry-11051'><div class='entry-content-wrapper clearfix'>\n\n<style type=\"text\/css\" data-created_by=\"avia_inline_auto\" id=\"style-css-av-4xykom-2aaa84c9ed03c528bc6ff96fea564915\">\n#top .av-special-heading.av-4xykom-2aaa84c9ed03c528bc6ff96fea564915{\npadding-bottom:30px;\n}\nbody .av-special-heading.av-4xykom-2aaa84c9ed03c528bc6ff96fea564915 .av-special-heading-tag .heading-char{\nfont-size:25px;\n}\n.av-special-heading.av-4xykom-2aaa84c9ed03c528bc6ff96fea564915 .av-subheading{\nfont-size:15px;\n}\n<\/style>\n<div  class='av-special-heading av-4xykom-2aaa84c9ed03c528bc6ff96fea564915 av-special-heading-h2 blockquote modern-quote modern-centered  avia-builder-el-2  el_after_av_section  el_before_av_one_half  avia-builder-el-first '><h2 class='av-special-heading-tag '  itemprop=\"headline\"  >La Fundaci\u00f3n San Prudenciok Zirkura eramaten zaitu!<\/h2><div class=\"special-heading-border\"><div class=\"special-heading-inner-border\"><\/div><\/div><\/div>\n<div  class='flex_column av-2t8vdy-a10f04fbb819792fd749000da80482d5 av_one_half  avia-builder-el-3  el_after_av_heading  el_before_av_one_half  first flex_column_div  '     ><style type=\"text\/css\" data-created_by=\"avia_inline_auto\" id=\"style-css-av-ljgvy7sl-2c8f2f8ca67751e505dbeb1953bf629b\">\n.avia-image-container.av-ljgvy7sl-2c8f2f8ca67751e505dbeb1953bf629b img.avia_image{\nbox-shadow:none;\n}\n.avia-image-container.av-ljgvy7sl-2c8f2f8ca67751e505dbeb1953bf629b .av-image-caption-overlay-center{\ncolor:#ffffff;\n}\n<\/style>\n<div  class='avia-image-container av-ljgvy7sl-2c8f2f8ca67751e505dbeb1953bf629b av-styling- avia-align-center  avia-builder-el-4  avia-builder-el-no-sibling '   itemprop=\"image\" itemscope=\"itemscope\" itemtype=\"https:\/\/schema.org\/ImageObject\" ><div class=\"avia-image-container-inner\"><div class=\"avia-image-overlay-wrap\"><img decoding=\"async\" fetchpriority=\"high\" class='wp-image-56309 avia-img-lazy-loading-not-56309 avia_image ' src=\"https:\/\/www.lafundacion.com\/wp-content\/uploads\/2023\/06\/2022.07.22-Circo-113.jpg\" alt='' title='2022.07.22 Circo - 113'  height=\"500\" width=\"750\"  itemprop=\"thumbnailUrl\" srcset=\"https:\/\/www.lafundacion.com\/wp-content\/uploads\/2023\/06\/2022.07.22-Circo-113.jpg 750w, https:\/\/www.lafundacion.com\/wp-content\/uploads\/2023\/06\/2022.07.22-Circo-113-300x200.jpg 300w, https:\/\/www.lafundacion.com\/wp-content\/uploads\/2023\/06\/2022.07.22-Circo-113-705x470.jpg 705w\" sizes=\"(max-width: 750px) 100vw, 750px\" \/><\/div><\/div><\/div><\/div>\n\n<style type=\"text\/css\" data-created_by=\"avia_inline_auto\" id=\"style-css-av-9rk52a-dbe4d8fd91c0e05e408855bce86adf2b\">\n.flex_column.av-9rk52a-dbe4d8fd91c0e05e408855bce86adf2b{\nborder-radius:0px 0px 0px 0px;\npadding:0px 0px 0px 0px;\n}\n<\/style>\n<div  class='flex_column av-9rk52a-dbe4d8fd91c0e05e408855bce86adf2b av_one_half  avia-builder-el-5  el_after_av_one_half  el_before_av_section  avia-builder-el-last  flex_column_div av-zero-column-padding  '     ><section  class='av_textblock_section av-k8a1cg16-1074c3a52a9022cf6708498fae2323e6 '   itemscope=\"itemscope\" itemtype=\"https:\/\/schema.org\/CreativeWork\" ><div class='avia_textblock'  itemprop=\"text\" ><p><strong>Zirkuak La Fundacioneko ehunka familia bildu zituen 2023ko uztaileko azken edizioan, haientzat bakarrik antolatutako saio batean<\/strong>. Bertan, haurrek eta adinekoek ilusioz, barrez eta malabarismoz eta akrobaziaz beteriko ikuskizun harrigarriz betetako arratsalde berezi batez gozatu zuten.<\/p>\n<p>Zirkuak eskaintzen duen ikuskizun batez ere familiarra da. Zirkuaren munduarekiko hurbilketa eta errespetua proposatzen die ikusle guztiei, haur guztiek eta haien familiek esperientzia hori ahaztezin bizi dezaten, barrea eta entretenimendua ardatz direla.<\/p>\n<\/div><\/section><\/div>\n<\/div><\/div><\/div><!-- close content main div --><\/div><\/div>\n<style type=\"text\/css\" data-created_by=\"avia_inline_auto\" id=\"style-css-av-kac75ef4-031108a37e3d87ef4b62a6bab1458f24\">\n.avia-section.av-kac75ef4-031108a37e3d87ef4b62a6bab1458f24{\nbackground-color:#f2f3f5;\nbackground-image:unset;\n}\n<\/style>\n<div id='av_section_2'  class='avia-section av-kac75ef4-031108a37e3d87ef4b62a6bab1458f24 main_color avia-section-default avia-no-border-styling  avia-builder-el-7  el_after_av_one_half  el_before_av_section  avia-bg-style-scroll container_wrap fullsize'  ><div class='container av-section-cont-open' ><div class='template-page content  av-content-full alpha units'><div class='post-entry post-entry-type-page post-entry-11051'><div class='entry-content-wrapper clearfix'>\n\n<style type=\"text\/css\" data-created_by=\"avia_inline_auto\" id=\"style-css-av-4k659c-7b0cf2a91c5c7a704719e7e27cbe9d34\">\n.flex_column.av-4k659c-7b0cf2a91c5c7a704719e7e27cbe9d34{\nborder-radius:0px 0px 0px 0px;\npadding:0px 0px 0px 0px;\n}\n<\/style>\n<div  class='flex_column av-4k659c-7b0cf2a91c5c7a704719e7e27cbe9d34 av_one_half  avia-builder-el-8  el_before_av_one_half  avia-builder-el-first  first flex_column_div av-zero-column-padding  '     ><p>\n<style type=\"text\/css\" data-created_by=\"avia_inline_auto\" id=\"style-css-av-7ncnti-d7a9d9df31663e4f11eae036903e4e12\">\n#top .av-special-heading.av-7ncnti-d7a9d9df31663e4f11eae036903e4e12{\npadding-bottom:30px;\n}\nbody .av-special-heading.av-7ncnti-d7a9d9df31663e4f11eae036903e4e12 .av-special-heading-tag .heading-char{\nfont-size:25px;\n}\n.av-special-heading.av-7ncnti-d7a9d9df31663e4f11eae036903e4e12 .av-subheading{\nfont-size:15px;\n}\n<\/style>\n<div  class='av-special-heading av-7ncnti-d7a9d9df31663e4f11eae036903e4e12 av-special-heading-h2 blockquote modern-quote  avia-builder-el-9  el_before_av_font_icon  avia-builder-el-first '><h2 class='av-special-heading-tag '  itemprop=\"headline\"  >La Fundaci\u00f3n San Prudencioren Zirkuaren hurrengo emanaldiaren datak<\/h2><div class=\"special-heading-border\"><div class=\"special-heading-inner-border\"><\/div><\/div><\/div><br \/>\n\n<style type=\"text\/css\" data-created_by=\"avia_inline_auto\" id=\"style-css-av-kap5owm0-d3647e86c2130ca49a3cea9ba6da61e7\">\n.av_font_icon.av-kap5owm0-d3647e86c2130ca49a3cea9ba6da61e7{\ncolor:#03a8e4;\nborder-color:#03a8e4;\n}\n.avia-svg-icon.av-kap5owm0-d3647e86c2130ca49a3cea9ba6da61e7 svg:first-child{\nstroke:#03a8e4;\nfill:#03a8e4;\n}\n.av_font_icon.av-kap5owm0-d3647e86c2130ca49a3cea9ba6da61e7 .av-icon-char{\nfont-size:40px;\nline-height:40px;\n}\n<\/style>\n<span  class='av_font_icon av-kap5owm0-d3647e86c2130ca49a3cea9ba6da61e7 avia_animate_when_visible av-icon-style- avia-icon-pos-center avia-iconfont avia-font-entypo-fontello avia-icon-animate'><span class='av-icon-char' data-av_icon='\ue8d2' data-av_iconfont='entypo-fontello' aria-hidden=\"true\" ><\/span><\/span><br \/>\n\n<style type=\"text\/css\" data-created_by=\"avia_inline_auto\" id=\"style-css-av-kacb0uow-cffcdbf4156b994f7cdee240ae3ab833\">\n#top .avia-icon-list-container.av-kacb0uow-cffcdbf4156b994f7cdee240ae3ab833 .iconlist_icon{\ncolor:#03a8e4;\nbackground-color:#ffffff;\nborder:1px solid #03a8e4;\n}\n#top .avia-icon-list-container.av-kacb0uow-cffcdbf4156b994f7cdee240ae3ab833 .iconlist_icon svg:first-child{\nstroke:#03a8e4;\nfill:#03a8e4;\n}\n<\/style>\n<div  class='avia-icon-list-container av-kacb0uow-cffcdbf4156b994f7cdee240ae3ab833  avia-builder-el-11  el_after_av_font_icon  avia-builder-el-last '><ul class='avia-icon-list avia_animate_when_almost_visible avia-icon-list-left av-iconlist-big av-kacb0uow-cffcdbf4156b994f7cdee240ae3ab833 avia-iconlist-animate'>\n<li><div class='iconlist_icon av-gb60h2-45d6bd2acf8c22031accfe9768be6bfc avia-font-entypo-fontello avia-iconfont avia-font-entypo-fontello'><span class='av-icon-char' data-av_icon='\ue85b' data-av_iconfont='entypo-fontello' aria-hidden=\"true\"><\/span><\/div><article class=\"article-icon-entry \"  itemscope=\"itemscope\" itemtype=\"https:\/\/schema.org\/CreativeWork\" ><div class=\"iconlist_content_wrap\"><header class=\"entry-content-header\" aria-label=\"Icon: Zirku emanaldiaren data\"><p class='av_iconlist_title iconlist_title  '  itemprop=\"headline\" >Zirku emanaldiaren data<\/p><\/header><div class='iconlist_content '  itemprop=\"text\" ><p>Uztailaren 28an<\/p>\n<\/div><\/div><footer class=\"entry-footer\"><\/footer><\/article><div class=\"iconlist-timeline\"><\/div><\/li>\n<li><div class='iconlist_icon av-ec87qu-3e9b0916606ed95d5b9f2dda2f9d6f23 avia-font-entypo-fontello avia-iconfont avia-font-entypo-fontello'><span class='av-icon-char' data-av_icon='\ue862' data-av_iconfont='entypo-fontello' aria-hidden=\"true\"><\/span><\/div><article class=\"article-icon-entry \"  itemscope=\"itemscope\" itemtype=\"https:\/\/schema.org\/CreativeWork\" ><div class=\"iconlist_content_wrap\"><header class=\"entry-content-header\" aria-label=\"Icon: Ordutegia\"><p class='av_iconlist_title iconlist_title  '  itemprop=\"headline\" >Ordutegia<\/p><\/header><div class='iconlist_content '  itemprop=\"text\" ><p>18:30<\/p>\n<\/div><\/div><footer class=\"entry-footer\"><\/footer><\/article><div class=\"iconlist-timeline\"><\/div><\/li>\n<li><div class='iconlist_icon av-5wi57a-bd61256d5ede2ec96949e95f0b2f24dc avia-font-entypo-fontello avia-iconfont avia-font-entypo-fontello'><span class='av-icon-char' data-av_icon='\ue827' data-av_iconfont='entypo-fontello' aria-hidden=\"true\"><\/span><\/div><article class=\"article-icon-entry \"  itemscope=\"itemscope\" itemtype=\"https:\/\/schema.org\/CreativeWork\" ><div class=\"iconlist_content_wrap\"><header class=\"entry-content-header\" aria-label=\"Icon: Prezioa\"><p class='av_iconlist_title iconlist_title  '  itemprop=\"headline\" >Prezioa<\/p><\/header><div class='iconlist_content '  itemprop=\"text\" ><p>6\u20ac bakoitza<\/p>\n<\/div><\/div><footer class=\"entry-footer\"><\/footer><\/article><div class=\"iconlist-timeline\"><\/div><\/li>\n<li><div class='iconlist_icon av-bzfvhi-fb65dfd53d2e2319b99b593001085729 avia-font-entypo-fontello avia-iconfont avia-font-entypo-fontello'><span class='av-icon-char' data-av_icon='\ue842' data-av_iconfont='entypo-fontello' aria-hidden=\"true\"><\/span><\/div><article class=\"article-icon-entry \"  itemscope=\"itemscope\" itemtype=\"https:\/\/schema.org\/CreativeWork\" ><div class=\"iconlist_content_wrap\"><header class=\"entry-content-header\" aria-label=\"Icon: Lekua\"><p class='av_iconlist_title iconlist_title  '  itemprop=\"headline\" >Lekua<\/p><\/header><div class='iconlist_content '  itemprop=\"text\" ><p>Mendizabala<\/p>\n<\/div><\/div><footer class=\"entry-footer\"><\/footer><\/article><div class=\"iconlist-timeline\"><\/div><\/li>\n<li><div class='iconlist_icon av-75qnqu-e68270008dd0051a475605fbcfdc7cf5 avia-font-entypo-fontello avia-iconfont avia-font-entypo-fontello'><span class='av-icon-char' data-av_icon='\ue82a' data-av_iconfont='entypo-fontello' aria-hidden=\"true\"><\/span><\/div><article class=\"article-icon-entry \"  itemscope=\"itemscope\" itemtype=\"https:\/\/schema.org\/CreativeWork\" ><div class=\"iconlist_content_wrap\"><header class=\"entry-content-header\" aria-label=\"Icon: Sarrera erreserbatzeko\"><p class='av_iconlist_title iconlist_title  '  itemprop=\"headline\" >Sarrera erreserbatzeko<\/p><\/header><div class='iconlist_content '  itemprop=\"text\" ><p>Deitu aukeratzen duzun telefonora<\/p>\n<\/div><\/div><footer class=\"entry-footer\"><\/footer><\/article><div class=\"iconlist-timeline\"><\/div><\/li>\n<li><div class='iconlist_icon av-5k4yyu-baa618511ac652b65843a8f705381e01 avia-font-entypo-fontello avia-iconfont avia-font-entypo-fontello'><span class='av-icon-char' data-av_icon='\ue854' data-av_iconfont='entypo-fontello' aria-hidden=\"true\"><\/span><\/div><article class=\"article-icon-entry \"  itemscope=\"itemscope\" itemtype=\"https:\/\/schema.org\/CreativeWork\" ><div class=\"iconlist_content_wrap\"><header class=\"entry-content-header\" aria-label=\"Icon: Titularra baldin bazara, honako telefono zenbakira deitu beharko duzu zure sakelako telefonotik:\"><p class='av_iconlist_title iconlist_title  '  itemprop=\"headline\" >Titularra baldin bazara, honako telefono zenbakira deitu beharko duzu zure sakelako telefonotik:<\/p><\/header><div class='iconlist_content '  itemprop=\"text\" ><ul>\n<li>2 SARRERA 12\u20ac-engatik al:<a href=\"http:\/\/Tel:945995113\"><strong> 945 995 113<\/strong><\/a><\/li>\n<li>3 SARRERA 18\u20ac-engatik al: <a href=\"http:\/\/Tel:945995146\"><strong> 945 99 5146<\/strong><\/a><\/li>\n<li>4 SARRERA 20\u20ac-engatik:<strong> <a href=\"http:\/\/Tel:945995161\">945 995 161<\/a><\/strong><\/li>\n<li><b>945 222 900<\/b> familia ugaria bazarete (6\u20ac\/ud.)<\/li>\n<\/ul>\n<\/div><\/div><footer class=\"entry-footer\"><\/footer><\/article><div class=\"iconlist-timeline\"><\/div><\/li>\n<\/ul><\/div><\/p><\/div>\n<style type=\"text\/css\" data-created_by=\"avia_inline_auto\" id=\"style-css-av-4k659c-12-9ac6362079714ab1430e6c71b6aa26d9\">\n.flex_column.av-4k659c-12-9ac6362079714ab1430e6c71b6aa26d9{\nborder-radius:0px 0px 0px 0px;\npadding:0px 0px 0px 0px;\n}\n<\/style>\n<div  class='flex_column av-4k659c-12-9ac6362079714ab1430e6c71b6aa26d9 av_one_half  avia-builder-el-12  el_after_av_one_half  avia-builder-el-last  flex_column_div av-zero-column-padding  '     ><p>\n<style type=\"text\/css\" data-created_by=\"avia_inline_auto\" id=\"style-css-av-418szq-3b43e6eddd039e0516d7da36579bf58c\">\n#top .av-special-heading.av-418szq-3b43e6eddd039e0516d7da36579bf58c{\npadding-bottom:30px;\n}\nbody .av-special-heading.av-418szq-3b43e6eddd039e0516d7da36579bf58c .av-special-heading-tag .heading-char{\nfont-size:25px;\n}\n.av-special-heading.av-418szq-3b43e6eddd039e0516d7da36579bf58c .av-subheading{\nfont-size:15px;\n}\n<\/style>\n<div  class='av-special-heading av-418szq-3b43e6eddd039e0516d7da36579bf58c av-special-heading-h2 blockquote modern-quote  avia-builder-el-13  el_before_av_iconlist  avia-builder-el-first '><h2 class='av-special-heading-tag '  itemprop=\"headline\"  >Nola erreserbatu La Fundaci\u00f3n San Prudencioren Zirku ekitaldirako sarrerak? Egon adi, sarrerak agortu egiten baitira eta kopurua mugatuta baitago!<\/h2><div class=\"special-heading-border\"><div class=\"special-heading-inner-border\"><\/div><\/div><\/div><br \/>\n\n<style type=\"text\/css\" data-created_by=\"avia_inline_auto\" id=\"style-css-av-kacb0uow-11-0412610aa794a974d1ae6ab05c5cae2a\">\n#top .avia-icon-list-container.av-kacb0uow-11-0412610aa794a974d1ae6ab05c5cae2a .iconlist_icon{\ncolor:#03a8e4;\nbackground-color:#ffffff;\nborder:1px solid #03a8e4;\n}\n#top .avia-icon-list-container.av-kacb0uow-11-0412610aa794a974d1ae6ab05c5cae2a .iconlist_icon svg:first-child{\nstroke:#03a8e4;\nfill:#03a8e4;\n}\n<\/style>\n<div  class='avia-icon-list-container av-kacb0uow-11-0412610aa794a974d1ae6ab05c5cae2a  avia-builder-el-14  el_after_av_heading  el_before_av_textblock '><ul class='avia-icon-list avia_animate_when_almost_visible avia-icon-list-left av-iconlist-big av-kacb0uow-11-0412610aa794a974d1ae6ab05c5cae2a avia-iconlist-animate'>\n<li><div class='iconlist_icon av-3wou7q-2f06c6b564992fafad09784abf9c2f19 avia-font-entypo-fontello avia-iconfont avia-font-entypo-fontello'><span class='av-icon-char' data-av_icon='\ue854' data-av_iconfont='entypo-fontello' aria-hidden=\"true\"><\/span><\/div><article class=\"article-icon-entry \"  itemscope=\"itemscope\" itemtype=\"https:\/\/schema.org\/CreativeWork\" ><div class=\"iconlist_content_wrap\"><header class=\"entry-content-header\" aria-label=\"Icon: Aldez aurretik iragarriko dugu webgunean zer egun eta ordutan irekiko ditugun lekuak, bai eta telefono zenbakiak ere.\"><p class='av_iconlist_title iconlist_title  '  itemprop=\"headline\" >Aldez aurretik iragarriko dugu webgunean zer egun eta ordutan irekiko ditugun lekuak, bai eta telefono zenbakiak ere.<\/p><\/header><div class='iconlist_content '  itemprop=\"text\" ><p>Zure sakelakotik (titularrarenetik) aukeratzen duzun telefonora deitu beharko duzu, sarrera kopuruaren arabera.<\/p>\n<\/div><\/div><footer class=\"entry-footer\"><\/footer><\/article><div class=\"iconlist-timeline\"><\/div><\/li>\n<li><div class='iconlist_icon av-fhap1y-f35f263da83b0b99d37c3a415b149601 avia-font-entypo-fontello avia-iconfont avia-font-entypo-fontello'><span class='av-icon-char' data-av_icon='\ue813' data-av_iconfont='entypo-fontello' aria-hidden=\"true\"><\/span><\/div><article class=\"article-icon-entry av-iconlist-empty\"  itemscope=\"itemscope\" itemtype=\"https:\/\/schema.org\/CreativeWork\" ><div class=\"iconlist_content_wrap\"><header class=\"entry-content-header\" aria-label=\"Icon: Deitzen duzunean, ez dizu inork hartuko eta eseki ahal izango duzu\"><p class='av_iconlist_title iconlist_title  '  itemprop=\"headline\" >Deitzen duzunean, ez dizu inork hartuko eta eseki ahal izango duzu<\/p><\/header><div class='iconlist_content '  itemprop=\"text\" ><\/div><\/div><footer class=\"entry-footer\"><\/footer><\/article><div class=\"iconlist-timeline\"><\/div><\/li>\n<li><div class='iconlist_icon av-6fh0ja-46a320a06c7b9a76a91a763202296964 avia-font-entypo-fontello avia-iconfont avia-font-entypo-fontello'><span class='av-icon-char' data-av_icon='\ue8ac' data-av_iconfont='entypo-fontello' aria-hidden=\"true\"><\/span><\/div><article class=\"article-icon-entry \"  itemscope=\"itemscope\" itemtype=\"https:\/\/schema.org\/CreativeWork\" ><div class=\"iconlist_content_wrap\"><header class=\"entry-content-header\" aria-label=\"Icon: SMS bat jasoko duzu erreserba-kode batekin; kode hori Dato 43.ko gure bulegoetan aurkeztu beharko duzu zure sarrera fisikoki jasotzeko, mezuan adierazten dizugun egunean. \"><p class='av_iconlist_title iconlist_title  '  itemprop=\"headline\" >SMS bat jasoko duzu erreserba-kode batekin; kode hori Dato 43.ko gure bulegoetan aurkeztu beharko duzu zure sarrera fisikoki jasotzeko, mezuan adierazten dizugun egunean. <\/p><\/header><div class='iconlist_content '  itemprop=\"text\" ><p>Sarrerek kostua badute, titularrak eman digun kontuko zenbakitik kobratuko da.<\/p>\n<\/div><\/div><footer class=\"entry-footer\"><\/footer><\/article><div class=\"iconlist-timeline\"><\/div><\/li>\n<li><div class='iconlist_icon av-4kv93a-4c370e07a5ab7f0af965b95e61c00aa0 avia-font-entypo-fontello avia-iconfont avia-font-entypo-fontello'><span class='av-icon-char' data-av_icon='\ue85c' data-av_iconfont='entypo-fontello' aria-hidden=\"true\"><\/span><\/div><article class=\"article-icon-entry av-iconlist-empty\"  itemscope=\"itemscope\" itemtype=\"https:\/\/schema.org\/CreativeWork\" ><div class=\"iconlist_content_wrap\"><header class=\"entry-content-header\" aria-label=\"Icon: Prest zaude La Fundaci\u00f3n San Prudencioren eguneko Zirkura etortzeko!\"><p class='av_iconlist_title iconlist_title  '  itemprop=\"headline\" >Prest zaude La Fundaci\u00f3n San Prudencioren eguneko Zirkura etortzeko!<\/p><\/header><div class='iconlist_content '  itemprop=\"text\" ><\/div><\/div><footer class=\"entry-footer\"><\/footer><\/article><div class=\"iconlist-timeline\"><\/div><\/li>\n<\/ul><\/div><br \/>\n<section  class='av_textblock_section av-k8a1cg16-14-126b0191b6db8de81786a5d1590f7c26 '   itemscope=\"itemscope\" itemtype=\"https:\/\/schema.org\/CreativeWork\" ><div class='avia_textblock'  itemprop=\"text\" ><p><em><strong>*<\/strong> Titular bakoitzak erosketa aukera bakarra du<\/em><\/p>\n<p><em><strong>*<\/strong> Jakinarazten dizuegu ekitaldia grabatu daitekeela eta\/edo argazkiak atera ahal izango direla, eta irudi horiek komunikazio helburuetarako erabili ahal izango direla.<br \/>\n<\/em><\/p>\n<\/div><\/section><\/p><\/div><\/div><\/div><\/div><!-- close content main div --><\/div><\/div>\n<style type=\"text\/css\" data-created_by=\"avia_inline_auto\" id=\"style-css-av-kac75ef4-13-66d421ed759ccadc51049aaeb5d693ef\">\n.avia-section.av-kac75ef4-13-66d421ed759ccadc51049aaeb5d693ef{\nbackground-color:#f2f3f5;\nbackground-image:unset;\n}\n<\/style>\n<div id='av_section_3'  class='avia-section av-kac75ef4-13-66d421ed759ccadc51049aaeb5d693ef main_color avia-section-default avia-no-border-styling  avia-builder-el-16  el_after_av_section  el_before_av_heading  avia-bg-style-scroll container_wrap fullsize'  ><div class='container av-section-cont-open' ><div class='template-page content  av-content-full alpha units'><div class='post-entry post-entry-type-page post-entry-11051'><div class='entry-content-wrapper clearfix'>\n<div  class='flex_column av-2hcmpy-0622b756bcc7367912ca0350da997c7f av_one_full  avia-builder-el-17  avia-builder-el-no-sibling  first flex_column_div  '     ><div  class='avia-button-wrap av-ljfnr2ch-147b1bafd7bff812571623e8aa719489-wrap avia-button-center  avia-builder-el-18  avia-builder-el-no-sibling '><a href='https:\/\/photos.app.goo.gl\/E8PmA1GfZV8eqb6m8'  class='avia-button av-ljfnr2ch-147b1bafd7bff812571623e8aa719489 av-link-btn avia-icon_select-no avia-size-small avia-position-center avia-color-theme-color'  target=\"_blank\"  rel=\"noopener noreferrer\"  aria-label=\"Zirkuko saioaren argazki galeria San Prudentzio Fundazioarentzat 2024\"><span class='avia_iconbox_title' >Zirkuko saioaren argazki galeria San Prudentzio Fundazioarentzat 2024<\/span><\/a><\/div><\/div><\/div><\/div><\/div><!-- close content main div --><\/div><\/div><div id='after_section_3'  class='main_color av_default_container_wrap container_wrap fullsize'  ><div class='container av-section-cont-open' ><div class='template-page content  av-content-full alpha units'><div class='post-entry post-entry-type-page post-entry-11051'><div class='entry-content-wrapper clearfix'>\n<style type=\"text\/css\" data-created_by=\"avia_inline_auto\" id=\"style-css-av-26qh06-804e10f52fd5e4c35c5c8d402f2be3f6\">\n#top .av-special-heading.av-26qh06-804e10f52fd5e4c35c5c8d402f2be3f6{\npadding-bottom:40px;\n}\nbody .av-special-heading.av-26qh06-804e10f52fd5e4c35c5c8d402f2be3f6 .av-special-heading-tag .heading-char{\nfont-size:25px;\n}\n.av-special-heading.av-26qh06-804e10f52fd5e4c35c5c8d402f2be3f6 .av-subheading{\nfont-size:15px;\n}\n<\/style>\n<div  class='av-special-heading av-26qh06-804e10f52fd5e4c35c5c8d402f2be3f6 av-special-heading-h3 blockquote modern-quote  avia-builder-el-19  el_after_av_section  el_before_av_one_fourth  avia-builder-el-first '><h3 class='av-special-heading-tag '  itemprop=\"headline\"  >Erlazionatutako informazioa<\/h3><div class=\"special-heading-border\"><div class=\"special-heading-inner-border\"><\/div><\/div><\/div><\/p>\n<div class='flex_column_table av-4v2dc7-b659e51747b53ec31cd0612007eb8835 sc-av_one_fourth av-equal-height-column-flextable'>\n<style type=\"text\/css\" data-created_by=\"avia_inline_auto\" id=\"style-css-av-4v2dc7-b659e51747b53ec31cd0612007eb8835\">\n.flex_column.av-4v2dc7-b659e51747b53ec31cd0612007eb8835{\nborder-radius:0px 0px 0px 0px;\npadding:0px 0px 0px 0px;\n}\n<\/style>\n<div  class='flex_column av-4v2dc7-b659e51747b53ec31cd0612007eb8835 av_one_fourth  avia-builder-el-20  el_after_av_heading  el_before_av_one_fourth  first flex_column_table_cell av-equal-height-column av-align-top av-zero-column-padding  '     ><p>\n<style type=\"text\/css\" data-created_by=\"avia_inline_auto\" id=\"style-css-av-2xw0k7-d3313ac5cba3e1729cdb2548599d72af\">\n.avia-image-container.av-2xw0k7-d3313ac5cba3e1729cdb2548599d72af img.avia_image{\nbox-shadow:none;\n}\n.avia-image-container.av-2xw0k7-d3313ac5cba3e1729cdb2548599d72af .av-image-caption-overlay-center{\ncolor:#ffffff;\n}\n<\/style>\n<div  class='avia-image-container av-2xw0k7-d3313ac5cba3e1729cdb2548599d72af av-styling- av-img-linked avia-align-center  avia-builder-el-21  el_before_av_heading  avia-builder-el-first '   itemprop=\"image\" itemscope=\"itemscope\" itemtype=\"https:\/\/schema.org\/ImageObject\" ><div class=\"avia-image-container-inner\"><div class=\"avia-image-overlay-wrap\"><a href=\"https:\/\/www.lafundacion.com\/eu\/pertsonak\/haur-eta-familientzako-ekitaldiak-gasteizen\/\" class='avia_image '  aria-label='circo-la-fundacion'><img decoding=\"async\" fetchpriority=\"high\" class='wp-image-4925 avia-img-lazy-loading-not-4925 avia_image ' src=\"https:\/\/www.lafundacion.com\/wp-content\/uploads\/2020\/05\/circo-la-fundacion.jpg\" alt='eventos Vitoria Gasteiz de La Fundaci\u00f3n San Prudencio para los trabajadores' title='circo-la-fundacion'  height=\"533\" width=\"800\"  itemprop=\"thumbnailUrl\" srcset=\"https:\/\/www.lafundacion.com\/wp-content\/uploads\/2020\/05\/circo-la-fundacion.jpg 800w, https:\/\/www.lafundacion.com\/wp-content\/uploads\/2020\/05\/circo-la-fundacion-300x200.jpg 300w, https:\/\/www.lafundacion.com\/wp-content\/uploads\/2020\/05\/circo-la-fundacion-768x512.jpg 768w, https:\/\/www.lafundacion.com\/wp-content\/uploads\/2020\/05\/circo-la-fundacion-705x470.jpg 705w\" sizes=\"(max-width: 800px) 100vw, 800px\" \/><\/a><\/div><\/div><\/div><br \/>\n\n<style type=\"text\/css\" data-created_by=\"avia_inline_auto\" id=\"style-css-av-kb22ulyc-ba798fe9be7385308e19b6afbf31af83\">\n#top .av-special-heading.av-kb22ulyc-ba798fe9be7385308e19b6afbf31af83{\npadding-bottom:10px;\n}\nbody .av-special-heading.av-kb22ulyc-ba798fe9be7385308e19b6afbf31af83 .av-special-heading-tag .heading-char{\nfont-size:25px;\n}\n.av-special-heading.av-kb22ulyc-ba798fe9be7385308e19b6afbf31af83 .av-subheading{\nfont-size:15px;\n}\n<\/style>\n<div  class='av-special-heading av-kb22ulyc-ba798fe9be7385308e19b6afbf31af83 av-special-heading-h4 blockquote modern-quote  avia-builder-el-22  el_after_av_image  avia-builder-el-last  av-linked-heading'><h4 class='av-special-heading-tag '  itemprop=\"headline\"  ><a class=\"av-heading-link\" href=\"https:\/\/www.lafundacion.com\/personas\/eventos-vitoria\/\" >Ekitaldiak<\/a><\/h4><div class=\"special-heading-border\"><div class=\"special-heading-inner-border\"><\/div><\/div><\/div><\/p><\/div>\n<div class='av-flex-placeholder'><\/div>\n<style type=\"text\/css\" data-created_by=\"avia_inline_auto\" id=\"style-css-av-4v2dc7-6-e6aba30fb2a7665a494b09396567404c\">\n.flex_column.av-4v2dc7-6-e6aba30fb2a7665a494b09396567404c{\nborder-radius:0px 0px 0px 0px;\npadding:0px 0px 0px 0px;\n}\n<\/style>\n<div  class='flex_column av-4v2dc7-6-e6aba30fb2a7665a494b09396567404c av_one_fourth  avia-builder-el-23  el_after_av_one_fourth  el_before_av_one_fourth  flex_column_table_cell av-equal-height-column av-align-top av-zero-column-padding  '     ><p>\n<style type=\"text\/css\" data-created_by=\"avia_inline_auto\" id=\"style-css-av-2xw0k7-5-ac98c952da3685224939160ece7e3ad1\">\n.avia-image-container.av-2xw0k7-5-ac98c952da3685224939160ece7e3ad1 img.avia_image{\nbox-shadow:none;\n}\n.avia-image-container.av-2xw0k7-5-ac98c952da3685224939160ece7e3ad1 .av-image-caption-overlay-center{\ncolor:#ffffff;\n}\n<\/style>\n<div  class='avia-image-container av-2xw0k7-5-ac98c952da3685224939160ece7e3ad1 av-styling- av-img-linked avia-align-center  avia-builder-el-24  el_before_av_heading  avia-builder-el-first '   itemprop=\"image\" itemscope=\"itemscope\" itemtype=\"https:\/\/schema.org\/ImageObject\" ><div class=\"avia-image-container-inner\"><div class=\"avia-image-overlay-wrap\"><a href=\"https:\/\/www.lafundacion.com\/eu\/pertsonak\/haur-eta-familientzako-ekitaldiak-gasteizen\/olentzero\/\" class='avia_image '  aria-label='046 OLENTZERO DOMINGI IMG_7385 QUINTAS'><img decoding=\"async\" fetchpriority=\"high\" class='wp-image-5444 avia-img-lazy-loading-not-5444 avia_image ' src=\"https:\/\/www.lafundacion.com\/wp-content\/uploads\/2020\/05\/046-OLENTZERO-DOMINGI-IMG_7385-QUINTAS.jpg\" alt='' title='046 OLENTZERO DOMINGI IMG_7385 QUINTAS'  height=\"533\" width=\"800\"  itemprop=\"thumbnailUrl\" srcset=\"https:\/\/www.lafundacion.com\/wp-content\/uploads\/2020\/05\/046-OLENTZERO-DOMINGI-IMG_7385-QUINTAS.jpg 800w, https:\/\/www.lafundacion.com\/wp-content\/uploads\/2020\/05\/046-OLENTZERO-DOMINGI-IMG_7385-QUINTAS-300x200.jpg 300w, https:\/\/www.lafundacion.com\/wp-content\/uploads\/2020\/05\/046-OLENTZERO-DOMINGI-IMG_7385-QUINTAS-768x512.jpg 768w, https:\/\/www.lafundacion.com\/wp-content\/uploads\/2020\/05\/046-OLENTZERO-DOMINGI-IMG_7385-QUINTAS-705x470.jpg 705w\" sizes=\"(max-width: 800px) 100vw, 800px\" \/><\/a><\/div><\/div><\/div><br \/>\n\n<style type=\"text\/css\" data-created_by=\"avia_inline_auto\" id=\"style-css-av-kb22v30n-aa9f1aff52efa0f10580cfc91edaf2b0\">\n#top .av-special-heading.av-kb22v30n-aa9f1aff52efa0f10580cfc91edaf2b0{\npadding-bottom:10px;\n}\nbody .av-special-heading.av-kb22v30n-aa9f1aff52efa0f10580cfc91edaf2b0 .av-special-heading-tag .heading-char{\nfont-size:25px;\n}\n.av-special-heading.av-kb22v30n-aa9f1aff52efa0f10580cfc91edaf2b0 .av-subheading{\nfont-size:15px;\n}\n<\/style>\n<div  class='av-special-heading av-kb22v30n-aa9f1aff52efa0f10580cfc91edaf2b0 av-special-heading-h4 blockquote modern-quote  avia-builder-el-25  el_after_av_image  avia-builder-el-last  av-linked-heading'><h4 class='av-special-heading-tag '  itemprop=\"headline\"  ><a class=\"av-heading-link\" href=\"https:\/\/www.lafundacion.com\/personas\/eventos-vitoria\/olentzero\/\" >Olentzero eta Mari Domingi<\/a><\/h4><div class=\"special-heading-border\"><div class=\"special-heading-inner-border\"><\/div><\/div><\/div><\/p><\/div>\n<div class='av-flex-placeholder'><\/div>\n<style type=\"text\/css\" data-created_by=\"avia_inline_auto\" id=\"style-css-av-4v2dc7-4-4a0853cb20647ebe6df160fb729a8cd3\">\n.flex_column.av-4v2dc7-4-4a0853cb20647ebe6df160fb729a8cd3{\nborder-radius:0px 0px 0px 0px;\npadding:0px 0px 0px 0px;\n}\n<\/style>\n<div  class='flex_column av-4v2dc7-4-4a0853cb20647ebe6df160fb729a8cd3 av_one_fourth  avia-builder-el-26  el_after_av_one_fourth  el_before_av_one_fourth  flex_column_table_cell av-equal-height-column av-align-top av-zero-column-padding  '     ><p>\n<style type=\"text\/css\" data-created_by=\"avia_inline_auto\" id=\"style-css-av-2xw0k7-3-a1da9c65052918b0c1d8b4c1cc5a6126\">\n.avia-image-container.av-2xw0k7-3-a1da9c65052918b0c1d8b4c1cc5a6126 img.avia_image{\nbox-shadow:none;\n}\n.avia-image-container.av-2xw0k7-3-a1da9c65052918b0c1d8b4c1cc5a6126 .av-image-caption-overlay-center{\ncolor:#ffffff;\n}\n<\/style>\n<div  class='avia-image-container av-2xw0k7-3-a1da9c65052918b0c1d8b4c1cc5a6126 av-styling- av-img-linked avia-align-center  avia-builder-el-27  el_before_av_heading  avia-builder-el-first '   itemprop=\"image\" itemscope=\"itemscope\" itemtype=\"https:\/\/schema.org\/ImageObject\" ><div class=\"avia-image-container-inner\"><div class=\"avia-image-overlay-wrap\"><a href=\"https:\/\/www.lafundacion.com\/eu\/pertsonak\/haur-eta-familientzako-ekitaldiak-gasteizen\/errege-magoak\/\" class='avia_image '  aria-label='004 REYES FUNDACION IMG_9016 QUINTAS'><img decoding=\"async\" fetchpriority=\"high\" class='wp-image-5771 avia-img-lazy-loading-not-5771 avia_image ' src=\"https:\/\/www.lafundacion.com\/wp-content\/uploads\/2020\/05\/004-REYES-FUNDACION-IMG_9016-QUINTAS.jpg\" alt='Evento de los Reyes Magos de La Fundaci\u00f3n San Prudencio.' title='004 REYES FUNDACION IMG_9016 QUINTAS'  height=\"533\" width=\"800\"  itemprop=\"thumbnailUrl\" srcset=\"https:\/\/www.lafundacion.com\/wp-content\/uploads\/2020\/05\/004-REYES-FUNDACION-IMG_9016-QUINTAS.jpg 800w, https:\/\/www.lafundacion.com\/wp-content\/uploads\/2020\/05\/004-REYES-FUNDACION-IMG_9016-QUINTAS-300x200.jpg 300w, https:\/\/www.lafundacion.com\/wp-content\/uploads\/2020\/05\/004-REYES-FUNDACION-IMG_9016-QUINTAS-768x512.jpg 768w, https:\/\/www.lafundacion.com\/wp-content\/uploads\/2020\/05\/004-REYES-FUNDACION-IMG_9016-QUINTAS-705x470.jpg 705w\" sizes=\"(max-width: 800px) 100vw, 800px\" \/><\/a><\/div><\/div><\/div><br \/>\n\n<style type=\"text\/css\" data-created_by=\"avia_inline_auto\" id=\"style-css-av-kb22v8dj-8e67e1287a56f4f33f4a2f16dedc0915\">\n#top .av-special-heading.av-kb22v8dj-8e67e1287a56f4f33f4a2f16dedc0915{\npadding-bottom:10px;\n}\nbody .av-special-heading.av-kb22v8dj-8e67e1287a56f4f33f4a2f16dedc0915 .av-special-heading-tag .heading-char{\nfont-size:25px;\n}\n.av-special-heading.av-kb22v8dj-8e67e1287a56f4f33f4a2f16dedc0915 .av-subheading{\nfont-size:15px;\n}\n<\/style>\n<div  class='av-special-heading av-kb22v8dj-8e67e1287a56f4f33f4a2f16dedc0915 av-special-heading-h4 blockquote modern-quote  avia-builder-el-28  el_after_av_image  avia-builder-el-last  av-linked-heading'><h4 class='av-special-heading-tag '  itemprop=\"headline\"  ><a class=\"av-heading-link\" href=\"https:\/\/www.lafundacion.com\/personas\/eventos-vitoria\/reyes-magos\/\" >Errege Magoak<\/a><\/h4><div class=\"special-heading-border\"><div class=\"special-heading-inner-border\"><\/div><\/div><\/div><\/p><\/div>\n<div class='av-flex-placeholder'><\/div>\n<style type=\"text\/css\" data-created_by=\"avia_inline_auto\" id=\"style-css-av-4v2dc7-2-739e1f98eabcad856fafaf7a0e8dad92\">\n.flex_column.av-4v2dc7-2-739e1f98eabcad856fafaf7a0e8dad92{\nborder-radius:0px 0px 0px 0px;\npadding:0px 0px 0px 0px;\n}\n<\/style>\n<div  class='flex_column av-4v2dc7-2-739e1f98eabcad856fafaf7a0e8dad92 av_one_fourth  avia-builder-el-29  el_after_av_one_fourth  avia-builder-el-last  flex_column_table_cell av-equal-height-column av-align-top av-zero-column-padding  '     ><p>\n<style type=\"text\/css\" data-created_by=\"avia_inline_auto\" id=\"style-css-av-2xw0k7-1-3bee0eac380054e99f72709eac2ba91c\">\n.avia-image-container.av-2xw0k7-1-3bee0eac380054e99f72709eac2ba91c img.avia_image{\nbox-shadow:none;\n}\n.avia-image-container.av-2xw0k7-1-3bee0eac380054e99f72709eac2ba91c .av-image-caption-overlay-center{\ncolor:#ffffff;\n}\n<\/style>\n<div  class='avia-image-container av-2xw0k7-1-3bee0eac380054e99f72709eac2ba91c av-styling- av-img-linked avia-align-center  avia-builder-el-30  el_before_av_heading  avia-builder-el-first '   itemprop=\"image\" itemscope=\"itemscope\" itemtype=\"https:\/\/schema.org\/ImageObject\" ><div class=\"avia-image-container-inner\"><div class=\"avia-image-overlay-wrap\"><a href=\"https:\/\/www.lafundacion.com\/eu\/pertsonak\/lehiaketak\/\" class='avia_image '  aria-label='familia-participa-en-concurso-para-familias-La-Fundacion-San-Prudencio'><img decoding=\"async\" fetchpriority=\"high\" class='wp-image-6586 avia-img-lazy-loading-not-6586 avia_image ' src=\"https:\/\/www.lafundacion.com\/wp-content\/uploads\/2020\/05\/familia-participa-en-concurso-para-familias-La-Fundacion-San-Prudencio.jpg\" alt='Concursos para familias de La Fundaci\u00f3n San Prudencio, premios familia y concurso de postales navide\u00f1as' title='familia-participa-en-concurso-para-familias-La-Fundacion-San-Prudencio'  height=\"533\" width=\"800\"  itemprop=\"thumbnailUrl\" srcset=\"https:\/\/www.lafundacion.com\/wp-content\/uploads\/2020\/05\/familia-participa-en-concurso-para-familias-La-Fundacion-San-Prudencio.jpg 800w, https:\/\/www.lafundacion.com\/wp-content\/uploads\/2020\/05\/familia-participa-en-concurso-para-familias-La-Fundacion-San-Prudencio-300x200.jpg 300w, https:\/\/www.lafundacion.com\/wp-content\/uploads\/2020\/05\/familia-participa-en-concurso-para-familias-La-Fundacion-San-Prudencio-768x512.jpg 768w, https:\/\/www.lafundacion.com\/wp-content\/uploads\/2020\/05\/familia-participa-en-concurso-para-familias-La-Fundacion-San-Prudencio-705x470.jpg 705w\" sizes=\"(max-width: 800px) 100vw, 800px\" \/><\/a><\/div><\/div><\/div><br \/>\n\n<style type=\"text\/css\" data-created_by=\"avia_inline_auto\" id=\"style-css-av-kap639sy-9cbb4adbf4f920ec08af40ef6e94846c\">\n#top .av-special-heading.av-kap639sy-9cbb4adbf4f920ec08af40ef6e94846c{\npadding-bottom:10px;\n}\nbody .av-special-heading.av-kap639sy-9cbb4adbf4f920ec08af40ef6e94846c .av-special-heading-tag .heading-char{\nfont-size:25px;\n}\n.av-special-heading.av-kap639sy-9cbb4adbf4f920ec08af40ef6e94846c .av-subheading{\nfont-size:15px;\n}\n<\/style>\n<div  class='av-special-heading av-kap639sy-9cbb4adbf4f920ec08af40ef6e94846c av-special-heading-h4 blockquote modern-quote  avia-builder-el-31  el_after_av_image  avia-builder-el-last  av-linked-heading'><h4 class='av-special-heading-tag '  itemprop=\"headline\"  ><a class=\"av-heading-link\" href=\"https:\/\/www.lafundacion.com\/personas\/concursos\/\" >Lehiaketak<\/a><\/h4><div class=\"special-heading-border\"><div class=\"special-heading-inner-border\"><\/div><\/div><\/div><\/p><\/div><\/div><!--close column table wrapper. Autoclose: 1 -->\n","protected":false},"excerpt":{"rendered":"","protected":false},"author":1,"featured_media":0,"parent":12201,"menu_order":0,"comment_status":"closed","ping_status":"closed","template":"","meta":{"_acf_changed":false,"footnotes":""},"class_list":["post-11051","page","type-page","status-publish","hentry"],"acf":[],"yoast_head":"<!-- This site is optimized with the Yoast SEO plugin v27.5 - https:\/\/yoast.com\/product\/yoast-seo-wordpress\/ -->\r\n<title>Entrega Premios Familia en el Circo<\/title>\r\n<meta name=\"description\" content=\"Organizamos un d\u00eda en el Circo para las familias de La Fundaci\u00f3n San Prudencio, entregamos los Premios Familia a las mejores iniciativas del a\u00f1o\" \/>\r\n<meta name=\"robots\" content=\"index, follow, max-snippet:-1, max-image-preview:large, max-video-preview:-1\" \/>\r\n<link rel=\"canonical\" href=\"https:\/\/www.lafundacion.com\/eu\/pertsonak\/haur-eta-familientzako-ekitaldiak-gasteizen\/zirkua\/\" \/>\r\n<meta property=\"og:locale\" content=\"eu_ES\" \/>\r\n<meta property=\"og:type\" content=\"article\" \/>\r\n<meta property=\"og:title\" content=\"Zirku funtzioa La Fundaci\u00f3n-rentzako\" \/>\r\n<meta property=\"og:description\" content=\"Organizamos un d\u00eda en el Circo para las familias de La Fundaci\u00f3n San Prudencio, entregamos los Premios Familia a las mejores iniciativas del a\u00f1o\" \/>\r\n<meta property=\"og:url\" content=\"https:\/\/www.lafundacion.com\/eu\/pertsonak\/haur-eta-familientzako-ekitaldiak-gasteizen\/zirkua\/\" \/>\r\n<meta property=\"og:site_name\" content=\"La Fundaci\u00f3n San Prudencio\" \/>\r\n<meta property=\"article:modified_time\" content=\"2025-07-09T11:57:36+00:00\" \/>\r\n<meta property=\"og:image\" content=\"https:\/\/www.lafundacion.com\/wp-content\/uploads\/2023\/06\/2022.07.22-Circo-113-750x430.jpg\" \/>\r\n<meta name=\"twitter:card\" content=\"summary_large_image\" \/>\r\n<meta name=\"twitter:label1\" content=\"Est. reading time\" \/>\n\t<meta name=\"twitter:data1\" content=\"3 minutes\" \/>\r\n<script type=\"application\/ld+json\" class=\"yoast-schema-graph\">{\"@context\":\"https:\\\/\\\/schema.org\",\"@graph\":[{\"@type\":\"WebPage\",\"@id\":\"https:\\\/\\\/www.lafundacion.com\\\/eu\\\/pertsonak\\\/haur-eta-familientzako-ekitaldiak-gasteizen\\\/zirkua\\\/\",\"url\":\"https:\\\/\\\/www.lafundacion.com\\\/eu\\\/pertsonak\\\/haur-eta-familientzako-ekitaldiak-gasteizen\\\/zirkua\\\/\",\"name\":\"Entrega Premios Familia en el Circo\",\"isPartOf\":{\"@id\":\"https:\\\/\\\/www.lafundacion.com\\\/eu\\\/#website\"},\"datePublished\":\"2020-05-20T08:05:21+00:00\",\"dateModified\":\"2025-07-09T11:57:36+00:00\",\"description\":\"Organizamos un d\u00eda en el Circo para las familias de La Fundaci\u00f3n San Prudencio, entregamos los Premios Familia a las mejores iniciativas del a\u00f1o\",\"breadcrumb\":{\"@id\":\"https:\\\/\\\/www.lafundacion.com\\\/eu\\\/pertsonak\\\/haur-eta-familientzako-ekitaldiak-gasteizen\\\/zirkua\\\/#breadcrumb\"},\"inLanguage\":\"eu-ES\",\"potentialAction\":[{\"@type\":\"ReadAction\",\"target\":[\"https:\\\/\\\/www.lafundacion.com\\\/eu\\\/pertsonak\\\/haur-eta-familientzako-ekitaldiak-gasteizen\\\/zirkua\\\/\"]}]},{\"@type\":\"BreadcrumbList\",\"@id\":\"https:\\\/\\\/www.lafundacion.com\\\/eu\\\/pertsonak\\\/haur-eta-familientzako-ekitaldiak-gasteizen\\\/zirkua\\\/#breadcrumb\",\"itemListElement\":[{\"@type\":\"ListItem\",\"position\":1,\"name\":\"Portada\",\"item\":\"https:\\\/\\\/www.lafundacion.com\\\/eu\\\/hasiera\\\/\"},{\"@type\":\"ListItem\",\"position\":2,\"name\":\"La Fundaci\u00f3n San Prudencioko titularrentzako zerbitzuak eta onurak\",\"item\":\"https:\\\/\\\/www.lafundacion.com\\\/eu\\\/pertsonak\\\/\"},{\"@type\":\"ListItem\",\"position\":3,\"name\":\"Haur eta familientzako ekitaldiak Gasteizen\",\"item\":\"https:\\\/\\\/www.lafundacion.com\\\/eu\\\/pertsonak\\\/haur-eta-familientzako-ekitaldiak-gasteizen\\\/\"},{\"@type\":\"ListItem\",\"position\":4,\"name\":\"Zirku saioa La Fundaci\u00f3nen haur eta familientzat Gasteizen\"}]},{\"@type\":\"WebSite\",\"@id\":\"https:\\\/\\\/www.lafundacion.com\\\/eu\\\/#website\",\"url\":\"https:\\\/\\\/www.lafundacion.com\\\/eu\\\/\",\"name\":\"La Fundaci\u00f3n San Prudencio\",\"description\":\"La Fundaci\u00f3n Laboral San Prudencio en Vitoria-Gasteiz\",\"publisher\":{\"@id\":\"https:\\\/\\\/www.lafundacion.com\\\/eu\\\/#organization\"},\"potentialAction\":[{\"@type\":\"SearchAction\",\"target\":{\"@type\":\"EntryPoint\",\"urlTemplate\":\"https:\\\/\\\/www.lafundacion.com\\\/eu\\\/?s={search_term_string}\"},\"query-input\":{\"@type\":\"PropertyValueSpecification\",\"valueRequired\":true,\"valueName\":\"search_term_string\"}}],\"inLanguage\":\"eu-ES\"},{\"@type\":\"Organization\",\"@id\":\"https:\\\/\\\/www.lafundacion.com\\\/eu\\\/#organization\",\"name\":\"La Fundaci\u00f3n San Prudencio\",\"url\":\"https:\\\/\\\/www.lafundacion.com\\\/eu\\\/\",\"logo\":{\"@type\":\"ImageObject\",\"inLanguage\":\"eu-ES\",\"@id\":\"https:\\\/\\\/www.lafundacion.com\\\/eu\\\/#\\\/schema\\\/logo\\\/image\\\/\",\"url\":\"https:\\\/\\\/www.lafundacion.com\\\/wp-content\\\/uploads\\\/2020\\\/03\\\/logo-la-fundacion.png\",\"contentUrl\":\"https:\\\/\\\/www.lafundacion.com\\\/wp-content\\\/uploads\\\/2020\\\/03\\\/logo-la-fundacion.png\",\"width\":323,\"height\":129,\"caption\":\"La Fundaci\u00f3n San Prudencio\"},\"image\":{\"@id\":\"https:\\\/\\\/www.lafundacion.com\\\/eu\\\/#\\\/schema\\\/logo\\\/image\\\/\"}}]}<\/script>\r\n<!-- \/ Yoast SEO plugin. -->","yoast_head_json":{"title":"Entrega Premios Familia en el Circo","description":"Organizamos un d\u00eda en el Circo para las familias de La Fundaci\u00f3n San Prudencio, entregamos los Premios Familia a las mejores iniciativas del a\u00f1o","robots":{"index":"index","follow":"follow","max-snippet":"max-snippet:-1","max-image-preview":"max-image-preview:large","max-video-preview":"max-video-preview:-1"},"canonical":"https:\/\/www.lafundacion.com\/eu\/pertsonak\/haur-eta-familientzako-ekitaldiak-gasteizen\/zirkua\/","og_locale":"eu_ES","og_type":"article","og_title":"Zirku funtzioa La Fundaci\u00f3n-rentzako","og_description":"Organizamos un d\u00eda en el Circo para las familias de La Fundaci\u00f3n San Prudencio, entregamos los Premios Familia a las mejores iniciativas del a\u00f1o","og_url":"https:\/\/www.lafundacion.com\/eu\/pertsonak\/haur-eta-familientzako-ekitaldiak-gasteizen\/zirkua\/","og_site_name":"La Fundaci\u00f3n San Prudencio","article_modified_time":"2025-07-09T11:57:36+00:00","og_image":[{"url":"https:\/\/www.lafundacion.com\/wp-content\/uploads\/2023\/06\/2022.07.22-Circo-113-750x430.jpg","type":"","width":"","height":""}],"twitter_card":"summary_large_image","twitter_misc":{"Est. reading time":"3 minutes"},"schema":{"@context":"https:\/\/schema.org","@graph":[{"@type":"WebPage","@id":"https:\/\/www.lafundacion.com\/eu\/pertsonak\/haur-eta-familientzako-ekitaldiak-gasteizen\/zirkua\/","url":"https:\/\/www.lafundacion.com\/eu\/pertsonak\/haur-eta-familientzako-ekitaldiak-gasteizen\/zirkua\/","name":"Entrega Premios Familia en el Circo","isPartOf":{"@id":"https:\/\/www.lafundacion.com\/eu\/#website"},"datePublished":"2020-05-20T08:05:21+00:00","dateModified":"2025-07-09T11:57:36+00:00","description":"Organizamos un d\u00eda en el Circo para las familias de La Fundaci\u00f3n San Prudencio, entregamos los Premios Familia a las mejores iniciativas del a\u00f1o","breadcrumb":{"@id":"https:\/\/www.lafundacion.com\/eu\/pertsonak\/haur-eta-familientzako-ekitaldiak-gasteizen\/zirkua\/#breadcrumb"},"inLanguage":"eu-ES","potentialAction":[{"@type":"ReadAction","target":["https:\/\/www.lafundacion.com\/eu\/pertsonak\/haur-eta-familientzako-ekitaldiak-gasteizen\/zirkua\/"]}]},{"@type":"BreadcrumbList","@id":"https:\/\/www.lafundacion.com\/eu\/pertsonak\/haur-eta-familientzako-ekitaldiak-gasteizen\/zirkua\/#breadcrumb","itemListElement":[{"@type":"ListItem","position":1,"name":"Portada","item":"https:\/\/www.lafundacion.com\/eu\/hasiera\/"},{"@type":"ListItem","position":2,"name":"La Fundaci\u00f3n San Prudencioko titularrentzako zerbitzuak eta onurak","item":"https:\/\/www.lafundacion.com\/eu\/pertsonak\/"},{"@type":"ListItem","position":3,"name":"Haur eta familientzako ekitaldiak Gasteizen","item":"https:\/\/www.lafundacion.com\/eu\/pertsonak\/haur-eta-familientzako-ekitaldiak-gasteizen\/"},{"@type":"ListItem","position":4,"name":"Zirku saioa La Fundaci\u00f3nen haur eta familientzat Gasteizen"}]},{"@type":"WebSite","@id":"https:\/\/www.lafundacion.com\/eu\/#website","url":"https:\/\/www.lafundacion.com\/eu\/","name":"La Fundaci\u00f3n San Prudencio","description":"La Fundaci\u00f3n Laboral San Prudencio en Vitoria-Gasteiz","publisher":{"@id":"https:\/\/www.lafundacion.com\/eu\/#organization"},"potentialAction":[{"@type":"SearchAction","target":{"@type":"EntryPoint","urlTemplate":"https:\/\/www.lafundacion.com\/eu\/?s={search_term_string}"},"query-input":{"@type":"PropertyValueSpecification","valueRequired":true,"valueName":"search_term_string"}}],"inLanguage":"eu-ES"},{"@type":"Organization","@id":"https:\/\/www.lafundacion.com\/eu\/#organization","name":"La Fundaci\u00f3n San Prudencio","url":"https:\/\/www.lafundacion.com\/eu\/","logo":{"@type":"ImageObject","inLanguage":"eu-ES","@id":"https:\/\/www.lafundacion.com\/eu\/#\/schema\/logo\/image\/","url":"https:\/\/www.lafundacion.com\/wp-content\/uploads\/2020\/03\/logo-la-fundacion.png","contentUrl":"https:\/\/www.lafundacion.com\/wp-content\/uploads\/2020\/03\/logo-la-fundacion.png","width":323,"height":129,"caption":"La Fundaci\u00f3n San Prudencio"},"image":{"@id":"https:\/\/www.lafundacion.com\/eu\/#\/schema\/logo\/image\/"}}]}},"_links":{"self":[{"href":"https:\/\/www.lafundacion.com\/eu\/wp-json\/wp\/v2\/pages\/11051","targetHints":{"allow":["GET"]}}],"collection":[{"href":"https:\/\/www.lafundacion.com\/eu\/wp-json\/wp\/v2\/pages"}],"about":[{"href":"https:\/\/www.lafundacion.com\/eu\/wp-json\/wp\/v2\/types\/page"}],"author":[{"embeddable":true,"href":"https:\/\/www.lafundacion.com\/eu\/wp-json\/wp\/v2\/users\/1"}],"replies":[{"embeddable":true,"href":"https:\/\/www.lafundacion.com\/eu\/wp-json\/wp\/v2\/comments?post=11051"}],"version-history":[{"count":32,"href":"https:\/\/www.lafundacion.com\/eu\/wp-json\/wp\/v2\/pages\/11051\/revisions"}],"predecessor-version":[{"id":99928,"href":"https:\/\/www.lafundacion.com\/eu\/wp-json\/wp\/v2\/pages\/11051\/revisions\/99928"}],"up":[{"embeddable":true,"href":"https:\/\/www.lafundacion.com\/eu\/wp-json\/wp\/v2\/pages\/12201"}],"wp:attachment":[{"href":"https:\/\/www.lafundacion.com\/eu\/wp-json\/wp\/v2\/media?parent=11051"}],"curies":[{"name":"wp","href":"https:\/\/api.w.org\/{rel}","templated":true}]}}